{"id":22100,"date":"2025-08-22T08:39:54","date_gmt":"2025-08-22T11:39:54","guid":{"rendered":"https:\/\/culturas.cc\/congresso2025\/?page_id=22100"},"modified":"2025-11-21T15:37:54","modified_gmt":"2025-11-21T18:37:54","slug":"paineis-2025","status":"publish","type":"page","link":"https:\/\/culturas.cc\/congresso2025\/paineis-2025\/","title":{"rendered":"Pain\u00e9is"},"content":{"rendered":"\t\t<div data-elementor-type=\"wp-page\" data-elementor-id=\"22100\" class=\"elementor elementor-22100\">\n\t\t\t\t<div class=\"elementor-element elementor-element-badda16 e-con-full e-flex e-con e-parent\" data-id=\"badda16\" data-element_type=\"container\" id=\"fullpage\">\n\t\t<div class=\"elementor-element elementor-element-e5a7412 e-con-full elementor-hidden-tablet elementor-hidden-mobile e-flex e-con e-child\" data-id=\"e5a7412\" data-element_type=\"container\">\n\t\t<div class=\"elementor-element elementor-element-9d32309 e-con-full section e-flex e-con e-child\" data-id=\"9d32309\" data-element_type=\"container\" id=\"GT0\" data-settings=\"{&quot;background_background&quot;:&quot;classic&quot;,&quot;animation&quot;:&quot;none&quot;}\">\n\t\t<div class=\"elementor-element elementor-element-6ee9e28 e-con-full e-flex e-con e-child\" data-id=\"6ee9e28\" data-element_type=\"container\" data-settings=\"{&quot;animation&quot;:&quot;none&quot;}\">\n\t\t<div class=\"elementor-element elementor-element-7b6b699 e-con-full elementor-hidden-tablet elementor-hidden-mobile e-flex e-con e-child\" data-id=\"7b6b699\" data-element_type=\"container\" data-settings=\"{&quot;animation&quot;:&quot;none&quot;}\">\n\t\t\t\t<div class=\"elementor-element elementor-element-1469ec8 elementor-widget elementor-widget-spacer\" data-id=\"1469ec8\" data-element_type=\"widget\" data-widget_type=\"spacer.default\">\n\t\t\t\t<div class=\"elementor-widget-container\">\n\t\t\t\t\t\t\t<div class=\"elementor-spacer\">\n\t\t\t<div class=\"elementor-spacer-inner\"><\/div>\n\t\t<\/div>\n\t\t\t\t\t\t<\/div>\n\t\t\t\t<\/div>\n\t\t\t\t<div class=\"elementor-element elementor-element-f1c5633 elementor-widget elementor-widget-spacer\" data-id=\"f1c5633\" data-element_type=\"widget\" data-widget_type=\"spacer.default\">\n\t\t\t\t<div class=\"elementor-widget-container\">\n\t\t\t\t\t\t\t<div class=\"elementor-spacer\">\n\t\t\t<div class=\"elementor-spacer-inner\"><\/div>\n\t\t<\/div>\n\t\t\t\t\t\t<\/div>\n\t\t\t\t<\/div>\n\t\t\t\t<\/div>\n\t\t<div class=\"elementor-element elementor-element-c1efef8 e-con-full animated-fast e-flex e-con e-child\" data-id=\"c1efef8\" data-element_type=\"container\" data-settings=\"{&quot;animation&quot;:&quot;none&quot;}\">\n\t\t\t\t<div class=\"elementor-element elementor-element-82356ec elementor-widget elementor-widget-spacer\" data-id=\"82356ec\" data-element_type=\"widget\" data-widget_type=\"spacer.default\">\n\t\t\t\t<div class=\"elementor-widget-container\">\n\t\t\t\t\t\t\t<div class=\"elementor-spacer\">\n\t\t\t<div class=\"elementor-spacer-inner\"><\/div>\n\t\t<\/div>\n\t\t\t\t\t\t<\/div>\n\t\t\t\t<\/div>\n\t\t<div class=\"elementor-element elementor-element-f85a475 e-con-full section e-flex e-con e-child\" data-id=\"f85a475\" data-element_type=\"container\" id=\"GT0\">\n\t\t<div class=\"elementor-element elementor-element-cddd9e7 e-con-full e-flex e-con e-child\" data-id=\"cddd9e7\" data-element_type=\"container\">\n\t\t\t\t<div class=\"elementor-element elementor-element-a379b38 elementor-widget elementor-widget-heading\" data-id=\"a379b38\" data-element_type=\"widget\" data-widget_type=\"heading.default\">\n\t\t\t\t<div class=\"elementor-widget-container\">\n\t\t\t\t\t<h2 class=\"elementor-heading-title elementor-size-default\">O congresso ser\u00e1 organizado em torno de Pain\u00e9is\/Grupos de Trabalhos<\/h2>\t\t\t\t<\/div>\n\t\t\t\t<\/div>\n\t\t\t\t<div class=\"elementor-element elementor-element-5b22770 elementor-widget__width-initial elementor-widget elementor-widget-text-editor\" data-id=\"5b22770\" data-element_type=\"widget\" data-widget_type=\"text-editor.default\">\n\t\t\t\t<div class=\"elementor-widget-container\">\n\t\t\t\t\t\t\t\t\t<p>Os pain\u00e9is\/grupos de trabalho (GT) do Congresso Internacional sobre Culturas conformam, desde sua primeira edi\u00e7\u00e3o, uma comunidade de pesquisadoras e pesquisadores a partir de interesses interdisciplinares no \u00e2mbito das culturas. Durante o congresso, os pain\u00e9is\/GT s\u00e3o espa\u00e7os dedicados a apresenta\u00e7\u00f5es de resultados de investiga\u00e7\u00f5es ou daquelas em andamento, bem como de an\u00e1lises que conferem perspectivas singulares sobre temas preconizados em cada GT. As apresenta\u00e7\u00f5es s\u00e3o secundadas por debates abertos aos participantes do evento.<\/p>\t\t\t\t\t\t\t\t<\/div>\n\t\t\t\t<\/div>\n\t\t<div class=\"elementor-element elementor-element-b38f55a e-con-full e-flex e-con e-child\" data-id=\"b38f55a\" data-element_type=\"container\">\n\t\t\t\t<div class=\"elementor-element elementor-element-1255999 elementor-widget elementor-widget-html\" data-id=\"1255999\" data-element_type=\"widget\" data-widget_type=\"html.default\">\n\t\t\t\t<div class=\"elementor-widget-container\">\n\t\t\t\t\t<div class=\"button-container\">\r\n  <button id=\"btnGT1\" class=\"btn\">1. Pol\u00edticas para a Cultura e a Democracia<\/button>\r\n  <button id=\"btnGT2\" class=\"btn\">2. Diversidade Cultural e Inclus\u00e3o: Ra\u00e7a, G\u00e9nero e Sexualidade<\/button>\r\n  <button id=\"btnGT3\" class=\"btn\">3. Cultura, Desenvolvimento, Redes e Intelig\u00eancia Artificial<\/button>\r\n  <button id=\"btnGT4\" class=\"btn\">4. Cultura, Ci\u00eancia, Sa\u00fade e Bem-Estar<\/button>\r\n  <button id=\"btnGT5\" class=\"btn\">5. Culturas Urbanas e Express\u00f5es Art\u00edsticas<\/button>\r\n  <button id=\"btnGT6\" class=\"btn\">6. Culturas Urbanas e Express\u00f5es Art\u00edsticas<\/button>\r\n  <button id=\"btnGT7\" class=\"btn\">7. Universidade, Lugar de Cultura<\/button>\r\n<\/div>\t\t\t\t<\/div>\n\t\t\t\t<\/div>\n\t\t\t\t<\/div>\n\t\t\t\t<\/div>\n\t\t\t\t<\/div>\n\t\t\t\t<\/div>\n\t\t\t\t<\/div>\n\t\t\t\t<\/div>\n\t\t<div class=\"elementor-element elementor-element-eb73b36 e-con-full section e-flex e-con e-child\" data-id=\"eb73b36\" data-element_type=\"container\" id=\"GT1\" data-settings=\"{&quot;background_background&quot;:&quot;classic&quot;,&quot;animation&quot;:&quot;none&quot;}\">\n\t\t<div class=\"elementor-element elementor-element-2c171c8 e-con-full e-flex e-con e-child\" data-id=\"2c171c8\" data-element_type=\"container\" data-settings=\"{&quot;animation&quot;:&quot;none&quot;}\">\n\t\t<div class=\"elementor-element elementor-element-0596d98 e-con-full elementor-hidden-tablet elementor-hidden-mobile e-flex e-con e-child\" data-id=\"0596d98\" data-element_type=\"container\" data-settings=\"{&quot;animation&quot;:&quot;none&quot;}\">\n\t\t\t\t<div class=\"elementor-element elementor-element-9cc38b6 elementor-widget elementor-widget-spacer\" data-id=\"9cc38b6\" data-element_type=\"widget\" data-widget_type=\"spacer.default\">\n\t\t\t\t<div class=\"elementor-widget-container\">\n\t\t\t\t\t\t\t<div class=\"elementor-spacer\">\n\t\t\t<div class=\"elementor-spacer-inner\"><\/div>\n\t\t<\/div>\n\t\t\t\t\t\t<\/div>\n\t\t\t\t<\/div>\n\t\t\t\t<div class=\"elementor-element elementor-element-c9ee0ad elementor-widget elementor-widget-spacer\" data-id=\"c9ee0ad\" data-element_type=\"widget\" data-widget_type=\"spacer.default\">\n\t\t\t\t<div class=\"elementor-widget-container\">\n\t\t\t\t\t\t\t<div class=\"elementor-spacer\">\n\t\t\t<div class=\"elementor-spacer-inner\"><\/div>\n\t\t<\/div>\n\t\t\t\t\t\t<\/div>\n\t\t\t\t<\/div>\n\t\t\t\t<div class=\"elementor-element elementor-element-65f717d elementor-view-default elementor-widget elementor-widget-icon\" data-id=\"65f717d\" data-element_type=\"widget\" id=\"CC-icon-1\" data-widget_type=\"icon.default\">\n\t\t\t\t<div class=\"elementor-widget-container\">\n\t\t\t\t\t\t\t<div class=\"elementor-icon-wrapper\">\n\t\t\t<div class=\"elementor-icon\">\n\t\t\t<svg xmlns=\"http:\/\/www.w3.org\/2000\/svg\" id=\"Layer_2\" data-name=\"Layer 2\" viewBox=\"0 0 151.37 127\"><defs><style>      .cls-1 {        fill: #fff;      }      .cls-2 {        fill: #ee627e;      }    <\/style><\/defs><g id=\"Layer_1-2\" data-name=\"Layer 1\"><g><path class=\"cls-2\" d=\"M75.69,127C33.95,127,0,98.51,0,63.5S33.95,0,75.69,0s75.69,28.49,75.69,63.5-33.95,63.5-75.69,63.5Z\"><\/path><g><path class=\"cls-1\" d=\"M91.92,83.49c-7.18,17.2-20.73,22.5-32.98,22.5-21.08,0-41.1-16.02-41.1-41.69,0-27.21,21.91-43.11,45.82-43.11,6.01,0,12.84,1.06,19.2,3.18l6.6-2.94v28.62l-15.19-21.44c-3.53-.94-6.95-1.3-10.01-1.3-17.67,0-30.62,11.66-30.62,33.33s11.78,34.04,29.68,34.04c8.48,0,18.73-2.94,28.03-11.78l.59.59Z\"><\/path><path class=\"cls-1\" d=\"M121.29,83.49c-7.18,17.2-20.73,22.5-32.98,22.5-21.08,0-41.1-16.02-41.1-41.69,0-27.21,21.91-43.11,45.82-43.11,6.01,0,12.84,1.06,19.2,3.18l6.6-2.94v28.62l-15.19-21.44c-3.53-.94-6.95-1.3-10.01-1.3-17.67,0-30.62,11.66-30.62,33.33s11.78,34.04,29.68,34.04c8.48,0,18.73-2.94,28.03-11.78l.59.59Z\"><\/path><\/g><\/g><\/g><\/svg>\t\t\t<\/div>\n\t\t<\/div>\n\t\t\t\t\t\t<\/div>\n\t\t\t\t<\/div>\n\t\t\t\t<\/div>\n\t\t<div class=\"elementor-element elementor-element-fcfbb8c e-con-full animated-fast e-flex e-con e-child\" data-id=\"fcfbb8c\" data-element_type=\"container\" data-settings=\"{&quot;animation&quot;:&quot;none&quot;}\">\n\t\t\t\t<div class=\"elementor-element elementor-element-723da82 elementor-widget elementor-widget-spacer\" data-id=\"723da82\" data-element_type=\"widget\" data-widget_type=\"spacer.default\">\n\t\t\t\t<div class=\"elementor-widget-container\">\n\t\t\t\t\t\t\t<div class=\"elementor-spacer\">\n\t\t\t<div class=\"elementor-spacer-inner\"><\/div>\n\t\t<\/div>\n\t\t\t\t\t\t<\/div>\n\t\t\t\t<\/div>\n\t\t<div class=\"elementor-element elementor-element-5d1f4ba e-con-full e-flex e-con e-child\" data-id=\"5d1f4ba\" data-element_type=\"container\">\n\t\t<div class=\"elementor-element elementor-element-efdaeb8 e-con-full e-flex e-con e-child\" data-id=\"efdaeb8\" data-element_type=\"container\">\n\t\t<div class=\"elementor-element elementor-element-85e4b86 e-con-full e-flex e-con e-child\" data-id=\"85e4b86\" data-element_type=\"container\">\n\t\t\t\t<div class=\"elementor-element elementor-element-f1865b3 foto_coord popmake-21607 elementor-widget__width-initial elementor-position-top elementor-widget elementor-widget-image-box\" data-id=\"f1865b3\" data-element_type=\"widget\" data-widget_type=\"image-box.default\">\n\t\t\t\t<div class=\"elementor-widget-container\">\n\t\t\t\t\t<div class=\"elementor-image-box-wrapper\"><figure class=\"elementor-image-box-img\"><img fetchpriority=\"high\" decoding=\"async\" width=\"440\" height=\"550\" src=\"https:\/\/culturas.cc\/congresso2025\/wp-content\/uploads\/sites\/16\/2025\/07\/Jorge_Teixeira_Blue-min-440x550.jpg\" class=\"elementor-animation-shrink attachment-portrait size-portrait wp-image-21620\" alt=\"\" \/><\/figure><div class=\"elementor-image-box-content\"><h3 class=\"elementor-image-box-title\">Jo\u00e3o Teixeira Lopes (U.Porto)<\/h3><\/div><\/div>\t\t\t\t<\/div>\n\t\t\t\t<\/div>\n\t\t\t\t<div class=\"elementor-element elementor-element-9133bbc foto_coord popmake-21631 elementor-widget__width-initial elementor-position-top elementor-widget elementor-widget-image-box\" data-id=\"9133bbc\" data-element_type=\"widget\" data-widget_type=\"image-box.default\">\n\t\t\t\t<div class=\"elementor-widget-container\">\n\t\t\t\t\t<div class=\"elementor-image-box-wrapper\"><figure class=\"elementor-image-box-img\"><img decoding=\"async\" width=\"440\" height=\"550\" src=\"https:\/\/culturas.cc\/congresso2025\/wp-content\/uploads\/sites\/16\/2025\/07\/Urbano_Blue-440x550.jpg\" class=\"elementor-animation-shrink attachment-portrait size-portrait wp-image-21738\" alt=\"\" \/><\/figure><div class=\"elementor-image-box-content\"><h3 class=\"elementor-image-box-title\">Urbano Sidoncha (UBI)<\/h3><\/div><\/div>\t\t\t\t<\/div>\n\t\t\t\t<\/div>\n\t\t\t\t<\/div>\n\t\t\t\t<div class=\"elementor-element elementor-element-4f6c185 elementor-widget__width-initial elementor-widget elementor-widget-text-editor\" data-id=\"4f6c185\" data-element_type=\"widget\" data-widget_type=\"text-editor.default\">\n\t\t\t\t<div class=\"elementor-widget-container\">\n\t\t\t\t\t\t\t\t\t<p style=\"text-align: center!important;margin: 0 0 1rem\">Procuramos respostas da comunidade acad\u00e9mica a quest\u00f5es como:<\/p>\t\t\t\t\t\t\t\t<\/div>\n\t\t\t\t<\/div>\n\t\t<div class=\"elementor-element elementor-element-0b9e4fa e-con-full e-flex e-con e-child\" data-id=\"0b9e4fa\" data-element_type=\"container\">\n\t\t\t\t<div class=\"elementor-element elementor-element-6b31945 elementor-widget__width-initial elementor-widget elementor-widget-text-editor\" data-id=\"6b31945\" data-element_type=\"widget\" data-widget_type=\"text-editor.default\">\n\t\t\t\t<div class=\"elementor-widget-container\">\n\t\t\t\t\t\t\t\t\t<div style=\"text-align: left !important\"><p style=\"text-align: left !important;margin: 0 0 1rem\">De que forma poder\u00e3o as pol\u00edticas culturais contribuir para o aprofundamento da democracia?<\/p><p style=\"text-align: left !important;margin: 0 0 1rem\">Que ferramentas poderemos criar para dar resposta \u00e0s desigualdades no acesso \u00e0 produ\u00e7\u00e3o e frui\u00e7\u00e3o cultural?<\/p><p style=\"text-align: left !important;margin: 0 0 1rem\">Que papel poder\u00e3o ter os coletivos art\u00edsticos, movimentos sociais e iniciativas de base comunit\u00e1ria na redefini\u00e7\u00e3o das pol\u00edticas culturais?<\/p><\/div>\t\t\t\t\t\t\t\t<\/div>\n\t\t\t\t<\/div>\n\t\t\t\t<div class=\"elementor-element elementor-element-b70415a elementor-widget elementor-widget-text-editor\" data-id=\"b70415a\" data-element_type=\"widget\" data-widget_type=\"text-editor.default\">\n\t\t\t\t<div class=\"elementor-widget-container\">\n\t\t\t\t\t\t\t\t\t<div style=\"text-align: left !important\"><p style=\"text-align: left !important;margin: 0 0 1rem\">Que desafios e oportunidades se perfilam para a participa\u00e7\u00e3o cidad\u00e3 nos processos de decis\u00e3o cultural?<\/p><p style=\"text-align: left !important;margin: 0\">Como poder\u00e3o as pol\u00edticas culturais responder \u00e0 diversidade cultural e \u00e0s mudan\u00e7as sociais contempor\u00e2neas?<\/p><\/div>\t\t\t\t\t\t\t\t<\/div>\n\t\t\t\t<\/div>\n\t\t\t\t<\/div>\n\t\t\t\t<\/div>\n\t\t<div class=\"elementor-element elementor-element-7ae8834 e-con-full e-flex e-con e-child\" data-id=\"7ae8834\" data-element_type=\"container\">\n\t\t\t\t<div class=\"elementor-element elementor-element-f7dbb07 elementor-widget elementor-widget-heading\" data-id=\"f7dbb07\" data-element_type=\"widget\" data-widget_type=\"heading.default\">\n\t\t\t\t<div class=\"elementor-widget-container\">\n\t\t\t\t\t<h2 class=\"elementor-heading-title elementor-size-default\">1. <\/h2>\t\t\t\t<\/div>\n\t\t\t\t<\/div>\n\t\t\t\t<div class=\"elementor-element elementor-element-8db8080 elementor-widget elementor-widget-heading\" data-id=\"8db8080\" data-element_type=\"widget\" data-widget_type=\"heading.default\">\n\t\t\t\t<div class=\"elementor-widget-container\">\n\t\t\t\t\t<h2 class=\"elementor-heading-title elementor-size-default\">Pol\u00edticas para a Cultura e a Democracia<\/h2>\t\t\t\t<\/div>\n\t\t\t\t<\/div>\n\t\t\t\t<div class=\"elementor-element elementor-element-4266607 elementor-widget elementor-widget-spacer\" data-id=\"4266607\" data-element_type=\"widget\" data-widget_type=\"spacer.default\">\n\t\t\t\t<div class=\"elementor-widget-container\">\n\t\t\t\t\t\t\t<div class=\"elementor-spacer\">\n\t\t\t<div class=\"elementor-spacer-inner\"><\/div>\n\t\t<\/div>\n\t\t\t\t\t\t<\/div>\n\t\t\t\t<\/div>\n\t\t\t\t<div class=\"elementor-element elementor-element-38cd156 elementor-widget__width-initial elementor-widget elementor-widget-text-editor\" data-id=\"38cd156\" data-element_type=\"widget\" data-widget_type=\"text-editor.default\">\n\t\t\t\t<div class=\"elementor-widget-container\">\n\t\t\t\t\t\t\t\t\t<p>Num momento em que a democracia enfrenta novos desafios, \u00e9 urgente que repensemos o papel da cultura como espa\u00e7o de resist\u00eancia, media\u00e7\u00e3o e constru\u00e7\u00e3o democr\u00e1tica. Este Painel \/ Grupo de Trabalho prop\u00f5e-se reunir contributos que analisem pol\u00edticas culturais p\u00fablicas e comunit\u00e1rias, analisem os seus impactos sociais e debatam os seus limites e potencialidades. Pretendemos promover um di\u00e1logo entre experi\u00eancias de diferentes pa\u00edses lus\u00f3fonos, valorizando pr\u00e1ticas inovadoras e cr\u00edticas que revelem a cultura como direito e bem comum.<\/p><p>Aceitam-se propostas que articulem teoria e pr\u00e1tica, estudos de caso, an\u00e1lises comparadas e experi\u00eancias locais que iluminem o papel da cultura na promo\u00e7\u00e3o de democracias mais justas, diversas e participativas.<\/p>\t\t\t\t\t\t\t\t<\/div>\n\t\t\t\t<\/div>\n\t\t\t\t<\/div>\n\t\t<div class=\"elementor-element elementor-element-4390ea7 e-con-full e-flex e-con e-child\" data-id=\"4390ea7\" data-element_type=\"container\">\n\t\t\t\t<div class=\"elementor-element elementor-element-9c0141c elementor-hidden-tablet elementor-hidden-mobile elementor-widget elementor-widget-spacer\" data-id=\"9c0141c\" data-element_type=\"widget\" data-widget_type=\"spacer.default\">\n\t\t\t\t<div class=\"elementor-widget-container\">\n\t\t\t\t\t\t\t<div class=\"elementor-spacer\">\n\t\t\t<div class=\"elementor-spacer-inner\"><\/div>\n\t\t<\/div>\n\t\t\t\t\t\t<\/div>\n\t\t\t\t<\/div>\n\t\t\t\t<div class=\"elementor-element elementor-element-142f4f9 elementor-widget__width-initial elementor-widget elementor-widget-text-editor\" data-id=\"142f4f9\" data-element_type=\"widget\" data-widget_type=\"text-editor.default\">\n\t\t\t\t<div class=\"elementor-widget-container\">\n\t\t\t\t\t\t\t\t\t<p><strong>Comiss\u00e3o Cient\u00edfica:<\/strong><\/p><p>Guilherme Varela (UFBA)<\/p><p>Lia Calabre (Casa Ruy)<\/p><p>Rita Arag\u00e3o (UFBA)<\/p><p>Rosa Cabecinhas (U. Minho)<\/p><p>S\u00f3nia de S\u00e1 (UBI)<\/p>\t\t\t\t\t\t\t\t<\/div>\n\t\t\t\t<\/div>\n\t\t\t\t<\/div>\n\t\t\t\t<\/div>\n\t\t\t\t<\/div>\n\t\t\t\t<\/div>\n\t\t\t\t<\/div>\n\t\t<div class=\"elementor-element elementor-element-e9628fd e-con-full section e-flex e-con e-child\" data-id=\"e9628fd\" data-element_type=\"container\" id=\"GT2\" data-settings=\"{&quot;background_background&quot;:&quot;classic&quot;,&quot;animation&quot;:&quot;none&quot;}\">\n\t\t<div class=\"elementor-element elementor-element-932d9b5 e-con-full e-flex e-con e-child\" data-id=\"932d9b5\" data-element_type=\"container\">\n\t\t<div class=\"elementor-element elementor-element-dada889 e-con-full elementor-hidden-tablet elementor-hidden-mobile e-flex e-con e-child\" data-id=\"dada889\" data-element_type=\"container\" data-settings=\"{&quot;animation&quot;:&quot;none&quot;}\">\n\t\t\t\t<div class=\"elementor-element elementor-element-41937dc elementor-widget elementor-widget-spacer\" data-id=\"41937dc\" data-element_type=\"widget\" data-widget_type=\"spacer.default\">\n\t\t\t\t<div class=\"elementor-widget-container\">\n\t\t\t\t\t\t\t<div class=\"elementor-spacer\">\n\t\t\t<div class=\"elementor-spacer-inner\"><\/div>\n\t\t<\/div>\n\t\t\t\t\t\t<\/div>\n\t\t\t\t<\/div>\n\t\t\t\t<div class=\"elementor-element elementor-element-1dab190 elementor-hidden-tablet elementor-hidden-mobile elementor-widget elementor-widget-spacer\" data-id=\"1dab190\" data-element_type=\"widget\" data-widget_type=\"spacer.default\">\n\t\t\t\t<div class=\"elementor-widget-container\">\n\t\t\t\t\t\t\t<div class=\"elementor-spacer\">\n\t\t\t<div class=\"elementor-spacer-inner\"><\/div>\n\t\t<\/div>\n\t\t\t\t\t\t<\/div>\n\t\t\t\t<\/div>\n\t\t\t\t<div class=\"elementor-element elementor-element-b58121d elementor-view-default elementor-widget elementor-widget-icon\" data-id=\"b58121d\" data-element_type=\"widget\" id=\"CC-icon-2\" data-widget_type=\"icon.default\">\n\t\t\t\t<div class=\"elementor-widget-container\">\n\t\t\t\t\t\t\t<div class=\"elementor-icon-wrapper\">\n\t\t\t<div class=\"elementor-icon\">\n\t\t\t<svg xmlns=\"http:\/\/www.w3.org\/2000\/svg\" id=\"Layer_2\" data-name=\"Layer 2\" viewBox=\"0 0 151.37 127\"><defs><style>      .cls-1 {        fill: #fff;      }      .cls-2 {        fill: #ee627e;      }    <\/style><\/defs><g id=\"Layer_1-2\" data-name=\"Layer 1\"><g><path class=\"cls-2\" d=\"M75.69,127C33.95,127,0,98.51,0,63.5S33.95,0,75.69,0s75.69,28.49,75.69,63.5-33.95,63.5-75.69,63.5Z\"><\/path><g><path class=\"cls-1\" d=\"M91.92,83.49c-7.18,17.2-20.73,22.5-32.98,22.5-21.08,0-41.1-16.02-41.1-41.69,0-27.21,21.91-43.11,45.82-43.11,6.01,0,12.84,1.06,19.2,3.18l6.6-2.94v28.62l-15.19-21.44c-3.53-.94-6.95-1.3-10.01-1.3-17.67,0-30.62,11.66-30.62,33.33s11.78,34.04,29.68,34.04c8.48,0,18.73-2.94,28.03-11.78l.59.59Z\"><\/path><path class=\"cls-1\" d=\"M121.29,83.49c-7.18,17.2-20.73,22.5-32.98,22.5-21.08,0-41.1-16.02-41.1-41.69,0-27.21,21.91-43.11,45.82-43.11,6.01,0,12.84,1.06,19.2,3.18l6.6-2.94v28.62l-15.19-21.44c-3.53-.94-6.95-1.3-10.01-1.3-17.67,0-30.62,11.66-30.62,33.33s11.78,34.04,29.68,34.04c8.48,0,18.73-2.94,28.03-11.78l.59.59Z\"><\/path><\/g><\/g><\/g><\/svg>\t\t\t<\/div>\n\t\t<\/div>\n\t\t\t\t\t\t<\/div>\n\t\t\t\t<\/div>\n\t\t\t\t<\/div>\n\t\t<div class=\"elementor-element elementor-element-40841ec e-con-full e-flex e-con e-child\" data-id=\"40841ec\" data-element_type=\"container\">\n\t\t\t\t<div class=\"elementor-element elementor-element-7b26994 elementor-widget elementor-widget-spacer\" data-id=\"7b26994\" data-element_type=\"widget\" data-widget_type=\"spacer.default\">\n\t\t\t\t<div class=\"elementor-widget-container\">\n\t\t\t\t\t\t\t<div class=\"elementor-spacer\">\n\t\t\t<div class=\"elementor-spacer-inner\"><\/div>\n\t\t<\/div>\n\t\t\t\t\t\t<\/div>\n\t\t\t\t<\/div>\n\t\t<div class=\"elementor-element elementor-element-ea8f97a e-con-full e-flex e-con e-child\" data-id=\"ea8f97a\" data-element_type=\"container\">\n\t\t<div class=\"elementor-element elementor-element-246aab6 e-con-full e-flex e-con e-child\" data-id=\"246aab6\" data-element_type=\"container\">\n\t\t<div class=\"elementor-element elementor-element-af8882c e-con-full e-flex e-con e-child\" data-id=\"af8882c\" data-element_type=\"container\">\n\t\t\t\t<div class=\"elementor-element elementor-element-e46094d foto_coord popmake-21633 elementor-widget__width-initial elementor-position-top elementor-widget elementor-widget-image-box\" data-id=\"e46094d\" data-element_type=\"widget\" data-widget_type=\"image-box.default\">\n\t\t\t\t<div class=\"elementor-widget-container\">\n\t\t\t\t\t<div class=\"elementor-image-box-wrapper\"><figure class=\"elementor-image-box-img\"><img decoding=\"async\" width=\"440\" height=\"550\" src=\"https:\/\/culturas.cc\/congresso2025\/wp-content\/uploads\/sites\/16\/2025\/07\/Jorge_Gato_Pink-min-440x550.jpg\" class=\"elementor-animation-shrink attachment-portrait size-portrait wp-image-21619\" alt=\"\" \/><\/figure><div class=\"elementor-image-box-content\"><h3 class=\"elementor-image-box-title\">Jorge Gato (U.Porto)<\/h3><\/div><\/div>\t\t\t\t<\/div>\n\t\t\t\t<\/div>\n\t\t\t\t<div class=\"elementor-element elementor-element-1b9834a foto_coord popmake-21635 elementor-widget__width-initial elementor-position-top elementor-widget elementor-widget-image-box\" data-id=\"1b9834a\" data-element_type=\"widget\" data-widget_type=\"image-box.default\">\n\t\t\t\t<div class=\"elementor-widget-container\">\n\t\t\t\t\t<div class=\"elementor-image-box-wrapper\"><figure class=\"elementor-image-box-img\"><img loading=\"lazy\" decoding=\"async\" width=\"413\" height=\"550\" src=\"https:\/\/culturas.cc\/congresso2025\/wp-content\/uploads\/sites\/16\/2025\/07\/Isabel-Macedo_Pink-min-scaled.jpg\" class=\"elementor-animation-shrink attachment-portrait size-portrait wp-image-21617\" alt=\"\" srcset=\"https:\/\/culturas.cc\/congresso2025\/wp-content\/uploads\/sites\/16\/2025\/07\/Isabel-Macedo_Pink-min-scaled.jpg 1920w, https:\/\/culturas.cc\/congresso2025\/wp-content\/uploads\/sites\/16\/2025\/07\/Isabel-Macedo_Pink-min-225x300.jpg 225w, https:\/\/culturas.cc\/congresso2025\/wp-content\/uploads\/sites\/16\/2025\/07\/Isabel-Macedo_Pink-min-768x1024.jpg 768w, https:\/\/culturas.cc\/congresso2025\/wp-content\/uploads\/sites\/16\/2025\/07\/Isabel-Macedo_Pink-min-1152x1536.jpg 1152w, https:\/\/culturas.cc\/congresso2025\/wp-content\/uploads\/sites\/16\/2025\/07\/Isabel-Macedo_Pink-min-1536x2048.jpg 1536w\" sizes=\"(max-width: 413px) 100vw, 413px\" \/><\/figure><div class=\"elementor-image-box-content\"><h3 class=\"elementor-image-box-title\">Isabel Macedo (U.Minho)<\/h3><\/div><\/div>\t\t\t\t<\/div>\n\t\t\t\t<\/div>\n\t\t\t\t<\/div>\n\t\t\t\t<div class=\"elementor-element elementor-element-349fc79 elementor-widget__width-initial elementor-widget elementor-widget-text-editor\" data-id=\"349fc79\" data-element_type=\"widget\" data-widget_type=\"text-editor.default\">\n\t\t\t\t<div class=\"elementor-widget-container\">\n\t\t\t\t\t\t\t\t\t<p style=\"text-align: center!important;margin: 0 0 1rem\">Procuramos respostas da comunidade acad\u00e9mica a quest\u00f5es como:<\/p>\t\t\t\t\t\t\t\t<\/div>\n\t\t\t\t<\/div>\n\t\t<div class=\"elementor-element elementor-element-a4aa6d1 e-con-full e-flex e-con e-child\" data-id=\"a4aa6d1\" data-element_type=\"container\">\n\t\t\t\t<div class=\"elementor-element elementor-element-8fba523 elementor-widget__width-initial elementor-widget elementor-widget-text-editor\" data-id=\"8fba523\" data-element_type=\"widget\" data-widget_type=\"text-editor.default\">\n\t\t\t\t<div class=\"elementor-widget-container\">\n\t\t\t\t\t\t\t\t\t<div style=\"text-align: left !important\"><p style=\"text-align: left !important;margin: 0 0 1rem\">De que formas poder\u00e1 a cultura promover a inclus\u00e3o e combater o racismo, o sexismo e a lgbtfobia?<br \/><br \/>Como s\u00e3o representadas (ou silenciadas) as identidades marginalizadas nos discursos culturais dominantes?<br \/><br \/>Como poderemos desenvolver pol\u00edticas culturais mais inclusivas e que respeitem os direitos humanos e a pluralidade de vozes?<\/p><\/div>\t\t\t\t\t\t\t\t<\/div>\n\t\t\t\t<\/div>\n\t\t\t\t<div class=\"elementor-element elementor-element-afb2790 elementor-widget elementor-widget-text-editor\" data-id=\"afb2790\" data-element_type=\"widget\" data-widget_type=\"text-editor.default\">\n\t\t\t\t<div class=\"elementor-widget-container\">\n\t\t\t\t\t\t\t\t\t<p style=\"text-align: left !important;margin: 0 0 1rem\">Que papel t\u00eam as express\u00f5es art\u00edsticas e os saberes subalternizados na disputa por visibilidade e reconhecimento?<\/p><p style=\"text-align: left !important;margin: 0 0 1rem\"><br \/>Que desafios enfrentam as institui\u00e7\u00f5es culturais no acolhimento da diversidade?<\/p>\t\t\t\t\t\t\t\t<\/div>\n\t\t\t\t<\/div>\n\t\t\t\t<\/div>\n\t\t\t\t<\/div>\n\t\t<div class=\"elementor-element elementor-element-8ac6d15 e-con-full e-flex e-con e-child\" data-id=\"8ac6d15\" data-element_type=\"container\">\n\t\t\t\t<div class=\"elementor-element elementor-element-37e5282 elementor-widget elementor-widget-heading\" data-id=\"37e5282\" data-element_type=\"widget\" data-widget_type=\"heading.default\">\n\t\t\t\t<div class=\"elementor-widget-container\">\n\t\t\t\t\t<h2 class=\"elementor-heading-title elementor-size-default\">2. <\/h2>\t\t\t\t<\/div>\n\t\t\t\t<\/div>\n\t\t\t\t<div class=\"elementor-element elementor-element-0d22c16 elementor-widget elementor-widget-heading\" data-id=\"0d22c16\" data-element_type=\"widget\" data-widget_type=\"heading.default\">\n\t\t\t\t<div class=\"elementor-widget-container\">\n\t\t\t\t\t<h2 class=\"elementor-heading-title elementor-size-default\">Diversidade Cultural e Inclus\u00e3o: Ra\u00e7a, G\u00e9nero e Sexualidade\n<\/h2>\t\t\t\t<\/div>\n\t\t\t\t<\/div>\n\t\t\t\t<div class=\"elementor-element elementor-element-baa7110 elementor-widget elementor-widget-spacer\" data-id=\"baa7110\" data-element_type=\"widget\" data-widget_type=\"spacer.default\">\n\t\t\t\t<div class=\"elementor-widget-container\">\n\t\t\t\t\t\t\t<div class=\"elementor-spacer\">\n\t\t\t<div class=\"elementor-spacer-inner\"><\/div>\n\t\t<\/div>\n\t\t\t\t\t\t<\/div>\n\t\t\t\t<\/div>\n\t\t\t\t<div class=\"elementor-element elementor-element-20dc892 elementor-widget__width-initial elementor-widget elementor-widget-text-editor\" data-id=\"20dc892\" data-element_type=\"widget\" data-widget_type=\"text-editor.default\">\n\t\t\t\t<div class=\"elementor-widget-container\">\n\t\t\t\t\t\t\t\t\t<p>A constru\u00e7\u00e3o de sociedades mais justas exige o reconhecimento e a valoriza\u00e7\u00e3o das m\u00faltiplas identidades culturais, \u00e9tnico-raciais, de g\u00e9nero e de sexualidade que comp\u00f5em o nosso mundo contempor\u00e2neo. Este painel convida \u00e0 reflex\u00e3o cr\u00edtica sobre os modos como a cultura pode ser simultaneamente espa\u00e7o de exclus\u00e3o e de resist\u00eancia, bem como instrumento de emancipa\u00e7\u00e3o e transforma\u00e7\u00e3o social. Num contexto global marcado por desigualdades estruturais e retrocessos em direitos fundamentais, propomo-nos reunir contributos que analisem discursos, pr\u00e1ticas e pol\u00edticas culturais a partir de perspectivas interseccionais e decoloniais.<\/p><p>Este painel acolhe propostas te\u00f3ricas e emp\u00edricas que abordem estas quest\u00f5es sob uma \u00f3tica cr\u00edtica, interdisciplinar e comprometida com a justi\u00e7a social, dando voz a experi\u00eancias, resist\u00eancias e pr\u00e1ticas de inclus\u00e3o em diferentes contextos lus\u00f3fonos.<\/p><div class=\"slide-action\">\u00a0<\/div>\t\t\t\t\t\t\t\t<\/div>\n\t\t\t\t<\/div>\n\t\t\t\t<\/div>\n\t\t<div class=\"elementor-element elementor-element-332c255 e-con-full e-flex e-con e-child\" data-id=\"332c255\" data-element_type=\"container\">\n\t\t\t\t<div class=\"elementor-element elementor-element-e79331e elementor-hidden-tablet elementor-hidden-mobile elementor-widget elementor-widget-spacer\" data-id=\"e79331e\" data-element_type=\"widget\" data-widget_type=\"spacer.default\">\n\t\t\t\t<div class=\"elementor-widget-container\">\n\t\t\t\t\t\t\t<div class=\"elementor-spacer\">\n\t\t\t<div class=\"elementor-spacer-inner\"><\/div>\n\t\t<\/div>\n\t\t\t\t\t\t<\/div>\n\t\t\t\t<\/div>\n\t\t\t\t<div class=\"elementor-element elementor-element-36e68bc elementor-widget__width-initial elementor-widget elementor-widget-text-editor\" data-id=\"36e68bc\" data-element_type=\"widget\" data-widget_type=\"text-editor.default\">\n\t\t\t\t<div class=\"elementor-widget-container\">\n\t\t\t\t\t\t\t\t\t<p><strong>Comiss\u00e3o Cient\u00edfica:<\/strong><\/p><p>Armindo Armando (Uni. Licungo)<\/p><p>Jo\u00e3o Correia (UBI)<\/p><p>Maria Nat\u00e1lia Ramos (UAB)<\/p><p>Paulo Moura (UNESP)<\/p>\t\t\t\t\t\t\t\t<\/div>\n\t\t\t\t<\/div>\n\t\t\t\t<\/div>\n\t\t\t\t<\/div>\n\t\t\t\t<\/div>\n\t\t\t\t<\/div>\n\t\t\t\t<\/div>\n\t\t<div class=\"elementor-element elementor-element-53c5bb8 e-con-full section e-flex e-con e-child\" data-id=\"53c5bb8\" data-element_type=\"container\" id=\"GT3\" data-settings=\"{&quot;background_background&quot;:&quot;classic&quot;,&quot;animation&quot;:&quot;none&quot;}\">\n\t\t<div class=\"elementor-element elementor-element-7f924d1 e-con-full e-flex e-con e-child\" data-id=\"7f924d1\" data-element_type=\"container\">\n\t\t<div class=\"elementor-element elementor-element-351adda e-con-full elementor-hidden-tablet elementor-hidden-mobile e-flex e-con e-child\" data-id=\"351adda\" data-element_type=\"container\" data-settings=\"{&quot;animation&quot;:&quot;none&quot;}\">\n\t\t\t\t<div class=\"elementor-element elementor-element-c1fd29c elementor-widget elementor-widget-spacer\" data-id=\"c1fd29c\" data-element_type=\"widget\" data-widget_type=\"spacer.default\">\n\t\t\t\t<div class=\"elementor-widget-container\">\n\t\t\t\t\t\t\t<div class=\"elementor-spacer\">\n\t\t\t<div class=\"elementor-spacer-inner\"><\/div>\n\t\t<\/div>\n\t\t\t\t\t\t<\/div>\n\t\t\t\t<\/div>\n\t\t\t\t<div class=\"elementor-element elementor-element-48dc597 elementor-widget elementor-widget-spacer\" data-id=\"48dc597\" data-element_type=\"widget\" data-widget_type=\"spacer.default\">\n\t\t\t\t<div class=\"elementor-widget-container\">\n\t\t\t\t\t\t\t<div class=\"elementor-spacer\">\n\t\t\t<div class=\"elementor-spacer-inner\"><\/div>\n\t\t<\/div>\n\t\t\t\t\t\t<\/div>\n\t\t\t\t<\/div>\n\t\t\t\t<div class=\"elementor-element elementor-element-af270ac elementor-view-default elementor-widget elementor-widget-icon\" data-id=\"af270ac\" data-element_type=\"widget\" id=\"CC-icon-3\" data-widget_type=\"icon.default\">\n\t\t\t\t<div class=\"elementor-widget-container\">\n\t\t\t\t\t\t\t<div class=\"elementor-icon-wrapper\">\n\t\t\t<div class=\"elementor-icon\">\n\t\t\t<svg xmlns=\"http:\/\/www.w3.org\/2000\/svg\" id=\"Layer_2\" data-name=\"Layer 2\" viewBox=\"0 0 151.37 127\"><defs><style>      .cls-1 {        fill: #fff;      }      .cls-2 {        fill: #ee627e;      }    <\/style><\/defs><g id=\"Layer_1-2\" data-name=\"Layer 1\"><g><path class=\"cls-2\" d=\"M75.69,127C33.95,127,0,98.51,0,63.5S33.95,0,75.69,0s75.69,28.49,75.69,63.5-33.95,63.5-75.69,63.5Z\"><\/path><g><path class=\"cls-1\" d=\"M91.92,83.49c-7.18,17.2-20.73,22.5-32.98,22.5-21.08,0-41.1-16.02-41.1-41.69,0-27.21,21.91-43.11,45.82-43.11,6.01,0,12.84,1.06,19.2,3.18l6.6-2.94v28.62l-15.19-21.44c-3.53-.94-6.95-1.3-10.01-1.3-17.67,0-30.62,11.66-30.62,33.33s11.78,34.04,29.68,34.04c8.48,0,18.73-2.94,28.03-11.78l.59.59Z\"><\/path><path class=\"cls-1\" d=\"M121.29,83.49c-7.18,17.2-20.73,22.5-32.98,22.5-21.08,0-41.1-16.02-41.1-41.69,0-27.21,21.91-43.11,45.82-43.11,6.01,0,12.84,1.06,19.2,3.18l6.6-2.94v28.62l-15.19-21.44c-3.53-.94-6.95-1.3-10.01-1.3-17.67,0-30.62,11.66-30.62,33.33s11.78,34.04,29.68,34.04c8.48,0,18.73-2.94,28.03-11.78l.59.59Z\"><\/path><\/g><\/g><\/g><\/svg>\t\t\t<\/div>\n\t\t<\/div>\n\t\t\t\t\t\t<\/div>\n\t\t\t\t<\/div>\n\t\t\t\t<\/div>\n\t\t<div class=\"elementor-element elementor-element-a23c110 e-con-full e-flex e-con e-child\" data-id=\"a23c110\" data-element_type=\"container\">\n\t\t\t\t<div class=\"elementor-element elementor-element-f581949 elementor-widget elementor-widget-spacer\" data-id=\"f581949\" data-element_type=\"widget\" data-widget_type=\"spacer.default\">\n\t\t\t\t<div class=\"elementor-widget-container\">\n\t\t\t\t\t\t\t<div class=\"elementor-spacer\">\n\t\t\t<div class=\"elementor-spacer-inner\"><\/div>\n\t\t<\/div>\n\t\t\t\t\t\t<\/div>\n\t\t\t\t<\/div>\n\t\t<div class=\"elementor-element elementor-element-f473874 e-con-full e-flex e-con e-child\" data-id=\"f473874\" data-element_type=\"container\">\n\t\t<div class=\"elementor-element elementor-element-f5722be e-con-full e-flex e-con e-child\" data-id=\"f5722be\" data-element_type=\"container\">\n\t\t<div class=\"elementor-element elementor-element-34e53c6 e-con-full e-flex e-con e-child\" data-id=\"34e53c6\" data-element_type=\"container\">\n\t\t\t\t<div class=\"elementor-element elementor-element-69abe95 foto_coord popmake-21637 elementor-widget__width-initial elementor-position-top elementor-widget elementor-widget-image-box\" data-id=\"69abe95\" data-element_type=\"widget\" data-widget_type=\"image-box.default\">\n\t\t\t\t<div class=\"elementor-widget-container\">\n\t\t\t\t\t<div class=\"elementor-image-box-wrapper\"><figure class=\"elementor-image-box-img\"><img loading=\"lazy\" decoding=\"async\" width=\"440\" height=\"550\" src=\"https:\/\/culturas.cc\/congresso2025\/wp-content\/uploads\/sites\/16\/2025\/07\/Luciano_Purple-min-440x550.jpg\" class=\"elementor-animation-shrink attachment-portrait size-portrait wp-image-21621\" alt=\"\" \/><\/figure><div class=\"elementor-image-box-content\"><h3 class=\"elementor-image-box-title\">Luciano Moreira (U.Porto)<\/h3><\/div><\/div>\t\t\t\t<\/div>\n\t\t\t\t<\/div>\n\t\t\t\t<div class=\"elementor-element elementor-element-e988e96 foto_coord popmake-21639 elementor-widget__width-initial elementor-position-top elementor-widget elementor-widget-image-box\" data-id=\"e988e96\" data-element_type=\"widget\" data-widget_type=\"image-box.default\">\n\t\t\t\t<div class=\"elementor-widget-container\">\n\t\t\t\t\t<div class=\"elementor-image-box-wrapper\"><figure class=\"elementor-image-box-img\"><img loading=\"lazy\" decoding=\"async\" width=\"440\" height=\"550\" src=\"https:\/\/culturas.cc\/congresso2025\/wp-content\/uploads\/sites\/16\/2025\/07\/Moises_Bandeira_Purple-min-440x550.jpg\" class=\"elementor-animation-shrink attachment-portrait size-portrait wp-image-21623\" alt=\"\" \/><\/figure><div class=\"elementor-image-box-content\"><h3 class=\"elementor-image-box-title\">Messias Guimar\u00e3es Bandeira (UFBA)<\/h3><\/div><\/div>\t\t\t\t<\/div>\n\t\t\t\t<\/div>\n\t\t\t\t<\/div>\n\t\t\t\t<div class=\"elementor-element elementor-element-24c9954 elementor-widget__width-initial elementor-widget elementor-widget-text-editor\" data-id=\"24c9954\" data-element_type=\"widget\" data-widget_type=\"text-editor.default\">\n\t\t\t\t<div class=\"elementor-widget-container\">\n\t\t\t\t\t\t\t\t\t<p style=\"text-align: center!important;margin: 0 0 1rem\">Procuramos respostas da comunidade acad\u00e9mica a quest\u00f5es como:<\/p>\t\t\t\t\t\t\t\t<\/div>\n\t\t\t\t<\/div>\n\t\t<div class=\"elementor-element elementor-element-3b9e0de e-con-full e-flex e-con e-child\" data-id=\"3b9e0de\" data-element_type=\"container\">\n\t\t\t\t<div class=\"elementor-element elementor-element-760254d elementor-widget__width-initial elementor-widget elementor-widget-text-editor\" data-id=\"760254d\" data-element_type=\"widget\" data-widget_type=\"text-editor.default\">\n\t\t\t\t<div class=\"elementor-widget-container\">\n\t\t\t\t\t\t\t\t\t<div style=\"text-align: left !important\"><p style=\"text-align: left !important;margin: 0 0 1rem\">Como deveremos integrar a cultura nos modelos de desenvolvimento sustent\u00e1vel, tendo em conta as din\u00e2micas digitais globais?<\/p><p style=\"text-align: left !important;margin: 0 0 1rem\">Em que medida contribuem as redes digitais para a democratiza\u00e7\u00e3o da cultura (ou ser\u00e1 que, pelo contr\u00e1rio, acentuam desigualdades)?<\/p><p style=\"text-align: left !important;margin: 0 0 1rem\">Que desafios \u00e9ticos e pol\u00edticos se colocam ao uso de tecnologias em contextos culturais?<\/p><\/div>\t\t\t\t\t\t\t\t<\/div>\n\t\t\t\t<\/div>\n\t\t\t\t<div class=\"elementor-element elementor-element-38609ae elementor-widget elementor-widget-text-editor\" data-id=\"38609ae\" data-element_type=\"widget\" data-widget_type=\"text-editor.default\">\n\t\t\t\t<div class=\"elementor-widget-container\">\n\t\t\t\t\t\t\t\t\t<div style=\"text-align: left !important\"><p style=\"text-align: left !important;margin: 0 0 1rem\">Como est\u00e1 a intelig\u00eancia artificial a transformar os modos de produ\u00e7\u00e3o e consumo cultural?<\/p><p style=\"text-align: left !important;margin: 0 0 1rem\"><br \/>Que pr\u00e1ticas culturais emergem ou poder\u00e3o emergir da interse\u00e7\u00e3o entre comunidades locais e plataformas globais?<\/p><\/div>\t\t\t\t\t\t\t\t<\/div>\n\t\t\t\t<\/div>\n\t\t\t\t<\/div>\n\t\t\t\t<\/div>\n\t\t<div class=\"elementor-element elementor-element-ce409d0 e-con-full e-flex e-con e-child\" data-id=\"ce409d0\" data-element_type=\"container\">\n\t\t\t\t<div class=\"elementor-element elementor-element-ae225cf elementor-widget elementor-widget-heading\" data-id=\"ae225cf\" data-element_type=\"widget\" data-widget_type=\"heading.default\">\n\t\t\t\t<div class=\"elementor-widget-container\">\n\t\t\t\t\t<h2 class=\"elementor-heading-title elementor-size-default\">3. <\/h2>\t\t\t\t<\/div>\n\t\t\t\t<\/div>\n\t\t\t\t<div class=\"elementor-element elementor-element-7dd60fe elementor-widget elementor-widget-heading\" data-id=\"7dd60fe\" data-element_type=\"widget\" data-widget_type=\"heading.default\">\n\t\t\t\t<div class=\"elementor-widget-container\">\n\t\t\t\t\t<h2 class=\"elementor-heading-title elementor-size-default\">Cultura, Desenvolvimento, Redes e Intelig\u00eancia Artificial<\/h2>\t\t\t\t<\/div>\n\t\t\t\t<\/div>\n\t\t\t\t<div class=\"elementor-element elementor-element-570b8f0 elementor-widget elementor-widget-spacer\" data-id=\"570b8f0\" data-element_type=\"widget\" data-widget_type=\"spacer.default\">\n\t\t\t\t<div class=\"elementor-widget-container\">\n\t\t\t\t\t\t\t<div class=\"elementor-spacer\">\n\t\t\t<div class=\"elementor-spacer-inner\"><\/div>\n\t\t<\/div>\n\t\t\t\t\t\t<\/div>\n\t\t\t\t<\/div>\n\t\t\t\t<div class=\"elementor-element elementor-element-0d92cc4 elementor-widget__width-initial elementor-widget elementor-widget-text-editor\" data-id=\"0d92cc4\" data-element_type=\"widget\" data-widget_type=\"text-editor.default\">\n\t\t\t\t<div class=\"elementor-widget-container\">\n\t\t\t\t\t\t\t\t\t<p>Num momento em que as tecnologias digitais reconfiguram as rela\u00e7\u00f5es humanas, os processos criativos e os modos de participa\u00e7\u00e3o c\u00edvica, \u00e9 urgente que compreendamos os seus impactos sobre os valores culturais, as pr\u00e1ticas art\u00edsticas e o acesso \u00e0 informa\u00e7\u00e3o e ao conhecimento. Este painel convida a uma reflex\u00e3o sobre o cruzamento entre cultura, desenvolvimento e os novos ecossistemas digitais, com especial aten\u00e7\u00e3o ao papel das redes e da intelig\u00eancia artificial na cria\u00e7\u00e3o, circula\u00e7\u00e3o e recep\u00e7\u00e3o de conte\u00fados culturais.<\/p><p>Este painel acolhe comunica\u00e7\u00f5es que explorem estas intera\u00e7\u00f5es sob diferentes perspetivas disciplinares, promovendo um di\u00e1logo entre inova\u00e7\u00e3o tecnol\u00f3gica, responsabilidade cultural e justi\u00e7a social nos espa\u00e7os lus\u00f3fonos.<\/p>\t\t\t\t\t\t\t\t<\/div>\n\t\t\t\t<\/div>\n\t\t\t\t<\/div>\n\t\t<div class=\"elementor-element elementor-element-9efbd98 e-con-full e-flex e-con e-child\" data-id=\"9efbd98\" data-element_type=\"container\">\n\t\t\t\t<div class=\"elementor-element elementor-element-a3179c6 elementor-hidden-tablet elementor-hidden-mobile elementor-widget elementor-widget-spacer\" data-id=\"a3179c6\" data-element_type=\"widget\" data-widget_type=\"spacer.default\">\n\t\t\t\t<div class=\"elementor-widget-container\">\n\t\t\t\t\t\t\t<div class=\"elementor-spacer\">\n\t\t\t<div class=\"elementor-spacer-inner\"><\/div>\n\t\t<\/div>\n\t\t\t\t\t\t<\/div>\n\t\t\t\t<\/div>\n\t\t\t\t<div class=\"elementor-element elementor-element-607952b elementor-widget__width-initial elementor-widget elementor-widget-text-editor\" data-id=\"607952b\" data-element_type=\"widget\" data-widget_type=\"text-editor.default\">\n\t\t\t\t<div class=\"elementor-widget-container\">\n\t\t\t\t\t\t\t\t\t<p><strong>Comiss\u00e3o Cient\u00edfica:<\/strong><\/p><p>Adriano Sampaio (UFBA)<\/p><p>Beto Severino (UFBA)<\/p><p>L\u00facia Aquino Queiroz (UFRB)<\/p><p>Rico Soares (UFBA\/ALB)<\/p>\t\t\t\t\t\t\t\t<\/div>\n\t\t\t\t<\/div>\n\t\t\t\t<\/div>\n\t\t\t\t<\/div>\n\t\t\t\t<\/div>\n\t\t\t\t<\/div>\n\t\t\t\t<\/div>\n\t\t<div class=\"elementor-element elementor-element-269fb1d e-con-full section e-flex e-con e-child\" data-id=\"269fb1d\" data-element_type=\"container\" id=\"GT4\" data-settings=\"{&quot;background_background&quot;:&quot;classic&quot;,&quot;animation&quot;:&quot;none&quot;}\">\n\t\t<div class=\"elementor-element elementor-element-582c9e5 e-con-full e-flex e-con e-child\" data-id=\"582c9e5\" data-element_type=\"container\">\n\t\t<div class=\"elementor-element elementor-element-6c16f1a e-con-full elementor-hidden-tablet elementor-hidden-mobile e-flex e-con e-child\" data-id=\"6c16f1a\" data-element_type=\"container\" data-settings=\"{&quot;animation&quot;:&quot;none&quot;}\">\n\t\t\t\t<div class=\"elementor-element elementor-element-3b77a4b elementor-widget elementor-widget-spacer\" data-id=\"3b77a4b\" data-element_type=\"widget\" data-widget_type=\"spacer.default\">\n\t\t\t\t<div class=\"elementor-widget-container\">\n\t\t\t\t\t\t\t<div class=\"elementor-spacer\">\n\t\t\t<div class=\"elementor-spacer-inner\"><\/div>\n\t\t<\/div>\n\t\t\t\t\t\t<\/div>\n\t\t\t\t<\/div>\n\t\t\t\t<div class=\"elementor-element elementor-element-5f57541 elementor-widget elementor-widget-spacer\" data-id=\"5f57541\" data-element_type=\"widget\" data-widget_type=\"spacer.default\">\n\t\t\t\t<div class=\"elementor-widget-container\">\n\t\t\t\t\t\t\t<div class=\"elementor-spacer\">\n\t\t\t<div class=\"elementor-spacer-inner\"><\/div>\n\t\t<\/div>\n\t\t\t\t\t\t<\/div>\n\t\t\t\t<\/div>\n\t\t\t\t<div class=\"elementor-element elementor-element-7580ca2 elementor-view-default elementor-widget elementor-widget-icon\" data-id=\"7580ca2\" data-element_type=\"widget\" id=\"CC-icon-4\" data-widget_type=\"icon.default\">\n\t\t\t\t<div class=\"elementor-widget-container\">\n\t\t\t\t\t\t\t<div class=\"elementor-icon-wrapper\">\n\t\t\t<div class=\"elementor-icon\">\n\t\t\t<svg xmlns=\"http:\/\/www.w3.org\/2000\/svg\" id=\"Layer_2\" data-name=\"Layer 2\" viewBox=\"0 0 151.37 127\"><defs><style>      .cls-1 {        fill: #fff;      }      .cls-2 {        fill: #ee627e;      }    <\/style><\/defs><g id=\"Layer_1-2\" data-name=\"Layer 1\"><g><path class=\"cls-2\" d=\"M75.69,127C33.95,127,0,98.51,0,63.5S33.95,0,75.69,0s75.69,28.49,75.69,63.5-33.95,63.5-75.69,63.5Z\"><\/path><g><path class=\"cls-1\" d=\"M91.92,83.49c-7.18,17.2-20.73,22.5-32.98,22.5-21.08,0-41.1-16.02-41.1-41.69,0-27.21,21.91-43.11,45.82-43.11,6.01,0,12.84,1.06,19.2,3.18l6.6-2.94v28.62l-15.19-21.44c-3.53-.94-6.95-1.3-10.01-1.3-17.67,0-30.62,11.66-30.62,33.33s11.78,34.04,29.68,34.04c8.48,0,18.73-2.94,28.03-11.78l.59.59Z\"><\/path><path class=\"cls-1\" d=\"M121.29,83.49c-7.18,17.2-20.73,22.5-32.98,22.5-21.08,0-41.1-16.02-41.1-41.69,0-27.21,21.91-43.11,45.82-43.11,6.01,0,12.84,1.06,19.2,3.18l6.6-2.94v28.62l-15.19-21.44c-3.53-.94-6.95-1.3-10.01-1.3-17.67,0-30.62,11.66-30.62,33.33s11.78,34.04,29.68,34.04c8.48,0,18.73-2.94,28.03-11.78l.59.59Z\"><\/path><\/g><\/g><\/g><\/svg>\t\t\t<\/div>\n\t\t<\/div>\n\t\t\t\t\t\t<\/div>\n\t\t\t\t<\/div>\n\t\t\t\t<\/div>\n\t\t<div class=\"elementor-element elementor-element-885f852 e-con-full e-flex e-con e-child\" data-id=\"885f852\" data-element_type=\"container\">\n\t\t\t\t<div class=\"elementor-element elementor-element-8fd88b5 elementor-widget elementor-widget-spacer\" data-id=\"8fd88b5\" data-element_type=\"widget\" data-widget_type=\"spacer.default\">\n\t\t\t\t<div class=\"elementor-widget-container\">\n\t\t\t\t\t\t\t<div class=\"elementor-spacer\">\n\t\t\t<div class=\"elementor-spacer-inner\"><\/div>\n\t\t<\/div>\n\t\t\t\t\t\t<\/div>\n\t\t\t\t<\/div>\n\t\t<div class=\"elementor-element elementor-element-f3e56be e-con-full e-flex e-con e-child\" data-id=\"f3e56be\" data-element_type=\"container\">\n\t\t<div class=\"elementor-element elementor-element-73f19a1 e-con-full e-flex e-con e-child\" data-id=\"73f19a1\" data-element_type=\"container\">\n\t\t<div class=\"elementor-element elementor-element-9692d82 e-con-full e-flex e-con e-child\" data-id=\"9692d82\" data-element_type=\"container\">\n\t\t\t\t<div class=\"elementor-element elementor-element-463baf4 foto_coord popmake-21641 elementor-widget__width-initial elementor-position-top elementor-widget elementor-widget-image-box\" data-id=\"463baf4\" data-element_type=\"widget\" data-widget_type=\"image-box.default\">\n\t\t\t\t<div class=\"elementor-widget-container\">\n\t\t\t\t\t<div class=\"elementor-image-box-wrapper\"><figure class=\"elementor-image-box-img\"><img loading=\"lazy\" decoding=\"async\" width=\"440\" height=\"550\" src=\"https:\/\/culturas.cc\/congresso2025\/wp-content\/uploads\/sites\/16\/2025\/07\/Diana_Alves_Green-min-440x550.jpg\" class=\"elementor-animation-shrink attachment-portrait size-portrait wp-image-21625\" alt=\"\" \/><\/figure><div class=\"elementor-image-box-content\"><h3 class=\"elementor-image-box-title\">Diana Alves (U.Porto)<\/h3><\/div><\/div>\t\t\t\t<\/div>\n\t\t\t\t<\/div>\n\t\t\t\t<div class=\"elementor-element elementor-element-7278974 foto_coord popmake-21643 elementor-widget__width-initial elementor-position-top elementor-widget elementor-widget-image-box\" data-id=\"7278974\" data-element_type=\"widget\" data-widget_type=\"image-box.default\">\n\t\t\t\t<div class=\"elementor-widget-container\">\n\t\t\t\t\t<div class=\"elementor-image-box-wrapper\"><figure class=\"elementor-image-box-img\"><img loading=\"lazy\" decoding=\"async\" width=\"440\" height=\"550\" src=\"https:\/\/culturas.cc\/congresso2025\/wp-content\/uploads\/sites\/16\/2025\/07\/Moises_Green-min-440x550.jpg\" class=\"elementor-animation-shrink attachment-portrait size-portrait wp-image-21628\" alt=\"\" \/><\/figure><div class=\"elementor-image-box-content\"><h3 class=\"elementor-image-box-title\">Mois\u00e9s de Lemos Martins (U.Lus\u00f3fona e U.Minho)<\/h3><\/div><\/div>\t\t\t\t<\/div>\n\t\t\t\t<\/div>\n\t\t\t\t<\/div>\n\t\t\t\t<div class=\"elementor-element elementor-element-593628d elementor-widget__width-initial elementor-widget elementor-widget-text-editor\" data-id=\"593628d\" data-element_type=\"widget\" data-widget_type=\"text-editor.default\">\n\t\t\t\t<div class=\"elementor-widget-container\">\n\t\t\t\t\t\t\t\t\t<p style=\"text-align: center!important;margin: 0 0 1rem\">Procuramos respostas da comunidade acad\u00e9mica a quest\u00f5es como:<\/p>\t\t\t\t\t\t\t\t<\/div>\n\t\t\t\t<\/div>\n\t\t<div class=\"elementor-element elementor-element-3c0fa62 e-con-full e-flex e-con e-child\" data-id=\"3c0fa62\" data-element_type=\"container\">\n\t\t\t\t<div class=\"elementor-element elementor-element-b0a3d7a elementor-widget__width-initial elementor-widget elementor-widget-text-editor\" data-id=\"b0a3d7a\" data-element_type=\"widget\" data-widget_type=\"text-editor.default\">\n\t\t\t\t<div class=\"elementor-widget-container\">\n\t\t\t\t\t\t\t\t\t<div style=\"text-align: left !important\">\n<p style=\"text-align: left !important;margin: 0 0 1rem\">De que formas poder\u00e1 a cultura promover a inclus\u00e3o e combater o racismo, o sexismo e a lgbtfobia?<\/p>\n<p style=\"text-align: left !important;margin: 0 0 1rem\">Como s\u00e3o representadas (ou silenciadas) as identidades marginalizadas nos discursos culturais dominantes?<\/p>\n<p style=\"text-align: left !important;margin: 0 0 1rem\">Que papel t\u00eam as express\u00f5es art\u00edsticas e os saberes subalternizados na disputa por visibilidade e reconhecimento?<\/p>\n\n<\/div>\t\t\t\t\t\t\t\t<\/div>\n\t\t\t\t<\/div>\n\t\t\t\t<div class=\"elementor-element elementor-element-1f4c552 elementor-widget elementor-widget-text-editor\" data-id=\"1f4c552\" data-element_type=\"widget\" data-widget_type=\"text-editor.default\">\n\t\t\t\t<div class=\"elementor-widget-container\">\n\t\t\t\t\t\t\t\t\t<p style=\"text-align: left !important;margin: 0 0 1rem\">Que desafios enfrentam as institui\u00e7\u00f5es culturais no acolhimento da diversidade?<br \/><br \/>Como poderemos desenvolver pol\u00edticas culturais mais inclusivas e que respeitem os direitos humanos e a pluralidade de vozes?<\/p>\t\t\t\t\t\t\t\t<\/div>\n\t\t\t\t<\/div>\n\t\t\t\t<\/div>\n\t\t\t\t<\/div>\n\t\t<div class=\"elementor-element elementor-element-502009f e-con-full e-flex e-con e-child\" data-id=\"502009f\" data-element_type=\"container\">\n\t\t\t\t<div class=\"elementor-element elementor-element-0d731a8 elementor-widget elementor-widget-heading\" data-id=\"0d731a8\" data-element_type=\"widget\" data-widget_type=\"heading.default\">\n\t\t\t\t<div class=\"elementor-widget-container\">\n\t\t\t\t\t<h2 class=\"elementor-heading-title elementor-size-default\">4. <\/h2>\t\t\t\t<\/div>\n\t\t\t\t<\/div>\n\t\t\t\t<div class=\"elementor-element elementor-element-8f48d7a elementor-widget elementor-widget-heading\" data-id=\"8f48d7a\" data-element_type=\"widget\" data-widget_type=\"heading.default\">\n\t\t\t\t<div class=\"elementor-widget-container\">\n\t\t\t\t\t<h2 class=\"elementor-heading-title elementor-size-default\">Cultura, Ci\u00eancia, Sa\u00fade e Bem-Estar<\/h2>\t\t\t\t<\/div>\n\t\t\t\t<\/div>\n\t\t\t\t<div class=\"elementor-element elementor-element-f1539ae elementor-widget elementor-widget-spacer\" data-id=\"f1539ae\" data-element_type=\"widget\" data-widget_type=\"spacer.default\">\n\t\t\t\t<div class=\"elementor-widget-container\">\n\t\t\t\t\t\t\t<div class=\"elementor-spacer\">\n\t\t\t<div class=\"elementor-spacer-inner\"><\/div>\n\t\t<\/div>\n\t\t\t\t\t\t<\/div>\n\t\t\t\t<\/div>\n\t\t\t\t<div class=\"elementor-element elementor-element-ce7b616 elementor-widget__width-initial elementor-widget elementor-widget-text-editor\" data-id=\"ce7b616\" data-element_type=\"widget\" data-widget_type=\"text-editor.default\">\n\t\t\t\t<div class=\"elementor-widget-container\">\n\t\t\t\t\t\t\t\t\t<p>A pandemia evidenciou, de forma incontorn\u00e1vel, a interdepend\u00eancia entre sa\u00fade, ci\u00eancia e cultura. Este painel prop\u00f5e-se explorar as m\u00faltiplas conex\u00f5es entre pr\u00e1ticas culturais, produ\u00e7\u00e3o de conhecimento cient\u00edfico e promo\u00e7\u00e3o do bem-estar individual e coletivo, valorizando abordagens integradoras e interdisciplinares. Num mundo em que os desafios para a sa\u00fade f\u00edsica e mental s\u00e3o crescentes e diversos, torna-se essencial refletir sobre o papel das express\u00f5es culturais, dos saberes tradicionais e das pr\u00e1ticas comunit\u00e1rias na constru\u00e7\u00e3o de sociedades mais saud\u00e1veis, resilientes e solid\u00e1rias.<\/p>\t\t\t\t\t\t\t\t<\/div>\n\t\t\t\t<\/div>\n\t\t\t\t<\/div>\n\t\t<div class=\"elementor-element elementor-element-f3c1459 e-con-full e-flex e-con e-child\" data-id=\"f3c1459\" data-element_type=\"container\">\n\t\t\t\t<div class=\"elementor-element elementor-element-226de63 elementor-hidden-tablet elementor-hidden-mobile elementor-widget elementor-widget-spacer\" data-id=\"226de63\" data-element_type=\"widget\" data-widget_type=\"spacer.default\">\n\t\t\t\t<div class=\"elementor-widget-container\">\n\t\t\t\t\t\t\t<div class=\"elementor-spacer\">\n\t\t\t<div class=\"elementor-spacer-inner\"><\/div>\n\t\t<\/div>\n\t\t\t\t\t\t<\/div>\n\t\t\t\t<\/div>\n\t\t\t\t<div class=\"elementor-element elementor-element-d1efd40 elementor-widget__width-initial elementor-widget elementor-widget-text-editor\" data-id=\"d1efd40\" data-element_type=\"widget\" data-widget_type=\"text-editor.default\">\n\t\t\t\t<div class=\"elementor-widget-container\">\n\t\t\t\t\t\t\t\t\t<p><strong>Comiss\u00e3o Cient\u00edfica:<\/strong><\/p><p>Catarina Moura (UBI)<\/p><p>Jo\u00e3o Lu\u00eds Lisboa (NOVA)<\/p><p>Josu\u00e9 Barbosa (UFLA)<\/p>\t\t\t\t\t\t\t\t<\/div>\n\t\t\t\t<\/div>\n\t\t\t\t<\/div>\n\t\t\t\t<\/div>\n\t\t\t\t<\/div>\n\t\t\t\t<\/div>\n\t\t\t\t<\/div>\n\t\t<div class=\"elementor-element elementor-element-64c2d52 e-con-full section e-flex e-con e-child\" data-id=\"64c2d52\" data-element_type=\"container\" id=\"GT5\" data-settings=\"{&quot;background_background&quot;:&quot;classic&quot;,&quot;animation&quot;:&quot;none&quot;}\">\n\t\t<div class=\"elementor-element elementor-element-10bfea1 e-con-full e-flex e-con e-child\" data-id=\"10bfea1\" data-element_type=\"container\">\n\t\t<div class=\"elementor-element elementor-element-d878af5 e-con-full elementor-hidden-tablet elementor-hidden-mobile e-flex e-con e-child\" data-id=\"d878af5\" data-element_type=\"container\" data-settings=\"{&quot;animation&quot;:&quot;none&quot;}\">\n\t\t\t\t<div class=\"elementor-element elementor-element-d9ae7fc elementor-widget elementor-widget-spacer\" data-id=\"d9ae7fc\" data-element_type=\"widget\" data-widget_type=\"spacer.default\">\n\t\t\t\t<div class=\"elementor-widget-container\">\n\t\t\t\t\t\t\t<div class=\"elementor-spacer\">\n\t\t\t<div class=\"elementor-spacer-inner\"><\/div>\n\t\t<\/div>\n\t\t\t\t\t\t<\/div>\n\t\t\t\t<\/div>\n\t\t\t\t<div class=\"elementor-element elementor-element-8995371 elementor-widget elementor-widget-spacer\" data-id=\"8995371\" data-element_type=\"widget\" data-widget_type=\"spacer.default\">\n\t\t\t\t<div class=\"elementor-widget-container\">\n\t\t\t\t\t\t\t<div class=\"elementor-spacer\">\n\t\t\t<div class=\"elementor-spacer-inner\"><\/div>\n\t\t<\/div>\n\t\t\t\t\t\t<\/div>\n\t\t\t\t<\/div>\n\t\t\t\t<div class=\"elementor-element elementor-element-900fc58 elementor-view-default elementor-widget elementor-widget-icon\" data-id=\"900fc58\" data-element_type=\"widget\" id=\"CC-icon-5\" data-widget_type=\"icon.default\">\n\t\t\t\t<div class=\"elementor-widget-container\">\n\t\t\t\t\t\t\t<div class=\"elementor-icon-wrapper\">\n\t\t\t<div class=\"elementor-icon\">\n\t\t\t<svg xmlns=\"http:\/\/www.w3.org\/2000\/svg\" id=\"Layer_2\" data-name=\"Layer 2\" viewBox=\"0 0 151.37 127\"><defs><style>      .cls-1 {        fill: #fff;      }      .cls-2 {        fill: #ee627e;      }    <\/style><\/defs><g id=\"Layer_1-2\" data-name=\"Layer 1\"><g><path class=\"cls-2\" d=\"M75.69,127C33.95,127,0,98.51,0,63.5S33.95,0,75.69,0s75.69,28.49,75.69,63.5-33.95,63.5-75.69,63.5Z\"><\/path><g><path class=\"cls-1\" d=\"M91.92,83.49c-7.18,17.2-20.73,22.5-32.98,22.5-21.08,0-41.1-16.02-41.1-41.69,0-27.21,21.91-43.11,45.82-43.11,6.01,0,12.84,1.06,19.2,3.18l6.6-2.94v28.62l-15.19-21.44c-3.53-.94-6.95-1.3-10.01-1.3-17.67,0-30.62,11.66-30.62,33.33s11.78,34.04,29.68,34.04c8.48,0,18.73-2.94,28.03-11.78l.59.59Z\"><\/path><path class=\"cls-1\" d=\"M121.29,83.49c-7.18,17.2-20.73,22.5-32.98,22.5-21.08,0-41.1-16.02-41.1-41.69,0-27.21,21.91-43.11,45.82-43.11,6.01,0,12.84,1.06,19.2,3.18l6.6-2.94v28.62l-15.19-21.44c-3.53-.94-6.95-1.3-10.01-1.3-17.67,0-30.62,11.66-30.62,33.33s11.78,34.04,29.68,34.04c8.48,0,18.73-2.94,28.03-11.78l.59.59Z\"><\/path><\/g><\/g><\/g><\/svg>\t\t\t<\/div>\n\t\t<\/div>\n\t\t\t\t\t\t<\/div>\n\t\t\t\t<\/div>\n\t\t\t\t<\/div>\n\t\t<div class=\"elementor-element elementor-element-6aedcd5 e-con-full e-flex e-con e-child\" data-id=\"6aedcd5\" data-element_type=\"container\">\n\t\t\t\t<div class=\"elementor-element elementor-element-58e56b8 elementor-widget elementor-widget-spacer\" data-id=\"58e56b8\" data-element_type=\"widget\" data-widget_type=\"spacer.default\">\n\t\t\t\t<div class=\"elementor-widget-container\">\n\t\t\t\t\t\t\t<div class=\"elementor-spacer\">\n\t\t\t<div class=\"elementor-spacer-inner\"><\/div>\n\t\t<\/div>\n\t\t\t\t\t\t<\/div>\n\t\t\t\t<\/div>\n\t\t<div class=\"elementor-element elementor-element-370cca0 e-con-full e-flex e-con e-child\" data-id=\"370cca0\" data-element_type=\"container\">\n\t\t<div class=\"elementor-element elementor-element-fbd1c72 e-con-full e-flex e-con e-child\" data-id=\"fbd1c72\" data-element_type=\"container\">\n\t\t<div class=\"elementor-element elementor-element-0bd26b8 e-con-full e-flex e-con e-child\" data-id=\"0bd26b8\" data-element_type=\"container\">\n\t\t\t\t<div class=\"elementor-element elementor-element-62b1612 foto_coord popmake-21645 elementor-widget__width-initial elementor-position-top elementor-widget elementor-widget-image-box\" data-id=\"62b1612\" data-element_type=\"widget\" data-widget_type=\"image-box.default\">\n\t\t\t\t<div class=\"elementor-widget-container\">\n\t\t\t\t\t<div class=\"elementor-image-box-wrapper\"><figure class=\"elementor-image-box-img\"><img loading=\"lazy\" decoding=\"async\" width=\"440\" height=\"550\" src=\"https:\/\/culturas.cc\/congresso2025\/wp-content\/uploads\/sites\/16\/2025\/07\/Paula_Pink-min-440x550.jpg\" class=\"elementor-animation-shrink attachment-portrait size-portrait wp-image-21629\" alt=\"\" \/><\/figure><div class=\"elementor-image-box-content\"><h3 class=\"elementor-image-box-title\">Paula Guerra <br> (U.Porto)<\/h3><\/div><\/div>\t\t\t\t<\/div>\n\t\t\t\t<\/div>\n\t\t\t\t<div class=\"elementor-element elementor-element-8d0e67c foto_coord popmake-21647 elementor-widget__width-initial elementor-position-top elementor-widget elementor-widget-image-box\" data-id=\"8d0e67c\" data-element_type=\"widget\" data-widget_type=\"image-box.default\">\n\t\t\t\t<div class=\"elementor-widget-container\">\n\t\t\t\t\t<div class=\"elementor-image-box-wrapper\"><figure class=\"elementor-image-box-img\"><img loading=\"lazy\" decoding=\"async\" width=\"440\" height=\"550\" src=\"https:\/\/culturas.cc\/congresso2025\/wp-content\/uploads\/sites\/16\/2025\/07\/Dino_Pink-min-440x550.jpg\" class=\"elementor-animation-shrink attachment-portrait size-portrait wp-image-21626\" alt=\"\" \/><\/figure><div class=\"elementor-image-box-content\"><h3 class=\"elementor-image-box-title\">Dino D'Santiago<\/h3><\/div><\/div>\t\t\t\t<\/div>\n\t\t\t\t<\/div>\n\t\t\t\t<div class=\"elementor-element elementor-element-428e841 foto_coord popmake-21649 elementor-widget__width-initial elementor-position-top elementor-widget elementor-widget-image-box\" data-id=\"428e841\" data-element_type=\"widget\" data-widget_type=\"image-box.default\">\n\t\t\t\t<div class=\"elementor-widget-container\">\n\t\t\t\t\t<div class=\"elementor-image-box-wrapper\"><figure class=\"elementor-image-box-img\"><img loading=\"lazy\" decoding=\"async\" width=\"440\" height=\"550\" src=\"https:\/\/culturas.cc\/congresso2025\/wp-content\/uploads\/sites\/16\/2025\/07\/Edilene_Pink-min-1-440x550.jpg\" class=\"elementor-animation-shrink attachment-portrait size-portrait wp-image-21630\" alt=\"\" \/><\/figure><div class=\"elementor-image-box-content\"><h3 class=\"elementor-image-box-title\">Edilene Matos <br>(UFBA)<\/h3><\/div><\/div>\t\t\t\t<\/div>\n\t\t\t\t<\/div>\n\t\t\t\t<\/div>\n\t\t\t\t<div class=\"elementor-element elementor-element-164a55f elementor-widget__width-initial elementor-widget elementor-widget-text-editor\" data-id=\"164a55f\" data-element_type=\"widget\" data-widget_type=\"text-editor.default\">\n\t\t\t\t<div class=\"elementor-widget-container\">\n\t\t\t\t\t\t\t\t\t<p style=\"text-align: center!important;margin: 0 0 1rem\">Procuramos respostas da comunidade acad\u00e9mica a quest\u00f5es como:<\/p>\t\t\t\t\t\t\t\t<\/div>\n\t\t\t\t<\/div>\n\t\t<div class=\"elementor-element elementor-element-0d9e2f2 e-con-full e-flex e-con e-child\" data-id=\"0d9e2f2\" data-element_type=\"container\">\n\t\t\t\t<div class=\"elementor-element elementor-element-bb128b4 elementor-widget__width-initial elementor-widget elementor-widget-text-editor\" data-id=\"bb128b4\" data-element_type=\"widget\" data-widget_type=\"text-editor.default\">\n\t\t\t\t<div class=\"elementor-widget-container\">\n\t\t\t\t\t\t\t\t\t<div style=\"text-align: left !important\">\n<p style=\"text-align: left !important;margin: 0 0 1rem\">Como se expressam as culturas urbanas nos diferentes contextos lus\u00f3fonos?<\/p>\n<p style=\"text-align: left !important;margin: 0 0 1rem\">Como s\u00e3o apropriados e ressignificados os espa\u00e7os p\u00fablicos atrav\u00e9s da arte?<\/p>\n<p style=\"text-align: left !important;margin: 0 0 1rem\">Que tens\u00f5es existem entre institucionaliza\u00e7\u00e3o cultural e express\u00f5es art\u00edsticas populares ou marginais?<\/p>\n\n<\/div>\t\t\t\t\t\t\t\t<\/div>\n\t\t\t\t<\/div>\n\t\t\t\t<div class=\"elementor-element elementor-element-7349038 elementor-widget elementor-widget-text-editor\" data-id=\"7349038\" data-element_type=\"widget\" data-widget_type=\"text-editor.default\">\n\t\t\t\t<div class=\"elementor-widget-container\">\n\t\t\t\t\t\t\t\t\t<p style=\"text-align: left !important;margin: 0 0 1rem\">Que formas de arte emergem nos espa\u00e7os urbanos como resposta a desigualdades sociais, raciais e territoriais?<\/p><p style=\"text-align: left !important;margin: 0 0 1rem\">Como poder\u00e3o as pol\u00edticas culturais apoiar a diversidade e vitalidade das express\u00f5es urbanas?<\/p>\t\t\t\t\t\t\t\t<\/div>\n\t\t\t\t<\/div>\n\t\t\t\t<\/div>\n\t\t\t\t<\/div>\n\t\t<div class=\"elementor-element elementor-element-95f6b2b e-con-full e-flex e-con e-child\" data-id=\"95f6b2b\" data-element_type=\"container\">\n\t\t\t\t<div class=\"elementor-element elementor-element-c62da44 elementor-widget elementor-widget-heading\" data-id=\"c62da44\" data-element_type=\"widget\" data-widget_type=\"heading.default\">\n\t\t\t\t<div class=\"elementor-widget-container\">\n\t\t\t\t\t<h2 class=\"elementor-heading-title elementor-size-default\">5. <\/h2>\t\t\t\t<\/div>\n\t\t\t\t<\/div>\n\t\t\t\t<div class=\"elementor-element elementor-element-6c25ba7 elementor-widget elementor-widget-heading\" data-id=\"6c25ba7\" data-element_type=\"widget\" data-widget_type=\"heading.default\">\n\t\t\t\t<div class=\"elementor-widget-container\">\n\t\t\t\t\t<h2 class=\"elementor-heading-title elementor-size-default\">Culturas Urbanas e Express\u00f5es Art\u00edsticas<\/h2>\t\t\t\t<\/div>\n\t\t\t\t<\/div>\n\t\t\t\t<div class=\"elementor-element elementor-element-0ad5574 elementor-widget elementor-widget-spacer\" data-id=\"0ad5574\" data-element_type=\"widget\" data-widget_type=\"spacer.default\">\n\t\t\t\t<div class=\"elementor-widget-container\">\n\t\t\t\t\t\t\t<div class=\"elementor-spacer\">\n\t\t\t<div class=\"elementor-spacer-inner\"><\/div>\n\t\t<\/div>\n\t\t\t\t\t\t<\/div>\n\t\t\t\t<\/div>\n\t\t\t\t<div class=\"elementor-element elementor-element-3fe13cb elementor-widget__width-initial elementor-widget elementor-widget-text-editor\" data-id=\"3fe13cb\" data-element_type=\"widget\" data-widget_type=\"text-editor.default\">\n\t\t\t\t<div class=\"elementor-widget-container\">\n\t\t\t\t\t\t\t\t\t<p>As cidades s\u00e3o territ\u00f3rios vivos onde se entrecruzam fluxos culturais, pr\u00e1ticas art\u00edsticas e disputas simb\u00f3licas. Este painel prop\u00f5e uma reflex\u00e3o cr\u00edtica sobre as culturas urbanas enquanto formas de express\u00e3o, resist\u00eancia e imagina\u00e7\u00e3o coletiva, com especial aten\u00e7\u00e3o \u00e0s linguagens art\u00edsticas que emergem dos espa\u00e7os urbanos e \u00e0s din\u00e2micas sociais que lhes d\u00e3o forma. Em tempos de crescente urbaniza\u00e7\u00e3o, gentrifica\u00e7\u00e3o e segmenta\u00e7\u00e3o espacial, torna-se urgente pensar a cidade como lugar de cultura e de confronto entre vis\u00f5es de mundo diversas. A rua, o bairro, o grafite, a m\u00fasica, o corpo em movimento: tudo isto s\u00e3o formas de intervir no espa\u00e7o e de comunicar identidades, perten\u00e7as e reivindica\u00e7\u00f5es.<\/p>\t\t\t\t\t\t\t\t<\/div>\n\t\t\t\t<\/div>\n\t\t\t\t<\/div>\n\t\t<div class=\"elementor-element elementor-element-cd6231f e-con-full e-flex e-con e-child\" data-id=\"cd6231f\" data-element_type=\"container\">\n\t\t\t\t<div class=\"elementor-element elementor-element-c820dc7 elementor-hidden-tablet elementor-hidden-mobile elementor-widget elementor-widget-spacer\" data-id=\"c820dc7\" data-element_type=\"widget\" data-widget_type=\"spacer.default\">\n\t\t\t\t<div class=\"elementor-widget-container\">\n\t\t\t\t\t\t\t<div class=\"elementor-spacer\">\n\t\t\t<div class=\"elementor-spacer-inner\"><\/div>\n\t\t<\/div>\n\t\t\t\t\t\t<\/div>\n\t\t\t\t<\/div>\n\t\t\t\t<div class=\"elementor-element elementor-element-f23e99e elementor-widget__width-initial elementor-widget elementor-widget-text-editor\" data-id=\"f23e99e\" data-element_type=\"widget\" data-widget_type=\"text-editor.default\">\n\t\t\t\t<div class=\"elementor-widget-container\">\n\t\t\t\t\t\t\t\t\t<p><strong>Comiss\u00e3o Cient\u00edfica:<\/strong><\/p><p>Daniela Fonseca (UTAD)<\/p><p>Idalina Sidoncha (UBI)<\/p><p>Renata Pitombo (UFRB)<\/p><p>\u00a0<\/p>\t\t\t\t\t\t\t\t<\/div>\n\t\t\t\t<\/div>\n\t\t\t\t<\/div>\n\t\t\t\t<\/div>\n\t\t\t\t<\/div>\n\t\t\t\t<\/div>\n\t\t\t\t<\/div>\n\t\t<div class=\"elementor-element elementor-element-c76a1f1 e-con-full section e-flex e-con e-child\" data-id=\"c76a1f1\" data-element_type=\"container\" id=\"GT6\" data-settings=\"{&quot;background_background&quot;:&quot;classic&quot;,&quot;animation&quot;:&quot;none&quot;}\">\n\t\t<div class=\"elementor-element elementor-element-db4998a e-con-full e-flex e-con e-child\" data-id=\"db4998a\" data-element_type=\"container\">\n\t\t<div class=\"elementor-element elementor-element-d6bf5c5 e-con-full elementor-hidden-tablet elementor-hidden-mobile e-flex e-con e-child\" data-id=\"d6bf5c5\" data-element_type=\"container\" data-settings=\"{&quot;animation&quot;:&quot;none&quot;}\">\n\t\t\t\t<div class=\"elementor-element elementor-element-0acda57 elementor-widget elementor-widget-spacer\" data-id=\"0acda57\" data-element_type=\"widget\" data-widget_type=\"spacer.default\">\n\t\t\t\t<div class=\"elementor-widget-container\">\n\t\t\t\t\t\t\t<div class=\"elementor-spacer\">\n\t\t\t<div class=\"elementor-spacer-inner\"><\/div>\n\t\t<\/div>\n\t\t\t\t\t\t<\/div>\n\t\t\t\t<\/div>\n\t\t\t\t<div class=\"elementor-element elementor-element-a92454e elementor-widget elementor-widget-spacer\" data-id=\"a92454e\" data-element_type=\"widget\" data-widget_type=\"spacer.default\">\n\t\t\t\t<div class=\"elementor-widget-container\">\n\t\t\t\t\t\t\t<div class=\"elementor-spacer\">\n\t\t\t<div class=\"elementor-spacer-inner\"><\/div>\n\t\t<\/div>\n\t\t\t\t\t\t<\/div>\n\t\t\t\t<\/div>\n\t\t\t\t<div class=\"elementor-element elementor-element-32bfbd2 elementor-view-default elementor-widget elementor-widget-icon\" data-id=\"32bfbd2\" data-element_type=\"widget\" id=\"CC-icon-6\" data-widget_type=\"icon.default\">\n\t\t\t\t<div class=\"elementor-widget-container\">\n\t\t\t\t\t\t\t<div class=\"elementor-icon-wrapper\">\n\t\t\t<div class=\"elementor-icon\">\n\t\t\t<svg xmlns=\"http:\/\/www.w3.org\/2000\/svg\" id=\"Layer_2\" data-name=\"Layer 2\" viewBox=\"0 0 151.37 127\"><defs><style>      .cls-1 {        fill: #fff;      }      .cls-2 {        fill: #ee627e;      }    <\/style><\/defs><g id=\"Layer_1-2\" data-name=\"Layer 1\"><g><path class=\"cls-2\" d=\"M75.69,127C33.95,127,0,98.51,0,63.5S33.95,0,75.69,0s75.69,28.49,75.69,63.5-33.95,63.5-75.69,63.5Z\"><\/path><g><path class=\"cls-1\" d=\"M91.92,83.49c-7.18,17.2-20.73,22.5-32.98,22.5-21.08,0-41.1-16.02-41.1-41.69,0-27.21,21.91-43.11,45.82-43.11,6.01,0,12.84,1.06,19.2,3.18l6.6-2.94v28.62l-15.19-21.44c-3.53-.94-6.95-1.3-10.01-1.3-17.67,0-30.62,11.66-30.62,33.33s11.78,34.04,29.68,34.04c8.48,0,18.73-2.94,28.03-11.78l.59.59Z\"><\/path><path class=\"cls-1\" d=\"M121.29,83.49c-7.18,17.2-20.73,22.5-32.98,22.5-21.08,0-41.1-16.02-41.1-41.69,0-27.21,21.91-43.11,45.82-43.11,6.01,0,12.84,1.06,19.2,3.18l6.6-2.94v28.62l-15.19-21.44c-3.53-.94-6.95-1.3-10.01-1.3-17.67,0-30.62,11.66-30.62,33.33s11.78,34.04,29.68,34.04c8.48,0,18.73-2.94,28.03-11.78l.59.59Z\"><\/path><\/g><\/g><\/g><\/svg>\t\t\t<\/div>\n\t\t<\/div>\n\t\t\t\t\t\t<\/div>\n\t\t\t\t<\/div>\n\t\t\t\t<\/div>\n\t\t<div class=\"elementor-element elementor-element-c37b849 e-con-full e-flex e-con e-child\" data-id=\"c37b849\" data-element_type=\"container\">\n\t\t\t\t<div class=\"elementor-element elementor-element-c66ebaa elementor-widget elementor-widget-spacer\" data-id=\"c66ebaa\" data-element_type=\"widget\" data-widget_type=\"spacer.default\">\n\t\t\t\t<div class=\"elementor-widget-container\">\n\t\t\t\t\t\t\t<div class=\"elementor-spacer\">\n\t\t\t<div class=\"elementor-spacer-inner\"><\/div>\n\t\t<\/div>\n\t\t\t\t\t\t<\/div>\n\t\t\t\t<\/div>\n\t\t<div class=\"elementor-element elementor-element-4e6b869 e-con-full e-flex e-con e-child\" data-id=\"4e6b869\" data-element_type=\"container\">\n\t\t<div class=\"elementor-element elementor-element-cc05ac8 e-con-full e-flex e-con e-child\" data-id=\"cc05ac8\" data-element_type=\"container\">\n\t\t<div class=\"elementor-element elementor-element-b2f2921 e-con-full e-flex e-con e-child\" data-id=\"b2f2921\" data-element_type=\"container\">\n\t\t\t\t<div class=\"elementor-element elementor-element-472c6c7 foto_coord popmake-21651 elementor-widget__width-initial elementor-position-top elementor-widget elementor-widget-image-box\" data-id=\"472c6c7\" data-element_type=\"widget\" data-widget_type=\"image-box.default\">\n\t\t\t\t<div class=\"elementor-widget-container\">\n\t\t\t\t\t<div class=\"elementor-image-box-wrapper\"><figure class=\"elementor-image-box-img\"><img loading=\"lazy\" decoding=\"async\" width=\"440\" height=\"550\" src=\"https:\/\/culturas.cc\/congresso2025\/wp-content\/uploads\/sites\/16\/2025\/07\/Isabel-Menezes_Purple-min-440x550.jpg\" class=\"elementor-animation-shrink attachment-portrait size-portrait wp-image-21618\" alt=\"\" \/><\/figure><div class=\"elementor-image-box-content\"><h3 class=\"elementor-image-box-title\">Isabel Menezes (U.Porto)<\/h3><\/div><\/div>\t\t\t\t<\/div>\n\t\t\t\t<\/div>\n\t\t\t\t<div class=\"elementor-element elementor-element-cc68f07 foto_coord popmake-21653 elementor-widget__width-initial elementor-position-top elementor-widget elementor-widget-image-box\" data-id=\"cc68f07\" data-element_type=\"widget\" data-widget_type=\"image-box.default\">\n\t\t\t\t<div class=\"elementor-widget-container\">\n\t\t\t\t\t<div class=\"elementor-image-box-wrapper\"><figure class=\"elementor-image-box-img\"><img loading=\"lazy\" decoding=\"async\" width=\"440\" height=\"550\" src=\"https:\/\/culturas.cc\/congresso2025\/wp-content\/uploads\/sites\/16\/2025\/07\/Martins_Mapera_Purple-min-440x550.jpg\" class=\"elementor-animation-shrink attachment-portrait size-portrait wp-image-21622\" alt=\"\" \/><\/figure><div class=\"elementor-image-box-content\"><h3 class=\"elementor-image-box-title\">Martins Mapera (UniSom)<\/h3><\/div><\/div>\t\t\t\t<\/div>\n\t\t\t\t<\/div>\n\t\t\t\t<\/div>\n\t\t\t\t<div class=\"elementor-element elementor-element-3fd9a0f elementor-widget__width-initial elementor-widget elementor-widget-text-editor\" data-id=\"3fd9a0f\" data-element_type=\"widget\" data-widget_type=\"text-editor.default\">\n\t\t\t\t<div class=\"elementor-widget-container\">\n\t\t\t\t\t\t\t\t\t<p style=\"text-align: center!important;margin: 0 0 1rem\">Procuramos respostas da comunidade acad\u00e9mica a quest\u00f5es como:<\/p>\t\t\t\t\t\t\t\t<\/div>\n\t\t\t\t<\/div>\n\t\t<div class=\"elementor-element elementor-element-2b3c7f0 e-con-full e-flex e-con e-child\" data-id=\"2b3c7f0\" data-element_type=\"container\">\n\t\t\t\t<div class=\"elementor-element elementor-element-720ee0c elementor-widget__width-initial elementor-widget elementor-widget-text-editor\" data-id=\"720ee0c\" data-element_type=\"widget\" data-widget_type=\"text-editor.default\">\n\t\t\t\t<div class=\"elementor-widget-container\">\n\t\t\t\t\t\t\t\t\t<div style=\"text-align: left !important\"><p style=\"text-align: left !important;margin: 0 0 1rem\">Que estrat\u00e9gias pedag\u00f3gicas promovem verdadeiramente a interculturalidade nas escolas e universidades?<\/p><p style=\"text-align: left !important;margin: 0 0 1rem\">Como poder\u00e3o ser integrados os saberes e as vozes de grupos historicamente marginalizados nos curr\u00edculos?<\/p><p style=\"text-align: left !important;margin: 0 0 1rem\">De que modo poder\u00e3o os contextos educativos contribuir para o combate ao racismo, \u00e0 xenofobia e \u00e0 discrimina\u00e7\u00e3o?<\/p><\/div>\t\t\t\t\t\t\t\t<\/div>\n\t\t\t\t<\/div>\n\t\t\t\t<div class=\"elementor-element elementor-element-c956592 elementor-widget elementor-widget-text-editor\" data-id=\"c956592\" data-element_type=\"widget\" data-widget_type=\"text-editor.default\">\n\t\t\t\t<div class=\"elementor-widget-container\">\n\t\t\t\t\t\t\t\t\t<p>Como deveremos formar educadores\/as para a diversidade cultural em contextos marcados por desigualdades?<\/p><p>Que papel desempenham as l\u00ednguas e as express\u00f5es culturais na promo\u00e7\u00e3o da cidadania intercultural?<\/p>\t\t\t\t\t\t\t\t<\/div>\n\t\t\t\t<\/div>\n\t\t\t\t<\/div>\n\t\t\t\t<\/div>\n\t\t<div class=\"elementor-element elementor-element-e225ecb e-con-full e-flex e-con e-child\" data-id=\"e225ecb\" data-element_type=\"container\">\n\t\t\t\t<div class=\"elementor-element elementor-element-d2533bf elementor-widget elementor-widget-heading\" data-id=\"d2533bf\" data-element_type=\"widget\" data-widget_type=\"heading.default\">\n\t\t\t\t<div class=\"elementor-widget-container\">\n\t\t\t\t\t<h2 class=\"elementor-heading-title elementor-size-default\">6. <\/h2>\t\t\t\t<\/div>\n\t\t\t\t<\/div>\n\t\t\t\t<div class=\"elementor-element elementor-element-518be8c elementor-widget elementor-widget-heading\" data-id=\"518be8c\" data-element_type=\"widget\" data-widget_type=\"heading.default\">\n\t\t\t\t<div class=\"elementor-widget-container\">\n\t\t\t\t\t<h2 class=\"elementor-heading-title elementor-size-default\">Educa\u00e7\u00e3o para a Interculturalidade<\/h2>\t\t\t\t<\/div>\n\t\t\t\t<\/div>\n\t\t\t\t<div class=\"elementor-element elementor-element-6fff61d elementor-widget elementor-widget-spacer\" data-id=\"6fff61d\" data-element_type=\"widget\" data-widget_type=\"spacer.default\">\n\t\t\t\t<div class=\"elementor-widget-container\">\n\t\t\t\t\t\t\t<div class=\"elementor-spacer\">\n\t\t\t<div class=\"elementor-spacer-inner\"><\/div>\n\t\t<\/div>\n\t\t\t\t\t\t<\/div>\n\t\t\t\t<\/div>\n\t\t\t\t<div class=\"elementor-element elementor-element-306be01 elementor-widget__width-initial elementor-widget elementor-widget-text-editor\" data-id=\"306be01\" data-element_type=\"widget\" data-widget_type=\"text-editor.default\">\n\t\t\t\t<div class=\"elementor-widget-container\">\n\t\t\t\t\t\t\t\t\t<p>A educa\u00e7\u00e3o \u00e9 um campo estrat\u00e9gico para o reconhecimento da diversidade e a constru\u00e7\u00e3o de sociedades mais justas e inclusivas. Este painel prop\u00f5e uma reflex\u00e3o sobre pr\u00e1ticas educativas que valorizem o di\u00e1logo intercultural, combatam preconceitos e promovam o respeito pelas diferen\u00e7as culturais, \u00e9tnico-raciais, religiosas, lingu\u00edsticas e de g\u00e9nero. Num mundo marcado por migra\u00e7\u00f5es, desigualdades hist\u00f3ricas e tens\u00f5es identit\u00e1rias, \u00e9 urgente que pensemos a educa\u00e7\u00e3o como espa\u00e7o de encontro, escuta e transforma\u00e7\u00e3o, implementando uma pedagogia cr\u00edtica que questione hierarquias culturais e promova a justi\u00e7a cognitiva.<\/p><p>Este painel acolhe propostas te\u00f3ricas e pr\u00e1ticas que pensem a educa\u00e7\u00e3o como espa\u00e7o de transforma\u00e7\u00e3o social, reconhecendo a diversidade como riqueza e oportunidade para o pensamento cr\u00edtico e o di\u00e1logo entre culturas.<\/p>\t\t\t\t\t\t\t\t<\/div>\n\t\t\t\t<\/div>\n\t\t\t\t<\/div>\n\t\t<div class=\"elementor-element elementor-element-832717b e-con-full e-flex e-con e-child\" data-id=\"832717b\" data-element_type=\"container\">\n\t\t\t\t<div class=\"elementor-element elementor-element-6f620bb elementor-hidden-tablet elementor-hidden-mobile elementor-widget elementor-widget-spacer\" data-id=\"6f620bb\" data-element_type=\"widget\" data-widget_type=\"spacer.default\">\n\t\t\t\t<div class=\"elementor-widget-container\">\n\t\t\t\t\t\t\t<div class=\"elementor-spacer\">\n\t\t\t<div class=\"elementor-spacer-inner\"><\/div>\n\t\t<\/div>\n\t\t\t\t\t\t<\/div>\n\t\t\t\t<\/div>\n\t\t\t\t<div class=\"elementor-element elementor-element-517f797 elementor-widget__width-initial elementor-widget elementor-widget-text-editor\" data-id=\"517f797\" data-element_type=\"widget\" data-widget_type=\"text-editor.default\">\n\t\t\t\t<div class=\"elementor-widget-container\">\n\t\t\t\t\t\t\t\t\t<p><strong>Comiss\u00e3o Cient\u00edfica:<\/strong><\/p><p>Ant\u00f3nio Bra\u00e7o (Uni. Licungo)<\/p><p>Luciano Sim\u00f5es (UFRB)<\/p><p>Regina Brito (Mackenzie)<\/p><p>Susana Costa (UAC)<\/p>\t\t\t\t\t\t\t\t<\/div>\n\t\t\t\t<\/div>\n\t\t\t\t<\/div>\n\t\t\t\t<\/div>\n\t\t\t\t<\/div>\n\t\t\t\t<\/div>\n\t\t\t\t<\/div>\n\t\t<div class=\"elementor-element elementor-element-8a4c21e e-con-full section e-flex e-con e-child\" data-id=\"8a4c21e\" data-element_type=\"container\" id=\"GT7\" data-settings=\"{&quot;background_background&quot;:&quot;classic&quot;,&quot;animation&quot;:&quot;none&quot;}\">\n\t\t<div class=\"elementor-element elementor-element-cb60f54 e-con-full e-flex e-con e-child\" data-id=\"cb60f54\" data-element_type=\"container\">\n\t\t<div class=\"elementor-element elementor-element-bdf52b3 e-con-full elementor-hidden-tablet elementor-hidden-mobile e-flex e-con e-child\" data-id=\"bdf52b3\" data-element_type=\"container\" data-settings=\"{&quot;animation&quot;:&quot;none&quot;}\">\n\t\t\t\t<div class=\"elementor-element elementor-element-693b85b elementor-widget elementor-widget-spacer\" data-id=\"693b85b\" data-element_type=\"widget\" data-widget_type=\"spacer.default\">\n\t\t\t\t<div class=\"elementor-widget-container\">\n\t\t\t\t\t\t\t<div class=\"elementor-spacer\">\n\t\t\t<div class=\"elementor-spacer-inner\"><\/div>\n\t\t<\/div>\n\t\t\t\t\t\t<\/div>\n\t\t\t\t<\/div>\n\t\t\t\t<div class=\"elementor-element elementor-element-1d7d4b9 elementor-widget elementor-widget-spacer\" data-id=\"1d7d4b9\" data-element_type=\"widget\" data-widget_type=\"spacer.default\">\n\t\t\t\t<div class=\"elementor-widget-container\">\n\t\t\t\t\t\t\t<div class=\"elementor-spacer\">\n\t\t\t<div class=\"elementor-spacer-inner\"><\/div>\n\t\t<\/div>\n\t\t\t\t\t\t<\/div>\n\t\t\t\t<\/div>\n\t\t\t\t<div class=\"elementor-element elementor-element-9f2507d elementor-view-default elementor-widget elementor-widget-icon\" data-id=\"9f2507d\" data-element_type=\"widget\" id=\"CC-icon-7\" data-widget_type=\"icon.default\">\n\t\t\t\t<div class=\"elementor-widget-container\">\n\t\t\t\t\t\t\t<div class=\"elementor-icon-wrapper\">\n\t\t\t<div class=\"elementor-icon\">\n\t\t\t<svg xmlns=\"http:\/\/www.w3.org\/2000\/svg\" id=\"Layer_2\" data-name=\"Layer 2\" viewBox=\"0 0 151.37 127\"><defs><style>      .cls-1 {        fill: #fff;      }      .cls-2 {        fill: #ee627e;      }    <\/style><\/defs><g id=\"Layer_1-2\" data-name=\"Layer 1\"><g><path class=\"cls-2\" d=\"M75.69,127C33.95,127,0,98.51,0,63.5S33.95,0,75.69,0s75.69,28.49,75.69,63.5-33.95,63.5-75.69,63.5Z\"><\/path><g><path class=\"cls-1\" d=\"M91.92,83.49c-7.18,17.2-20.73,22.5-32.98,22.5-21.08,0-41.1-16.02-41.1-41.69,0-27.21,21.91-43.11,45.82-43.11,6.01,0,12.84,1.06,19.2,3.18l6.6-2.94v28.62l-15.19-21.44c-3.53-.94-6.95-1.3-10.01-1.3-17.67,0-30.62,11.66-30.62,33.33s11.78,34.04,29.68,34.04c8.48,0,18.73-2.94,28.03-11.78l.59.59Z\"><\/path><path class=\"cls-1\" d=\"M121.29,83.49c-7.18,17.2-20.73,22.5-32.98,22.5-21.08,0-41.1-16.02-41.1-41.69,0-27.21,21.91-43.11,45.82-43.11,6.01,0,12.84,1.06,19.2,3.18l6.6-2.94v28.62l-15.19-21.44c-3.53-.94-6.95-1.3-10.01-1.3-17.67,0-30.62,11.66-30.62,33.33s11.78,34.04,29.68,34.04c8.48,0,18.73-2.94,28.03-11.78l.59.59Z\"><\/path><\/g><\/g><\/g><\/svg>\t\t\t<\/div>\n\t\t<\/div>\n\t\t\t\t\t\t<\/div>\n\t\t\t\t<\/div>\n\t\t\t\t<\/div>\n\t\t<div class=\"elementor-element elementor-element-5fb6d19 e-con-full e-flex e-con e-child\" data-id=\"5fb6d19\" data-element_type=\"container\">\n\t\t\t\t<div class=\"elementor-element elementor-element-8036653 elementor-widget elementor-widget-spacer\" data-id=\"8036653\" data-element_type=\"widget\" data-widget_type=\"spacer.default\">\n\t\t\t\t<div class=\"elementor-widget-container\">\n\t\t\t\t\t\t\t<div class=\"elementor-spacer\">\n\t\t\t<div class=\"elementor-spacer-inner\"><\/div>\n\t\t<\/div>\n\t\t\t\t\t\t<\/div>\n\t\t\t\t<\/div>\n\t\t<div class=\"elementor-element elementor-element-cf998e2 e-con-full e-flex e-con e-child\" data-id=\"cf998e2\" data-element_type=\"container\">\n\t\t<div class=\"elementor-element elementor-element-ec0b474 e-con-full e-flex e-con e-child\" data-id=\"ec0b474\" data-element_type=\"container\">\n\t\t<div class=\"elementor-element elementor-element-d43b8be e-con-full e-flex e-con e-child\" data-id=\"d43b8be\" data-element_type=\"container\">\n\t\t\t\t<div class=\"elementor-element elementor-element-0a58d86 foto_coord popmake-21655 elementor-widget__width-initial elementor-position-top elementor-widget elementor-widget-image-box\" data-id=\"0a58d86\" data-element_type=\"widget\" data-widget_type=\"image-box.default\">\n\t\t\t\t<div class=\"elementor-widget-container\">\n\t\t\t\t\t<div class=\"elementor-image-box-wrapper\"><figure class=\"elementor-image-box-img\"><img loading=\"lazy\" decoding=\"async\" width=\"440\" height=\"550\" src=\"https:\/\/culturas.cc\/congresso2025\/wp-content\/uploads\/sites\/16\/2025\/07\/Pro_Fatima_Verde-min-440x550.jpg\" class=\"elementor-animation-shrink attachment-portrait size-portrait wp-image-21624\" alt=\"\" \/><\/figure><div class=\"elementor-image-box-content\"><h3 class=\"elementor-image-box-title\">F\u00e1tima Vieira (U.Porto)<\/h3><\/div><\/div>\t\t\t\t<\/div>\n\t\t\t\t<\/div>\n\t\t\t\t<div class=\"elementor-element elementor-element-d8c5920 foto_coord popmake-21657 elementor-widget__width-initial elementor-position-top elementor-widget elementor-widget-image-box\" data-id=\"d8c5920\" data-element_type=\"widget\" data-widget_type=\"image-box.default\">\n\t\t\t\t<div class=\"elementor-widget-container\">\n\t\t\t\t\t<div class=\"elementor-image-box-wrapper\"><figure class=\"elementor-image-box-img\"><img loading=\"lazy\" decoding=\"async\" width=\"440\" height=\"550\" src=\"https:\/\/culturas.cc\/congresso2025\/wp-content\/uploads\/sites\/16\/2025\/07\/Albino_Green_2-440x550.jpg\" class=\"elementor-animation-shrink attachment-portrait size-portrait wp-image-21710\" alt=\"\" \/><\/figure><div class=\"elementor-image-box-content\"><h3 class=\"elementor-image-box-title\">Albino Rubim (UFBA)<\/h3><\/div><\/div>\t\t\t\t<\/div>\n\t\t\t\t<\/div>\n\t\t\t\t<\/div>\n\t\t\t\t<div class=\"elementor-element elementor-element-7756734 elementor-widget__width-initial elementor-widget elementor-widget-text-editor\" data-id=\"7756734\" data-element_type=\"widget\" data-widget_type=\"text-editor.default\">\n\t\t\t\t<div class=\"elementor-widget-container\">\n\t\t\t\t\t\t\t\t\t<p style=\"text-align: center!important;margin: 0 0 1rem\">Procuramos respostas da comunidade acad\u00e9mica a quest\u00f5es como:<\/p>\t\t\t\t\t\t\t\t<\/div>\n\t\t\t\t<\/div>\n\t\t<div class=\"elementor-element elementor-element-ff5322a e-con-full perguntas e-flex e-con e-child\" data-id=\"ff5322a\" data-element_type=\"container\">\n\t\t\t\t<div class=\"elementor-element elementor-element-9fa1bde perguntas elementor-widget elementor-widget-text-editor\" data-id=\"9fa1bde\" data-element_type=\"widget\" data-widget_type=\"text-editor.default\">\n\t\t\t\t<div class=\"elementor-widget-container\">\n\t\t\t\t\t\t\t\t\t<p style=\"text-align: left !important;margin: 0 0 1rem\">A universidade tem sabido reconhecer e valorizar os saberes culturais diversos, incluindo os saberes populares, tradicionais e ind\u00edgenas?<\/p>\n\n<p style=\"text-align: left !important;margin: 0 0 1rem\">Como se relacionam as atividades cient\u00edficas, art\u00edsticas e culturais no espa\u00e7o acad\u00e9mico?<\/p>\n\n<p style=\"text-align: left !important;margin: 0 0 1rem\">Em um mundo cada vez amea\u00e7ado por desigualdades, autoritarismos, san\u00e7\u00f5es, tens\u00f5es, viol\u00eancias, guerras e genoc\u00eddios, qual deve ser a miss\u00e3o das universidades e das culturas?<\/p>\t\t\t\t\t\t\t\t<\/div>\n\t\t\t\t<\/div>\n\t\t\t\t<div class=\"elementor-element elementor-element-9473003 elementor-widget__width-initial perguntas elementor-widget elementor-widget-text-editor\" data-id=\"9473003\" data-element_type=\"widget\" data-widget_type=\"text-editor.default\">\n\t\t\t\t<div class=\"elementor-widget-container\">\n\t\t\t\t\t\t\t\t\t<div style=\"text-align: left !important\"><p style=\"text-align: left !important;margin: 0 0 1rem\">Como poderemos garantir o acesso democr\u00e1tico \u00e0 produ\u00e7\u00e3o e frui\u00e7\u00e3o cultural no contexto universit\u00e1rio?<\/p><p style=\"text-align: left !important;margin: 0 0 1rem\">Que modelos de extens\u00e3o cultural poder\u00e3o fortalecer a liga\u00e7\u00e3o entre a universidade e as comunidades?<\/p><p style=\"text-align: left !important;margin: 0 0 1rem\">Que lugar t\u00eam as humanidades, as artes e as pr\u00e1ticas culturais nos curr\u00edculos e na vida universit\u00e1ria?<\/p><\/div>\t\t\t\t\t\t\t\t<\/div>\n\t\t\t\t<\/div>\n\t\t\t\t<\/div>\n\t\t\t\t<\/div>\n\t\t<div class=\"elementor-element elementor-element-a4e2b75 e-con-full e-flex e-con e-child\" data-id=\"a4e2b75\" data-element_type=\"container\">\n\t\t\t\t<div class=\"elementor-element elementor-element-e9632ba elementor-widget elementor-widget-heading\" data-id=\"e9632ba\" data-element_type=\"widget\" data-widget_type=\"heading.default\">\n\t\t\t\t<div class=\"elementor-widget-container\">\n\t\t\t\t\t<h2 class=\"elementor-heading-title elementor-size-default\">7. <\/h2>\t\t\t\t<\/div>\n\t\t\t\t<\/div>\n\t\t\t\t<div class=\"elementor-element elementor-element-0e776c8 elementor-widget elementor-widget-heading\" data-id=\"0e776c8\" data-element_type=\"widget\" data-widget_type=\"heading.default\">\n\t\t\t\t<div class=\"elementor-widget-container\">\n\t\t\t\t\t<h2 class=\"elementor-heading-title elementor-size-default\">Universidade, Lugar de Cultura<\/h2>\t\t\t\t<\/div>\n\t\t\t\t<\/div>\n\t\t\t\t<div class=\"elementor-element elementor-element-315899a elementor-widget elementor-widget-spacer\" data-id=\"315899a\" data-element_type=\"widget\" data-widget_type=\"spacer.default\">\n\t\t\t\t<div class=\"elementor-widget-container\">\n\t\t\t\t\t\t\t<div class=\"elementor-spacer\">\n\t\t\t<div class=\"elementor-spacer-inner\"><\/div>\n\t\t<\/div>\n\t\t\t\t\t\t<\/div>\n\t\t\t\t<\/div>\n\t\t\t\t<div class=\"elementor-element elementor-element-27812e3 elementor-widget__width-initial elementor-widget elementor-widget-text-editor\" data-id=\"27812e3\" data-element_type=\"widget\" data-widget_type=\"text-editor.default\">\n\t\t\t\t<div class=\"elementor-widget-container\">\n\t\t\t\t\t\t\t\t\t<p>A universidade, para al\u00e9m de ser espa\u00e7o de produ\u00e7\u00e3o e difus\u00e3o de conhecimento, \u00e9 tamb\u00e9m um lugar de cultura: de cria\u00e7\u00e3o, de mem\u00f3ria, de cr\u00edtica e de imagina\u00e7\u00e3o social. Este painel prop\u00f5e-se pensar o papel das universidades como institui\u00e7\u00f5es culturais que podem (e devem) contribuir para a valoriza\u00e7\u00e3o da diversidade, promover o di\u00e1logo entre saberes e contribuir para a transforma\u00e7\u00e3o social. Num tempo em que o conhecimento enfrenta desafios \u00e9ticos, pol\u00edticos e epistemol\u00f3gicos, \u00e9 fundamental que debatamos a miss\u00e3o cultural da universidade e a sua responsabilidade na articula\u00e7\u00e3o entre ci\u00eancia, arte e comunidade.<\/p><p>Este painel acolhe propostas que reflitam sobre experi\u00eancias institucionais, projetos interdisciplinares e pr\u00e1ticas inovadoras que afirmem a universidade como territ\u00f3rio de cultura viva, inclusiva e comprometida com a transforma\u00e7\u00e3o do mundo.<\/p>\t\t\t\t\t\t\t\t<\/div>\n\t\t\t\t<\/div>\n\t\t\t\t<\/div>\n\t\t<div class=\"elementor-element elementor-element-55710e8 e-con-full e-flex e-con e-child\" data-id=\"55710e8\" data-element_type=\"container\">\n\t\t\t\t<div class=\"elementor-element elementor-element-63b3b82 elementor-hidden-tablet elementor-hidden-mobile elementor-widget elementor-widget-spacer\" data-id=\"63b3b82\" data-element_type=\"widget\" data-widget_type=\"spacer.default\">\n\t\t\t\t<div class=\"elementor-widget-container\">\n\t\t\t\t\t\t\t<div class=\"elementor-spacer\">\n\t\t\t<div class=\"elementor-spacer-inner\"><\/div>\n\t\t<\/div>\n\t\t\t\t\t\t<\/div>\n\t\t\t\t<\/div>\n\t\t\t\t<div class=\"elementor-element elementor-element-14607e4 elementor-widget__width-initial elementor-widget elementor-widget-text-editor\" data-id=\"14607e4\" data-element_type=\"widget\" data-widget_type=\"text-editor.default\">\n\t\t\t\t<div class=\"elementor-widget-container\">\n\t\t\t\t\t\t\t\t\t<p><strong>Comiss\u00e3o Cient\u00edfica:<\/strong><\/p><p>Fernando Mencarelli (UFMG)<\/p><p>Luana Vilutis (UFBA)<\/p><p>Luiz Augusto Rodrigues (UFF)<\/p><p>Mirian Tavares (UAG)<\/p>\t\t\t\t\t\t\t\t<\/div>\n\t\t\t\t<\/div>\n\t\t\t\t<\/div>\n\t\t\t\t<\/div>\n\t\t\t\t<\/div>\n\t\t\t\t<\/div>\n\t\t\t\t<\/div>\n\t\t\t\t<\/div>\n\t\t<div class=\"elementor-element elementor-element-def8457 e-con-full elementor-hidden-desktop e-flex e-con e-child\" data-id=\"def8457\" data-element_type=\"container\">\n\t\t<div class=\"elementor-element elementor-element-4a4d323 e-con-full section e-flex e-con e-child\" data-id=\"4a4d323\" data-element_type=\"container\" data-settings=\"{&quot;background_background&quot;:&quot;classic&quot;,&quot;animation&quot;:&quot;none&quot;}\">\n\t\t<div class=\"elementor-element elementor-element-41d889a e-con-full e-flex e-con e-child\" data-id=\"41d889a\" data-element_type=\"container\" data-settings=\"{&quot;animation&quot;:&quot;none&quot;}\">\n\t\t<div class=\"elementor-element elementor-element-72f3ef2 e-con-full animated-fast e-flex e-con e-child\" data-id=\"72f3ef2\" data-element_type=\"container\" data-settings=\"{&quot;animation&quot;:&quot;none&quot;}\">\n\t\t\t\t<div class=\"elementor-element elementor-element-ef294d7 elementor-widget elementor-widget-spacer\" data-id=\"ef294d7\" data-element_type=\"widget\" data-widget_type=\"spacer.default\">\n\t\t\t\t<div class=\"elementor-widget-container\">\n\t\t\t\t\t\t\t<div class=\"elementor-spacer\">\n\t\t\t<div class=\"elementor-spacer-inner\"><\/div>\n\t\t<\/div>\n\t\t\t\t\t\t<\/div>\n\t\t\t\t<\/div>\n\t\t<div class=\"elementor-element elementor-element-e98f70e e-con-full section e-flex e-con e-child\" data-id=\"e98f70e\" data-element_type=\"container\">\n\t\t<div class=\"elementor-element elementor-element-06b7700 e-flex e-con-boxed e-con e-child\" data-id=\"06b7700\" data-element_type=\"container\">\n\t\t\t\t\t<div class=\"e-con-inner\">\n\t\t\t\t<div class=\"elementor-element elementor-element-b9ff96a elementor-widget elementor-widget-text-editor\" data-id=\"b9ff96a\" data-element_type=\"widget\" data-widget_type=\"text-editor.default\">\n\t\t\t\t<div class=\"elementor-widget-container\">\n\t\t\t\t\t\t\t\t\t<p>Os pain\u00e9is\/grupos de trabalho (GT) do Congresso Internacional sobre Culturas conformam, desde sua primeira edi\u00e7\u00e3o, uma comunidade de pesquisadoras e pesquisadores a partir de interesses interdisciplinares no \u00e2mbito das culturas. Durante o congresso, os pain\u00e9is\/GT s\u00e3o espa\u00e7os dedicados a apresenta\u00e7\u00f5es de resultados de investiga\u00e7\u00f5es ou daquelas em andamento, bem como de an\u00e1lises que conferem perspectivas singulares sobre temas preconizados em cada GT. As apresenta\u00e7\u00f5es s\u00e3o secundadas por debates abertos aos participantes do evento.<\/p>\t\t\t\t\t\t\t\t<\/div>\n\t\t\t\t<\/div>\n\t\t\t\t<div class=\"elementor-element elementor-element-215bed3 elementor-widget elementor-widget-html\" data-id=\"215bed3\" data-element_type=\"widget\" data-widget_type=\"html.default\">\n\t\t\t\t<div class=\"elementor-widget-container\">\n\t\t\t\t\t<div class=\"button-container\">\r\n  <a href=\"#mGT1\" id=\"mbtnGT1\" class=\"btn\">1. Pol\u00edticas para a Cultura e a Democracia<\/a>\r\n  <a href=\"#mGT2\" id=\"mbtnGT2\" class=\"btn\">2. Diversidade Cultural e Inclus\u00e3o: Ra\u00e7a, G\u00e9nero e Sexualidade<\/a>\r\n  <a href=\"#mGT3\" id=\"mbtnGT3\" class=\"btn\">3. Cultura, Desenvolvimento, Redes e Intelig\u00eancia Artificial<\/a>\r\n  <a href=\"#mGT4\" id=\"mbtnGT4\" class=\"btn\">4. Cultura, Ci\u00eancia, Sa\u00fade e Bem-Estar<\/a>\r\n  <a href=\"#mGT5\" id=\"mbtnGT5\" class=\"btn\">5. Culturas Urbanas e Express\u00f5es Art\u00edsticas<\/a>\r\n  <a href=\"#mGT6\" id=\"mbtnGT6\" class=\"btn\">6. Culturas Urbanas e Express\u00f5es Art\u00edsticas<\/a>\r\n  <a href=\"#mGT7\" id=\"mbtnGT7\" class=\"btn\">7. Universidade, Lugar de Cultura<\/a>\r\n<\/div>\t\t\t\t<\/div>\n\t\t\t\t<\/div>\n\t\t\t\t\t<\/div>\n\t\t\t\t<\/div>\n\t\t\t\t<\/div>\n\t\t\t\t<\/div>\n\t\t\t\t<\/div>\n\t\t\t\t<\/div>\n\t\t<div class=\"elementor-element elementor-element-33868d5 e-con-full section  e-flex e-con e-child\" data-id=\"33868d5\" data-element_type=\"container\" id=\"mGT1\" data-settings=\"{&quot;background_background&quot;:&quot;classic&quot;,&quot;animation&quot;:&quot;none&quot;}\">\n\t\t<div class=\"elementor-element elementor-element-0679d42 e-con-full e-flex e-con e-child\" data-id=\"0679d42\" data-element_type=\"container\" data-settings=\"{&quot;animation&quot;:&quot;none&quot;}\">\n\t\t<div class=\"elementor-element elementor-element-10377e5 e-con-full animated-fast e-flex e-con e-child\" data-id=\"10377e5\" data-element_type=\"container\" data-settings=\"{&quot;animation&quot;:&quot;none&quot;}\">\n\t\t\t\t<div class=\"elementor-element elementor-element-d2ed6b5 elementor-widget elementor-widget-spacer\" data-id=\"d2ed6b5\" data-element_type=\"widget\" data-widget_type=\"spacer.default\">\n\t\t\t\t<div class=\"elementor-widget-container\">\n\t\t\t\t\t\t\t<div class=\"elementor-spacer\">\n\t\t\t<div class=\"elementor-spacer-inner\"><\/div>\n\t\t<\/div>\n\t\t\t\t\t\t<\/div>\n\t\t\t\t<\/div>\n\t\t<div class=\"elementor-element elementor-element-04c08f8 e-con-full e-flex e-con e-child\" data-id=\"04c08f8\" data-element_type=\"container\">\n\t\t<div class=\"elementor-element elementor-element-99854bc e-con-full e-flex e-con e-child\" data-id=\"99854bc\" data-element_type=\"container\">\n\t\t\t\t<div class=\"elementor-element elementor-element-e7ec235 elementor-widget elementor-widget-heading\" data-id=\"e7ec235\" data-element_type=\"widget\" data-widget_type=\"heading.default\">\n\t\t\t\t<div class=\"elementor-widget-container\">\n\t\t\t\t\t<h2 class=\"elementor-heading-title elementor-size-default\">1. <\/h2>\t\t\t\t<\/div>\n\t\t\t\t<\/div>\n\t\t\t\t<div class=\"elementor-element elementor-element-c737337 elementor-widget elementor-widget-heading\" data-id=\"c737337\" data-element_type=\"widget\" data-widget_type=\"heading.default\">\n\t\t\t\t<div class=\"elementor-widget-container\">\n\t\t\t\t\t<h2 class=\"elementor-heading-title elementor-size-default\">Pol\u00edticas para a Cultura e a Democracia<\/h2>\t\t\t\t<\/div>\n\t\t\t\t<\/div>\n\t\t\t\t<div class=\"elementor-element elementor-element-4c135ed elementor-widget elementor-widget-spacer\" data-id=\"4c135ed\" data-element_type=\"widget\" data-widget_type=\"spacer.default\">\n\t\t\t\t<div class=\"elementor-widget-container\">\n\t\t\t\t\t\t\t<div class=\"elementor-spacer\">\n\t\t\t<div class=\"elementor-spacer-inner\"><\/div>\n\t\t<\/div>\n\t\t\t\t\t\t<\/div>\n\t\t\t\t<\/div>\n\t\t\t\t<div class=\"elementor-element elementor-element-1734f33 elementor-widget__width-initial elementor-widget elementor-widget-text-editor\" data-id=\"1734f33\" data-element_type=\"widget\" data-widget_type=\"text-editor.default\">\n\t\t\t\t<div class=\"elementor-widget-container\">\n\t\t\t\t\t\t\t\t\t<p>Num momento em que a democracia enfrenta novos desafios, \u00e9 urgente que repensemos o papel da cultura como espa\u00e7o de resist\u00eancia, media\u00e7\u00e3o e constru\u00e7\u00e3o democr\u00e1tica. Este Painel \/ Grupo de Trabalho prop\u00f5e-se reunir contributos que analisem pol\u00edticas culturais p\u00fablicas e comunit\u00e1rias, analisem os seus impactos sociais e debatam os seus limites e potencialidades. Pretendemos promover um di\u00e1logo entre experi\u00eancias de diferentes pa\u00edses lus\u00f3fonos, valorizando pr\u00e1ticas inovadoras e cr\u00edticas que revelem a cultura como direito e bem comum.<\/p><p>Aceitam-se propostas que articulem teoria e pr\u00e1tica, estudos de caso, an\u00e1lises comparadas e experi\u00eancias locais que iluminem o papel da cultura na promo\u00e7\u00e3o de democracias mais justas, diversas e participativas.<\/p>\t\t\t\t\t\t\t\t<\/div>\n\t\t\t\t<\/div>\n\t\t\t\t<\/div>\n\t\t<div class=\"elementor-element elementor-element-38619dd e-con-full e-flex e-con e-child\" data-id=\"38619dd\" data-element_type=\"container\">\n\t\t<div class=\"elementor-element elementor-element-c2c255f e-con-full e-flex e-con e-child\" data-id=\"c2c255f\" data-element_type=\"container\">\n\t\t\t\t<div class=\"elementor-element elementor-element-d000a45 foto_coord popmake-21607 elementor-widget__width-initial elementor-widget-mobile__width-initial elementor-position-top elementor-widget elementor-widget-image-box\" data-id=\"d000a45\" data-element_type=\"widget\" data-widget_type=\"image-box.default\">\n\t\t\t\t<div class=\"elementor-widget-container\">\n\t\t\t\t\t<div class=\"elementor-image-box-wrapper\"><figure class=\"elementor-image-box-img\"><img fetchpriority=\"high\" decoding=\"async\" width=\"440\" height=\"550\" src=\"https:\/\/culturas.cc\/congresso2025\/wp-content\/uploads\/sites\/16\/2025\/07\/Jorge_Teixeira_Blue-min-440x550.jpg\" class=\"elementor-animation-shrink attachment-portrait size-portrait wp-image-21620\" alt=\"\" \/><\/figure><div class=\"elementor-image-box-content\"><h3 class=\"elementor-image-box-title\">Jo\u00e3o Teixeira Lopes (U.Porto)<\/h3><\/div><\/div>\t\t\t\t<\/div>\n\t\t\t\t<\/div>\n\t\t\t\t<div class=\"elementor-element elementor-element-c533dba foto_coord popmake-21631 elementor-widget__width-initial elementor-position-top elementor-widget elementor-widget-image-box\" data-id=\"c533dba\" data-element_type=\"widget\" data-widget_type=\"image-box.default\">\n\t\t\t\t<div class=\"elementor-widget-container\">\n\t\t\t\t\t<div class=\"elementor-image-box-wrapper\"><figure class=\"elementor-image-box-img\"><img decoding=\"async\" width=\"440\" height=\"550\" src=\"https:\/\/culturas.cc\/congresso2025\/wp-content\/uploads\/sites\/16\/2025\/07\/Urbano_Blue-440x550.jpg\" class=\"elementor-animation-shrink attachment-portrait size-portrait wp-image-21738\" alt=\"\" \/><\/figure><div class=\"elementor-image-box-content\"><h3 class=\"elementor-image-box-title\">Urbano Sidoncha (UBI)<\/h3><\/div><\/div>\t\t\t\t<\/div>\n\t\t\t\t<\/div>\n\t\t\t\t<\/div>\n\t\t\t\t<div class=\"elementor-element elementor-element-6f1528f elementor-widget__width-initial elementor-widget elementor-widget-text-editor\" data-id=\"6f1528f\" data-element_type=\"widget\" data-widget_type=\"text-editor.default\">\n\t\t\t\t<div class=\"elementor-widget-container\">\n\t\t\t\t\t\t\t\t\t<p style=\"text-align: center!important;margin: 0 0 1rem\">Procuramos respostas da comunidade acad\u00e9mica a quest\u00f5es como:<\/p>\t\t\t\t\t\t\t\t<\/div>\n\t\t\t\t<\/div>\n\t\t<div class=\"elementor-element elementor-element-116de97 e-con-full e-flex e-con e-child\" data-id=\"116de97\" data-element_type=\"container\">\n\t\t\t\t<div class=\"elementor-element elementor-element-aa76bfa elementor-widget__width-initial elementor-widget-mobile__width-initial elementor-widget elementor-widget-text-editor\" data-id=\"aa76bfa\" data-element_type=\"widget\" data-widget_type=\"text-editor.default\">\n\t\t\t\t<div class=\"elementor-widget-container\">\n\t\t\t\t\t\t\t\t\t<div style=\"text-align: left !important\"><p style=\"text-align: left !important;margin: 0 0 1rem\">De que forma poder\u00e3o as pol\u00edticas culturais contribuir para o aprofundamento da democracia?<\/p><p style=\"text-align: left !important;margin: 0 0 1rem\">Que ferramentas poderemos criar para dar resposta \u00e0s desigualdades no acesso \u00e0 produ\u00e7\u00e3o e frui\u00e7\u00e3o cultural?<\/p><p style=\"text-align: left !important;margin: 0 0 1rem\">Que papel poder\u00e3o ter os coletivos art\u00edsticos, movimentos sociais e iniciativas de base comunit\u00e1ria na redefini\u00e7\u00e3o das pol\u00edticas culturais?<\/p><div style=\"text-align: left !important\"><p style=\"text-align: left !important;margin: 0 0 1rem\">Que desafios e oportunidades se perfilam para a participa\u00e7\u00e3o cidad\u00e3 nos processos de decis\u00e3o cultural?<\/p><p style=\"text-align: left !important;margin: 0\">Como poder\u00e3o as pol\u00edticas culturais responder \u00e0 diversidade cultural e \u00e0s mudan\u00e7as sociais contempor\u00e2neas?<\/p><\/div><\/div><p>\u00a0<\/p><div style=\"text-align: left !important\"><div style=\"text-align: left !important\"><p><strong>Comiss\u00e3o Cient\u00edfica:<br \/><\/strong>Guilherme Varela (UFBA)<br \/>Lia Calabre (Casa Ruy)<br \/>Rita Arag\u00e3o (UFBA)<br \/>Rosa Cabecinhas (U. Minho)<br \/>S\u00f3nia de S\u00e1 (UBI)<\/p><\/div><\/div>\t\t\t\t\t\t\t\t<\/div>\n\t\t\t\t<\/div>\n\t\t\t\t<\/div>\n\t\t\t\t<\/div>\n\t\t\t\t<\/div>\n\t\t\t\t<\/div>\n\t\t\t\t<\/div>\n\t\t\t\t<\/div>\n\t\t<div class=\"elementor-element elementor-element-90e985f e-con-full section  e-flex e-con e-child\" data-id=\"90e985f\" data-element_type=\"container\" id=\"mGT2\" data-settings=\"{&quot;background_background&quot;:&quot;classic&quot;,&quot;animation&quot;:&quot;none&quot;}\">\n\t\t<div class=\"elementor-element elementor-element-76785f3 e-con-full e-flex e-con e-child\" data-id=\"76785f3\" data-element_type=\"container\">\n\t\t<div class=\"elementor-element elementor-element-1f373cc e-con-full e-flex e-con e-child\" data-id=\"1f373cc\" data-element_type=\"container\">\n\t\t<div class=\"elementor-element elementor-element-caababa e-con-full e-flex e-con e-child\" data-id=\"caababa\" data-element_type=\"container\">\n\t\t<div class=\"elementor-element elementor-element-2671be4 e-con-full e-flex e-con e-child\" data-id=\"2671be4\" data-element_type=\"container\">\n\t\t\t\t<div class=\"elementor-element elementor-element-1cbe63b elementor-widget elementor-widget-heading\" data-id=\"1cbe63b\" data-element_type=\"widget\" data-widget_type=\"heading.default\">\n\t\t\t\t<div class=\"elementor-widget-container\">\n\t\t\t\t\t<h2 class=\"elementor-heading-title elementor-size-default\">2. <\/h2>\t\t\t\t<\/div>\n\t\t\t\t<\/div>\n\t\t\t\t<div class=\"elementor-element elementor-element-f050db9 elementor-widget elementor-widget-heading\" data-id=\"f050db9\" data-element_type=\"widget\" data-widget_type=\"heading.default\">\n\t\t\t\t<div class=\"elementor-widget-container\">\n\t\t\t\t\t<h2 class=\"elementor-heading-title elementor-size-default\">Diversidade Cultural e Inclus\u00e3o: Ra\u00e7a, G\u00e9nero e Sexualidade\n<\/h2>\t\t\t\t<\/div>\n\t\t\t\t<\/div>\n\t\t\t\t<div class=\"elementor-element elementor-element-85c994d elementor-widget elementor-widget-spacer\" data-id=\"85c994d\" data-element_type=\"widget\" data-widget_type=\"spacer.default\">\n\t\t\t\t<div class=\"elementor-widget-container\">\n\t\t\t\t\t\t\t<div class=\"elementor-spacer\">\n\t\t\t<div class=\"elementor-spacer-inner\"><\/div>\n\t\t<\/div>\n\t\t\t\t\t\t<\/div>\n\t\t\t\t<\/div>\n\t\t\t\t<div class=\"elementor-element elementor-element-6059ec2 elementor-widget__width-initial elementor-widget elementor-widget-text-editor\" data-id=\"6059ec2\" data-element_type=\"widget\" data-widget_type=\"text-editor.default\">\n\t\t\t\t<div class=\"elementor-widget-container\">\n\t\t\t\t\t\t\t\t\t<p>A constru\u00e7\u00e3o de sociedades mais justas exige o reconhecimento e a valoriza\u00e7\u00e3o das m\u00faltiplas identidades culturais, \u00e9tnico-raciais, de g\u00e9nero e de sexualidade que comp\u00f5em o nosso mundo contempor\u00e2neo. Este painel convida \u00e0 reflex\u00e3o cr\u00edtica sobre os modos como a cultura pode ser simultaneamente espa\u00e7o de exclus\u00e3o e de resist\u00eancia, bem como instrumento de emancipa\u00e7\u00e3o e transforma\u00e7\u00e3o social. Num contexto global marcado por desigualdades estruturais e retrocessos em direitos fundamentais, propomo-nos reunir contributos que analisem discursos, pr\u00e1ticas e pol\u00edticas culturais a partir de perspectivas interseccionais e decoloniais.<\/p><p>Este painel acolhe propostas te\u00f3ricas e emp\u00edricas que abordem estas quest\u00f5es sob uma \u00f3tica cr\u00edtica, interdisciplinar e comprometida com a justi\u00e7a social, dando voz a experi\u00eancias, resist\u00eancias e pr\u00e1ticas de inclus\u00e3o em diferentes contextos lus\u00f3fonos.<\/p><div class=\"slide-action\">\u00a0<\/div>\t\t\t\t\t\t\t\t<\/div>\n\t\t\t\t<\/div>\n\t\t\t\t<\/div>\n\t\t<div class=\"elementor-element elementor-element-065b319 e-con-full e-flex e-con e-child\" data-id=\"065b319\" data-element_type=\"container\">\n\t\t<div class=\"elementor-element elementor-element-41552f1 e-con-full e-flex e-con e-child\" data-id=\"41552f1\" data-element_type=\"container\">\n\t\t\t\t<div class=\"elementor-element elementor-element-4753860 foto_coord popmake-21633 elementor-widget__width-initial elementor-position-top elementor-widget elementor-widget-image-box\" data-id=\"4753860\" data-element_type=\"widget\" data-widget_type=\"image-box.default\">\n\t\t\t\t<div class=\"elementor-widget-container\">\n\t\t\t\t\t<div class=\"elementor-image-box-wrapper\"><figure class=\"elementor-image-box-img\"><img decoding=\"async\" width=\"440\" height=\"550\" src=\"https:\/\/culturas.cc\/congresso2025\/wp-content\/uploads\/sites\/16\/2025\/07\/Jorge_Gato_Pink-min-440x550.jpg\" class=\"elementor-animation-shrink attachment-portrait size-portrait wp-image-21619\" alt=\"\" \/><\/figure><div class=\"elementor-image-box-content\"><h3 class=\"elementor-image-box-title\">Jorge Gato (U.Porto)<\/h3><\/div><\/div>\t\t\t\t<\/div>\n\t\t\t\t<\/div>\n\t\t\t\t<div class=\"elementor-element elementor-element-6cef30d foto_coord popmake-21635 elementor-widget__width-initial elementor-position-top elementor-widget elementor-widget-image-box\" data-id=\"6cef30d\" data-element_type=\"widget\" data-widget_type=\"image-box.default\">\n\t\t\t\t<div class=\"elementor-widget-container\">\n\t\t\t\t\t<div class=\"elementor-image-box-wrapper\"><figure class=\"elementor-image-box-img\"><img loading=\"lazy\" decoding=\"async\" width=\"413\" height=\"550\" src=\"https:\/\/culturas.cc\/congresso2025\/wp-content\/uploads\/sites\/16\/2025\/07\/Isabel-Macedo_Pink-min-scaled.jpg\" class=\"elementor-animation-shrink attachment-portrait size-portrait wp-image-21617\" alt=\"\" srcset=\"https:\/\/culturas.cc\/congresso2025\/wp-content\/uploads\/sites\/16\/2025\/07\/Isabel-Macedo_Pink-min-scaled.jpg 1920w, https:\/\/culturas.cc\/congresso2025\/wp-content\/uploads\/sites\/16\/2025\/07\/Isabel-Macedo_Pink-min-225x300.jpg 225w, https:\/\/culturas.cc\/congresso2025\/wp-content\/uploads\/sites\/16\/2025\/07\/Isabel-Macedo_Pink-min-768x1024.jpg 768w, https:\/\/culturas.cc\/congresso2025\/wp-content\/uploads\/sites\/16\/2025\/07\/Isabel-Macedo_Pink-min-1152x1536.jpg 1152w, https:\/\/culturas.cc\/congresso2025\/wp-content\/uploads\/sites\/16\/2025\/07\/Isabel-Macedo_Pink-min-1536x2048.jpg 1536w\" sizes=\"(max-width: 413px) 100vw, 413px\" \/><\/figure><div class=\"elementor-image-box-content\"><h3 class=\"elementor-image-box-title\">Isabel Macedo (U.Minho)<\/h3><\/div><\/div>\t\t\t\t<\/div>\n\t\t\t\t<\/div>\n\t\t\t\t<\/div>\n\t\t\t\t<div class=\"elementor-element elementor-element-48b0a0c elementor-widget__width-initial elementor-widget elementor-widget-text-editor\" data-id=\"48b0a0c\" data-element_type=\"widget\" data-widget_type=\"text-editor.default\">\n\t\t\t\t<div class=\"elementor-widget-container\">\n\t\t\t\t\t\t\t\t\t<p style=\"text-align: center!important;margin: 0 0 1rem\">Procuramos respostas da comunidade acad\u00e9mica a quest\u00f5es como:<\/p>\t\t\t\t\t\t\t\t<\/div>\n\t\t\t\t<\/div>\n\t\t<div class=\"elementor-element elementor-element-7eb084b e-con-full e-flex e-con e-child\" data-id=\"7eb084b\" data-element_type=\"container\">\n\t\t\t\t<div class=\"elementor-element elementor-element-e325b1a elementor-widget__width-initial elementor-widget-mobile__width-initial elementor-widget elementor-widget-text-editor\" data-id=\"e325b1a\" data-element_type=\"widget\" data-widget_type=\"text-editor.default\">\n\t\t\t\t<div class=\"elementor-widget-container\">\n\t\t\t\t\t\t\t\t\t<p><br \/>De que formas poder\u00e1 a cultura promover a inclus\u00e3o e combater o racismo, o sexismo e a lgbtfobia?<\/p><p>Como s\u00e3o representadas (ou silenciadas) as identidades marginalizadas nos discursos culturais dominantes?<\/p><p>Como poderemos desenvolver pol\u00edticas culturais mais inclusivas e que respeitem os direitos humanos e a pluralidade de vozes?<\/p><p>Que papel t\u00eam as express\u00f5es art\u00edsticas e os saberes subalternizados na disputa por visibilidade e reconhecimento?<\/p><p>Que desafios enfrentam as institui\u00e7\u00f5es culturais no acolhimento da diversidade?<\/p><p>\u00a0<\/p><p><strong>Comiss\u00e3o Cient\u00edfica:<br \/><\/strong>Armindo Armando (Uni. Licungo)<br \/>Jo\u00e3o Correia (UBI)<br \/>Maria Nat\u00e1lia Ramos (UAB)<br \/>Paulo Moura (UNESP)<\/p>\t\t\t\t\t\t\t\t<\/div>\n\t\t\t\t<\/div>\n\t\t\t\t<\/div>\n\t\t\t\t<\/div>\n\t\t\t\t<\/div>\n\t\t\t\t<\/div>\n\t\t\t\t<\/div>\n\t\t\t\t<\/div>\n\t\t<div class=\"elementor-element elementor-element-8451610 e-con-full section e-flex e-con e-child\" data-id=\"8451610\" data-element_type=\"container\" id=\"mGT3\" data-settings=\"{&quot;background_background&quot;:&quot;classic&quot;,&quot;animation&quot;:&quot;none&quot;}\">\n\t\t<div class=\"elementor-element elementor-element-4b7e011 e-con-full e-flex e-con e-child\" data-id=\"4b7e011\" data-element_type=\"container\">\n\t\t<div class=\"elementor-element elementor-element-5178491 e-con-full e-flex e-con e-child\" data-id=\"5178491\" data-element_type=\"container\">\n\t\t<div class=\"elementor-element elementor-element-50734a2 e-con-full e-flex e-con e-child\" data-id=\"50734a2\" data-element_type=\"container\">\n\t\t<div class=\"elementor-element elementor-element-c3229bf e-con-full e-flex e-con e-child\" data-id=\"c3229bf\" data-element_type=\"container\">\n\t\t\t\t<div class=\"elementor-element elementor-element-33bc886 elementor-widget elementor-widget-heading\" data-id=\"33bc886\" data-element_type=\"widget\" data-widget_type=\"heading.default\">\n\t\t\t\t<div class=\"elementor-widget-container\">\n\t\t\t\t\t<h2 class=\"elementor-heading-title elementor-size-default\">3. <\/h2>\t\t\t\t<\/div>\n\t\t\t\t<\/div>\n\t\t\t\t<div class=\"elementor-element elementor-element-baee9a9 elementor-widget elementor-widget-heading\" data-id=\"baee9a9\" data-element_type=\"widget\" data-widget_type=\"heading.default\">\n\t\t\t\t<div class=\"elementor-widget-container\">\n\t\t\t\t\t<h2 class=\"elementor-heading-title elementor-size-default\">Cultura, Desenvolvimento, Redes e Intelig\u00eancia Artificial<\/h2>\t\t\t\t<\/div>\n\t\t\t\t<\/div>\n\t\t\t\t<div class=\"elementor-element elementor-element-b258fa7 elementor-widget elementor-widget-spacer\" data-id=\"b258fa7\" data-element_type=\"widget\" data-widget_type=\"spacer.default\">\n\t\t\t\t<div class=\"elementor-widget-container\">\n\t\t\t\t\t\t\t<div class=\"elementor-spacer\">\n\t\t\t<div class=\"elementor-spacer-inner\"><\/div>\n\t\t<\/div>\n\t\t\t\t\t\t<\/div>\n\t\t\t\t<\/div>\n\t\t\t\t<div class=\"elementor-element elementor-element-eea503c elementor-widget__width-initial elementor-widget elementor-widget-text-editor\" data-id=\"eea503c\" data-element_type=\"widget\" data-widget_type=\"text-editor.default\">\n\t\t\t\t<div class=\"elementor-widget-container\">\n\t\t\t\t\t\t\t\t\t<p>Num momento em que as tecnologias digitais reconfiguram as rela\u00e7\u00f5es humanas, os processos criativos e os modos de participa\u00e7\u00e3o c\u00edvica, \u00e9 urgente que compreendamos os seus impactos sobre os valores culturais, as pr\u00e1ticas art\u00edsticas e o acesso \u00e0 informa\u00e7\u00e3o e ao conhecimento. Este painel convida a uma reflex\u00e3o sobre o cruzamento entre cultura, desenvolvimento e os novos ecossistemas digitais, com especial aten\u00e7\u00e3o ao papel das redes e da intelig\u00eancia artificial na cria\u00e7\u00e3o, circula\u00e7\u00e3o e recep\u00e7\u00e3o de conte\u00fados culturais.<\/p><p>Este painel acolhe comunica\u00e7\u00f5es que explorem estas intera\u00e7\u00f5es sob diferentes perspetivas disciplinares, promovendo um di\u00e1logo entre inova\u00e7\u00e3o tecnol\u00f3gica, responsabilidade cultural e justi\u00e7a social nos espa\u00e7os lus\u00f3fonos.<\/p>\t\t\t\t\t\t\t\t<\/div>\n\t\t\t\t<\/div>\n\t\t\t\t<\/div>\n\t\t<div class=\"elementor-element elementor-element-2200a0c e-con-full e-flex e-con e-child\" data-id=\"2200a0c\" data-element_type=\"container\">\n\t\t<div class=\"elementor-element elementor-element-c2e21b6 e-con-full e-flex e-con e-child\" data-id=\"c2e21b6\" data-element_type=\"container\">\n\t\t\t\t<div class=\"elementor-element elementor-element-809fa2c foto_coord popmake-21637 elementor-widget__width-initial elementor-position-top elementor-widget elementor-widget-image-box\" data-id=\"809fa2c\" data-element_type=\"widget\" data-widget_type=\"image-box.default\">\n\t\t\t\t<div class=\"elementor-widget-container\">\n\t\t\t\t\t<div class=\"elementor-image-box-wrapper\"><figure class=\"elementor-image-box-img\"><img loading=\"lazy\" decoding=\"async\" width=\"440\" height=\"550\" src=\"https:\/\/culturas.cc\/congresso2025\/wp-content\/uploads\/sites\/16\/2025\/07\/Luciano_Purple-min-440x550.jpg\" class=\"elementor-animation-shrink attachment-portrait size-portrait wp-image-21621\" alt=\"\" \/><\/figure><div class=\"elementor-image-box-content\"><h3 class=\"elementor-image-box-title\">Luciano Moreira (U.Porto)<\/h3><\/div><\/div>\t\t\t\t<\/div>\n\t\t\t\t<\/div>\n\t\t\t\t<div class=\"elementor-element elementor-element-1d17a2b foto_coord popmake-21639 elementor-widget__width-initial elementor-position-top elementor-widget elementor-widget-image-box\" data-id=\"1d17a2b\" data-element_type=\"widget\" data-widget_type=\"image-box.default\">\n\t\t\t\t<div class=\"elementor-widget-container\">\n\t\t\t\t\t<div class=\"elementor-image-box-wrapper\"><figure class=\"elementor-image-box-img\"><img loading=\"lazy\" decoding=\"async\" width=\"440\" height=\"550\" src=\"https:\/\/culturas.cc\/congresso2025\/wp-content\/uploads\/sites\/16\/2025\/07\/Moises_Bandeira_Purple-min-440x550.jpg\" class=\"elementor-animation-shrink attachment-portrait size-portrait wp-image-21623\" alt=\"\" \/><\/figure><div class=\"elementor-image-box-content\"><h3 class=\"elementor-image-box-title\">Messias Guimar\u00e3es Bandeira (UFBA)<\/h3><\/div><\/div>\t\t\t\t<\/div>\n\t\t\t\t<\/div>\n\t\t\t\t<\/div>\n\t\t\t\t<div class=\"elementor-element elementor-element-d04dc69 elementor-widget__width-initial elementor-widget elementor-widget-text-editor\" data-id=\"d04dc69\" data-element_type=\"widget\" data-widget_type=\"text-editor.default\">\n\t\t\t\t<div class=\"elementor-widget-container\">\n\t\t\t\t\t\t\t\t\t<p style=\"text-align: center!important;margin: 0 0 1rem\">Procuramos respostas da comunidade acad\u00e9mica a quest\u00f5es como:<\/p>\t\t\t\t\t\t\t\t<\/div>\n\t\t\t\t<\/div>\n\t\t<div class=\"elementor-element elementor-element-60fda75 e-con-full e-flex e-con e-child\" data-id=\"60fda75\" data-element_type=\"container\">\n\t\t\t\t<div class=\"elementor-element elementor-element-f96bc09 elementor-widget__width-initial elementor-widget-mobile__width-initial elementor-widget elementor-widget-text-editor\" data-id=\"f96bc09\" data-element_type=\"widget\" data-widget_type=\"text-editor.default\">\n\t\t\t\t<div class=\"elementor-widget-container\">\n\t\t\t\t\t\t\t\t\t<p><br \/>Como deveremos integrar a cultura nos modelos de desenvolvimento sustent\u00e1vel, tendo em conta as din\u00e2micas digitais globais?<\/p><p>Em que medida contribuem as redes digitais para a democratiza\u00e7\u00e3o da cultura (ou ser\u00e1 que, pelo contr\u00e1rio, acentuam desigualdades)?<\/p><p>Que desafios \u00e9ticos e pol\u00edticos se colocam ao uso de tecnologias em contextos culturais?<br \/>Como est\u00e1 a intelig\u00eancia artificial a transformar os modos de produ\u00e7\u00e3o e consumo cultural?<\/p><p>Que pr\u00e1ticas culturais emergem ou poder\u00e3o emergir da interse\u00e7\u00e3o entre comunidades locais e plataformas globais?<\/p><p>\u00a0<\/p><p><strong>Comiss\u00e3o Cient\u00edfica:<br \/><\/strong>Adriano Sampaio (UFBA)<br \/>Beto Severino (UFBA)<br \/>L\u00facia Aquino Queiroz (UFRB)<br \/>Rico Soares (UFBA\/ALB)<\/p>\t\t\t\t\t\t\t\t<\/div>\n\t\t\t\t<\/div>\n\t\t\t\t<\/div>\n\t\t\t\t<\/div>\n\t\t\t\t<\/div>\n\t\t\t\t<\/div>\n\t\t\t\t<\/div>\n\t\t\t\t<\/div>\n\t\t<div class=\"elementor-element elementor-element-e6d000b e-con-full section e-flex e-con e-child\" data-id=\"e6d000b\" data-element_type=\"container\" id=\"mGT4\" data-settings=\"{&quot;background_background&quot;:&quot;classic&quot;,&quot;animation&quot;:&quot;none&quot;}\">\n\t\t<div class=\"elementor-element elementor-element-d946db0 e-con-full e-flex e-con e-child\" data-id=\"d946db0\" data-element_type=\"container\">\n\t\t<div class=\"elementor-element elementor-element-ab30f70 e-con-full e-flex e-con e-child\" data-id=\"ab30f70\" data-element_type=\"container\">\n\t\t<div class=\"elementor-element elementor-element-9eec268 e-con-full e-flex e-con e-child\" data-id=\"9eec268\" data-element_type=\"container\">\n\t\t<div class=\"elementor-element elementor-element-ad9a3a1 e-con-full e-flex e-con e-child\" data-id=\"ad9a3a1\" data-element_type=\"container\">\n\t\t\t\t<div class=\"elementor-element elementor-element-f106fac elementor-widget elementor-widget-heading\" data-id=\"f106fac\" data-element_type=\"widget\" data-widget_type=\"heading.default\">\n\t\t\t\t<div class=\"elementor-widget-container\">\n\t\t\t\t\t<h2 class=\"elementor-heading-title elementor-size-default\">4. <\/h2>\t\t\t\t<\/div>\n\t\t\t\t<\/div>\n\t\t\t\t<div class=\"elementor-element elementor-element-84c9c3b elementor-widget elementor-widget-heading\" data-id=\"84c9c3b\" data-element_type=\"widget\" data-widget_type=\"heading.default\">\n\t\t\t\t<div class=\"elementor-widget-container\">\n\t\t\t\t\t<h2 class=\"elementor-heading-title elementor-size-default\">Cultura, Ci\u00eancia, Sa\u00fade e Bem-Estar<\/h2>\t\t\t\t<\/div>\n\t\t\t\t<\/div>\n\t\t\t\t<div class=\"elementor-element elementor-element-8c7b71f elementor-widget elementor-widget-spacer\" data-id=\"8c7b71f\" data-element_type=\"widget\" data-widget_type=\"spacer.default\">\n\t\t\t\t<div class=\"elementor-widget-container\">\n\t\t\t\t\t\t\t<div class=\"elementor-spacer\">\n\t\t\t<div class=\"elementor-spacer-inner\"><\/div>\n\t\t<\/div>\n\t\t\t\t\t\t<\/div>\n\t\t\t\t<\/div>\n\t\t\t\t<div class=\"elementor-element elementor-element-924e093 elementor-widget__width-initial elementor-widget elementor-widget-text-editor\" data-id=\"924e093\" data-element_type=\"widget\" data-widget_type=\"text-editor.default\">\n\t\t\t\t<div class=\"elementor-widget-container\">\n\t\t\t\t\t\t\t\t\t<p>A pandemia evidenciou, de forma incontorn\u00e1vel, a interdepend\u00eancia entre sa\u00fade, ci\u00eancia e cultura. Este painel prop\u00f5e-se explorar as m\u00faltiplas conex\u00f5es entre pr\u00e1ticas culturais, produ\u00e7\u00e3o de conhecimento cient\u00edfico e promo\u00e7\u00e3o do bem-estar individual e coletivo, valorizando abordagens integradoras e interdisciplinares. Num mundo em que os desafios para a sa\u00fade f\u00edsica e mental s\u00e3o crescentes e diversos, torna-se essencial refletir sobre o papel das express\u00f5es culturais, dos saberes tradicionais e das pr\u00e1ticas comunit\u00e1rias na constru\u00e7\u00e3o de sociedades mais saud\u00e1veis, resilientes e solid\u00e1rias.<\/p>\t\t\t\t\t\t\t\t<\/div>\n\t\t\t\t<\/div>\n\t\t\t\t<\/div>\n\t\t<div class=\"elementor-element elementor-element-7c37752 e-con-full e-flex e-con e-child\" data-id=\"7c37752\" data-element_type=\"container\">\n\t\t<div class=\"elementor-element elementor-element-306b23a e-con-full e-flex e-con e-child\" data-id=\"306b23a\" data-element_type=\"container\">\n\t\t\t\t<div class=\"elementor-element elementor-element-b9e4cbe foto_coord popmake-21607 elementor-widget__width-initial elementor-position-top elementor-widget elementor-widget-image-box\" data-id=\"b9e4cbe\" data-element_type=\"widget\" data-widget_type=\"image-box.default\">\n\t\t\t\t<div class=\"elementor-widget-container\">\n\t\t\t\t\t<div class=\"elementor-image-box-wrapper\"><figure class=\"elementor-image-box-img\"><img loading=\"lazy\" decoding=\"async\" width=\"440\" height=\"550\" src=\"https:\/\/culturas.cc\/congresso2025\/wp-content\/uploads\/sites\/16\/2025\/07\/Diana_Alves_Green-min-440x550.jpg\" class=\"elementor-animation-shrink attachment-portrait size-portrait wp-image-21625\" alt=\"\" \/><\/figure><div class=\"elementor-image-box-content\"><h3 class=\"elementor-image-box-title\">Diana Alves (U.Porto)<\/h3><\/div><\/div>\t\t\t\t<\/div>\n\t\t\t\t<\/div>\n\t\t\t\t<div class=\"elementor-element elementor-element-8fa6260 foto_coord popmake-21643 elementor-widget__width-initial elementor-position-top elementor-widget elementor-widget-image-box\" data-id=\"8fa6260\" data-element_type=\"widget\" data-widget_type=\"image-box.default\">\n\t\t\t\t<div class=\"elementor-widget-container\">\n\t\t\t\t\t<div class=\"elementor-image-box-wrapper\"><figure class=\"elementor-image-box-img\"><img loading=\"lazy\" decoding=\"async\" width=\"440\" height=\"550\" src=\"https:\/\/culturas.cc\/congresso2025\/wp-content\/uploads\/sites\/16\/2025\/07\/Moises_Green-min-440x550.jpg\" class=\"elementor-animation-shrink attachment-portrait size-portrait wp-image-21628\" alt=\"\" \/><\/figure><div class=\"elementor-image-box-content\"><h3 class=\"elementor-image-box-title\">Mois\u00e9s de Lemos Martins (U.Lus\u00f3fona e U.Minho)<\/h3><\/div><\/div>\t\t\t\t<\/div>\n\t\t\t\t<\/div>\n\t\t\t\t<\/div>\n\t\t\t\t<div class=\"elementor-element elementor-element-67c0faa elementor-widget__width-initial elementor-widget elementor-widget-text-editor\" data-id=\"67c0faa\" data-element_type=\"widget\" data-widget_type=\"text-editor.default\">\n\t\t\t\t<div class=\"elementor-widget-container\">\n\t\t\t\t\t\t\t\t\t<p style=\"text-align: center!important;margin: 0 0 1rem\">Procuramos respostas da comunidade acad\u00e9mica a quest\u00f5es como:<\/p>\t\t\t\t\t\t\t\t<\/div>\n\t\t\t\t<\/div>\n\t\t<div class=\"elementor-element elementor-element-c86d904 e-con-full e-flex e-con e-child\" data-id=\"c86d904\" data-element_type=\"container\">\n\t\t\t\t<div class=\"elementor-element elementor-element-9b3eba6 elementor-widget__width-initial elementor-widget-mobile__width-initial elementor-widget elementor-widget-text-editor\" data-id=\"9b3eba6\" data-element_type=\"widget\" data-widget_type=\"text-editor.default\">\n\t\t\t\t<div class=\"elementor-widget-container\">\n\t\t\t\t\t\t\t\t\t<div style=\"text-align: left !important\"><p>De que formas poder\u00e1 a cultura promover a inclus\u00e3o e combater o racismo, o sexismo e a lgbtfobia?<\/p><p>Como s\u00e3o representadas (ou silenciadas) as identidades marginalizadas nos discursos culturais dominantes?<\/p><p>Que papel t\u00eam as express\u00f5es art\u00edsticas e os saberes subalternizados na disputa por visibilidade e reconhecimento?<\/p><p>Que desafios enfrentam as institui\u00e7\u00f5es culturais no acolhimento da diversidade?<\/p><p>Como poderemos desenvolver pol\u00edticas culturais mais inclusivas e que respeitem os direitos humanos e a pluralidade de vozes?<\/p><p>\u00a0<\/p><p><strong>Comiss\u00e3o Cient\u00edfica:<br \/><\/strong>Catarina Moura (UBI)<br \/>Jo\u00e3o Lu\u00eds Lisboa (NOVA)<br \/>Josu\u00e9 Barbosa (UFLA)<\/p><\/div>\t\t\t\t\t\t\t\t<\/div>\n\t\t\t\t<\/div>\n\t\t\t\t<\/div>\n\t\t\t\t<\/div>\n\t\t\t\t<\/div>\n\t\t\t\t<\/div>\n\t\t\t\t<\/div>\n\t\t\t\t<\/div>\n\t\t<div class=\"elementor-element elementor-element-8caf54e e-con-full section e-flex e-con e-child\" data-id=\"8caf54e\" data-element_type=\"container\" id=\"mGT5\" data-settings=\"{&quot;background_background&quot;:&quot;classic&quot;,&quot;animation&quot;:&quot;none&quot;}\">\n\t\t<div class=\"elementor-element elementor-element-16b7ed3 e-con-full e-flex e-con e-child\" data-id=\"16b7ed3\" data-element_type=\"container\">\n\t\t<div class=\"elementor-element elementor-element-02e9291 e-con-full e-flex e-con e-child\" data-id=\"02e9291\" data-element_type=\"container\">\n\t\t<div class=\"elementor-element elementor-element-320bf1c e-con-full e-flex e-con e-child\" data-id=\"320bf1c\" data-element_type=\"container\">\n\t\t<div class=\"elementor-element elementor-element-72c1642 e-con-full e-flex e-con e-child\" data-id=\"72c1642\" data-element_type=\"container\">\n\t\t\t\t<div class=\"elementor-element elementor-element-07b8763 elementor-widget elementor-widget-heading\" data-id=\"07b8763\" data-element_type=\"widget\" data-widget_type=\"heading.default\">\n\t\t\t\t<div class=\"elementor-widget-container\">\n\t\t\t\t\t<h2 class=\"elementor-heading-title elementor-size-default\">5. <\/h2>\t\t\t\t<\/div>\n\t\t\t\t<\/div>\n\t\t\t\t<div class=\"elementor-element elementor-element-1a5b84d elementor-widget elementor-widget-heading\" data-id=\"1a5b84d\" data-element_type=\"widget\" data-widget_type=\"heading.default\">\n\t\t\t\t<div class=\"elementor-widget-container\">\n\t\t\t\t\t<h2 class=\"elementor-heading-title elementor-size-default\">Culturas Urbanas e Express\u00f5es Art\u00edsticas<\/h2>\t\t\t\t<\/div>\n\t\t\t\t<\/div>\n\t\t\t\t<div class=\"elementor-element elementor-element-d60c219 elementor-widget elementor-widget-spacer\" data-id=\"d60c219\" data-element_type=\"widget\" data-widget_type=\"spacer.default\">\n\t\t\t\t<div class=\"elementor-widget-container\">\n\t\t\t\t\t\t\t<div class=\"elementor-spacer\">\n\t\t\t<div class=\"elementor-spacer-inner\"><\/div>\n\t\t<\/div>\n\t\t\t\t\t\t<\/div>\n\t\t\t\t<\/div>\n\t\t\t\t<div class=\"elementor-element elementor-element-7882e36 elementor-widget__width-initial elementor-widget elementor-widget-text-editor\" data-id=\"7882e36\" data-element_type=\"widget\" data-widget_type=\"text-editor.default\">\n\t\t\t\t<div class=\"elementor-widget-container\">\n\t\t\t\t\t\t\t\t\t<p>As cidades s\u00e3o territ\u00f3rios vivos onde se entrecruzam fluxos culturais, pr\u00e1ticas art\u00edsticas e disputas simb\u00f3licas. Este painel prop\u00f5e uma reflex\u00e3o cr\u00edtica sobre as culturas urbanas enquanto formas de express\u00e3o, resist\u00eancia e imagina\u00e7\u00e3o coletiva, com especial aten\u00e7\u00e3o \u00e0s linguagens art\u00edsticas que emergem dos espa\u00e7os urbanos e \u00e0s din\u00e2micas sociais que lhes d\u00e3o forma. Em tempos de crescente urbaniza\u00e7\u00e3o, gentrifica\u00e7\u00e3o e segmenta\u00e7\u00e3o espacial, torna-se urgente pensar a cidade como lugar de cultura e de confronto entre vis\u00f5es de mundo diversas. A rua, o bairro, o grafite, a m\u00fasica, o corpo em movimento: tudo isto s\u00e3o formas de intervir no espa\u00e7o e de comunicar identidades, perten\u00e7as e reivindica\u00e7\u00f5es.<\/p>\t\t\t\t\t\t\t\t<\/div>\n\t\t\t\t<\/div>\n\t\t\t\t<\/div>\n\t\t<div class=\"elementor-element elementor-element-0e440dd e-con-full e-flex e-con e-child\" data-id=\"0e440dd\" data-element_type=\"container\">\n\t\t<div class=\"elementor-element elementor-element-1d6e504 e-con-full e-flex e-con e-child\" data-id=\"1d6e504\" data-element_type=\"container\">\n\t\t\t\t<div class=\"elementor-element elementor-element-fb1aadd foto_coord popmake-21645 elementor-widget__width-initial elementor-position-top elementor-widget elementor-widget-image-box\" data-id=\"fb1aadd\" data-element_type=\"widget\" data-widget_type=\"image-box.default\">\n\t\t\t\t<div class=\"elementor-widget-container\">\n\t\t\t\t\t<div class=\"elementor-image-box-wrapper\"><figure class=\"elementor-image-box-img\"><img loading=\"lazy\" decoding=\"async\" width=\"440\" height=\"550\" src=\"https:\/\/culturas.cc\/congresso2025\/wp-content\/uploads\/sites\/16\/2025\/07\/Paula_Pink-min-440x550.jpg\" class=\"elementor-animation-shrink attachment-portrait size-portrait wp-image-21629\" alt=\"\" \/><\/figure><div class=\"elementor-image-box-content\"><h3 class=\"elementor-image-box-title\">Paula Guerra <br> (U.Porto)<\/h3><\/div><\/div>\t\t\t\t<\/div>\n\t\t\t\t<\/div>\n\t\t\t\t<div class=\"elementor-element elementor-element-7173f52 foto_coord popmake-21645 elementor-widget__width-initial elementor-position-top elementor-widget elementor-widget-image-box\" data-id=\"7173f52\" data-element_type=\"widget\" data-widget_type=\"image-box.default\">\n\t\t\t\t<div class=\"elementor-widget-container\">\n\t\t\t\t\t<div class=\"elementor-image-box-wrapper\"><figure class=\"elementor-image-box-img\"><img loading=\"lazy\" decoding=\"async\" width=\"440\" height=\"550\" src=\"https:\/\/culturas.cc\/congresso2025\/wp-content\/uploads\/sites\/16\/2025\/07\/Dino_Pink-min-440x550.jpg\" class=\"elementor-animation-shrink attachment-portrait size-portrait wp-image-21626\" alt=\"\" \/><\/figure><div class=\"elementor-image-box-content\"><h3 class=\"elementor-image-box-title\">Dino D'Santiago<\/h3><\/div><\/div>\t\t\t\t<\/div>\n\t\t\t\t<\/div>\n\t\t\t\t<div class=\"elementor-element elementor-element-d2a154b foto_coord popmake-21645 elementor-widget__width-initial elementor-position-top elementor-widget elementor-widget-image-box\" data-id=\"d2a154b\" data-element_type=\"widget\" data-widget_type=\"image-box.default\">\n\t\t\t\t<div class=\"elementor-widget-container\">\n\t\t\t\t\t<div class=\"elementor-image-box-wrapper\"><figure class=\"elementor-image-box-img\"><img loading=\"lazy\" decoding=\"async\" width=\"440\" height=\"550\" src=\"https:\/\/culturas.cc\/congresso2025\/wp-content\/uploads\/sites\/16\/2025\/07\/Edilene_Pink-min-1-440x550.jpg\" class=\"elementor-animation-shrink attachment-portrait size-portrait wp-image-21630\" alt=\"\" \/><\/figure><div class=\"elementor-image-box-content\"><h3 class=\"elementor-image-box-title\">Edilene Matos <br>(UFBA)<\/h3><\/div><\/div>\t\t\t\t<\/div>\n\t\t\t\t<\/div>\n\t\t\t\t<\/div>\n\t\t\t\t<div class=\"elementor-element elementor-element-efeef89 elementor-widget__width-initial elementor-widget elementor-widget-text-editor\" data-id=\"efeef89\" data-element_type=\"widget\" data-widget_type=\"text-editor.default\">\n\t\t\t\t<div class=\"elementor-widget-container\">\n\t\t\t\t\t\t\t\t\t<p style=\"text-align: center!important;margin: 0 0 1rem\">Procuramos respostas da comunidade acad\u00e9mica a quest\u00f5es como:<\/p>\t\t\t\t\t\t\t\t<\/div>\n\t\t\t\t<\/div>\n\t\t<div class=\"elementor-element elementor-element-89ec016 e-con-full e-flex e-con e-child\" data-id=\"89ec016\" data-element_type=\"container\">\n\t\t\t\t<div class=\"elementor-element elementor-element-083ac16 elementor-widget__width-initial elementor-widget-mobile__width-initial elementor-widget elementor-widget-text-editor\" data-id=\"083ac16\" data-element_type=\"widget\" data-widget_type=\"text-editor.default\">\n\t\t\t\t<div class=\"elementor-widget-container\">\n\t\t\t\t\t\t\t\t\t<p><br \/>Como se expressam as culturas urbanas nos diferentes contextos lus\u00f3fonos?<\/p><p>Como s\u00e3o apropriados e ressignificados os espa\u00e7os p\u00fablicos atrav\u00e9s da arte?<\/p><p>Que tens\u00f5es existem entre institucionaliza\u00e7\u00e3o cultural e express\u00f5es art\u00edsticas populares ou marginais?<\/p><p>Que formas de arte emergem nos espa\u00e7os urbanos como resposta a desigualdades sociais, raciais e territoriais?<\/p><p>Como poder\u00e3o as pol\u00edticas culturais apoiar a diversidade e vitalidade das express\u00f5es urbanas?<\/p><p>\u00a0<\/p><p><strong>Comiss\u00e3o Cient\u00edfica:<br \/><\/strong>Daniela Fonseca (UTAD)<br \/>Idalina Sidoncha (UBI)<br \/>Renata Pitombo (UFRB)<\/p>\t\t\t\t\t\t\t\t<\/div>\n\t\t\t\t<\/div>\n\t\t\t\t<\/div>\n\t\t\t\t<\/div>\n\t\t\t\t<\/div>\n\t\t\t\t<\/div>\n\t\t\t\t<\/div>\n\t\t\t\t<\/div>\n\t\t<div class=\"elementor-element elementor-element-4bcf8e5 e-con-full section e-flex e-con e-child\" data-id=\"4bcf8e5\" data-element_type=\"container\" id=\"mGT6\" data-settings=\"{&quot;background_background&quot;:&quot;classic&quot;,&quot;animation&quot;:&quot;none&quot;}\">\n\t\t<div class=\"elementor-element elementor-element-cfe87e9 e-con-full e-flex e-con e-child\" data-id=\"cfe87e9\" data-element_type=\"container\">\n\t\t<div class=\"elementor-element elementor-element-f20c590 e-con-full e-flex e-con e-child\" data-id=\"f20c590\" data-element_type=\"container\">\n\t\t\t\t<div class=\"elementor-element elementor-element-5bcc59b elementor-widget elementor-widget-spacer\" data-id=\"5bcc59b\" data-element_type=\"widget\" data-widget_type=\"spacer.default\">\n\t\t\t\t<div class=\"elementor-widget-container\">\n\t\t\t\t\t\t\t<div class=\"elementor-spacer\">\n\t\t\t<div class=\"elementor-spacer-inner\"><\/div>\n\t\t<\/div>\n\t\t\t\t\t\t<\/div>\n\t\t\t\t<\/div>\n\t\t<div class=\"elementor-element elementor-element-3909072 e-con-full e-flex e-con e-child\" data-id=\"3909072\" data-element_type=\"container\">\n\t\t<div class=\"elementor-element elementor-element-eeb7c40 e-con-full e-flex e-con e-child\" data-id=\"eeb7c40\" data-element_type=\"container\">\n\t\t\t\t<div class=\"elementor-element elementor-element-b67da29 elementor-widget elementor-widget-heading\" data-id=\"b67da29\" data-element_type=\"widget\" data-widget_type=\"heading.default\">\n\t\t\t\t<div class=\"elementor-widget-container\">\n\t\t\t\t\t<h2 class=\"elementor-heading-title elementor-size-default\">6. <\/h2>\t\t\t\t<\/div>\n\t\t\t\t<\/div>\n\t\t\t\t<div class=\"elementor-element elementor-element-b3b9d9d elementor-widget elementor-widget-heading\" data-id=\"b3b9d9d\" data-element_type=\"widget\" data-widget_type=\"heading.default\">\n\t\t\t\t<div class=\"elementor-widget-container\">\n\t\t\t\t\t<h2 class=\"elementor-heading-title elementor-size-default\">Educa\u00e7\u00e3o para a Interculturalidade<\/h2>\t\t\t\t<\/div>\n\t\t\t\t<\/div>\n\t\t\t\t<div class=\"elementor-element elementor-element-1769982 elementor-widget elementor-widget-spacer\" data-id=\"1769982\" data-element_type=\"widget\" data-widget_type=\"spacer.default\">\n\t\t\t\t<div class=\"elementor-widget-container\">\n\t\t\t\t\t\t\t<div class=\"elementor-spacer\">\n\t\t\t<div class=\"elementor-spacer-inner\"><\/div>\n\t\t<\/div>\n\t\t\t\t\t\t<\/div>\n\t\t\t\t<\/div>\n\t\t\t\t<div class=\"elementor-element elementor-element-750ff5a elementor-widget__width-initial elementor-widget elementor-widget-text-editor\" data-id=\"750ff5a\" data-element_type=\"widget\" data-widget_type=\"text-editor.default\">\n\t\t\t\t<div class=\"elementor-widget-container\">\n\t\t\t\t\t\t\t\t\t<p>A educa\u00e7\u00e3o \u00e9 um campo estrat\u00e9gico para o reconhecimento da diversidade e a constru\u00e7\u00e3o de sociedades mais justas e inclusivas. Este painel prop\u00f5e uma reflex\u00e3o sobre pr\u00e1ticas educativas que valorizem o di\u00e1logo intercultural, combatam preconceitos e promovam o respeito pelas diferen\u00e7as culturais, \u00e9tnico-raciais, religiosas, lingu\u00edsticas e de g\u00e9nero. Num mundo marcado por migra\u00e7\u00f5es, desigualdades hist\u00f3ricas e tens\u00f5es identit\u00e1rias, \u00e9 urgente que pensemos a educa\u00e7\u00e3o como espa\u00e7o de encontro, escuta e transforma\u00e7\u00e3o, implementando uma pedagogia cr\u00edtica que questione hierarquias culturais e promova a justi\u00e7a cognitiva.<\/p><p>Este painel acolhe propostas te\u00f3ricas e pr\u00e1ticas que pensem a educa\u00e7\u00e3o como espa\u00e7o de transforma\u00e7\u00e3o social, reconhecendo a diversidade como riqueza e oportunidade para o pensamento cr\u00edtico e o di\u00e1logo entre culturas.<\/p>\t\t\t\t\t\t\t\t<\/div>\n\t\t\t\t<\/div>\n\t\t\t\t<\/div>\n\t\t<div class=\"elementor-element elementor-element-909487e e-con-full e-flex e-con e-child\" data-id=\"909487e\" data-element_type=\"container\">\n\t\t<div class=\"elementor-element elementor-element-846df45 e-con-full e-flex e-con e-child\" data-id=\"846df45\" data-element_type=\"container\">\n\t\t\t\t<div class=\"elementor-element elementor-element-cace77b foto_coord popmake-21651 elementor-widget__width-initial elementor-position-top elementor-widget elementor-widget-image-box\" data-id=\"cace77b\" data-element_type=\"widget\" data-widget_type=\"image-box.default\">\n\t\t\t\t<div class=\"elementor-widget-container\">\n\t\t\t\t\t<div class=\"elementor-image-box-wrapper\"><figure class=\"elementor-image-box-img\"><img loading=\"lazy\" decoding=\"async\" width=\"440\" height=\"550\" src=\"https:\/\/culturas.cc\/congresso2025\/wp-content\/uploads\/sites\/16\/2025\/07\/Isabel-Menezes_Purple-min-440x550.jpg\" class=\"elementor-animation-shrink attachment-portrait size-portrait wp-image-21618\" alt=\"\" \/><\/figure><div class=\"elementor-image-box-content\"><h3 class=\"elementor-image-box-title\">Isabel Menezes (U.Porto)<\/h3><\/div><\/div>\t\t\t\t<\/div>\n\t\t\t\t<\/div>\n\t\t\t\t<div class=\"elementor-element elementor-element-ffa8e56 foto_coord popmake-21653 elementor-widget__width-initial elementor-position-top elementor-widget elementor-widget-image-box\" data-id=\"ffa8e56\" data-element_type=\"widget\" data-widget_type=\"image-box.default\">\n\t\t\t\t<div class=\"elementor-widget-container\">\n\t\t\t\t\t<div class=\"elementor-image-box-wrapper\"><figure class=\"elementor-image-box-img\"><img loading=\"lazy\" decoding=\"async\" width=\"440\" height=\"550\" src=\"https:\/\/culturas.cc\/congresso2025\/wp-content\/uploads\/sites\/16\/2025\/07\/Martins_Mapera_Purple-min-440x550.jpg\" class=\"elementor-animation-shrink attachment-portrait size-portrait wp-image-21622\" alt=\"\" \/><\/figure><div class=\"elementor-image-box-content\"><h3 class=\"elementor-image-box-title\">Martins Mapera (UniSom)<\/h3><\/div><\/div>\t\t\t\t<\/div>\n\t\t\t\t<\/div>\n\t\t\t\t<\/div>\n\t\t\t\t<div class=\"elementor-element elementor-element-ccc4cff elementor-widget__width-initial elementor-widget elementor-widget-text-editor\" data-id=\"ccc4cff\" data-element_type=\"widget\" data-widget_type=\"text-editor.default\">\n\t\t\t\t<div class=\"elementor-widget-container\">\n\t\t\t\t\t\t\t\t\t<p style=\"text-align: center!important;margin: 0 0 1rem\">Procuramos respostas da comunidade acad\u00e9mica a quest\u00f5es como:<\/p>\t\t\t\t\t\t\t\t<\/div>\n\t\t\t\t<\/div>\n\t\t<div class=\"elementor-element elementor-element-ea8629b e-con-full e-flex e-con e-child\" data-id=\"ea8629b\" data-element_type=\"container\">\n\t\t\t\t<div class=\"elementor-element elementor-element-fab7bbb elementor-widget__width-initial elementor-widget-mobile__width-initial elementor-widget elementor-widget-text-editor\" data-id=\"fab7bbb\" data-element_type=\"widget\" data-widget_type=\"text-editor.default\">\n\t\t\t\t<div class=\"elementor-widget-container\">\n\t\t\t\t\t\t\t\t\t<p>Que estrat\u00e9gias pedag\u00f3gicas promovem verdadeiramente a interculturalidade nas escolas e universidades?<\/p><p>Como poder\u00e3o ser integrados os saberes e as vozes de grupos historicamente marginalizados nos curr\u00edculos?<\/p><p>De que modo poder\u00e3o os contextos educativos contribuir para o combate ao racismo, \u00e0 xenofobia e \u00e0 discrimina\u00e7\u00e3o?<\/p><p>Como deveremos formar educadores\/as para a diversidade cultural em contextos marcados por desigualdades?<\/p><p>Que papel desempenham as l\u00ednguas e as express\u00f5es culturais na promo\u00e7\u00e3o da cidadania intercultural?<br \/><br \/><\/p><p><strong>Comiss\u00e3o Cient\u00edfica:<br \/><\/strong>Ant\u00f3nio Bra\u00e7o (Uni. Licungo)<br \/>Luciano Sim\u00f5es (UFRB)<br \/>Regina Brito (Mackenzie)<br \/>Susana Costa (UAC)<\/p>\t\t\t\t\t\t\t\t<\/div>\n\t\t\t\t<\/div>\n\t\t\t\t<\/div>\n\t\t\t\t<\/div>\n\t\t\t\t<\/div>\n\t\t\t\t<\/div>\n\t\t\t\t<\/div>\n\t\t\t\t<\/div>\n\t\t<div class=\"elementor-element elementor-element-370f080 e-con-full section e-flex e-con e-child\" data-id=\"370f080\" data-element_type=\"container\" id=\"mGT7\" data-settings=\"{&quot;background_background&quot;:&quot;classic&quot;,&quot;animation&quot;:&quot;none&quot;}\">\n\t\t<div class=\"elementor-element elementor-element-4461a2f e-con-full e-flex e-con e-child\" data-id=\"4461a2f\" data-element_type=\"container\">\n\t\t<div class=\"elementor-element elementor-element-8a1fbb4 e-con-full e-flex e-con e-child\" data-id=\"8a1fbb4\" data-element_type=\"container\">\n\t\t<div class=\"elementor-element elementor-element-1c6ea80 e-con-full e-flex e-con e-child\" data-id=\"1c6ea80\" data-element_type=\"container\">\n\t\t<div class=\"elementor-element elementor-element-23234d2 e-con-full e-flex e-con e-child\" data-id=\"23234d2\" data-element_type=\"container\">\n\t\t\t\t<div class=\"elementor-element elementor-element-c9941da elementor-widget elementor-widget-heading\" data-id=\"c9941da\" data-element_type=\"widget\" data-widget_type=\"heading.default\">\n\t\t\t\t<div class=\"elementor-widget-container\">\n\t\t\t\t\t<h2 class=\"elementor-heading-title elementor-size-default\">7. <\/h2>\t\t\t\t<\/div>\n\t\t\t\t<\/div>\n\t\t\t\t<div class=\"elementor-element elementor-element-50886d7 elementor-widget elementor-widget-heading\" data-id=\"50886d7\" data-element_type=\"widget\" data-widget_type=\"heading.default\">\n\t\t\t\t<div class=\"elementor-widget-container\">\n\t\t\t\t\t<h2 class=\"elementor-heading-title elementor-size-default\">Universidade, Lugar de Cultura<\/h2>\t\t\t\t<\/div>\n\t\t\t\t<\/div>\n\t\t\t\t<div class=\"elementor-element elementor-element-5690319 elementor-widget elementor-widget-spacer\" data-id=\"5690319\" data-element_type=\"widget\" data-widget_type=\"spacer.default\">\n\t\t\t\t<div class=\"elementor-widget-container\">\n\t\t\t\t\t\t\t<div class=\"elementor-spacer\">\n\t\t\t<div class=\"elementor-spacer-inner\"><\/div>\n\t\t<\/div>\n\t\t\t\t\t\t<\/div>\n\t\t\t\t<\/div>\n\t\t\t\t<div class=\"elementor-element elementor-element-1d5de03 elementor-widget__width-initial elementor-widget elementor-widget-text-editor\" data-id=\"1d5de03\" data-element_type=\"widget\" data-widget_type=\"text-editor.default\">\n\t\t\t\t<div class=\"elementor-widget-container\">\n\t\t\t\t\t\t\t\t\t<p>A universidade, para al\u00e9m de ser espa\u00e7o de produ\u00e7\u00e3o e difus\u00e3o de conhecimento, \u00e9 tamb\u00e9m um lugar de cultura: de cria\u00e7\u00e3o, de mem\u00f3ria, de cr\u00edtica e de imagina\u00e7\u00e3o social. Este painel prop\u00f5e-se pensar o papel das universidades como institui\u00e7\u00f5es culturais que podem (e devem) contribuir para a valoriza\u00e7\u00e3o da diversidade, promover o di\u00e1logo entre saberes e contribuir para a transforma\u00e7\u00e3o social. Num tempo em que o conhecimento enfrenta desafios \u00e9ticos, pol\u00edticos e epistemol\u00f3gicos, \u00e9 fundamental que debatamos a miss\u00e3o cultural da universidade e a sua responsabilidade na articula\u00e7\u00e3o entre ci\u00eancia, arte e comunidade.<\/p><p>Este painel acolhe propostas que reflitam sobre experi\u00eancias institucionais, projetos interdisciplinares e pr\u00e1ticas inovadoras que afirmem a universidade como territ\u00f3rio de cultura viva, inclusiva e comprometida com a transforma\u00e7\u00e3o do mundo.<\/p>\t\t\t\t\t\t\t\t<\/div>\n\t\t\t\t<\/div>\n\t\t\t\t<\/div>\n\t\t<div class=\"elementor-element elementor-element-99da8e2 e-con-full e-flex e-con e-child\" data-id=\"99da8e2\" data-element_type=\"container\">\n\t\t<div class=\"elementor-element elementor-element-4e323d9 e-con-full e-flex e-con e-child\" data-id=\"4e323d9\" data-element_type=\"container\">\n\t\t\t\t<div class=\"elementor-element elementor-element-b93900d foto_coord popmake-21655 elementor-widget__width-initial elementor-position-top elementor-widget elementor-widget-image-box\" data-id=\"b93900d\" data-element_type=\"widget\" data-widget_type=\"image-box.default\">\n\t\t\t\t<div class=\"elementor-widget-container\">\n\t\t\t\t\t<div class=\"elementor-image-box-wrapper\"><figure class=\"elementor-image-box-img\"><img loading=\"lazy\" decoding=\"async\" width=\"440\" height=\"550\" src=\"https:\/\/culturas.cc\/congresso2025\/wp-content\/uploads\/sites\/16\/2025\/07\/Pro_Fatima_Verde-min-440x550.jpg\" class=\"elementor-animation-shrink attachment-portrait size-portrait wp-image-21624\" alt=\"\" \/><\/figure><div class=\"elementor-image-box-content\"><h3 class=\"elementor-image-box-title\">F\u00e1tima Vieira (U.Porto)<\/h3><\/div><\/div>\t\t\t\t<\/div>\n\t\t\t\t<\/div>\n\t\t\t\t<div class=\"elementor-element elementor-element-40285f6 foto_coord popmake-21657 elementor-widget__width-initial elementor-position-top elementor-widget elementor-widget-image-box\" data-id=\"40285f6\" data-element_type=\"widget\" data-widget_type=\"image-box.default\">\n\t\t\t\t<div class=\"elementor-widget-container\">\n\t\t\t\t\t<div class=\"elementor-image-box-wrapper\"><figure class=\"elementor-image-box-img\"><img loading=\"lazy\" decoding=\"async\" width=\"440\" height=\"550\" src=\"https:\/\/culturas.cc\/congresso2025\/wp-content\/uploads\/sites\/16\/2025\/07\/Albino_Green_2-440x550.jpg\" class=\"elementor-animation-shrink attachment-portrait size-portrait wp-image-21710\" alt=\"\" \/><\/figure><div class=\"elementor-image-box-content\"><h3 class=\"elementor-image-box-title\">Albino Rubim (UFBA)<\/h3><\/div><\/div>\t\t\t\t<\/div>\n\t\t\t\t<\/div>\n\t\t\t\t<\/div>\n\t\t\t\t<div class=\"elementor-element elementor-element-7677631 elementor-widget__width-initial elementor-widget elementor-widget-text-editor\" data-id=\"7677631\" data-element_type=\"widget\" data-widget_type=\"text-editor.default\">\n\t\t\t\t<div class=\"elementor-widget-container\">\n\t\t\t\t\t\t\t\t\t<p style=\"text-align: center!important;margin: 0 0 1rem\">Procuramos respostas da comunidade acad\u00e9mica a quest\u00f5es como:<\/p>\t\t\t\t\t\t\t\t<\/div>\n\t\t\t\t<\/div>\n\t\t<div class=\"elementor-element elementor-element-2b33823 e-con-full perguntas e-flex e-con e-child\" data-id=\"2b33823\" data-element_type=\"container\">\n\t\t\t\t<div class=\"elementor-element elementor-element-899c39a perguntas elementor-widget elementor-widget-text-editor\" data-id=\"899c39a\" data-element_type=\"widget\" data-widget_type=\"text-editor.default\">\n\t\t\t\t<div class=\"elementor-widget-container\">\n\t\t\t\t\t\t\t\t\t<p>A universidade tem sabido reconhecer e valorizar os saberes culturais diversos, incluindo os saberes populares, tradicionais e ind\u00edgenas?<\/p><p>Como se relacionam as atividades cient\u00edficas, art\u00edsticas e culturais no espa\u00e7o acad\u00e9mico?<\/p><p>Em um mundo cada vez amea\u00e7ado por desigualdades, autoritarismos, san\u00e7\u00f5es, tens\u00f5es, viol\u00eancias, guerras e genoc\u00eddios, qual deve ser a miss\u00e3o das universidades e das culturas?<\/p><p>Como poderemos garantir o acesso democr\u00e1tico \u00e0 produ\u00e7\u00e3o e frui\u00e7\u00e3o cultural no contexto universit\u00e1rio?<\/p><p>Que modelos de extens\u00e3o cultural poder\u00e3o fortalecer a liga\u00e7\u00e3o entre a universidade e as comunidades?<\/p><p>Que lugar t\u00eam as humanidades, as artes e as pr\u00e1ticas culturais nos curr\u00edculos e na vida universit\u00e1ria?<br \/><br \/><br \/><\/p><p><strong>Comiss\u00e3o Cient\u00edfica:<br \/><\/strong>Fernando Mencarelli (UFMG)<br \/>Luana Vilutis (UFBA)<br \/>Luiz Augusto Rodrigues (UFF)<br \/>Mirian Tavares (UAG)<\/p>\t\t\t\t\t\t\t\t<\/div>\n\t\t\t\t<\/div>\n\t\t\t\t<\/div>\n\t\t\t\t<\/div>\n\t\t\t\t<\/div>\n\t\t\t\t<\/div>\n\t\t\t\t<\/div>\n\t\t\t\t<\/div>\n\t\t\t\t<\/div>\n\t\t\t\t<\/div>\n\t\t\t\t<\/div>\n\t\t","protected":false},"excerpt":{"rendered":"<p>O congresso ser\u00e1 organizado em torno de Pain\u00e9is\/Grupos de Trabalhos Os pain\u00e9is\/grupos de trabalho (GT) do Congresso Internacional sobre Culturas conformam, desde sua primeira edi\u00e7\u00e3o, uma comunidade de pesquisadoras e pesquisadores a partir de interesses interdisciplinares no \u00e2mbito das culturas. Durante o congresso, os pain\u00e9is\/GT s\u00e3o espa\u00e7os dedicados a apresenta\u00e7\u00f5es de resultados de investiga\u00e7\u00f5es ou&#8230; <\/p>\n<div class=\"clear\"><\/div>\n<p><a href=\"https:\/\/culturas.cc\/congresso2025\/paineis-2025\/\" class=\"gdlr-info-font excerpt-read-more\">Read More<\/a><\/p>\n","protected":false},"author":669,"featured_media":0,"parent":0,"menu_order":0,"comment_status":"closed","ping_status":"closed","template":"elementor_canvas","meta":{"_bbp_topic_count":0,"_bbp_reply_count":0,"_bbp_total_topic_count":0,"_bbp_total_reply_count":0,"_bbp_voice_count":0,"_bbp_anonymous_reply_count":0,"_bbp_topic_count_hidden":0,"_bbp_reply_count_hidden":0,"_bbp_forum_subforum_count":0,"footnotes":""},"class_list":["post-22100","page","type-page","status-publish","hentry"],"_links":{"self":[{"href":"https:\/\/culturas.cc\/congresso2025\/wp-json\/wp\/v2\/pages\/22100","targetHints":{"allow":["GET"]}}],"collection":[{"href":"https:\/\/culturas.cc\/congresso2025\/wp-json\/wp\/v2\/pages"}],"about":[{"href":"https:\/\/culturas.cc\/congresso2025\/wp-json\/wp\/v2\/types\/page"}],"author":[{"embeddable":true,"href":"https:\/\/culturas.cc\/congresso2025\/wp-json\/wp\/v2\/users\/669"}],"replies":[{"embeddable":true,"href":"https:\/\/culturas.cc\/congresso2025\/wp-json\/wp\/v2\/comments?post=22100"}],"version-history":[{"count":11,"href":"https:\/\/culturas.cc\/congresso2025\/wp-json\/wp\/v2\/pages\/22100\/revisions"}],"predecessor-version":[{"id":22700,"href":"https:\/\/culturas.cc\/congresso2025\/wp-json\/wp\/v2\/pages\/22100\/revisions\/22700"}],"wp:attachment":[{"href":"https:\/\/culturas.cc\/congresso2025\/wp-json\/wp\/v2\/media?parent=22100"}],"curies":[{"name":"wp","href":"https:\/\/api.w.org\/{rel}","templated":true}]}}