{"id":17158,"date":"2020-11-17T11:11:09","date_gmt":"2020-11-17T14:11:09","guid":{"rendered":"https:\/\/culturas.cc\/congresso2020\/?post_type=tribe_events&#038;p=17158"},"modified":"2020-11-19T01:30:28","modified_gmt":"2020-11-19T04:30:28","slug":"projetos-2","status":"publish","type":"tribe_events","link":"https:\/\/culturas.cc\/congresso2020\/event\/projetos-2\/","title":{"rendered":"Projetos 2"},"content":{"rendered":"<h3>Assista aqui!<\/h3>\n<h2><a href=\"https:\/\/www.youtube.com\/channel\/UCIK-EIYExB5Ia09PLqz46Ow?view_as=subscriber\">Clique aqui para ver ao vivo no Youtube<\/a><\/h2>\n<h2><a href=\"https:\/\/culturas.cc\/congresso2020\/#aovivo\">Clique aqui para ver ao vivo no site<\/a><\/h2>\n<h3><\/h3>\n<h3>Trabalhos<\/h3>\n<ul>\n<li><strong>Comportamento do novo modelo de distribui\u00e7\u00e3o das Redes Mosquiteiras, aplicado na campanha de cobertura universal em Mo\u00e7ambique, 2017 | <\/strong>Carlos Armando Sarr\u00eda P\u00e9rez<\/li>\n<li><strong>Hipertens\u00e3o Arterial entre estudantes finalistas universit\u00e1rios da cidade de Tete no segundo semestre de 2018 &#8211; Mo\u00e7ambique<\/strong> | Carlos Armando Sarr\u00eda P\u00e9rez)<\/li>\n<li><strong>Crises, guerras, epidemias e pandemias mundiais e brasileiras ao longo dos s\u00e9culos e os efeitos nos cen\u00e1rios da educa\u00e7\u00e3o, cultura, turismo e eventos<\/strong> | Julia Torres dos Santos<\/li>\n<\/ul>\n<h3>Confira os resumos dos trabalhos:<\/h3>\n<div class=\"cmsmasters_posts_slider cmsmasters_posts_slider_post\" >\r\n\t\t<div id=\"cmsmasters_slider_lykcf8autlproj2\" class=\"cmsmasters_owl_slider owl-carousel\" data-items=\"3\" data-single-item=\"false\" data-auto-play=\"false\" data-pagination=\"false\"><div class=\"cmsmasters_owl_slider_item\"><!-- Start Posts Slider Post Article -->\r\n<article id=\"post-17402\" class=\"cmsmasters_slider_post post-17402 post type-post status-publish format-standard has-post-thumbnail hentry category-projetos-2 category-resumos\">\r\n\t<div class=\"cmsmasters_slider_post_outer\">\r\n\t<div class=\"cmsmasters_slider_post_img_wrap\"><figure class=\"cmsmasters_img_rollover_wrap preloader\"><img loading=\"lazy\" decoding=\"async\" width=\"580\" height=\"450\" src=\"https:\/\/i0.wp.com\/culturas.cc\/congresso2020\/wp-content\/uploads\/sites\/9\/2020\/11\/topo-gt5.jpg?resize=580%2C450&amp;ssl=1\" class=\"full-width wp-post-image\" alt=\"HIPERTENS\u00c3O ARTERIAL ENTRE ESTUDANTES FINALISTAS UNIVERSIT\u00c1RIOS DA CIDADE DE TETE NO SEGUNDO SEMESTRE DE 2018- MO\u00c7AMBIQUE\" title=\"vince-fleming-H3yWBdiIMqo-unsplash\" srcset=\"https:\/\/i0.wp.com\/culturas.cc\/congresso2020\/wp-content\/uploads\/sites\/9\/2020\/11\/topo-gt5.jpg?resize=580%2C450&amp;ssl=1 580w, https:\/\/i0.wp.com\/culturas.cc\/congresso2020\/wp-content\/uploads\/sites\/9\/2020\/11\/topo-gt5.jpg?zoom=2&amp;resize=580%2C450&amp;ssl=1 1160w, https:\/\/i0.wp.com\/culturas.cc\/congresso2020\/wp-content\/uploads\/sites\/9\/2020\/11\/topo-gt5.jpg?zoom=3&amp;resize=580%2C450&amp;ssl=1 1740w\" sizes=\"auto, (max-width: 580px) 100vw, 580px\" \/><div class=\"cmsmasters_img_rollover\"><a href=\"https:\/\/culturas.cc\/congresso2020\/17402\/\" title=\"HIPERTENS\u00c3O ARTERIAL ENTRE ESTUDANTES FINALISTAS UNIVERSIT\u00c1RIOS DA CIDADE DE TETE NO SEGUNDO SEMESTRE DE 2018- MO\u00c7AMBIQUE\" class=\"cmsmasters_open_link\"><\/a><\/div><\/figure><\/div><header class=\"cmsmasters_slider_post_header entry-header\"><h4 class=\"cmsmasters_slider_post_title entry-title\"><a href=\"https:\/\/culturas.cc\/congresso2020\/17402\/\">HIPERTENS\u00c3O ARTERIAL ENTRE ESTUDANTES FINALISTAS UNIVERSIT\u00c1RIOS DA CIDADE DE TETE NO SEGUNDO SEMESTRE DE 2018- MO\u00c7AMBIQUE<\/a><\/h4><\/header><div class=\"cmsmasters_slider_post_cont_info second entry-meta\"><span class=\"cmsmasters_slider_post_author\">by <a href=\"https:\/\/culturas.cc\/congresso2020\/author\/redeculturas\/\" title=\"Posts by culturas.cc\" class=\"vcard author\"><span class=\"fn\" rel=\"author\">culturas.cc<\/span><\/a><\/span><\/div><div class=\"cmsmasters_slider_post_cont_info third entry-meta\"><span class=\"cmsmasters_likes cmsmasters_slider_post_likes\"><a href=\"#\" onclick=\"cmsmastersLike(17402, false); return false;\" id=\"cmsmastersLike-17402\" class=\"cmsmastersLike cmsmasters_theme_icon_like\"><span>0 <\/span><\/a><\/span><\/div>\t<\/div>\r\n<\/article>\r\n<!-- Finish Posts Slider Post Article -->\r\n\r\n<\/div><div class=\"cmsmasters_owl_slider_item\"><!-- Start Posts Slider Post Article -->\r\n<article id=\"post-17400\" class=\"cmsmasters_slider_post post-17400 post type-post status-publish format-standard has-post-thumbnail hentry category-projetos-2 category-resumos\">\r\n\t<div class=\"cmsmasters_slider_post_outer\">\r\n\t<div class=\"cmsmasters_slider_post_img_wrap\"><figure class=\"cmsmasters_img_rollover_wrap preloader\"><img loading=\"lazy\" decoding=\"async\" width=\"580\" height=\"450\" src=\"https:\/\/i0.wp.com\/culturas.cc\/congresso2020\/wp-content\/uploads\/sites\/9\/2020\/11\/topo-gt3.jpg?resize=580%2C450&amp;ssl=1\" class=\"full-width wp-post-image\" alt=\"Crises, guerras, epidemias e pandemias mundiais e brasileiras ao longo dos s\u00e9culos e os efeitos nos cen\u00e1rios da Educa\u00e7\u00e3o, Cultura, Turismo e Eventos\" title=\"florian-glawogger-ZTe2bKOyM94-unsplash\" srcset=\"https:\/\/i0.wp.com\/culturas.cc\/congresso2020\/wp-content\/uploads\/sites\/9\/2020\/11\/topo-gt3.jpg?resize=580%2C450&amp;ssl=1 580w, https:\/\/i0.wp.com\/culturas.cc\/congresso2020\/wp-content\/uploads\/sites\/9\/2020\/11\/topo-gt3.jpg?zoom=2&amp;resize=580%2C450&amp;ssl=1 1160w, https:\/\/i0.wp.com\/culturas.cc\/congresso2020\/wp-content\/uploads\/sites\/9\/2020\/11\/topo-gt3.jpg?zoom=3&amp;resize=580%2C450&amp;ssl=1 1740w\" sizes=\"auto, (max-width: 580px) 100vw, 580px\" \/><div class=\"cmsmasters_img_rollover\"><a href=\"https:\/\/culturas.cc\/congresso2020\/17400\/\" title=\"Crises, guerras, epidemias e pandemias mundiais e brasileiras ao longo dos s\u00e9culos e os efeitos nos cen\u00e1rios da Educa\u00e7\u00e3o, Cultura, Turismo e Eventos\" class=\"cmsmasters_open_link\"><\/a><\/div><\/figure><\/div><header class=\"cmsmasters_slider_post_header entry-header\"><h4 class=\"cmsmasters_slider_post_title entry-title\"><a href=\"https:\/\/culturas.cc\/congresso2020\/17400\/\">Crises, guerras, epidemias e pandemias mundiais e brasileiras ao longo dos s\u00e9culos e os efeitos nos cen\u00e1rios da Educa\u00e7\u00e3o, Cultura, Turismo e Eventos<\/a><\/h4><\/header><div class=\"cmsmasters_slider_post_cont_info second entry-meta\"><span class=\"cmsmasters_slider_post_author\">by <a href=\"https:\/\/culturas.cc\/congresso2020\/author\/redeculturas\/\" title=\"Posts by culturas.cc\" class=\"vcard author\"><span class=\"fn\" rel=\"author\">culturas.cc<\/span><\/a><\/span><\/div><div class=\"cmsmasters_slider_post_cont_info third entry-meta\"><span class=\"cmsmasters_likes cmsmasters_slider_post_likes\"><a href=\"#\" onclick=\"cmsmastersLike(17400, false); return false;\" id=\"cmsmastersLike-17400\" class=\"cmsmastersLike cmsmasters_theme_icon_like\"><span>0 <\/span><\/a><\/span><\/div>\t<\/div>\r\n<\/article>\r\n<!-- Finish Posts Slider Post Article -->\r\n\r\n<\/div><div class=\"cmsmasters_owl_slider_item\"><!-- Start Posts Slider Post Article -->\r\n<article id=\"post-17404\" class=\"cmsmasters_slider_post post-17404 post type-post status-publish format-standard has-post-thumbnail hentry category-projetos-2 category-resumos\">\r\n\t<div class=\"cmsmasters_slider_post_outer\">\r\n\t<div class=\"cmsmasters_slider_post_img_wrap\"><figure class=\"cmsmasters_img_rollover_wrap preloader\"><img loading=\"lazy\" decoding=\"async\" width=\"580\" height=\"450\" src=\"https:\/\/i0.wp.com\/culturas.cc\/congresso2020\/wp-content\/uploads\/sites\/9\/2020\/11\/topo-gt1.jpg?resize=580%2C450&amp;ssl=1\" class=\"full-width wp-post-image\" alt=\"COMPORTAMENTO DO NOVO MODELO DE DISTRIBUI\u00c7\u00c3O DAS REDES MOSQUITEIRAS, APLICADO NA CAMPANHA DE COBERTURA UNIVERSAL EM MO\u00c7AMBIQUE, 2017\" title=\"koshu-kunii-t86cJxwmBWc-unsplash\" srcset=\"https:\/\/i0.wp.com\/culturas.cc\/congresso2020\/wp-content\/uploads\/sites\/9\/2020\/11\/topo-gt1.jpg?resize=580%2C450&amp;ssl=1 580w, https:\/\/i0.wp.com\/culturas.cc\/congresso2020\/wp-content\/uploads\/sites\/9\/2020\/11\/topo-gt1.jpg?zoom=2&amp;resize=580%2C450&amp;ssl=1 1160w, https:\/\/i0.wp.com\/culturas.cc\/congresso2020\/wp-content\/uploads\/sites\/9\/2020\/11\/topo-gt1.jpg?zoom=3&amp;resize=580%2C450&amp;ssl=1 1740w\" sizes=\"auto, (max-width: 580px) 100vw, 580px\" \/><div class=\"cmsmasters_img_rollover\"><a href=\"https:\/\/culturas.cc\/congresso2020\/17404\/\" title=\"COMPORTAMENTO DO NOVO MODELO DE DISTRIBUI\u00c7\u00c3O DAS REDES MOSQUITEIRAS, APLICADO NA CAMPANHA DE COBERTURA UNIVERSAL EM MO\u00c7AMBIQUE, 2017\" class=\"cmsmasters_open_link\"><\/a><\/div><\/figure><\/div><header class=\"cmsmasters_slider_post_header entry-header\"><h4 class=\"cmsmasters_slider_post_title entry-title\"><a href=\"https:\/\/culturas.cc\/congresso2020\/17404\/\">COMPORTAMENTO DO NOVO MODELO DE DISTRIBUI\u00c7\u00c3O DAS REDES MOSQUITEIRAS, APLICADO NA CAMPANHA DE COBERTURA UNIVERSAL EM MO\u00c7AMBIQUE, 2017<\/a><\/h4><\/header><div class=\"cmsmasters_slider_post_cont_info second entry-meta\"><span class=\"cmsmasters_slider_post_author\">by <a href=\"https:\/\/culturas.cc\/congresso2020\/author\/redeculturas\/\" title=\"Posts by culturas.cc\" class=\"vcard author\"><span class=\"fn\" rel=\"author\">culturas.cc<\/span><\/a><\/span><\/div><div class=\"cmsmasters_slider_post_cont_info third entry-meta\"><span class=\"cmsmasters_likes cmsmasters_slider_post_likes\"><a href=\"#\" onclick=\"cmsmastersLike(17404, false); return false;\" id=\"cmsmastersLike-17404\" class=\"cmsmastersLike cmsmasters_theme_icon_like\"><span>0 <\/span><\/a><\/span><\/div>\t<\/div>\r\n<\/article>\r\n<!-- Finish Posts Slider Post Article -->\r\n\r\n<\/div><\/div><\/div>\n","protected":false},"excerpt":{"rendered":"<p><strong>Comportamento do novo modelo de distribui\u00e7\u00e3o das Redes Mosquiteiras, aplicado na campanha de cobertura universal em Mo\u00e7ambique, 2017 | <\/strong>Carlos Armando Sarr\u00eda P\u00e9rez<\/p>\n<p><strong>Hipertens\u00e3o Arterial entre estudantes finalistas universit\u00e1rios da cidade de Tete no segundo semestre de 2018 &#8211; Mo\u00e7ambique<\/strong> | Carlos Armando Sarr\u00eda P\u00e9rez)<\/p>\n<p><strong>Crises, guerras, epidemias e pandemias mundiais e brasileiras ao longo dos s\u00e9culos e os efeitos nos cen\u00e1rios da educa\u00e7\u00e3o, cultura, turismo e eventos<\/strong> | Julia Torres dos Santos<\/p>\n","protected":false},"author":1,"featured_media":0,"template":"","meta":{"_bbp_topic_count":0,"_bbp_reply_count":0,"_bbp_total_topic_count":0,"_bbp_total_reply_count":0,"_bbp_voice_count":0,"_bbp_anonymous_reply_count":0,"_bbp_topic_count_hidden":0,"_bbp_reply_count_hidden":0,"_bbp_forum_subforum_count":0,"_tribe_events_status":"","_tribe_events_status_reason":"","footnotes":""},"tags":[],"tribe_events_cat":[147,80,186],"class_list":["post-17158","tribe_events","type-tribe_events","status-publish","hentry","tribe_events_cat-20-nov-20","tribe_events_cat-congresso-2020","tribe_events_cat-projetos-20nov"],"jetpack_sharing_enabled":true,"_links":{"self":[{"href":"https:\/\/culturas.cc\/congresso2020\/wp-json\/wp\/v2\/tribe_events\/17158","targetHints":{"allow":["GET"]}}],"collection":[{"href":"https:\/\/culturas.cc\/congresso2020\/wp-json\/wp\/v2\/tribe_events"}],"about":[{"href":"https:\/\/culturas.cc\/congresso2020\/wp-json\/wp\/v2\/types\/tribe_events"}],"author":[{"embeddable":true,"href":"https:\/\/culturas.cc\/congresso2020\/wp-json\/wp\/v2\/users\/1"}],"version-history":[{"count":6,"href":"https:\/\/culturas.cc\/congresso2020\/wp-json\/wp\/v2\/tribe_events\/17158\/revisions"}],"predecessor-version":[{"id":17164,"href":"https:\/\/culturas.cc\/congresso2020\/wp-json\/wp\/v2\/tribe_events\/17158\/revisions\/17164"}],"wp:attachment":[{"href":"https:\/\/culturas.cc\/congresso2020\/wp-json\/wp\/v2\/media?parent=17158"}],"wp:term":[{"taxonomy":"post_tag","embeddable":true,"href":"https:\/\/culturas.cc\/congresso2020\/wp-json\/wp\/v2\/tags?post=17158"},{"taxonomy":"tribe_events_cat","embeddable":true,"href":"https:\/\/culturas.cc\/congresso2020\/wp-json\/wp\/v2\/tribe_events_cat?post=17158"}],"curies":[{"name":"wp","href":"https:\/\/api.w.org\/{rel}","templated":true}]}}