{"id":17080,"date":"2020-11-16T16:36:23","date_gmt":"2020-11-16T19:36:23","guid":{"rendered":"https:\/\/culturas.cc\/congresso2020\/?post_type=tribe_events&#038;p=17080"},"modified":"2020-11-20T00:24:22","modified_gmt":"2020-11-20T03:24:22","slug":"apresentacoes-artisticas","status":"publish","type":"tribe_events","link":"https:\/\/culturas.cc\/congresso2020\/event\/apresentacoes-artisticas\/","title":{"rendered":"Apresenta\u00e7\u00f5es Art\u00edsticas"},"content":{"rendered":"<div id=\"cmsmasters_row_\" class=\"cmsmasters_row cmsmasters_color_scheme_default cmsmasters_row_top_default cmsmasters_row_bot_default cmsmasters_row_boxed\">\n<div class=\"cmsmasters_row_outer_parent\">\n<div class=\"cmsmasters_row_outer\">\n<div class=\"cmsmasters_row_inner\">\n<div class=\"cmsmasters_row_margin\">\n<div id=\"cmsmasters_column_\" class=\"cmsmasters_column one_first\">\n<div class=\"cmsmasters_column_inner\"><div class=\"cmsmasters_text\">\n<h3>Escolha um v\u00eddeo para exibir no player abaixo<\/h3>\n<p>OBS: o curta <strong>Danilo &amp; Viconia &#8211; Dire\u00e7\u00e3o Izabela Alcantara<\/strong><em>, <\/em>a exposi\u00e7\u00e3o <strong>Somente em Cores-Luz: Visita Guiada \u00e0 uma Exposi\u00e7\u00e3o que N\u00e3o Aconteceu<\/strong> e, tamb\u00e9m, a pe\u00e7a\/experimento <strong>DeKalk &#8211; para Baixo el\u00e9trico e Piano Preparado<\/strong>\u00a0<em> &#8211; <\/em>que fazem parte dessa mostra de v\u00eddeos &#8211; , n\u00e3o foram inclu\u00eddos na playlist abaixo por restri\u00e7\u00f5es do Youtube. Mas voc\u00ea pode conferi-los logo abaixo, em seus respectivos resumos. Curta os v\u00eddeos!<\/p>\n<\/div>\n<div class=\"cmsmasters_text\">\n<p>[embedyt] https:\/\/www.youtube.com\/embed?listType=playlist&amp;list=PLthvYkVAJquow1GGMjAzGrfa6StllKUXN&amp;layout=gallery[\/embedyt]<\/p>\n<\/div>\n<\/div><\/div>\n<\/div>\n<\/div>\n<\/div>\n<\/div>\n<\/div>\n<div id=\"cmsmasters_row_nbb5rspd78\" class=\"cmsmasters_row cmsmasters_color_scheme_default cmsmasters_row_top_default cmsmasters_row_bot_default cmsmasters_row_boxed\">\n<div class=\"cmsmasters_row_outer_parent\">\n<div class=\"cmsmasters_row_outer\">\n<div class=\"cmsmasters_row_inner\">\n<div class=\"cmsmasters_row_margin\">\n<div id=\"cmsmasters_column_qkf47s0tw\" class=\"cmsmasters_column one_first\">\n<div class=\"cmsmasters_column_inner\"><div class=\"cmsmasters_text\">\n<h3>Resumos<\/h3>\n<p>Confira a sinopse das apresenta\u00e7\u00f5es selecionadas para o VI Congresso Internacional sobre Culturas<\/p>\n<\/div>\n<div id=\"blog_0fz3kssqa5\" class=\"cmsmasters_wrap_blog entry-summary\" data-layout=\"timeline\" data-layout-mode=\"\" data-url=\"https:\/\/culturas.cc\/congresso2020\/wp-content\/plugins\/cmsmasters-content-composer\/\" data-orderby=\"title\" data-order=\"DESC\" data-count=\"12\" data-categories=\"artes\" data-metadata=\"\" data-pagination=\"pagination\"><div class=\"blog timeline\"><!-- Start Post Timeline Article -->\r\n<article id=\"post-17319\" class=\"cmsmasters_post_timeline post-17319 post type-post status-publish format-standard has-post-thumbnail hentry category-artes category-resumos\">\r\n\t\t<div class=\"cmsmasters_timeline_margin\">\r\n\t\t<div class=\"cmsmasters_post_cont\">\r\n\t\t\t<div class=\"cmsmasters_post_cont_img_wrap\"><figure class=\"cmsmasters_img_wrap\"><a href=\"https:\/\/culturas.cc\/congresso2020\/17319\/\" title=\"Somente em Cores-Luz: Visita Guiada \u00e0 uma Exposi\u00e7\u00e3o que N\u00e3o Aconteceu\" class=\"cmsmasters_img_link preloader\"><img loading=\"lazy\" decoding=\"async\" width=\"580\" height=\"580\" src=\"https:\/\/i0.wp.com\/culturas.cc\/congresso2020\/wp-content\/uploads\/sites\/9\/2020\/11\/somente-em-cores-luz-visita-guiada-uma-exposi-o-que-n-o-aconteceu.jpg?resize=580%2C580&amp;ssl=1\" class=\"full-width wp-post-image\" alt=\"Somente em Cores-Luz: Visita Guiada \u00e0 uma Exposi\u00e7\u00e3o que N\u00e3o Aconteceu\" title=\"Somente em Cores-Luz: Visita Guiada \u00e0 uma Exposi\u00e7\u00e3o que N\u00e3o Aconteceu\" srcset=\"https:\/\/i0.wp.com\/culturas.cc\/congresso2020\/wp-content\/uploads\/sites\/9\/2020\/11\/somente-em-cores-luz-visita-guiada-uma-exposi-o-que-n-o-aconteceu.jpg?resize=150%2C150&amp;ssl=1 150w, https:\/\/i0.wp.com\/culturas.cc\/congresso2020\/wp-content\/uploads\/sites\/9\/2020\/11\/somente-em-cores-luz-visita-guiada-uma-exposi-o-que-n-o-aconteceu.jpg?resize=180%2C180&amp;ssl=1 180w, https:\/\/i0.wp.com\/culturas.cc\/congresso2020\/wp-content\/uploads\/sites\/9\/2020\/11\/somente-em-cores-luz-visita-guiada-uma-exposi-o-que-n-o-aconteceu.jpg?resize=580%2C580&amp;ssl=1 580w, https:\/\/i0.wp.com\/culturas.cc\/congresso2020\/wp-content\/uploads\/sites\/9\/2020\/11\/somente-em-cores-luz-visita-guiada-uma-exposi-o-que-n-o-aconteceu.jpg?zoom=2&amp;resize=580%2C580&amp;ssl=1 1160w\" sizes=\"auto, (max-width: 580px) 100vw, 580px\" \/><\/a><\/figure><\/div><header class=\"cmsmasters_post_header entry-header\"><h4 class=\"cmsmasters_post_title entry-title\"><a href=\"https:\/\/culturas.cc\/congresso2020\/17319\/\">Somente em Cores-Luz: Visita Guiada \u00e0 uma Exposi\u00e7\u00e3o que N\u00e3o Aconteceu<\/a><\/h4><\/header><div class=\"cmsmasters_post_content entry-content\">\n<p>Luciana Silveira<\/p>\n<\/div>\n\t\t<\/div>\r\n\t<\/div>\r\n<\/article>\r\n<!-- Finish Post Timeline Article -->\r\n\r\n<!-- Start Post Timeline Article -->\r\n<article id=\"post-17309\" class=\"cmsmasters_post_timeline post-17309 post type-post status-publish format-standard has-post-thumbnail hentry category-artes category-resumos\">\r\n\t\t<div class=\"cmsmasters_timeline_margin\">\r\n\t\t<div class=\"cmsmasters_post_cont\">\r\n\t\t\t<div class=\"cmsmasters_post_cont_img_wrap\"><figure class=\"cmsmasters_img_wrap\"><a href=\"https:\/\/culturas.cc\/congresso2020\/17309\/\" title=\"S O N O R A_01 a arte de sons de may hd + junix 11\" class=\"cmsmasters_img_link preloader\"><img loading=\"lazy\" decoding=\"async\" width=\"580\" height=\"580\" src=\"https:\/\/i0.wp.com\/culturas.cc\/congresso2020\/wp-content\/uploads\/sites\/9\/2020\/11\/s-o-n-o-r-a-01-a-arte-de-sons-de-may-hd-junix-11.jpg?resize=580%2C580&amp;ssl=1\" class=\"full-width wp-post-image\" alt=\"S O N O R A_01 a arte de sons de may hd + junix 11\" title=\"S O N O R A_01 a arte de sons de may hd + junix 11\" srcset=\"https:\/\/i0.wp.com\/culturas.cc\/congresso2020\/wp-content\/uploads\/sites\/9\/2020\/11\/s-o-n-o-r-a-01-a-arte-de-sons-de-may-hd-junix-11.jpg?resize=150%2C150&amp;ssl=1 150w, https:\/\/i0.wp.com\/culturas.cc\/congresso2020\/wp-content\/uploads\/sites\/9\/2020\/11\/s-o-n-o-r-a-01-a-arte-de-sons-de-may-hd-junix-11.jpg?resize=180%2C180&amp;ssl=1 180w, https:\/\/i0.wp.com\/culturas.cc\/congresso2020\/wp-content\/uploads\/sites\/9\/2020\/11\/s-o-n-o-r-a-01-a-arte-de-sons-de-may-hd-junix-11.jpg?resize=580%2C580&amp;ssl=1 580w, https:\/\/i0.wp.com\/culturas.cc\/congresso2020\/wp-content\/uploads\/sites\/9\/2020\/11\/s-o-n-o-r-a-01-a-arte-de-sons-de-may-hd-junix-11.jpg?zoom=2&amp;resize=580%2C580&amp;ssl=1 1160w\" sizes=\"auto, (max-width: 580px) 100vw, 580px\" \/><\/a><\/figure><\/div><header class=\"cmsmasters_post_header entry-header\"><h4 class=\"cmsmasters_post_title entry-title\"><a href=\"https:\/\/culturas.cc\/congresso2020\/17309\/\">S O N O R A_01 a arte de sons de may hd + junix 11<\/a><\/h4><\/header><div class=\"cmsmasters_post_content entry-content\">\n<p>11\u201947\u201d<br \/>\nDire\u00e7\u00e3o\/c\u00e2mera: Cl\u00e1udio Manoel Duarte <\/p>\n<\/div>\n\t\t<\/div>\r\n\t<\/div>\r\n<\/article>\r\n<!-- Finish Post Timeline Article -->\r\n\r\n<!-- Start Post Timeline Article -->\r\n<article id=\"post-17303\" class=\"cmsmasters_post_timeline post-17303 post type-post status-publish format-standard has-post-thumbnail hentry category-artes category-resumos\">\r\n\t\t<div class=\"cmsmasters_timeline_margin\">\r\n\t\t<div class=\"cmsmasters_post_cont\">\r\n\t\t\t<div class=\"cmsmasters_post_cont_img_wrap\"><figure class=\"cmsmasters_img_wrap\"><a href=\"https:\/\/culturas.cc\/congresso2020\/17303\/\" title=\"O DESZERTO \u2013 v\u00eddeo realizado para proje\u00e7\u00e3o em pe\u00e7a de teatro\" class=\"cmsmasters_img_link preloader\"><img loading=\"lazy\" decoding=\"async\" width=\"580\" height=\"580\" src=\"https:\/\/i0.wp.com\/culturas.cc\/congresso2020\/wp-content\/uploads\/sites\/9\/2020\/11\/o-deszerto-v-deo-realizado-para-proje-o-em-pe-a-de-teatro.jpg?resize=580%2C580&amp;ssl=1\" class=\"full-width wp-post-image\" alt=\"O DESZERTO \u2013 v\u00eddeo realizado para proje\u00e7\u00e3o em pe\u00e7a de teatro\" title=\"O DESZERTO \u2013 v\u00eddeo realizado para proje\u00e7\u00e3o em pe\u00e7a de teatro\" srcset=\"https:\/\/i0.wp.com\/culturas.cc\/congresso2020\/wp-content\/uploads\/sites\/9\/2020\/11\/o-deszerto-v-deo-realizado-para-proje-o-em-pe-a-de-teatro.jpg?resize=150%2C150&amp;ssl=1 150w, https:\/\/i0.wp.com\/culturas.cc\/congresso2020\/wp-content\/uploads\/sites\/9\/2020\/11\/o-deszerto-v-deo-realizado-para-proje-o-em-pe-a-de-teatro.jpg?resize=180%2C180&amp;ssl=1 180w, https:\/\/i0.wp.com\/culturas.cc\/congresso2020\/wp-content\/uploads\/sites\/9\/2020\/11\/o-deszerto-v-deo-realizado-para-proje-o-em-pe-a-de-teatro.jpg?resize=580%2C580&amp;ssl=1 580w, https:\/\/i0.wp.com\/culturas.cc\/congresso2020\/wp-content\/uploads\/sites\/9\/2020\/11\/o-deszerto-v-deo-realizado-para-proje-o-em-pe-a-de-teatro.jpg?zoom=2&amp;resize=580%2C580&amp;ssl=1 1160w\" sizes=\"auto, (max-width: 580px) 100vw, 580px\" \/><\/a><\/figure><\/div><header class=\"cmsmasters_post_header entry-header\"><h4 class=\"cmsmasters_post_title entry-title\"><a href=\"https:\/\/culturas.cc\/congresso2020\/17303\/\">O DESZERTO \u2013 v\u00eddeo realizado para proje\u00e7\u00e3o em pe\u00e7a de teatro<\/a><\/h4><\/header><div class=\"cmsmasters_post_content entry-content\">\n<p>Dura\u00e7\u00e3o: 3min35seg<br \/>\nMontagem: Raquel Junqueira<\/p>\n<\/div>\n\t\t<\/div>\r\n\t<\/div>\r\n<\/article>\r\n<!-- Finish Post Timeline Article -->\r\n\r\n<!-- Start Post Timeline Article -->\r\n<article id=\"post-17297\" class=\"cmsmasters_post_timeline post-17297 post type-post status-publish format-standard has-post-thumbnail hentry category-artes category-resumos\">\r\n\t\t<div class=\"cmsmasters_timeline_margin\">\r\n\t\t<div class=\"cmsmasters_post_cont\">\r\n\t\t\t<div class=\"cmsmasters_post_cont_img_wrap\"><figure class=\"cmsmasters_img_wrap\"><a href=\"https:\/\/culturas.cc\/congresso2020\/17297\/\" title=\"Nunca Antes ou Nag\u00f4 Birds\" class=\"cmsmasters_img_link preloader\"><img loading=\"lazy\" decoding=\"async\" width=\"480\" height=\"360\" src=\"https:\/\/i0.wp.com\/culturas.cc\/congresso2020\/wp-content\/uploads\/sites\/9\/2020\/11\/hqdefault.jpg?resize=480%2C360&amp;ssl=1\" class=\"full-width wp-post-image\" alt=\"Nunca Antes ou Nag\u00f4 Birds\" title=\"Nunca Antes ou Nag\u00f4 Birds\" srcset=\"https:\/\/i0.wp.com\/culturas.cc\/congresso2020\/wp-content\/uploads\/sites\/9\/2020\/11\/hqdefault.jpg?w=480&amp;ssl=1 480w, https:\/\/i0.wp.com\/culturas.cc\/congresso2020\/wp-content\/uploads\/sites\/9\/2020\/11\/hqdefault.jpg?resize=300%2C225&amp;ssl=1 300w\" sizes=\"auto, (max-width: 480px) 100vw, 480px\" \/><\/a><\/figure><\/div><header class=\"cmsmasters_post_header entry-header\"><h4 class=\"cmsmasters_post_title entry-title\"><a href=\"https:\/\/culturas.cc\/congresso2020\/17297\/\">Nunca Antes ou Nag\u00f4 Birds<\/a><\/h4><\/header><div class=\"cmsmasters_post_content entry-content\">\n<p>Dura\u00e7\u00e3o: 20min<br \/>\nDire\u00e7\u00e3o: Raquel Junqueira<\/p>\n<\/div>\n\t\t<\/div>\r\n\t<\/div>\r\n<\/article>\r\n<!-- Finish Post Timeline Article -->\r\n\r\n<!-- Start Post Timeline Article -->\r\n<article id=\"post-17315\" class=\"cmsmasters_post_timeline post-17315 post type-post status-publish format-standard has-post-thumbnail hentry category-artes category-resumos\">\r\n\t\t<div class=\"cmsmasters_timeline_margin\">\r\n\t\t<div class=\"cmsmasters_post_cont\">\r\n\t\t\t<div class=\"cmsmasters_post_cont_img_wrap\"><figure class=\"cmsmasters_img_wrap\"><a href=\"https:\/\/culturas.cc\/congresso2020\/17315\/\" title=\"Document\u00e1rio: Danilo &#038; Viconia\" class=\"cmsmasters_img_link preloader\"><img loading=\"lazy\" decoding=\"async\" width=\"580\" height=\"580\" src=\"https:\/\/i0.wp.com\/culturas.cc\/congresso2020\/wp-content\/uploads\/sites\/9\/2020\/11\/document-rio-danilo-viconia.jpg?resize=580%2C580&amp;ssl=1\" class=\"full-width wp-post-image\" alt=\"Document\u00e1rio: Danilo &#038; Viconia\" title=\"Document\u00e1rio: Danilo &#038; Viconia\" srcset=\"https:\/\/i0.wp.com\/culturas.cc\/congresso2020\/wp-content\/uploads\/sites\/9\/2020\/11\/document-rio-danilo-viconia.jpg?resize=150%2C150&amp;ssl=1 150w, https:\/\/i0.wp.com\/culturas.cc\/congresso2020\/wp-content\/uploads\/sites\/9\/2020\/11\/document-rio-danilo-viconia.jpg?resize=180%2C180&amp;ssl=1 180w, https:\/\/i0.wp.com\/culturas.cc\/congresso2020\/wp-content\/uploads\/sites\/9\/2020\/11\/document-rio-danilo-viconia.jpg?resize=580%2C580&amp;ssl=1 580w, https:\/\/i0.wp.com\/culturas.cc\/congresso2020\/wp-content\/uploads\/sites\/9\/2020\/11\/document-rio-danilo-viconia.jpg?zoom=2&amp;resize=580%2C580&amp;ssl=1 1160w\" sizes=\"auto, (max-width: 580px) 100vw, 580px\" \/><\/a><\/figure><\/div><header class=\"cmsmasters_post_header entry-header\"><h4 class=\"cmsmasters_post_title entry-title\"><a href=\"https:\/\/culturas.cc\/congresso2020\/17315\/\">Document\u00e1rio: Danilo &#038; Viconia<\/a><\/h4><\/header><div class=\"cmsmasters_post_content entry-content\">\n<p>Dire\u00e7\u00e3o Izabela Alcantara <\/p>\n<\/div>\n\t\t<\/div>\r\n\t<\/div>\r\n<\/article>\r\n<!-- Finish Post Timeline Article -->\r\n\r\n<!-- Start Post Timeline Article -->\r\n<article id=\"post-17462\" class=\"cmsmasters_post_timeline post-17462 post type-post status-publish format-standard has-post-thumbnail hentry category-artes category-resumos\">\r\n\t\t<div class=\"cmsmasters_timeline_margin\">\r\n\t\t<div class=\"cmsmasters_post_cont\">\r\n\t\t\t<div class=\"cmsmasters_post_cont_img_wrap\"><figure class=\"cmsmasters_img_wrap\"><a href=\"https:\/\/culturas.cc\/congresso2020\/17462\/\" title=\"Compondo o Som: Experimentos compositivos resultantes de processos de cria\u00e7\u00e3o colaborativa entre Baixo el\u00e9trico e Piano ac\u00fastico\" class=\"cmsmasters_img_link preloader\"><img loading=\"lazy\" decoding=\"async\" width=\"580\" height=\"580\" src=\"https:\/\/i0.wp.com\/culturas.cc\/congresso2020\/wp-content\/uploads\/sites\/9\/2020\/11\/compondo-o-som-experimentos-compositivos-resultantes-de-processos-de-cria-o-colaborativa-entre-o-baixo-el-trico-e-instrumentos-sinf-nicos-de-tessitura-m-dio-grave.jpg?resize=580%2C580&amp;ssl=1\" class=\"full-width wp-post-image\" alt=\"Compondo o Som: Experimentos compositivos resultantes de processos de cria\u00e7\u00e3o colaborativa entre Baixo el\u00e9trico e Piano ac\u00fastico\" title=\"Compondo o Som: Experimentos compositivos resultantes de processos de cria\u00e7\u00e3o colaborativa entre o Baixo el\u00e9trico e instrumentos sinf\u00f4nicos de tessitura m\u00e9dio-grave\" srcset=\"https:\/\/i0.wp.com\/culturas.cc\/congresso2020\/wp-content\/uploads\/sites\/9\/2020\/11\/compondo-o-som-experimentos-compositivos-resultantes-de-processos-de-cria-o-colaborativa-entre-o-baixo-el-trico-e-instrumentos-sinf-nicos-de-tessitura-m-dio-grave.jpg?resize=150%2C150&amp;ssl=1 150w, https:\/\/i0.wp.com\/culturas.cc\/congresso2020\/wp-content\/uploads\/sites\/9\/2020\/11\/compondo-o-som-experimentos-compositivos-resultantes-de-processos-de-cria-o-colaborativa-entre-o-baixo-el-trico-e-instrumentos-sinf-nicos-de-tessitura-m-dio-grave.jpg?resize=180%2C180&amp;ssl=1 180w, https:\/\/i0.wp.com\/culturas.cc\/congresso2020\/wp-content\/uploads\/sites\/9\/2020\/11\/compondo-o-som-experimentos-compositivos-resultantes-de-processos-de-cria-o-colaborativa-entre-o-baixo-el-trico-e-instrumentos-sinf-nicos-de-tessitura-m-dio-grave.jpg?resize=580%2C580&amp;ssl=1 580w, https:\/\/i0.wp.com\/culturas.cc\/congresso2020\/wp-content\/uploads\/sites\/9\/2020\/11\/compondo-o-som-experimentos-compositivos-resultantes-de-processos-de-cria-o-colaborativa-entre-o-baixo-el-trico-e-instrumentos-sinf-nicos-de-tessitura-m-dio-grave.jpg?zoom=2&amp;resize=580%2C580&amp;ssl=1 1160w\" sizes=\"auto, (max-width: 580px) 100vw, 580px\" \/><\/a><\/figure><\/div><header class=\"cmsmasters_post_header entry-header\"><h4 class=\"cmsmasters_post_title entry-title\"><a href=\"https:\/\/culturas.cc\/congresso2020\/17462\/\">Compondo o Som: Experimentos compositivos resultantes de processos de cria\u00e7\u00e3o colaborativa entre Baixo el\u00e9trico e Piano ac\u00fastico<\/a><\/h4><\/header><div class=\"cmsmasters_post_content entry-content\">\n<p>Gilm\u00e1rio Bispo (Me. compositor, baixista)<\/p>\n<\/div>\n\t\t<\/div>\r\n\t<\/div>\r\n<\/article>\r\n<!-- Finish Post Timeline Article -->\r\n\r\n<!-- Start Post Timeline Article -->\r\n<article id=\"post-17306\" class=\"cmsmasters_post_timeline post-17306 post type-post status-publish format-standard has-post-thumbnail hentry category-artes\">\r\n\t\t<div class=\"cmsmasters_timeline_margin\">\r\n\t\t<div class=\"cmsmasters_post_cont\">\r\n\t\t\t<div class=\"cmsmasters_post_cont_img_wrap\"><figure class=\"cmsmasters_img_wrap\"><a href=\"https:\/\/culturas.cc\/congresso2020\/17306\/\" title=\"COLETIVO NOVOS CACHOEIRANOS\" class=\"cmsmasters_img_link preloader\"><img loading=\"lazy\" decoding=\"async\" width=\"580\" height=\"580\" src=\"https:\/\/i0.wp.com\/culturas.cc\/congresso2020\/wp-content\/uploads\/sites\/9\/2020\/11\/coletivo-novos-cachoeiranos.jpg?resize=580%2C580&amp;ssl=1\" class=\"full-width wp-post-image\" alt=\"COLETIVO NOVOS CACHOEIRANOS\" title=\"COLETIVO NOVOS CACHOEIRANOS\" srcset=\"https:\/\/i0.wp.com\/culturas.cc\/congresso2020\/wp-content\/uploads\/sites\/9\/2020\/11\/coletivo-novos-cachoeiranos.jpg?resize=150%2C150&amp;ssl=1 150w, https:\/\/i0.wp.com\/culturas.cc\/congresso2020\/wp-content\/uploads\/sites\/9\/2020\/11\/coletivo-novos-cachoeiranos.jpg?resize=180%2C180&amp;ssl=1 180w, https:\/\/i0.wp.com\/culturas.cc\/congresso2020\/wp-content\/uploads\/sites\/9\/2020\/11\/coletivo-novos-cachoeiranos.jpg?resize=580%2C580&amp;ssl=1 580w, https:\/\/i0.wp.com\/culturas.cc\/congresso2020\/wp-content\/uploads\/sites\/9\/2020\/11\/coletivo-novos-cachoeiranos.jpg?zoom=2&amp;resize=580%2C580&amp;ssl=1 1160w\" sizes=\"auto, (max-width: 580px) 100vw, 580px\" \/><\/a><\/figure><\/div><header class=\"cmsmasters_post_header entry-header\"><h4 class=\"cmsmasters_post_title entry-title\"><a href=\"https:\/\/culturas.cc\/congresso2020\/17306\/\">COLETIVO NOVOS CACHOEIRANOS<\/a><\/h4><\/header><div class=\"cmsmasters_post_content entry-content\">\n<p>15\u201922\u201d<br \/>\nColetivo Novos Cachoeiranos<br \/>\num v\u00eddeo de Cl\u00e1udio Manoel Duarte <\/p>\n<\/div>\n\t\t<\/div>\r\n\t<\/div>\r\n<\/article>\r\n<!-- Finish Post Timeline Article -->\r\n\r\n<!-- Start Post Timeline Article -->\r\n<article id=\"post-17312\" class=\"cmsmasters_post_timeline post-17312 post type-post status-publish format-standard has-post-thumbnail hentry category-artes category-resumos\">\r\n\t\t<div class=\"cmsmasters_timeline_margin\">\r\n\t\t<div class=\"cmsmasters_post_cont\">\r\n\t\t\t<div class=\"cmsmasters_post_cont_img_wrap\"><figure class=\"cmsmasters_img_wrap\"><a href=\"https:\/\/culturas.cc\/congresso2020\/17312\/\" title=\"A U R A T A\" class=\"cmsmasters_img_link preloader\"><img loading=\"lazy\" decoding=\"async\" width=\"580\" height=\"580\" src=\"https:\/\/i0.wp.com\/culturas.cc\/congresso2020\/wp-content\/uploads\/sites\/9\/2020\/11\/a-u-r-a-t-a.jpg?resize=580%2C580&amp;ssl=1\" class=\"full-width wp-post-image\" alt=\"A U R A T A\" title=\"A U R A T A\" srcset=\"https:\/\/i0.wp.com\/culturas.cc\/congresso2020\/wp-content\/uploads\/sites\/9\/2020\/11\/a-u-r-a-t-a.jpg?resize=150%2C150&amp;ssl=1 150w, https:\/\/i0.wp.com\/culturas.cc\/congresso2020\/wp-content\/uploads\/sites\/9\/2020\/11\/a-u-r-a-t-a.jpg?resize=180%2C180&amp;ssl=1 180w, https:\/\/i0.wp.com\/culturas.cc\/congresso2020\/wp-content\/uploads\/sites\/9\/2020\/11\/a-u-r-a-t-a.jpg?resize=580%2C580&amp;ssl=1 580w, https:\/\/i0.wp.com\/culturas.cc\/congresso2020\/wp-content\/uploads\/sites\/9\/2020\/11\/a-u-r-a-t-a.jpg?zoom=2&amp;resize=580%2C580&amp;ssl=1 1160w\" sizes=\"auto, (max-width: 580px) 100vw, 580px\" \/><\/a><\/figure><\/div><header class=\"cmsmasters_post_header entry-header\"><h4 class=\"cmsmasters_post_title entry-title\"><a href=\"https:\/\/culturas.cc\/congresso2020\/17312\/\">A U R A T A<\/a><\/h4><\/header><div class=\"cmsmasters_post_content entry-content\">\n<p>5\u201920\u201d<br \/>\nc\u00e2mera\/dire\u00e7\u00e3o CL\u00c1UDIO MANOEL DUARTE <\/p>\n<\/div>\n\t\t<\/div>\r\n\t<\/div>\r\n<\/article>\r\n<!-- Finish Post Timeline Article -->\r\n\r\n<\/div><div class=\"cmsmasters_wrap_more_posts cmsmasters_wrap_more_items\"><\/div><\/div>\n<\/div><\/div>\n<\/div>\n<\/div>\n<\/div>\n<\/div>\n<\/div>\n\n","protected":false},"excerpt":{"rendered":"<p>Apresenta\u00e7\u00f5es art\u00edsticas e mostra de v\u00eddeos curtas &#8211; Assista agora!<\/p>\n","protected":false},"author":1,"featured_media":17271,"template":"","meta":{"_bbp_topic_count":0,"_bbp_reply_count":0,"_bbp_total_topic_count":0,"_bbp_total_reply_count":0,"_bbp_voice_count":0,"_bbp_anonymous_reply_count":0,"_bbp_topic_count_hidden":0,"_bbp_reply_count_hidden":0,"_bbp_forum_subforum_count":0,"_tribe_events_status":"","_tribe_events_status_reason":"","footnotes":""},"tags":[],"tribe_events_cat":[141,142,147,80,150,151],"class_list":["post-17080","tribe_events","type-tribe_events","status-publish","has-post-thumbnail","hentry","tribe_events_cat-18-nov-20","tribe_events_cat-19-nov-20","tribe_events_cat-20-nov-20","tribe_events_cat-congresso-2020","tribe_events_cat-painel-19nov","tribe_events_cat-painel-20nov"],"jetpack_sharing_enabled":true,"_links":{"self":[{"href":"https:\/\/culturas.cc\/congresso2020\/wp-json\/wp\/v2\/tribe_events\/17080","targetHints":{"allow":["GET"]}}],"collection":[{"href":"https:\/\/culturas.cc\/congresso2020\/wp-json\/wp\/v2\/tribe_events"}],"about":[{"href":"https:\/\/culturas.cc\/congresso2020\/wp-json\/wp\/v2\/types\/tribe_events"}],"author":[{"embeddable":true,"href":"https:\/\/culturas.cc\/congresso2020\/wp-json\/wp\/v2\/users\/1"}],"version-history":[{"count":27,"href":"https:\/\/culturas.cc\/congresso2020\/wp-json\/wp\/v2\/tribe_events\/17080\/revisions"}],"predecessor-version":[{"id":17459,"href":"https:\/\/culturas.cc\/congresso2020\/wp-json\/wp\/v2\/tribe_events\/17080\/revisions\/17459"}],"wp:featuredmedia":[{"embeddable":true,"href":"https:\/\/culturas.cc\/congresso2020\/wp-json\/wp\/v2\/media\/17271"}],"wp:attachment":[{"href":"https:\/\/culturas.cc\/congresso2020\/wp-json\/wp\/v2\/media?parent=17080"}],"wp:term":[{"taxonomy":"post_tag","embeddable":true,"href":"https:\/\/culturas.cc\/congresso2020\/wp-json\/wp\/v2\/tags?post=17080"},{"taxonomy":"tribe_events_cat","embeddable":true,"href":"https:\/\/culturas.cc\/congresso2020\/wp-json\/wp\/v2\/tribe_events_cat?post=17080"}],"curies":[{"name":"wp","href":"https:\/\/api.w.org\/{rel}","templated":true}]}}