{"id":17078,"date":"2020-11-16T16:34:04","date_gmt":"2020-11-16T19:34:04","guid":{"rendered":"https:\/\/culturas.cc\/congresso2020\/?post_type=tribe_events&#038;p=17078"},"modified":"2020-11-20T00:40:03","modified_gmt":"2020-11-20T03:40:03","slug":"lancamento-de-livros","status":"publish","type":"tribe_events","link":"https:\/\/culturas.cc\/congresso2020\/event\/lancamento-de-livros\/","title":{"rendered":"Lan\u00e7amento de livros"},"content":{"rendered":"<div id=\"cmsmasters_row_fi9ymro1yg\" class=\"cmsmasters_row cmsmasters_color_scheme_default cmsmasters_row_top_default cmsmasters_row_bot_default cmsmasters_row_boxed\">\n<div class=\"cmsmasters_row_outer_parent\">\n<div class=\"cmsmasters_row_outer\">\n<div class=\"cmsmasters_row_inner\">\n<div class=\"cmsmasters_row_margin\">\n<div id=\"cmsmasters_column_jjslh8z39\" class=\"cmsmasters_column one_first\">\n<div class=\"cmsmasters_column_inner\"><div class=\"cmsmasters_text\">\n<h2>Reveja a live!<\/h2>\n<p>[embedyt] https:\/\/www.youtube.com\/watch?v=oqQoIY9MvA8&amp;live=1[\/embedyt]<\/p>\n<\/div>\n<\/div><\/div>\n<\/div>\n<\/div>\n<\/div>\n<\/div>\n<\/div>\n<div id=\"cmsmasters_row_5a15fd1a8b\" class=\"cmsmasters_row cmsmasters_color_scheme_default cmsmasters_row_top_default cmsmasters_row_bot_default cmsmasters_row_boxed\">\n<div class=\"cmsmasters_row_outer_parent\">\n<div class=\"cmsmasters_row_outer\">\n<div class=\"cmsmasters_row_inner\">\n<div class=\"cmsmasters_row_margin\">\n<div id=\"cmsmasters_column_\" class=\"cmsmasters_column one_first\">\n<div class=\"cmsmasters_column_inner\"><div class=\"cmsmasters_tabs tabs_mode_tour tabs_pos_left\">\n<ul class=\"cmsmasters_tabs_list\">\n<li id=\"cmsmasters_tabs_list_item_3s7hr37oa2\" class=\"cmsmasters_tabs_list_item current_tab\">\n<a href=\"#\">\n<span>Livro 1<\/span>\n<\/a>\n<\/li><li id=\"cmsmasters_tabs_list_item_m1sl8voc77\" class=\"cmsmasters_tabs_list_item\">\n<a href=\"#\">\n<span>Livro 2<\/span>\n<\/a>\n<\/li><li id=\"cmsmasters_tabs_list_item_ld3d1218o9\" class=\"cmsmasters_tabs_list_item\">\n<a href=\"#\">\n<span>Livro 3<\/span>\n<\/a>\n<\/li><li id=\"cmsmasters_tabs_list_item_732j8ckulm\" class=\"cmsmasters_tabs_list_item\">\n<a href=\"#\">\n<span>Livro 4<\/span>\n<\/a>\n<\/li><li id=\"cmsmasters_tabs_list_item_mgmc37yqv9\" class=\"cmsmasters_tabs_list_item\">\n<a href=\"#\">\n<span>Livro 5<\/span>\n<\/a>\n<\/li><li id=\"cmsmasters_tabs_list_item_d8x7p6qkc9\" class=\"cmsmasters_tabs_list_item\">\n<a href=\"#\">\n<span>Livro 6<\/span>\n<\/a>\n<\/li><li id=\"cmsmasters_tabs_list_item_bjk2zc9qzk\" class=\"cmsmasters_tabs_list_item\">\n<a href=\"#\">\n<span>Livro 7<\/span>\n<\/a>\n<\/li><li id=\"cmsmasters_tabs_list_item_yotlhnvrj\" class=\"cmsmasters_tabs_list_item\">\n<a href=\"#\">\n<span>Livro 8<\/span>\n<\/a>\n<\/li><li id=\"cmsmasters_tabs_list_item_6n04t4xhic\" class=\"cmsmasters_tabs_list_item\">\n<a href=\"#\">\n<span>Livro 9<\/span>\n<\/a>\n<\/li><\/ul>\n<div class=\"cmsmasters_tabs_wrap\">\n<div id=\"cmsmasters_tab_3s7hr37oa2\" class=\"cmsmasters_tab active_tab\">\n<div class=\"cmsmasters_tab_inner\">\n<p>&nbsp;<\/p>\n<h2><a href=\"https:\/\/i0.wp.com\/culturas.cc\/congresso2020\/wp-content\/uploads\/sites\/9\/2020\/11\/01.jpeg?ssl=1\"><img data-recalc-dims=\"1\" loading=\"lazy\" decoding=\"async\" class=\"alignleft size-medium wp-image-17009\" src=\"https:\/\/i0.wp.com\/culturas.cc\/congresso2020\/wp-content\/uploads\/sites\/9\/2020\/11\/01.jpeg?resize=169%2C300&#038;ssl=1\" alt=\"\" width=\"169\" height=\"300\" srcset=\"https:\/\/i0.wp.com\/culturas.cc\/congresso2020\/wp-content\/uploads\/sites\/9\/2020\/11\/01.jpeg?resize=169%2C300&amp;ssl=1 169w, https:\/\/i0.wp.com\/culturas.cc\/congresso2020\/wp-content\/uploads\/sites\/9\/2020\/11\/01.jpeg?resize=576%2C1024&amp;ssl=1 576w, https:\/\/i0.wp.com\/culturas.cc\/congresso2020\/wp-content\/uploads\/sites\/9\/2020\/11\/01.jpeg?resize=580%2C1031&amp;ssl=1 580w, https:\/\/i0.wp.com\/culturas.cc\/congresso2020\/wp-content\/uploads\/sites\/9\/2020\/11\/01.jpeg?w=720&amp;ssl=1 720w\" sizes=\"auto, (max-width: 169px) 100vw, 169px\" \/><\/a>Mem\u00f3ria e Sensibilidade na Cultura Contempor\u00e2nea<\/h2>\n<p>Pensar sobre memo\u0301ria e sensibilidade no momento contempora\u0302neo nos convoca a refletir sobre as lembranc\u0327as que constituem nossos lac\u0327os culturais com uma comunidade, com um povo; e so\u0301 atrave\u0301s da afetac\u0327a\u0303o corporal, do envolvimento dos nossos sentidos e ativac\u0327a\u0303o dos nossos sentimentos, que sedimentos de experie\u0302ncias se configuram no que reconhecemos como cultura, numa dina\u0302mica movente e instigante. Al\u00e9m disso, \u00e9 preciso reconhecer a dina\u0302mica imaginativa que impulsiona a capacidade de transformac\u0327a\u0303o pessoal e coletiva que esta mesma cultura proporciona, constituindo novos e outros horizontes. As tema\u0301ticas aqui apresentadas sa\u0303o extremamente abrangentes e espelham a diversidade que grandes temas como a cultura, a sensibilidade e a memo\u0301ria suscitam, sempre perpassadas e ancoradas num corpo. O livro, que traz o selo da EDUFRB, resulta das atividades realizadas no IV Congresso Internacional sobre Culturas, que ocorreu na Universidade Federal do Rec\u00f4ncavo da Bahia, em Cachoeira, em 2018. O Congresso integra a coopera\u00e7\u00e3o entre as Universidades do Minho, Universidade de Beira Interior, Universidade Federal da Bahia, Universidade Federal do Rec\u00f4ncavo da Bahia e, mais recentemente, a Universidade de Zambeze. A colet\u00e2nea est\u00e1 divida em quatro eixos tem\u00e1ticos: 1 Processos criativos e patrimo\u0302nio cultural; 2 Memo\u0301ria e Contextos Culturais; 3 Diversidade Cultural e Novas Narrativas e 4 Sensibilizac\u0327a\u0303o da Cultura e Culturalizac\u0327a\u0303o do Sensi\u0301vel. Colaboram nesta edic\u0327a\u0303o cerca de 10 pesquisadores representando as universidades parceiras.<\/p>\n<div id=\"cmsmasters_button_haiejrhyf\" class=\"button_wrap\"><a href=\"http:\/\/repositorio.ufrb.edu.br\/bitstream\/prefix\/1127\/1\/Mem%C3%B3ria%20e%20sensibilidade%20na%20cultura%20contempor%C3%A2nea.pdf\" class=\"cmsmasters_button\"><span>Baixar \/ Download<\/span><\/a><\/div>\n<div id=\"cmsmasters_divider_zswejfvcl\" class=\"cmsmasters_divider cmsmasters_divider_width_long cmsmasters_divider_pos_center\"><\/div>\n<h3>Autor\/Organizador<\/h3>\n<p><strong>Renata Pitombo Cidreira<\/strong> | Jornalista, doutora em Comunica\u00e7\u00e3o e Cultura Contempor\u00e2neas pela UFBA, com p\u00f3s-doutorado em sociologia pela Universit\u00e9 Ren\u00e9 Descartes (Paris V \u2013 Sorbonne). Professora da Universidade Federal do Rec\u00f4ncavo da Bahia (UFRB) e autora dos livros Os Sentidos da Moda (Annablume, 2005), A Sagra\u00e7\u00e3o da Apar\u00eancia (EDUFBA, 2011), As Formas da Moda (Annablume, 2013), A moda numa perspectiva compreensiva (Editora UFRB, 2014), entre outros.<\/p>\n<\/div>\n<\/div><div id=\"cmsmasters_tab_m1sl8voc77\" class=\"cmsmasters_tab\">\n<div class=\"cmsmasters_tab_inner\">\n<h2><a href=\"https:\/\/i0.wp.com\/culturas.cc\/congresso2020\/wp-content\/uploads\/sites\/9\/2020\/11\/02.jpg?ssl=1\"><img data-recalc-dims=\"1\" loading=\"lazy\" decoding=\"async\" class=\"alignleft wp-image-17011 size-medium\" src=\"https:\/\/i0.wp.com\/culturas.cc\/congresso2020\/wp-content\/uploads\/sites\/9\/2020\/11\/02.jpg?resize=209%2C300&#038;ssl=1\" alt=\"\" width=\"209\" height=\"300\" srcset=\"https:\/\/i0.wp.com\/culturas.cc\/congresso2020\/wp-content\/uploads\/sites\/9\/2020\/11\/02.jpg?resize=209%2C300&amp;ssl=1 209w, https:\/\/i0.wp.com\/culturas.cc\/congresso2020\/wp-content\/uploads\/sites\/9\/2020\/11\/02.jpg?resize=714%2C1024&amp;ssl=1 714w, https:\/\/i0.wp.com\/culturas.cc\/congresso2020\/wp-content\/uploads\/sites\/9\/2020\/11\/02.jpg?resize=768%2C1101&amp;ssl=1 768w, https:\/\/i0.wp.com\/culturas.cc\/congresso2020\/wp-content\/uploads\/sites\/9\/2020\/11\/02.jpg?resize=1071%2C1536&amp;ssl=1 1071w, https:\/\/i0.wp.com\/culturas.cc\/congresso2020\/wp-content\/uploads\/sites\/9\/2020\/11\/02.jpg?resize=1428%2C2048&amp;ssl=1 1428w, https:\/\/i0.wp.com\/culturas.cc\/congresso2020\/wp-content\/uploads\/sites\/9\/2020\/11\/02.jpg?resize=580%2C832&amp;ssl=1 580w, https:\/\/i0.wp.com\/culturas.cc\/congresso2020\/wp-content\/uploads\/sites\/9\/2020\/11\/02.jpg?resize=860%2C1233&amp;ssl=1 860w, https:\/\/i0.wp.com\/culturas.cc\/congresso2020\/wp-content\/uploads\/sites\/9\/2020\/11\/02.jpg?resize=1160%2C1663&amp;ssl=1 1160w, https:\/\/i0.wp.com\/culturas.cc\/congresso2020\/wp-content\/uploads\/sites\/9\/2020\/11\/02.jpg?w=1576&amp;ssl=1 1576w\" sizes=\"auto, (max-width: 209px) 100vw, 209px\" \/><\/a>Da Bela Velhice \u00e0s Velhinhas de Bengala<\/h2>\n<p>O que significa envelhecer para as mulheres hoje em dia? \u00c9 com base nessa pergunta que este livro discute os sentidos atribu\u00eddos \u00e0 velhice e ao envelhecimento das mulheres. O livro \u00e9 fruto da pesquisa de mestrado da autora, defendida no Programa de P\u00f3s-Gradua\u00e7\u00e3o em Estudos Culturais da Escola de Artes, Ci\u00eancias e Humanidades da Universidade de S\u00e3o Paulo (EACH-USP). A partir de uma abordagem qualitativa e seguindo uma perspectiva interdisciplinar, s\u00e3o discutidos os sentidos atribu\u00eddos ao envelhecimento e \u00e0 velhice por dez mulheres com mais de 50 anos, pertencentes \u00e0s camadas m\u00e9dias populacionais e moradoras da Regi\u00e3o Metropolitana de S\u00e3o Paulo. \u00c0s narrativas das interlocutoras, costura-se a an\u00e1lise e reflex\u00e3o sobre certos discursos midi\u00e1ticos e institucionais, sobretudo aqueles associados ao envelhecimento ativo. A discuss\u00e3o est\u00e1 organizada em quatro eixos: as percep\u00e7\u00f5es acerca da velhice e do processo de envelhecimento, as transforma\u00e7\u00f5es corporais relacionadas a esses fen\u00f4menos, as especificidades do envelhecimento feminino e a rela\u00e7\u00e3o entre menopausa e envelhecimento. O trabalho visa contribuir para a an\u00e1lise do envelhecimento feminino, refletindo sobre a interlocu\u00e7\u00e3o entre discursos hegem\u00f4nicos, pr\u00e1ticas sociais e subjetividades, evidenciando tamb\u00e9m os modos atrav\u00e9s dos quais as mulheres est\u00e3o vivenciando esse fen\u00f4meno na contemporaneidade.<\/p>\n<div id=\"cmsmasters_button_7ilepuabt0\" class=\"button_wrap\"><a href=\"https:\/\/www.editoraletramento.com.br\/produto\/da-bela-velhice-as-velhinhas-de-bengala-305\" class=\"cmsmasters_button\"><span>onde encontrar<\/span><\/a><\/div>\n<div id=\"cmsmasters_divider_oorihiqy7b\" class=\"cmsmasters_divider cmsmasters_divider_width_long cmsmasters_divider_pos_center\"><\/div>\n<h3>Autor\/Organizador<\/h3>\n<p><strong>Aline A. V. Ribeiro<\/strong> | doutoranda em Ci\u00eancias Sociais na Universidade Estadual de Campinas (UNICAMP) e pesquisadora discente do N\u00facleo de Estudos de G\u00eanero &#8211; PAGU da UNICAMP. \u00c9 mestra em Filosofia, com \u00e1rea de concentra\u00e7\u00e3o em Estudos Culturais, pela Universidade de S\u00e3o Paulo (USP), p\u00f3s-graduada em Sa\u00fade Coletiva pelo Instituto de Sa\u00fade de S\u00e3o Paulo (IS-SES\/SP), bacharela e licenciada em Ci\u00eancias Sociais pela Universidade de S\u00e3o Paulo (USP). Tem experi\u00eancia nas \u00e1reas de Sa\u00fade Coletiva e Ci\u00eancias Sociais, com destaque para os temas: sa\u00fade das mulheres; g\u00eanero; envelhecimento; sociologia e antropologia da sa\u00fade; sociologia e antropologia do corpo.<\/p>\n<\/div>\n<\/div><div id=\"cmsmasters_tab_ld3d1218o9\" class=\"cmsmasters_tab\">\n<div class=\"cmsmasters_tab_inner\">\n<h2><a href=\"https:\/\/i0.wp.com\/culturas.cc\/congresso2020\/wp-content\/uploads\/sites\/9\/2020\/11\/03.jpg?ssl=1\"><img data-recalc-dims=\"1\" loading=\"lazy\" decoding=\"async\" class=\"alignleft size-medium wp-image-17017\" src=\"https:\/\/i0.wp.com\/culturas.cc\/congresso2020\/wp-content\/uploads\/sites\/9\/2020\/11\/03.jpg?resize=222%2C300&#038;ssl=1\" alt=\"\" width=\"222\" height=\"300\" srcset=\"https:\/\/i0.wp.com\/culturas.cc\/congresso2020\/wp-content\/uploads\/sites\/9\/2020\/11\/03.jpg?resize=222%2C300&amp;ssl=1 222w, https:\/\/i0.wp.com\/culturas.cc\/congresso2020\/wp-content\/uploads\/sites\/9\/2020\/11\/03.jpg?resize=757%2C1024&amp;ssl=1 757w, https:\/\/i0.wp.com\/culturas.cc\/congresso2020\/wp-content\/uploads\/sites\/9\/2020\/11\/03.jpg?resize=768%2C1039&amp;ssl=1 768w, https:\/\/i0.wp.com\/culturas.cc\/congresso2020\/wp-content\/uploads\/sites\/9\/2020\/11\/03.jpg?resize=580%2C785&amp;ssl=1 580w, https:\/\/i0.wp.com\/culturas.cc\/congresso2020\/wp-content\/uploads\/sites\/9\/2020\/11\/03.jpg?resize=860%2C1164&amp;ssl=1 860w, https:\/\/i0.wp.com\/culturas.cc\/congresso2020\/wp-content\/uploads\/sites\/9\/2020\/11\/03.jpg?w=1000&amp;ssl=1 1000w\" sizes=\"auto, (max-width: 222px) 100vw, 222px\" \/><\/a>Imagem e Resist\u00eancia \/ Imagem e Subvers\u00e3o<\/h2>\n<p>A d\u00e9cima edi\u00e7\u00e3o do TOM Caderno de Ensaios da Universidade Federal do Paran\u00e1 \u00e9 resultado do projeto de extens\u00e3o universit\u00e1ria denominado TOM &#8211; Laborat\u00f3rio de Pr\u00e1ticas de Comunica\u00e7\u00e3o e Difus\u00e3o para a Cultura, realizado pela Coordenadoria de Cultura da Pr\u00f3-Reitoria de Extens\u00e3o e Cultura da UFPR. Este projeto foi delineado em conson\u00e2ncia com a Conven\u00e7\u00e3o sobre a Prote\u00e7\u00e3o e Promo\u00e7\u00e3o da Diversidade das Express\u00f5es Culturais &#8211; UNESCO, e com o Plano Nacional de Cultura (Lei n\u00b0 12.343\/2010), que entre suas metas prop\u00f5e promover a comunica\u00e7\u00e3o para a cultura. Desta forma, o TOM &#8211; Laborat\u00f3rio de Pr\u00e1ticas de Comunica\u00e7\u00e3o e Difus\u00e3o para a Cultura tem como principal objetivo incentivar e difundir a cr\u00edtica e a reflex\u00e3o sobre as produ\u00e7\u00f5es art\u00edsticas e culturais, com \u00eanfase na cidadania e no respeito \u00e0 diversidade cultural.<\/p>\n<p>A publica\u00e7\u00e3o, que conta com 392 p\u00e1ginas, desperta a vontade de conhecer mais a rela\u00e7\u00e3o entre as imagens e o cotidiano sob uma perspectiva cr\u00edtica e provocativa.\u00a0 Incentiva a reflex\u00e3o das imagens que interpelam sobre como organiza-se o social, como assimila-se o olhar do outro e de que forma podem ressignificar nossas vidas.<\/p>\n<div id=\"cmsmasters_button_xpxinsvu7i\" class=\"button_wrap\"><a href=\"https:\/\/issuu.com\/tom_ufpr\/docs\/tom_ufpr_v5__n10__2019\" class=\"cmsmasters_button\"><span>Baixar \/ Download<\/span><\/a><\/div>\n<div id=\"cmsmasters_divider_7eyiwt76p\" class=\"cmsmasters_divider cmsmasters_divider_width_long cmsmasters_divider_pos_center\"><\/div>\n<h3>Autor\/Organizador<\/h3>\n<p>Curadoria de Marilda Queluz, Marin\u00eas Ribeiro dos Santos e Kando Fukushima,\u00a0 pesquisadores na \u00e1rea do Design e professores da Universidade Tecnol\u00f3gica Federal do Paran\u00e1.<\/p>\n<\/div>\n<\/div><div id=\"cmsmasters_tab_732j8ckulm\" class=\"cmsmasters_tab\">\n<div class=\"cmsmasters_tab_inner\">\n<h2><a href=\"https:\/\/i0.wp.com\/culturas.cc\/congresso2020\/wp-content\/uploads\/sites\/9\/2020\/11\/06.jpg?ssl=1\"><img data-recalc-dims=\"1\" loading=\"lazy\" decoding=\"async\" class=\"alignleft size-medium wp-image-17116\" src=\"https:\/\/i0.wp.com\/culturas.cc\/congresso2020\/wp-content\/uploads\/sites\/9\/2020\/11\/06.jpg?resize=225%2C300&#038;ssl=1\" alt=\"\" width=\"225\" height=\"300\" srcset=\"https:\/\/i0.wp.com\/culturas.cc\/congresso2020\/wp-content\/uploads\/sites\/9\/2020\/11\/06.jpg?resize=225%2C300&amp;ssl=1 225w, https:\/\/i0.wp.com\/culturas.cc\/congresso2020\/wp-content\/uploads\/sites\/9\/2020\/11\/06.jpg?w=397&amp;ssl=1 397w\" sizes=\"auto, (max-width: 225px) 100vw, 225px\" \/><\/a>A experi\u00eancia jur\u00eddica entre o palco e a plateia<\/h2>\n<p>O livro A experi\u00eancia jur\u00eddica entre o palco e a plateia, a ser publicado pela EdUFBA no pr\u00f3ximo m\u00eas de novembro deste ano de 2020, estabelece um di\u00e1logo entre a teoria egol\u00f3gica do direito, desenvolvida pelo autor argentino Carlos C\u00f3ssio, e o teatro \u00e9pico de Bertolt Brecht. A abordagem prop\u00f5e uma compara\u00e7\u00e3o entre direito e teatro, enquanto pr\u00e1ticas sociais que se realizam atrav\u00e9s da linguagem. Apresenta-se a no\u00e7\u00e3o de experi\u00eancia jur\u00eddica, a partir da leitura de C\u00f3ssio, que subverte a centralidade normativista da lei em favor da conduta, com destaque a seus elementos e ao papel dos int\u00e9rpretes e protagonistas da cena jur\u00eddica. Em paralelo, apresenta-se o teatro \u00e9pico, com \u00eanfase no efeito de distanciamento, que media as rela\u00e7\u00f5es estabelecidas entre seus participantes e entre estes e o p\u00fablico. A teoria do teatro \u00e9pico \u00e9 discutida em contraponto com o teatro tradicional de matriz aristot\u00e9lica, com vistas a evidenciar sua abordagem cr\u00edtica e reconstrutiva, bem como uma proposi\u00e7\u00e3o democr\u00e1tica que pode ser constatada em sua pr\u00e1tica. Tanto na pe\u00e7a de teatro quanto na atividade jur\u00eddica, verificamos um tipo de protagonismo em que os participantes da cena desempenham seus papeis com a consci\u00eancia de serem respons\u00e1veis pelo compasso em que se move o texto e a dire\u00e7\u00e3o que ele toma. Comparando as duas manifesta\u00e7\u00f5es, identi\ufb01cam-se interfaces e constroem-se di\u00e1logos, com vistas a posicionar rec\u00edproca e estrategicamente os diferentes olhares te\u00f3ricos, para que respostas criativas sejam sugeridas.<\/p>\n<div id=\"cmsmasters_button_c6skcletua\" class=\"button_wrap\"><a href=\"http:\/\/www.edufba.ufba.br\/\" class=\"cmsmasters_button\"><span>onde encontrar<\/span><\/a><\/div>\n<div id=\"cmsmasters_divider_ctcohi7ure\" class=\"cmsmasters_divider cmsmasters_divider_width_long cmsmasters_divider_pos_center\"><\/div>\n<h3>Autor\/Organizador<\/h3>\n<p><strong>Thereza de Jesus Santos Junqueira<\/strong> | advogada, professora de alem\u00e3o e pesquisadora, em resid\u00eancia p\u00f3s doutoral junto ao PPGLit-UFMG. Doutora em Letras pelo PPGLitCult-UFBA, com tese sobre o teatro did\u00e1tico de Bertolt Brecht, \u00e9 mestre em Direito pelo PPGD-UFBA, com a disserta\u00e7\u00e3o que origina o livro ora apresentado, a qual compara a experi\u00eancia jur\u00eddica \u00e0 teatral. Graduou-se duas vezes, em Direito e em Letras, pela UFMG. Em seu percurso acad\u00eamico vem se dedicando h\u00e1 alguns anos ao estudo do teatro e da literatura dram\u00e1tica de Bertolt Brecht, em di\u00e1logo com outros discursos e pr\u00e1ticas, especialmente o teatro do oprimido e os direitos humanos.<\/p>\n<\/div>\n<\/div><div id=\"cmsmasters_tab_mgmc37yqv9\" class=\"cmsmasters_tab\">\n<div class=\"cmsmasters_tab_inner\">\n<h2><a href=\"https:\/\/i0.wp.com\/culturas.cc\/congresso2020\/wp-content\/uploads\/sites\/9\/2020\/11\/aconstrucao.png?ssl=1\"><img data-recalc-dims=\"1\" loading=\"lazy\" decoding=\"async\" class=\"alignleft size-medium wp-image-17120\" src=\"https:\/\/i0.wp.com\/culturas.cc\/congresso2020\/wp-content\/uploads\/sites\/9\/2020\/11\/aconstrucao.png?resize=300%2C300&#038;ssl=1\" alt=\"\" width=\"300\" height=\"300\" srcset=\"https:\/\/i0.wp.com\/culturas.cc\/congresso2020\/wp-content\/uploads\/sites\/9\/2020\/11\/aconstrucao.png?resize=300%2C300&amp;ssl=1 300w, https:\/\/i0.wp.com\/culturas.cc\/congresso2020\/wp-content\/uploads\/sites\/9\/2020\/11\/aconstrucao.png?resize=150%2C150&amp;ssl=1 150w, https:\/\/i0.wp.com\/culturas.cc\/congresso2020\/wp-content\/uploads\/sites\/9\/2020\/11\/aconstrucao.png?resize=768%2C768&amp;ssl=1 768w, https:\/\/i0.wp.com\/culturas.cc\/congresso2020\/wp-content\/uploads\/sites\/9\/2020\/11\/aconstrucao.png?resize=180%2C180&amp;ssl=1 180w, https:\/\/i0.wp.com\/culturas.cc\/congresso2020\/wp-content\/uploads\/sites\/9\/2020\/11\/aconstrucao.png?resize=580%2C580&amp;ssl=1 580w, https:\/\/i0.wp.com\/culturas.cc\/congresso2020\/wp-content\/uploads\/sites\/9\/2020\/11\/aconstrucao.png?w=794&amp;ssl=1 794w\" sizes=\"auto, (max-width: 300px) 100vw, 300px\" \/><\/a>A constru\u00e7\u00e3o da not\u00edcia<\/h2>\n<p class=\"western\" align=\"justify\"><span style=\"color: #000000;\"><span style=\"font-family: Helvetica Neue, serif;\"><span style=\"font-size: medium;\">O livro da jornalista e pesquisadora Claudiane Carvalho analisa a constru\u00e7\u00e3o da not\u00edcia na articula\u00e7\u00e3o entre jornalismo e comunica\u00e7\u00e3o estrat\u00e9gica, investigando o impacto dessa rela\u00e7\u00e3o na tessitura da informa\u00e7\u00e3o. Que contratos s\u00e3o estabelecidos? Como s\u00e3o definidos os crit\u00e9rios de noticiabilidade? Como se consegue o efeito de sentido de verdade? Em busca de respostas a essas quest\u00f5es, a autora conecta tr\u00eas dom\u00ednios do conhecimento \u2013 a an\u00e1lise do discurso, a hermen\u00eautica e as teorias do jornalismo -, transformando suas fronteiras em membranas. Al\u00e9m disso, reflete sobre a configura\u00e7\u00e3o do discurso informativo numa zona de converg\u00eanci<\/span><\/span><\/span><span style=\"color: #000000;\"><span style=\"font-family: Helvetica Neue, serif;\">a, que \u00e9 constitu\u00edda no processo de agendamento p\u00fablico e tem implica\u00e7\u00f5es na constru\u00e7\u00e3o social da realidade<\/span><\/span><\/p>\n<p align=\"justify\"><div id=\"cmsmasters_button_xglwis7hk\" class=\"button_wrap\"><a href=\"https:\/\/30porcento.com.br\/\" class=\"cmsmasters_button\"><span>Onde encontrar<\/span><\/a><\/div>\n<p align=\"justify\"><div id=\"cmsmasters_divider_r1olll2nh\" class=\"cmsmasters_divider cmsmasters_divider_width_long cmsmasters_divider_pos_center\"><\/div>\n<h3 align=\"justify\">Autoria \/ Organiza\u00e7\u00e3o<\/h3>\n<p class=\"western\" align=\"justify\">Claudiane Carvalho<\/p>\n<\/div>\n<\/div><div id=\"cmsmasters_tab_d8x7p6qkc9\" class=\"cmsmasters_tab\">\n<div class=\"cmsmasters_tab_inner\">\n<h2 align=\"justify\"><a href=\"https:\/\/i0.wp.com\/culturas.cc\/congresso2020\/wp-content\/uploads\/sites\/9\/2020\/11\/12.jpg?ssl=1\"><img data-recalc-dims=\"1\" loading=\"lazy\" decoding=\"async\" class=\"alignleft size-medium wp-image-17123\" src=\"https:\/\/i0.wp.com\/culturas.cc\/congresso2020\/wp-content\/uploads\/sites\/9\/2020\/11\/12.jpg?resize=193%2C300&#038;ssl=1\" alt=\"\" width=\"193\" height=\"300\" srcset=\"https:\/\/i0.wp.com\/culturas.cc\/congresso2020\/wp-content\/uploads\/sites\/9\/2020\/11\/12.jpg?resize=193%2C300&amp;ssl=1 193w, https:\/\/i0.wp.com\/culturas.cc\/congresso2020\/wp-content\/uploads\/sites\/9\/2020\/11\/12.jpg?w=376&amp;ssl=1 376w\" sizes=\"auto, (max-width: 193px) 100vw, 193px\" \/><\/a>A utopia do carnaval sem fim<\/h2>\n<p align=\"justify\">Um g\u00eanero quase afor\u00edstico, em seus breves poemas.\u00a0Uma ramifica\u00e7\u00e3o po\u00e9tica\u00a0que combina eleg\u00e2ncia realista, crueldade e filosofia da exist\u00eancia.\u00a0E,\u00a0finalmente, poemas-narrativas, que nos apresentam destinos ou fatias de vida de personagens\u00a0astutos,\u00a0em luta contra\u00a0uma sina\u00a0oposta.\u00a0Nesses longos discursos po\u00e9ticos, \u00e0s vezes, confiss\u00f5es em v\u00e1rias partes, Almeida desenvolve e exp\u00f5e um conjunto de sensa\u00e7\u00f5es ricas e dif\u00edceis de definir &#8211; como evidencia a extensa s\u00e9rie de palavras ou qualificadores, que busca transformar o todo em profus\u00e3o, localizando-o o mais pr\u00f3ximo poss\u00edvel de si. Al\u00e9m de especificar ou enriquecer o pensamento, essas acumula\u00e7\u00f5es tamb\u00e9m t\u00eam um valor estil\u00edstico. Elas combinam a concis\u00e3o dos versos e o florescimento das asson\u00e2ncias, numa poesia oral, numa sucess\u00e3o de ladainhas que est\u00e3o profundamente enraizadas no esp\u00edrito \u2013 e se estabelecem l\u00e1, como um incentivo para entender a dureza e a complexidade de um mundo irredut\u00edvel, onde o amor \u00e9 uma luta. E, como toda filosofia se baseia na vida, Almeida apresenta a realidade dos humildes, humilhados e ofendidos, com os quais ele se encontra \u2013 e cuja concep\u00e7\u00e3o de exist\u00eancia ele revela.\u00a0[Por Athanase Vantchev\u00a0de Thracy]<\/p>\n<p align=\"justify\"><div id=\"cmsmasters_button_ovbsn67xs\" class=\"button_wrap\"><a href=\"https:\/\/www.editorapenalux.com.br\/loja\/a-utopia-do-carnaval-sem-fim\" class=\"cmsmasters_button\"><span>onde encontrar<\/span><\/a><\/div>\n<p align=\"justify\"><div id=\"cmsmasters_divider_pg67l5stpf\" class=\"cmsmasters_divider cmsmasters_divider_width_long cmsmasters_divider_pos_center\"><\/div>\n<h3 align=\"justify\">Autoria \/ Organiza\u00e7\u00e3o<\/h3>\n<p><span style=\"font-size: large;\"><span lang=\"pt-PT\"><strong>Bernardo Almeida<\/strong> \u2013 Salvador, Bahia, Brasil &#8211;<\/span><\/span><\/p>\n<p align=\"justify\"><span style=\"font-size: large;\"><span lang=\"pt-PT\"><i>O livro foi publicado pela Editora Penalux (S\u00e3o Paulo\/ Brasil), em outubro de 2020.<\/i><\/span><\/span><\/p>\n<\/div>\n<\/div><div id=\"cmsmasters_tab_bjk2zc9qzk\" class=\"cmsmasters_tab\">\n<div class=\"cmsmasters_tab_inner\">\n<h2><a href=\"https:\/\/i0.wp.com\/culturas.cc\/congresso2020\/wp-content\/uploads\/sites\/9\/2020\/11\/13.jpg?ssl=1\"><img data-recalc-dims=\"1\" loading=\"lazy\" decoding=\"async\" class=\"alignleft size-medium wp-image-17129\" src=\"https:\/\/i0.wp.com\/culturas.cc\/congresso2020\/wp-content\/uploads\/sites\/9\/2020\/11\/13.jpg?resize=194%2C300&#038;ssl=1\" alt=\"\" width=\"194\" height=\"300\" srcset=\"https:\/\/i0.wp.com\/culturas.cc\/congresso2020\/wp-content\/uploads\/sites\/9\/2020\/11\/13.jpg?resize=194%2C300&amp;ssl=1 194w, https:\/\/i0.wp.com\/culturas.cc\/congresso2020\/wp-content\/uploads\/sites\/9\/2020\/11\/13.jpg?resize=662%2C1024&amp;ssl=1 662w, https:\/\/i0.wp.com\/culturas.cc\/congresso2020\/wp-content\/uploads\/sites\/9\/2020\/11\/13.jpg?resize=768%2C1187&amp;ssl=1 768w, https:\/\/i0.wp.com\/culturas.cc\/congresso2020\/wp-content\/uploads\/sites\/9\/2020\/11\/13.jpg?resize=994%2C1536&amp;ssl=1 994w, https:\/\/i0.wp.com\/culturas.cc\/congresso2020\/wp-content\/uploads\/sites\/9\/2020\/11\/13.jpg?resize=580%2C897&amp;ssl=1 580w, https:\/\/i0.wp.com\/culturas.cc\/congresso2020\/wp-content\/uploads\/sites\/9\/2020\/11\/13.jpg?resize=860%2C1330&amp;ssl=1 860w, https:\/\/i0.wp.com\/culturas.cc\/congresso2020\/wp-content\/uploads\/sites\/9\/2020\/11\/13.jpg?w=1000&amp;ssl=1 1000w\" sizes=\"auto, (max-width: 194px) 100vw, 194px\" \/><\/a>B\u00fazios que instigam, percep\u00e7\u00f5es que comunicam<\/h2>\n<p>B\u00fazios que instigam, percep\u00e7\u00f5es que comunicam abrange a experi\u00eancia da autora com jovens da Escola Olodum, no curso de forma\u00e7\u00e3o de lideran\u00e7as afrodescendentes, em atividades psico socioeducativas consonantes com a Lei 11. 645\/08. O livro faz articula\u00e7\u00f5es entre representa\u00e7\u00f5es de her\u00f3is afro-brasileiros dos s\u00e9culos passados e juventudes contempor\u00e2neas. Aponta como aprendizagens sobre valores hist\u00f3ricos pertencentes ao contexto brasileiro s\u00e3o instrumentos importantes para estimular atos de cria\u00e7\u00e3o, liberdade e revolu\u00e7\u00e3o, como tamb\u00e9m para constru\u00e7\u00f5es identit\u00e1rias prof\u00edcuas, processos socioeducacionais emancipat\u00f3rios e a\u00e7\u00f5es por justi\u00e7a social. Todos os cap\u00edtulos t\u00eam titula\u00e7\u00f5es de m\u00fasicas gravadas pelo Olodum correlacionadas com os assuntos abordados em cada um. Ponto de partida apresenta inspira\u00e7\u00f5es, influ\u00eancias e contribui\u00e7\u00f5es recebidas para constru\u00e7\u00e3o da obra. Nossa gente: mem\u00f3rias, hist\u00f3rias, lutas e gl\u00f3rias aborda conte\u00fados da hist\u00f3ria do negro no Brasil, lutas de emancipa\u00e7\u00e3o, al\u00e9m de refer\u00eancias que tratam de ideias decoloniais e a\u00e7\u00f5es afirmativas. Escola de Vida \u00e9 o cap\u00edtulo que indica onde desembocaram as ideias para a pesquisa exposta na obra. J\u00e1 Nave da liberta\u00e7\u00e3o: vestindo letras, al\u00e7ando voos discute as implica\u00e7\u00f5es das constru\u00e7\u00f5es realizadas na Escola, destacando a leitura como possibilidade de transforma\u00e7\u00e3o do sujeito e o uso da imagina\u00e7\u00e3o como processo que liberta. Ele fala do projeto Olodum Veste Letras e suas repercuss\u00f5es. O cap\u00edtulo, Reclames, aborda realidades de juventudes. Referenda seus reclames para processos de mudan\u00e7as e conquistas, perante contextos de vulnerabilidades. E Consci\u00eancia da Conquista, o \u00faltimo cap\u00edtulo s\u00e3o feitas as reflex\u00f5es finais, em que se contemplam as elabora\u00e7\u00f5es do que foi processado nos cap\u00edtulos anteriores.<\/p>\n<div id=\"cmsmasters_button_95wd9ml23h\" class=\"button_wrap\"><a href=\"https:\/\/www.pacolivros.com.br\/buzios-que-instigam-percepcoes-que-comunicam\" class=\"cmsmasters_button\"><span>Onde encontrar<\/span><\/a><\/div>\n<div id=\"cmsmasters_divider_dlptkrt7g\" class=\"cmsmasters_divider cmsmasters_divider_width_long cmsmasters_divider_pos_center\"><\/div>\n<h3>Autor \/ Organizador<\/h3>\n<div dir=\"ltr\">Autora: Ta\u00edse dos Anjos Santos,\u00a0mestra em Cultura e Sociedade pela UFBA\/IHAC,\u00a0psic\u00f3loga (CRP 03\/04290), gestalt-terapeuta, professora, instrutora de treinamento de programas de Aprendizagem e Educa\u00e7\u00e3o Profissional e consultora educacional.\u00a0 Tamb\u00e9m atua na \u00e1rea social com p\u00fablico de crian\u00e7as, jovens e adultos, desenvolvendo aulas e oficinas com conte\u00fados da hist\u00f3ria e cultura afro-brasileira e ind\u00edgena.<\/div>\n<div dir=\"ltr\"><\/div>\n<p>&nbsp;<\/p>\n<p>&nbsp;<\/p>\n<\/div>\n<\/div><div id=\"cmsmasters_tab_yotlhnvrj\" class=\"cmsmasters_tab\">\n<div class=\"cmsmasters_tab_inner\">\n<h2><a href=\"https:\/\/i0.wp.com\/culturas.cc\/congresso2020\/wp-content\/uploads\/sites\/9\/2020\/11\/14.jpg?ssl=1\"><img data-recalc-dims=\"1\" loading=\"lazy\" decoding=\"async\" class=\"alignleft size-medium wp-image-17131\" src=\"https:\/\/i0.wp.com\/culturas.cc\/congresso2020\/wp-content\/uploads\/sites\/9\/2020\/11\/14.jpg?resize=233%2C300&#038;ssl=1\" alt=\"\" width=\"233\" height=\"300\" srcset=\"https:\/\/i0.wp.com\/culturas.cc\/congresso2020\/wp-content\/uploads\/sites\/9\/2020\/11\/14.jpg?resize=233%2C300&amp;ssl=1 233w, https:\/\/i0.wp.com\/culturas.cc\/congresso2020\/wp-content\/uploads\/sites\/9\/2020\/11\/14.jpg?w=326&amp;ssl=1 326w\" sizes=\"auto, (max-width: 233px) 100vw, 233px\" \/><\/a>Tropifagia &#8211; comendo o pa\u00eds tropical<\/h2>\n<p>O termo \u201ctropifagia\u201d \u00e9 o horizonte conceitual do livro Tropifagia: comendo o pa\u00eds tropical. Por meio dele, s\u00e3o apresentadas abordagens, reflex\u00f5es e impulsos importantes para o atual tempo de emerg\u00eancias, em ensaios memoriais, conversa\u00e7\u00f5es, escritas, e a mem\u00f3ria da Cena Tropif\u00e1gica (2011-2017). Passado, presente e futuro se misturam em narrativas de Brasis poss\u00edveis que sempre estiveram em disputa. Al\u00e9m disso, \u00e0s contribui\u00e7\u00f5es da Antropofagia, da Tropic\u00e1lia e do programa Cultura Viva se somam as experi\u00eancias dos autores, sob tr\u00eas interfaces tem\u00e1ticas: o Brasil como s\u00edmbolo, a dimens\u00e3o criativa e filos\u00f3fica da arte, e as diversas culturas humanas que comp\u00f5em o pa\u00eds.<\/p>\n<div id=\"cmsmasters_button_qkmvofwv8\" class=\"button_wrap\"><a href=\"http:\/\/www.edufba.ufba.br\/2020\/10\/tropifagia-comendo-o-pais-tropical-2\/\" class=\"cmsmasters_button\"><span>onde encontrar<\/span><\/a><\/div>\n<div id=\"cmsmasters_divider_zrvfjs1doy\" class=\"cmsmasters_divider cmsmasters_divider_width_long cmsmasters_divider_pos_center\"><\/div>\n<h3>Autoria \/ Coordena\u00e7\u00e3o<\/h3>\n<p>Thiago Pond\u00e9 \u00e9 bacharel em Filosofia, mestre em Cultura e Sociedade, e doutorando pelo P\u00f3s-Cultura, forma\u00e7\u00f5es pela UFBA. Atualmente pesquisa a vida e a obra do compositor baiano da Era do R\u00e1dio, Humberto Porto. Cantor formado pela Escola Baiana de Canto Popular com grava\u00e7\u00f5es, apresenta\u00e7\u00f5es e shows de abertura ao lado de e para artistas como Jorge Mautner, Luiz Galv\u00e3o, Ger\u00f4nimo, Lenine, e Saulo, com os projetos Cena Tropif\u00e1gica e O Jardim de Humberto Porto.<\/p>\n<p>Aline Carvalho \u00e9 formada em Estudos de M\u00eddia pela UFF, mestre em Ind\u00fastrias Criativas pela Universidade Paris 8 e doutoranda do programa de Psicossociologia de Comunidades e Ecologia Social da UFRJ. Gestora do Ponto de Cultura Oficina Escola As M\u00e3os de Luz, atualmente desenvolve uma metodologia integrada de educa\u00e7\u00e3o, mobiliza\u00e7\u00e3o comunit\u00e1ria e auto conhecimento para jovens com a pesquisa &#8220;Ser em A\u00e7\u00e3o: Reflex\u00f5es sobre juventude, motiva\u00e7\u00e3o e engajamento a partir da experi\u00eancia do Gaia Jovem&#8221;.<\/p>\n<\/div>\n<\/div><div id=\"cmsmasters_tab_6n04t4xhic\" class=\"cmsmasters_tab\">\n<div class=\"cmsmasters_tab_inner\">\n<figure id=\"attachment_17466\" aria-describedby=\"caption-attachment-17466\" style=\"width: 300px\" class=\"wp-caption alignleft\"><img data-recalc-dims=\"1\" loading=\"lazy\" decoding=\"async\" class=\"wp-image-17466 size-medium\" src=\"https:\/\/i0.wp.com\/culturas.cc\/congresso2020\/wp-content\/uploads\/sites\/9\/2020\/11\/freguesias.jpg?resize=300%2C114&#038;ssl=1\" alt=\"\" width=\"300\" height=\"114\" srcset=\"https:\/\/i0.wp.com\/culturas.cc\/congresso2020\/wp-content\/uploads\/sites\/9\/2020\/11\/freguesias.jpg?resize=300%2C114&amp;ssl=1 300w, https:\/\/i0.wp.com\/culturas.cc\/congresso2020\/wp-content\/uploads\/sites\/9\/2020\/11\/freguesias.jpg?resize=1024%2C389&amp;ssl=1 1024w, https:\/\/i0.wp.com\/culturas.cc\/congresso2020\/wp-content\/uploads\/sites\/9\/2020\/11\/freguesias.jpg?resize=768%2C292&amp;ssl=1 768w, https:\/\/i0.wp.com\/culturas.cc\/congresso2020\/wp-content\/uploads\/sites\/9\/2020\/11\/freguesias.jpg?resize=1536%2C584&amp;ssl=1 1536w, https:\/\/i0.wp.com\/culturas.cc\/congresso2020\/wp-content\/uploads\/sites\/9\/2020\/11\/freguesias.jpg?resize=580%2C221&amp;ssl=1 580w, https:\/\/i0.wp.com\/culturas.cc\/congresso2020\/wp-content\/uploads\/sites\/9\/2020\/11\/freguesias.jpg?resize=860%2C327&amp;ssl=1 860w, https:\/\/i0.wp.com\/culturas.cc\/congresso2020\/wp-content\/uploads\/sites\/9\/2020\/11\/freguesias.jpg?resize=1160%2C441&amp;ssl=1 1160w, https:\/\/i0.wp.com\/culturas.cc\/congresso2020\/wp-content\/uploads\/sites\/9\/2020\/11\/freguesias.jpg?w=1709&amp;ssl=1 1709w\" sizes=\"auto, (max-width: 300px) 100vw, 300px\" \/><figcaption id=\"caption-attachment-17466\" class=\"wp-caption-text\">A ilustra\u00e7\u00e3o foi realizada por Giacomo Gedoz Giacomoni.<\/figcaption><\/figure>\n<h2>Freguesias da Covilh\u00e3<\/h2>\n<p>O projeto \u201cFreguesias da Covilh\u00e3\u201d consiste em uma colet\u00e2nea de vinte e oito folhetos de cordel em que s\u00e3o celebradas, atrav\u00e9s de breves narra\u00e7\u00f5es em verso, as freguesias que formam parte do concelho daquela cidade portuguesa. A partir dos tra\u00e7os identit\u00e1rios de cada uma dessas localidades, foram desenvolvidas essas pequenas fic\u00e7\u00f5es, cujos objetivos, entre outros, foram: 1) dar a conhecer o concelho da Covilh\u00e3 a partir de uma perspetiva que \u00e9 fruto da viv\u00eancia e da investiga\u00e7\u00e3o do autor; 2) salientar problem\u00e1ticas intr\u00ednsecas e peculiaridades desse territ\u00f3rio; 3) consequentemente, valorizar o mesmo, atrav\u00e9s da tomada de consci\u00eancia do potencial do patrim\u00f3nio \u2013 humano e natural \u2013 existente, seguida por a\u00e7\u00f5es transformadoras para que seja concretizado esse prop\u00f3sito que \u00e9, ao mesmo tempo, de resgate, difus\u00e3o e preserva\u00e7\u00e3o cultural. No entanto, as tem\u00e1ticas tratadas nessa colet\u00e2nea, embora estejam fortemente ligadas \u00e0s peculiaridades mencionadas acima, s\u00e3o in\u00fameras e por isso permitem uma abordagem que transcende os marcos territoriais entre os quais est\u00e3o enquadradas as narra\u00e7\u00f5es, tornando assim o conte\u00fado do projeto como um espelho que, a partir de uma perspetiva emp\u00edrica e de pesquisa individual, devolve uma vis\u00e3o de conjunto cr\u00edtica das v\u00e1rias facetas do g\u00e9nero humano.<\/p>\n<div id=\"cmsmasters_button_ya1a9do778\" class=\"button_wrap\"><a href=\"https:\/\/www.facebook.com\/arteapartecovilha\" class=\"cmsmasters_button\"><span>onde encontrar<\/span><\/a><\/div>\n<div id=\"cmsmasters_divider_3dz5wuq8i\" class=\"cmsmasters_divider cmsmasters_divider_width_long cmsmasters_divider_pos_center\"><\/div>\n<h3>Autoria \/ Organiza\u00e7\u00e3o<\/h3>\n<p><strong>Riccardo Cocchi<\/strong> | natural de Turim (It\u00e1lia) e licenciado em L\u00ednguas e Literaturas Estrangeiras (variantes Portugu\u00eas e Espanhol) pela Faculdade de L\u00ednguas dessa mesma cidade. Morei em Portugal, de forma quase ininterrupta, desde setembro de 2015 at\u00e9 mar\u00e7o de 2020, entre as cidades de Coimbra e Covilh\u00e3. Publiquei, nessa \u00faltima, em julho de 2019, o meu primeiro livro \u2013 um poema \u00e9pico \u2013 titulado Myst\u00e9ria, Teogonomaquia carvalhense, que foi apresentado em sess\u00e3o p\u00fablica no dia 8 de novembro do mesmo ano. Tenho v\u00e1rios artigos de opini\u00e3o publicados \u2013 principalmente pelo jornal Not\u00edcias da Covilh\u00e3. No dia 20 de outubro deste ano vou encerrar o projeto \u201cFreguesias da Covilh\u00e3\u201d, come\u00e7ado em abril do ano passado e que estou a candidatar para o presente congresso.<\/p>\n<\/div>\n<\/div><\/div>\n<\/div>\n<\/div><\/div>\n<\/div>\n<\/div>\n<\/div>\n<\/div>\n<\/div>\n\n","protected":false},"excerpt":{"rendered":"<p>Live com os autores<\/p>\n","protected":false},"author":1,"featured_media":17201,"template":"","meta":{"_bbp_topic_count":0,"_bbp_reply_count":0,"_bbp_total_topic_count":0,"_bbp_total_reply_count":0,"_bbp_voice_count":0,"_bbp_anonymous_reply_count":0,"_bbp_topic_count_hidden":0,"_bbp_reply_count_hidden":0,"_bbp_forum_subforum_count":0,"_tribe_events_status":"","_tribe_events_status_reason":"","footnotes":""},"tags":[],"tribe_events_cat":[141,142,147,80,150,151],"class_list":["post-17078","tribe_events","type-tribe_events","status-publish","has-post-thumbnail","hentry","tribe_events_cat-18-nov-20","tribe_events_cat-19-nov-20","tribe_events_cat-20-nov-20","tribe_events_cat-congresso-2020","tribe_events_cat-painel-19nov","tribe_events_cat-painel-20nov","cat_18-nov-20","cat_19-nov-20","cat_20-nov-20","cat_congresso-2020","cat_painel-19nov","cat_painel-20nov"],"jetpack_sharing_enabled":true,"_links":{"self":[{"href":"https:\/\/culturas.cc\/congresso2020\/wp-json\/wp\/v2\/tribe_events\/17078","targetHints":{"allow":["GET"]}}],"collection":[{"href":"https:\/\/culturas.cc\/congresso2020\/wp-json\/wp\/v2\/tribe_events"}],"about":[{"href":"https:\/\/culturas.cc\/congresso2020\/wp-json\/wp\/v2\/types\/tribe_events"}],"author":[{"embeddable":true,"href":"https:\/\/culturas.cc\/congresso2020\/wp-json\/wp\/v2\/users\/1"}],"version-history":[{"count":43,"href":"https:\/\/culturas.cc\/congresso2020\/wp-json\/wp\/v2\/tribe_events\/17078\/revisions"}],"predecessor-version":[{"id":17467,"href":"https:\/\/culturas.cc\/congresso2020\/wp-json\/wp\/v2\/tribe_events\/17078\/revisions\/17467"}],"wp:featuredmedia":[{"embeddable":true,"href":"https:\/\/culturas.cc\/congresso2020\/wp-json\/wp\/v2\/media\/17201"}],"wp:attachment":[{"href":"https:\/\/culturas.cc\/congresso2020\/wp-json\/wp\/v2\/media?parent=17078"}],"wp:term":[{"taxonomy":"post_tag","embeddable":true,"href":"https:\/\/culturas.cc\/congresso2020\/wp-json\/wp\/v2\/tags?post=17078"},{"taxonomy":"tribe_events_cat","embeddable":true,"href":"https:\/\/culturas.cc\/congresso2020\/wp-json\/wp\/v2\/tribe_events_cat?post=17078"}],"curies":[{"name":"wp","href":"https:\/\/api.w.org\/{rel}","templated":true}]}}