{"id":16511,"date":"2020-11-10T14:39:54","date_gmt":"2020-11-10T17:39:54","guid":{"rendered":"https:\/\/culturas.cc\/congresso2020\/?post_type=tribe_events&#038;p=16511"},"modified":"2020-11-20T00:07:42","modified_gmt":"2020-11-20T03:07:42","slug":"live-20-gt5-cultura-comunicacao-artes-sensibilidade-e-saberes-populares","status":"publish","type":"tribe_events","link":"https:\/\/culturas.cc\/congresso2020\/event\/live-20-gt5-cultura-comunicacao-artes-sensibilidade-e-saberes-populares\/","title":{"rendered":"LIVE 20 | GT5 &#8211; Cultura, Comunica\u00e7\u00e3o, Artes, Sensibilidade e Saberes Populares"},"content":{"rendered":"<h3 style=\"text-align: center;\">Assista no Youtube<\/h3>\n<h2 style=\"text-align: center;\"><a href=\"https:\/\/www.youtube.com\/watch?v=9hIDvi2jctI\">Clique aqui<\/a><\/h2>\n<h3>Trabalhos<\/h3>\n<p><strong>1\u00ba &#8211; Criar para crian\u00e7as \u2013 no limiar da inf\u00e2ncia |\u00a0<\/strong>Paula Alice Baptista Borges, <span style=\"font-weight: 400;\">Gildon Oliveira, <\/span><span style=\"font-weight: 400;\">Luciana Comin, <\/span><span style=\"font-weight: 400;\">Isabela Silveira<\/span><\/p>\n<p><strong>2\u00ba &#8211; Sebasti\u00e3o Farinhada: cultura, arte e espiritualidade nas m\u00edsticas da Escola Fam\u00edlia Agr\u00edcola do Rio Grande do Sul |\u00a0<\/strong><span style=\"font-weight: 400;\">Monique Aline Arabites de Oliveira, <\/span><span style=\"font-weight: 400;\">Ant\u00f4nio Carlos Gomes, <\/span><span style=\"font-weight: 400;\">Marlon Bianchini.<\/span><\/p>\n<p><b>3\u00ba &#8211; Cultura na escola : Ressignificando e descolonizando o curr\u00edculo de arte na educa\u00e7\u00e3o b\u00e1sica | <\/b><span style=\"font-weight: 400;\">Rita de C\u00e1ssia Silva Cardoso, <\/span><span style=\"font-weight: 400;\">Cintia de Melo Pereira, <\/span><span style=\"font-weight: 400;\">Leonardo Jose Sebiane Serraqno, <\/span><span style=\"font-weight: 400;\">Rubens dos Santos Celestino, <\/span><span style=\"font-weight: 400;\">Luciana Balbino da Silva.<\/span><\/p>\n<h3>Confira os resumos dos trabalhos:<\/h3>\n<div class=\"cmsmasters_posts_slider cmsmasters_posts_slider_post\" >\r\n\t\t<div id=\"cmsmasters_slider_lykcf8autl20\" class=\"cmsmasters_owl_slider owl-carousel\" data-items=\"3\" data-single-item=\"false\" data-auto-play=\"false\" data-pagination=\"false\"><div class=\"cmsmasters_owl_slider_item\"><!-- Start Posts Slider Post Article -->\r\n<article id=\"post-16887\" class=\"cmsmasters_slider_post post-16887 post type-post status-publish format-standard has-post-thumbnail hentry category-gt-5 category-live-20 category-resumos\">\r\n\t<div class=\"cmsmasters_slider_post_outer\">\r\n\t<div class=\"cmsmasters_slider_post_img_wrap\"><figure class=\"cmsmasters_img_rollover_wrap preloader\"><img loading=\"lazy\" decoding=\"async\" width=\"580\" height=\"580\" src=\"https:\/\/i0.wp.com\/culturas.cc\/congresso2020\/wp-content\/uploads\/sites\/9\/2020\/11\/gt5.png?resize=580%2C580&amp;ssl=1\" class=\"full-width wp-post-image\" alt=\"Sebasti\u00e3o Farinhada: cultura, arte e espiritualidade nas m\u00edsticas da Escola Fam\u00edlia Agr\u00edcola do Rio Grande do Sul\" title=\"gt5\" srcset=\"https:\/\/i0.wp.com\/culturas.cc\/congresso2020\/wp-content\/uploads\/sites\/9\/2020\/11\/gt5.png?w=600&amp;ssl=1 600w, https:\/\/i0.wp.com\/culturas.cc\/congresso2020\/wp-content\/uploads\/sites\/9\/2020\/11\/gt5.png?resize=300%2C300&amp;ssl=1 300w, https:\/\/i0.wp.com\/culturas.cc\/congresso2020\/wp-content\/uploads\/sites\/9\/2020\/11\/gt5.png?resize=150%2C150&amp;ssl=1 150w, https:\/\/i0.wp.com\/culturas.cc\/congresso2020\/wp-content\/uploads\/sites\/9\/2020\/11\/gt5.png?resize=180%2C180&amp;ssl=1 180w, https:\/\/i0.wp.com\/culturas.cc\/congresso2020\/wp-content\/uploads\/sites\/9\/2020\/11\/gt5.png?resize=580%2C580&amp;ssl=1 580w\" sizes=\"auto, (max-width: 580px) 100vw, 580px\" \/><div class=\"cmsmasters_img_rollover\"><a href=\"https:\/\/culturas.cc\/congresso2020\/16887\/\" title=\"Sebasti\u00e3o Farinhada: cultura, arte e espiritualidade nas m\u00edsticas da Escola Fam\u00edlia Agr\u00edcola do Rio Grande do Sul\" class=\"cmsmasters_open_link\"><\/a><\/div><\/figure><\/div><header class=\"cmsmasters_slider_post_header entry-header\"><h4 class=\"cmsmasters_slider_post_title entry-title\"><a href=\"https:\/\/culturas.cc\/congresso2020\/16887\/\">Sebasti\u00e3o Farinhada: cultura, arte e espiritualidade nas m\u00edsticas da Escola Fam\u00edlia Agr\u00edcola do Rio Grande do Sul<\/a><\/h4><\/header><div class=\"cmsmasters_slider_post_cont_info second entry-meta\"><span class=\"cmsmasters_slider_post_author\">by <a href=\"https:\/\/culturas.cc\/congresso2020\/author\/redeculturas\/\" title=\"Posts by culturas.cc\" class=\"vcard author\"><span class=\"fn\" rel=\"author\">culturas.cc<\/span><\/a><\/span><\/div><div class=\"cmsmasters_slider_post_cont_info third entry-meta\"><span class=\"cmsmasters_likes cmsmasters_slider_post_likes\"><a href=\"#\" onclick=\"cmsmastersLike(16887, false); return false;\" id=\"cmsmastersLike-16887\" class=\"cmsmastersLike cmsmasters_theme_icon_like\"><span>0 <\/span><\/a><\/span><\/div>\t<\/div>\r\n<\/article>\r\n<!-- Finish Posts Slider Post Article -->\r\n\r\n<\/div><div class=\"cmsmasters_owl_slider_item\"><!-- Start Posts Slider Post Article -->\r\n<article id=\"post-16889\" class=\"cmsmasters_slider_post post-16889 post type-post status-publish format-standard has-post-thumbnail hentry category-gt-5 category-live-20 category-resumos\">\r\n\t<div class=\"cmsmasters_slider_post_outer\">\r\n\t<div class=\"cmsmasters_slider_post_img_wrap\"><figure class=\"cmsmasters_img_rollover_wrap preloader\"><img loading=\"lazy\" decoding=\"async\" width=\"580\" height=\"580\" src=\"https:\/\/i0.wp.com\/culturas.cc\/congresso2020\/wp-content\/uploads\/sites\/9\/2020\/11\/gt5.png?resize=580%2C580&amp;ssl=1\" class=\"full-width wp-post-image\" alt=\"Cultura na escola : Resinificando e descolonizando o curr\u00edculo de arte na educa\u00e7\u00e3o b\u00e1sica\" title=\"gt5\" srcset=\"https:\/\/i0.wp.com\/culturas.cc\/congresso2020\/wp-content\/uploads\/sites\/9\/2020\/11\/gt5.png?w=600&amp;ssl=1 600w, https:\/\/i0.wp.com\/culturas.cc\/congresso2020\/wp-content\/uploads\/sites\/9\/2020\/11\/gt5.png?resize=300%2C300&amp;ssl=1 300w, https:\/\/i0.wp.com\/culturas.cc\/congresso2020\/wp-content\/uploads\/sites\/9\/2020\/11\/gt5.png?resize=150%2C150&amp;ssl=1 150w, https:\/\/i0.wp.com\/culturas.cc\/congresso2020\/wp-content\/uploads\/sites\/9\/2020\/11\/gt5.png?resize=180%2C180&amp;ssl=1 180w, https:\/\/i0.wp.com\/culturas.cc\/congresso2020\/wp-content\/uploads\/sites\/9\/2020\/11\/gt5.png?resize=580%2C580&amp;ssl=1 580w\" sizes=\"auto, (max-width: 580px) 100vw, 580px\" \/><div class=\"cmsmasters_img_rollover\"><a href=\"https:\/\/culturas.cc\/congresso2020\/16889\/\" title=\"Cultura na escola : Resinificando e descolonizando o curr\u00edculo de arte na educa\u00e7\u00e3o b\u00e1sica\" class=\"cmsmasters_open_link\"><\/a><\/div><\/figure><\/div><header class=\"cmsmasters_slider_post_header entry-header\"><h4 class=\"cmsmasters_slider_post_title entry-title\"><a href=\"https:\/\/culturas.cc\/congresso2020\/16889\/\">Cultura na escola : Resinificando e descolonizando o curr\u00edculo de arte na educa\u00e7\u00e3o b\u00e1sica<\/a><\/h4><\/header><div class=\"cmsmasters_slider_post_cont_info second entry-meta\"><span class=\"cmsmasters_slider_post_author\">by <a href=\"https:\/\/culturas.cc\/congresso2020\/author\/redeculturas\/\" title=\"Posts by culturas.cc\" class=\"vcard author\"><span class=\"fn\" rel=\"author\">culturas.cc<\/span><\/a><\/span><\/div><div class=\"cmsmasters_slider_post_cont_info third entry-meta\"><span class=\"cmsmasters_likes cmsmasters_slider_post_likes\"><a href=\"#\" onclick=\"cmsmastersLike(16889, false); return false;\" id=\"cmsmastersLike-16889\" class=\"cmsmastersLike cmsmasters_theme_icon_like\"><span>0 <\/span><\/a><\/span><\/div>\t<\/div>\r\n<\/article>\r\n<!-- Finish Posts Slider Post Article -->\r\n\r\n<\/div><div class=\"cmsmasters_owl_slider_item\"><!-- Start Posts Slider Post Article -->\r\n<article id=\"post-16885\" class=\"cmsmasters_slider_post post-16885 post type-post status-publish format-standard has-post-thumbnail hentry category-gt-5 category-live-20 category-resumos\">\r\n\t<div class=\"cmsmasters_slider_post_outer\">\r\n\t<div class=\"cmsmasters_slider_post_img_wrap\"><figure class=\"cmsmasters_img_rollover_wrap preloader\"><img loading=\"lazy\" decoding=\"async\" width=\"580\" height=\"580\" src=\"https:\/\/i0.wp.com\/culturas.cc\/congresso2020\/wp-content\/uploads\/sites\/9\/2020\/11\/gt5.png?resize=580%2C580&amp;ssl=1\" class=\"full-width wp-post-image\" alt=\"Criar para crian\u00e7as \u2013 no limiar da inf\u00e2ncia\" title=\"gt5\" srcset=\"https:\/\/i0.wp.com\/culturas.cc\/congresso2020\/wp-content\/uploads\/sites\/9\/2020\/11\/gt5.png?w=600&amp;ssl=1 600w, https:\/\/i0.wp.com\/culturas.cc\/congresso2020\/wp-content\/uploads\/sites\/9\/2020\/11\/gt5.png?resize=300%2C300&amp;ssl=1 300w, https:\/\/i0.wp.com\/culturas.cc\/congresso2020\/wp-content\/uploads\/sites\/9\/2020\/11\/gt5.png?resize=150%2C150&amp;ssl=1 150w, https:\/\/i0.wp.com\/culturas.cc\/congresso2020\/wp-content\/uploads\/sites\/9\/2020\/11\/gt5.png?resize=180%2C180&amp;ssl=1 180w, https:\/\/i0.wp.com\/culturas.cc\/congresso2020\/wp-content\/uploads\/sites\/9\/2020\/11\/gt5.png?resize=580%2C580&amp;ssl=1 580w\" sizes=\"auto, (max-width: 580px) 100vw, 580px\" \/><div class=\"cmsmasters_img_rollover\"><a href=\"https:\/\/culturas.cc\/congresso2020\/16885\/\" title=\"Criar para crian\u00e7as \u2013 no limiar da inf\u00e2ncia\" class=\"cmsmasters_open_link\"><\/a><\/div><\/figure><\/div><header class=\"cmsmasters_slider_post_header entry-header\"><h4 class=\"cmsmasters_slider_post_title entry-title\"><a href=\"https:\/\/culturas.cc\/congresso2020\/16885\/\">Criar para crian\u00e7as \u2013 no limiar da inf\u00e2ncia<\/a><\/h4><\/header><div class=\"cmsmasters_slider_post_cont_info second entry-meta\"><span class=\"cmsmasters_slider_post_author\">by <a href=\"https:\/\/culturas.cc\/congresso2020\/author\/redeculturas\/\" title=\"Posts by culturas.cc\" class=\"vcard author\"><span class=\"fn\" rel=\"author\">culturas.cc<\/span><\/a><\/span><\/div><div class=\"cmsmasters_slider_post_cont_info third entry-meta\"><span class=\"cmsmasters_likes cmsmasters_slider_post_likes\"><a href=\"#\" onclick=\"cmsmastersLike(16885, false); return false;\" id=\"cmsmastersLike-16885\" class=\"cmsmastersLike cmsmasters_theme_icon_like\"><span>0 <\/span><\/a><\/span><\/div>\t<\/div>\r\n<\/article>\r\n<!-- Finish Posts Slider Post Article -->\r\n\r\n<\/div><\/div><\/div>\n","protected":false},"excerpt":{"rendered":"<p><strong>1\u00ba &#8211; Criar para crian\u00e7as \u2013 no limiar da inf\u00e2ncia |\u00a0<\/strong>Paula Alice Baptista Borges, <span style=\"font-weight: 400;\">Gildon Oliveira, <\/span><span style=\"font-weight: 400;\">Luciana Comin, <\/span><span style=\"font-weight: 400;\">Isabela Silveira<\/span><\/p>\n<p><strong>2\u00ba &#8211; Sebasti\u00e3o Farinhada: cultura, arte e espiritualidade nas m\u00edsticas da Escola Fam\u00edlia Agr\u00edcola do Rio Grande do Sul |\u00a0<\/strong><span style=\"font-weight: 400;\">Monique Aline Arabites de Oliveira, <\/span><span style=\"font-weight: 400;\">Ant\u00f4nio Carlos Gomes, <\/span><span style=\"font-weight: 400;\">Marlon Bianchini.<\/span><\/p>\n<p><strong>3\u00ba &#8211; Cultura na escola : Ressignificando e descolonizando o curr\u00edculo de arte na educa\u00e7\u00e3o b\u00e1sica |\u00a0<\/strong><span style=\"font-weight: 400;\">Rita de C\u00e1ssia Silva Cardoso, <\/span><span style=\"font-weight: 400;\">Cintia de Melo Pereira, <\/span><span style=\"font-weight: 400;\">Leonardo Jose Sebiane Serraqno, <\/span><span style=\"font-weight: 400;\">Rubens dos Santos Celestino, <\/span><span style=\"font-weight: 400;\">Luciana Balbino da Silva.<\/span><\/p>\n","protected":false},"author":1,"featured_media":17178,"template":"","meta":{"_bbp_topic_count":0,"_bbp_reply_count":0,"_bbp_total_topic_count":0,"_bbp_total_reply_count":0,"_bbp_voice_count":0,"_bbp_anonymous_reply_count":0,"_bbp_topic_count_hidden":0,"_bbp_reply_count_hidden":0,"_bbp_forum_subforum_count":0,"_tribe_events_status":"","_tribe_events_status_reason":"","footnotes":""},"tags":[],"tribe_events_cat":[149],"class_list":["post-16511","tribe_events","type-tribe_events","status-publish","has-post-thumbnail","hentry","tribe_events_cat-gt-20nov"],"jetpack_sharing_enabled":true,"_links":{"self":[{"href":"https:\/\/culturas.cc\/congresso2020\/wp-json\/wp\/v2\/tribe_events\/16511","targetHints":{"allow":["GET"]}}],"collection":[{"href":"https:\/\/culturas.cc\/congresso2020\/wp-json\/wp\/v2\/tribe_events"}],"about":[{"href":"https:\/\/culturas.cc\/congresso2020\/wp-json\/wp\/v2\/types\/tribe_events"}],"author":[{"embeddable":true,"href":"https:\/\/culturas.cc\/congresso2020\/wp-json\/wp\/v2\/users\/1"}],"version-history":[{"count":8,"href":"https:\/\/culturas.cc\/congresso2020\/wp-json\/wp\/v2\/tribe_events\/16511\/revisions"}],"predecessor-version":[{"id":17455,"href":"https:\/\/culturas.cc\/congresso2020\/wp-json\/wp\/v2\/tribe_events\/16511\/revisions\/17455"}],"wp:featuredmedia":[{"embeddable":true,"href":"https:\/\/culturas.cc\/congresso2020\/wp-json\/wp\/v2\/media\/17178"}],"wp:attachment":[{"href":"https:\/\/culturas.cc\/congresso2020\/wp-json\/wp\/v2\/media?parent=16511"}],"wp:term":[{"taxonomy":"post_tag","embeddable":true,"href":"https:\/\/culturas.cc\/congresso2020\/wp-json\/wp\/v2\/tags?post=16511"},{"taxonomy":"tribe_events_cat","embeddable":true,"href":"https:\/\/culturas.cc\/congresso2020\/wp-json\/wp\/v2\/tribe_events_cat?post=16511"}],"curies":[{"name":"wp","href":"https:\/\/api.w.org\/{rel}","templated":true}]}}