{"id":16507,"date":"2020-11-10T14:37:08","date_gmt":"2020-11-10T17:37:08","guid":{"rendered":"https:\/\/culturas.cc\/congresso2020\/?post_type=tribe_events&#038;p=16507"},"modified":"2020-11-19T00:07:40","modified_gmt":"2020-11-19T03:07:40","slug":"live-18-gt3-cultura-desenvolvimento-redes-e-tecnologias","status":"publish","type":"tribe_events","link":"https:\/\/culturas.cc\/congresso2020\/event\/live-18-gt3-cultura-desenvolvimento-redes-e-tecnologias\/","title":{"rendered":"LIVE 18 | GT3 &#8211; Cultura, Desenvolvimento, Redes e Tecnologias"},"content":{"rendered":"<h3 style=\"text-align: center;\">Assista no Youtube<\/h3>\n<h2 style=\"text-align: center;\"><a href=\"https:\/\/www.youtube.com\/watch?v=AOrqR0X25hM\">Clique aqui<\/a><\/h2>\n<h3>Trabalhos<\/h3>\n<p><strong>1\u00ba &#8211; Comunica\u00e7\u00e3o e Intelig\u00eancia de Fontes Abertas |\u00a0<\/strong>Miguel Ticom, <span style=\"font-weight: 400;\">Francisco Mesquita, <\/span><span style=\"font-weight: 400;\">Clarice Moreira Menezes<\/span><\/p>\n<p><strong>2\u00ba &#8211; O contributo da estrat\u00e9gia de comunica\u00e7\u00e3o digital para o desenvolvimento de pol\u00edticas culturais no Norte de Portugal \u2013 Galiza |<\/strong> Joana Tarana, <span style=\"font-weight: 400;\">Ivone Ferreira, <\/span><span style=\"font-weight: 400;\">Z\u00f3simo L\u00f3pez.<\/span><\/p>\n<p><strong>3\u00ba &#8211; As plataformas digitais como ferramentas de acesso \u00e0 m\u00fasica cl\u00e1ssica: o caso OSESP |\u00a0<\/strong><span style=\"font-weight: 400;\">Isadora Minas Langaro Carneiro, <\/span><span style=\"font-weight: 400;\">Allan Tadeu Pugliese, <\/span><span style=\"font-weight: 400;\">Bianca Persici Toniolo..<\/span><\/p>\n<h3>Confira os resumos dos trabalhos:<\/h3>\n<div class=\"cmsmasters_posts_slider cmsmasters_posts_slider_post\" >\r\n\t\t<div id=\"cmsmasters_slider_lykcf8autl18\" class=\"cmsmasters_owl_slider owl-carousel\" data-items=\"3\" data-single-item=\"false\" data-auto-play=\"false\" data-pagination=\"false\"><div class=\"cmsmasters_owl_slider_item\"><!-- Start Posts Slider Post Article -->\r\n<article id=\"post-16842\" class=\"cmsmasters_slider_post post-16842 post type-post status-publish format-standard has-post-thumbnail hentry category-gt-3 category-live-18 category-resumos\">\r\n\t<div class=\"cmsmasters_slider_post_outer\">\r\n\t<div class=\"cmsmasters_slider_post_img_wrap\"><figure class=\"cmsmasters_img_rollover_wrap preloader\"><img loading=\"lazy\" decoding=\"async\" width=\"580\" height=\"580\" src=\"https:\/\/i0.wp.com\/culturas.cc\/congresso2020\/wp-content\/uploads\/sites\/9\/2020\/11\/GT3.png?resize=580%2C580&amp;ssl=1\" class=\"full-width wp-post-image\" alt=\"O contributo da estrat\u00e9gia de comunica\u00e7\u00e3o digital para o desenvolvimento de pol\u00edticas culturais no Norte de Portugal \u2013 Galiza\" title=\"GT3\" srcset=\"https:\/\/i0.wp.com\/culturas.cc\/congresso2020\/wp-content\/uploads\/sites\/9\/2020\/11\/GT3.png?w=600&amp;ssl=1 600w, https:\/\/i0.wp.com\/culturas.cc\/congresso2020\/wp-content\/uploads\/sites\/9\/2020\/11\/GT3.png?resize=300%2C300&amp;ssl=1 300w, https:\/\/i0.wp.com\/culturas.cc\/congresso2020\/wp-content\/uploads\/sites\/9\/2020\/11\/GT3.png?resize=150%2C150&amp;ssl=1 150w, https:\/\/i0.wp.com\/culturas.cc\/congresso2020\/wp-content\/uploads\/sites\/9\/2020\/11\/GT3.png?resize=180%2C180&amp;ssl=1 180w, https:\/\/i0.wp.com\/culturas.cc\/congresso2020\/wp-content\/uploads\/sites\/9\/2020\/11\/GT3.png?resize=580%2C580&amp;ssl=1 580w\" sizes=\"auto, (max-width: 580px) 100vw, 580px\" \/><div class=\"cmsmasters_img_rollover\"><a href=\"https:\/\/culturas.cc\/congresso2020\/16842\/\" title=\"O contributo da estrat\u00e9gia de comunica\u00e7\u00e3o digital para o desenvolvimento de pol\u00edticas culturais no Norte de Portugal \u2013 Galiza\" class=\"cmsmasters_open_link\"><\/a><\/div><\/figure><\/div><header class=\"cmsmasters_slider_post_header entry-header\"><h4 class=\"cmsmasters_slider_post_title entry-title\"><a href=\"https:\/\/culturas.cc\/congresso2020\/16842\/\">O contributo da estrat\u00e9gia de comunica\u00e7\u00e3o digital para o desenvolvimento de pol\u00edticas culturais no Norte de Portugal \u2013 Galiza<\/a><\/h4><\/header><div class=\"cmsmasters_slider_post_cont_info second entry-meta\"><span class=\"cmsmasters_slider_post_author\">by <a href=\"https:\/\/culturas.cc\/congresso2020\/author\/redeculturas\/\" title=\"Posts by culturas.cc\" class=\"vcard author\"><span class=\"fn\" rel=\"author\">culturas.cc<\/span><\/a><\/span><\/div><div class=\"cmsmasters_slider_post_cont_info third entry-meta\"><span class=\"cmsmasters_likes cmsmasters_slider_post_likes\"><a href=\"#\" onclick=\"cmsmastersLike(16842, false); return false;\" id=\"cmsmastersLike-16842\" class=\"cmsmastersLike cmsmasters_theme_icon_like\"><span>1 <\/span><\/a><\/span><\/div>\t<\/div>\r\n<\/article>\r\n<!-- Finish Posts Slider Post Article -->\r\n\r\n<\/div><div class=\"cmsmasters_owl_slider_item\"><!-- Start Posts Slider Post Article -->\r\n<article id=\"post-16840\" class=\"cmsmasters_slider_post post-16840 post type-post status-publish format-standard has-post-thumbnail hentry category-gt-3 category-live-18 category-resumos\">\r\n\t<div class=\"cmsmasters_slider_post_outer\">\r\n\t<div class=\"cmsmasters_slider_post_img_wrap\"><figure class=\"cmsmasters_img_rollover_wrap preloader\"><img loading=\"lazy\" decoding=\"async\" width=\"580\" height=\"580\" src=\"https:\/\/i0.wp.com\/culturas.cc\/congresso2020\/wp-content\/uploads\/sites\/9\/2020\/11\/GT3.png?resize=580%2C580&amp;ssl=1\" class=\"full-width wp-post-image\" alt=\"Comunica\u00e7\u00e3o e Intelig\u00eancia de Fontes Abertas\" title=\"GT3\" srcset=\"https:\/\/i0.wp.com\/culturas.cc\/congresso2020\/wp-content\/uploads\/sites\/9\/2020\/11\/GT3.png?w=600&amp;ssl=1 600w, https:\/\/i0.wp.com\/culturas.cc\/congresso2020\/wp-content\/uploads\/sites\/9\/2020\/11\/GT3.png?resize=300%2C300&amp;ssl=1 300w, https:\/\/i0.wp.com\/culturas.cc\/congresso2020\/wp-content\/uploads\/sites\/9\/2020\/11\/GT3.png?resize=150%2C150&amp;ssl=1 150w, https:\/\/i0.wp.com\/culturas.cc\/congresso2020\/wp-content\/uploads\/sites\/9\/2020\/11\/GT3.png?resize=180%2C180&amp;ssl=1 180w, https:\/\/i0.wp.com\/culturas.cc\/congresso2020\/wp-content\/uploads\/sites\/9\/2020\/11\/GT3.png?resize=580%2C580&amp;ssl=1 580w\" sizes=\"auto, (max-width: 580px) 100vw, 580px\" \/><div class=\"cmsmasters_img_rollover\"><a href=\"https:\/\/culturas.cc\/congresso2020\/16840\/\" title=\"Comunica\u00e7\u00e3o e Intelig\u00eancia de Fontes Abertas\" class=\"cmsmasters_open_link\"><\/a><\/div><\/figure><\/div><header class=\"cmsmasters_slider_post_header entry-header\"><h4 class=\"cmsmasters_slider_post_title entry-title\"><a href=\"https:\/\/culturas.cc\/congresso2020\/16840\/\">Comunica\u00e7\u00e3o e Intelig\u00eancia de Fontes Abertas<\/a><\/h4><\/header><div class=\"cmsmasters_slider_post_cont_info second entry-meta\"><span class=\"cmsmasters_slider_post_author\">by <a href=\"https:\/\/culturas.cc\/congresso2020\/author\/redeculturas\/\" title=\"Posts by culturas.cc\" class=\"vcard author\"><span class=\"fn\" rel=\"author\">culturas.cc<\/span><\/a><\/span><\/div><div class=\"cmsmasters_slider_post_cont_info third entry-meta\"><span class=\"cmsmasters_likes cmsmasters_slider_post_likes\"><a href=\"#\" onclick=\"cmsmastersLike(16840, false); return false;\" id=\"cmsmastersLike-16840\" class=\"cmsmastersLike cmsmasters_theme_icon_like\"><span>1 <\/span><\/a><\/span><\/div>\t<\/div>\r\n<\/article>\r\n<!-- Finish Posts Slider Post Article -->\r\n\r\n<\/div><div class=\"cmsmasters_owl_slider_item\"><!-- Start Posts Slider Post Article -->\r\n<article id=\"post-16844\" class=\"cmsmasters_slider_post post-16844 post type-post status-publish format-standard has-post-thumbnail hentry category-gt-3 category-live-18 category-resumos\">\r\n\t<div class=\"cmsmasters_slider_post_outer\">\r\n\t<div class=\"cmsmasters_slider_post_img_wrap\"><figure class=\"cmsmasters_img_rollover_wrap preloader\"><img loading=\"lazy\" decoding=\"async\" width=\"580\" height=\"580\" src=\"https:\/\/i0.wp.com\/culturas.cc\/congresso2020\/wp-content\/uploads\/sites\/9\/2020\/11\/GT3.png?resize=580%2C580&amp;ssl=1\" class=\"full-width wp-post-image\" alt=\"As plataformas digitais como ferramentas de acesso \u00e0 m\u00fasica cl\u00e1ssica: o caso OSESP\" title=\"GT3\" srcset=\"https:\/\/i0.wp.com\/culturas.cc\/congresso2020\/wp-content\/uploads\/sites\/9\/2020\/11\/GT3.png?w=600&amp;ssl=1 600w, https:\/\/i0.wp.com\/culturas.cc\/congresso2020\/wp-content\/uploads\/sites\/9\/2020\/11\/GT3.png?resize=300%2C300&amp;ssl=1 300w, https:\/\/i0.wp.com\/culturas.cc\/congresso2020\/wp-content\/uploads\/sites\/9\/2020\/11\/GT3.png?resize=150%2C150&amp;ssl=1 150w, https:\/\/i0.wp.com\/culturas.cc\/congresso2020\/wp-content\/uploads\/sites\/9\/2020\/11\/GT3.png?resize=180%2C180&amp;ssl=1 180w, https:\/\/i0.wp.com\/culturas.cc\/congresso2020\/wp-content\/uploads\/sites\/9\/2020\/11\/GT3.png?resize=580%2C580&amp;ssl=1 580w\" sizes=\"auto, (max-width: 580px) 100vw, 580px\" \/><div class=\"cmsmasters_img_rollover\"><a href=\"https:\/\/culturas.cc\/congresso2020\/16844\/\" title=\"As plataformas digitais como ferramentas de acesso \u00e0 m\u00fasica cl\u00e1ssica: o caso OSESP\" class=\"cmsmasters_open_link\"><\/a><\/div><\/figure><\/div><header class=\"cmsmasters_slider_post_header entry-header\"><h4 class=\"cmsmasters_slider_post_title entry-title\"><a href=\"https:\/\/culturas.cc\/congresso2020\/16844\/\">As plataformas digitais como ferramentas de acesso \u00e0 m\u00fasica cl\u00e1ssica: o caso OSESP<\/a><\/h4><\/header><div class=\"cmsmasters_slider_post_cont_info second entry-meta\"><span class=\"cmsmasters_slider_post_author\">by <a href=\"https:\/\/culturas.cc\/congresso2020\/author\/redeculturas\/\" title=\"Posts by culturas.cc\" class=\"vcard author\"><span class=\"fn\" rel=\"author\">culturas.cc<\/span><\/a><\/span><\/div><div class=\"cmsmasters_slider_post_cont_info third entry-meta\"><span class=\"cmsmasters_likes cmsmasters_slider_post_likes\"><a href=\"#\" onclick=\"cmsmastersLike(16844, false); return false;\" id=\"cmsmastersLike-16844\" class=\"cmsmastersLike cmsmasters_theme_icon_like\"><span>3 <\/span><\/a><\/span><\/div>\t<\/div>\r\n<\/article>\r\n<!-- Finish Posts Slider Post Article -->\r\n\r\n<\/div><\/div><\/div>\n","protected":false},"excerpt":{"rendered":"<p><strong>1\u00ba &#8211; Comunica\u00e7\u00e3o e Intelig\u00eancia de Fontes Abertas |\u00a0<\/strong>Miguel Ticom, <span style=\"font-weight: 400;\">Francisco Mesquita, <\/span><span style=\"font-weight: 400;\">Clarice Moreira Menezes<\/span><\/p>\n<p><strong>2\u00ba &#8211; O contributo da estrat\u00e9gia de comunica\u00e7\u00e3o digital para o desenvolvimento de pol\u00edticas culturais no Norte de Portugal \u2013 Galiza |<\/strong> Joana Tarana, <span style=\"font-weight: 400;\">Ivone Ferreira, <\/span><span style=\"font-weight: 400;\">Z\u00f3simo L\u00f3pez.<\/span><\/p>\n<p><strong>3\u00ba &#8211; As plataformas digitais como ferramentas de acesso \u00e0 m\u00fasica cl\u00e1ssica: o caso OSESP |\u00a0<\/strong><span style=\"font-weight: 400;\">Isadora Minas Langaro Carneiro, <\/span><span style=\"font-weight: 400;\">Allan Tadeu Pugliese, <\/span><span style=\"font-weight: 400;\">Bianca Persici Toniolo..<\/span><\/p>\n","protected":false},"author":1,"featured_media":17176,"template":"","meta":{"_bbp_topic_count":0,"_bbp_reply_count":0,"_bbp_total_topic_count":0,"_bbp_total_reply_count":0,"_bbp_voice_count":0,"_bbp_anonymous_reply_count":0,"_bbp_topic_count_hidden":0,"_bbp_reply_count_hidden":0,"_bbp_forum_subforum_count":0,"_tribe_events_status":"","_tribe_events_status_reason":"","footnotes":""},"tags":[],"tribe_events_cat":[149],"class_list":["post-16507","tribe_events","type-tribe_events","status-publish","has-post-thumbnail","hentry","tribe_events_cat-gt-20nov"],"jetpack_sharing_enabled":true,"_links":{"self":[{"href":"https:\/\/culturas.cc\/congresso2020\/wp-json\/wp\/v2\/tribe_events\/16507","targetHints":{"allow":["GET"]}}],"collection":[{"href":"https:\/\/culturas.cc\/congresso2020\/wp-json\/wp\/v2\/tribe_events"}],"about":[{"href":"https:\/\/culturas.cc\/congresso2020\/wp-json\/wp\/v2\/types\/tribe_events"}],"author":[{"embeddable":true,"href":"https:\/\/culturas.cc\/congresso2020\/wp-json\/wp\/v2\/users\/1"}],"version-history":[{"count":7,"href":"https:\/\/culturas.cc\/congresso2020\/wp-json\/wp\/v2\/tribe_events\/16507\/revisions"}],"predecessor-version":[{"id":17387,"href":"https:\/\/culturas.cc\/congresso2020\/wp-json\/wp\/v2\/tribe_events\/16507\/revisions\/17387"}],"wp:featuredmedia":[{"embeddable":true,"href":"https:\/\/culturas.cc\/congresso2020\/wp-json\/wp\/v2\/media\/17176"}],"wp:attachment":[{"href":"https:\/\/culturas.cc\/congresso2020\/wp-json\/wp\/v2\/media?parent=16507"}],"wp:term":[{"taxonomy":"post_tag","embeddable":true,"href":"https:\/\/culturas.cc\/congresso2020\/wp-json\/wp\/v2\/tags?post=16507"},{"taxonomy":"tribe_events_cat","embeddable":true,"href":"https:\/\/culturas.cc\/congresso2020\/wp-json\/wp\/v2\/tribe_events_cat?post=16507"}],"curies":[{"name":"wp","href":"https:\/\/api.w.org\/{rel}","templated":true}]}}