{"id":16500,"date":"2020-11-10T14:28:23","date_gmt":"2020-11-10T17:28:23","guid":{"rendered":"https:\/\/culturas.cc\/congresso2020\/?post_type=tribe_events&#038;p=16500"},"modified":"2020-11-19T00:06:59","modified_gmt":"2020-11-19T03:06:59","slug":"live-15-gt2-diversidade-cultural-direitos-genero-e-sexualidades","status":"publish","type":"tribe_events","link":"https:\/\/culturas.cc\/congresso2020\/event\/live-15-gt2-diversidade-cultural-direitos-genero-e-sexualidades\/","title":{"rendered":"LIVE 15 | GT2 &#8211; Diversidade Cultural, Direitos, G\u00eanero e Sexualidades"},"content":{"rendered":"<h3 style=\"text-align: center;\">Assista no Youtube<\/h3>\n<h2 style=\"text-align: center;\"><a href=\"https:\/\/www.youtube.com\/watch?v=LF3gfUvJ2aY\">Clique aqui<\/a><\/h2>\n<h3>Trabalhos<\/h3>\n<p><strong>1\u00ba &#8211; O patriarcado e o sepultamento da mulher em Balada de Amor ao Vento e Niketche, de Paulina Chiziane |<\/strong>Martins Mapera, Zito Mac\u00e1rio J\u00falio, Nelson Moda<\/p>\n<p><strong>2\u00ba &#8211; G\u00eanero e domesticidades em representa\u00e7\u00f5es midi\u00e1ticas | <\/strong><span style=\"font-weight: 400;\">Marin\u00eas Ribeiro dos Santos, Ana Caroline de Bassi Padilha, Pamela Bostelmann, Lindsay Jemima Cresto, Cl\u00e1udia Regina Hazegawa Zacar<\/span><\/p>\n<p><strong>3\u00ba &#8211; O\u00a0 lugar da mulher na fic\u00e7\u00e3o televisiva contempor\u00e2nea |<\/strong> S\u00f3nia de S\u00e1, Louise Souza, Livia Gl\u00f3ria, Mateus Fonseca.<strong><br \/>\n<\/strong><\/p>\n<h3>Confira os resumos dos trabalhos:<\/h3>\n<div class=\"cmsmasters_posts_slider cmsmasters_posts_slider_post\" >\r\n\t\t<div id=\"cmsmasters_slider_lykcf8autl15\" class=\"cmsmasters_owl_slider owl-carousel\" data-items=\"3\" data-single-item=\"false\" data-auto-play=\"false\" data-pagination=\"false\"><div class=\"cmsmasters_owl_slider_item\"><!-- Start Posts Slider Post Article -->\r\n<article id=\"post-17087\" class=\"cmsmasters_slider_post post-17087 post type-post status-publish format-standard has-post-thumbnail hentry category-gt-2 category-live-15 category-resumos\">\r\n\t<div class=\"cmsmasters_slider_post_outer\">\r\n\t<div class=\"cmsmasters_slider_post_img_wrap\"><figure class=\"cmsmasters_img_rollover_wrap preloader\"><img loading=\"lazy\" decoding=\"async\" width=\"580\" height=\"580\" src=\"https:\/\/i0.wp.com\/culturas.cc\/congresso2020\/wp-content\/uploads\/sites\/9\/2020\/11\/GT2.png?resize=580%2C580&amp;ssl=1\" class=\"full-width wp-post-image\" alt=\"O patriarcado e o sepultamento da mulher em Balada de Amor ao Vento e Niketche, de Paulina Chiziane\" title=\"GT2\" srcset=\"https:\/\/i0.wp.com\/culturas.cc\/congresso2020\/wp-content\/uploads\/sites\/9\/2020\/11\/GT2.png?w=600&amp;ssl=1 600w, https:\/\/i0.wp.com\/culturas.cc\/congresso2020\/wp-content\/uploads\/sites\/9\/2020\/11\/GT2.png?resize=300%2C300&amp;ssl=1 300w, https:\/\/i0.wp.com\/culturas.cc\/congresso2020\/wp-content\/uploads\/sites\/9\/2020\/11\/GT2.png?resize=150%2C150&amp;ssl=1 150w, https:\/\/i0.wp.com\/culturas.cc\/congresso2020\/wp-content\/uploads\/sites\/9\/2020\/11\/GT2.png?resize=180%2C180&amp;ssl=1 180w, https:\/\/i0.wp.com\/culturas.cc\/congresso2020\/wp-content\/uploads\/sites\/9\/2020\/11\/GT2.png?resize=580%2C580&amp;ssl=1 580w\" sizes=\"auto, (max-width: 580px) 100vw, 580px\" \/><div class=\"cmsmasters_img_rollover\"><a href=\"https:\/\/culturas.cc\/congresso2020\/17087\/\" title=\"O patriarcado e o sepultamento da mulher em Balada de Amor ao Vento e Niketche, de Paulina Chiziane\" class=\"cmsmasters_open_link\"><\/a><\/div><\/figure><\/div><header class=\"cmsmasters_slider_post_header entry-header\"><h4 class=\"cmsmasters_slider_post_title entry-title\"><a href=\"https:\/\/culturas.cc\/congresso2020\/17087\/\">O patriarcado e o sepultamento da mulher em Balada de Amor ao Vento e Niketche, de Paulina Chiziane<\/a><\/h4><\/header><div class=\"cmsmasters_slider_post_cont_info second entry-meta\"><span class=\"cmsmasters_slider_post_author\">by <a href=\"https:\/\/culturas.cc\/congresso2020\/author\/redeculturas\/\" title=\"Posts by culturas.cc\" class=\"vcard author\"><span class=\"fn\" rel=\"author\">culturas.cc<\/span><\/a><\/span><\/div><div class=\"cmsmasters_slider_post_cont_info third entry-meta\"><span class=\"cmsmasters_likes cmsmasters_slider_post_likes\"><a href=\"#\" onclick=\"cmsmastersLike(17087, false); return false;\" id=\"cmsmastersLike-17087\" class=\"cmsmastersLike cmsmasters_theme_icon_like\"><span>0 <\/span><\/a><\/span><\/div>\t<\/div>\r\n<\/article>\r\n<!-- Finish Posts Slider Post Article -->\r\n\r\n<\/div><div class=\"cmsmasters_owl_slider_item\"><!-- Start Posts Slider Post Article -->\r\n<article id=\"post-16803\" class=\"cmsmasters_slider_post post-16803 post type-post status-publish format-standard has-post-thumbnail hentry category-gt-2 category-live-15 category-resumos\">\r\n\t<div class=\"cmsmasters_slider_post_outer\">\r\n\t<div class=\"cmsmasters_slider_post_img_wrap\"><figure class=\"cmsmasters_img_rollover_wrap preloader\"><img loading=\"lazy\" decoding=\"async\" width=\"580\" height=\"580\" src=\"https:\/\/i0.wp.com\/culturas.cc\/congresso2020\/wp-content\/uploads\/sites\/9\/2020\/11\/GT2.png?resize=580%2C580&amp;ssl=1\" class=\"full-width wp-post-image\" alt=\"O  lugar da mulher na fic\u00e7\u00e3o televisiva contempor\u00e2nea\" title=\"GT2\" srcset=\"https:\/\/i0.wp.com\/culturas.cc\/congresso2020\/wp-content\/uploads\/sites\/9\/2020\/11\/GT2.png?w=600&amp;ssl=1 600w, https:\/\/i0.wp.com\/culturas.cc\/congresso2020\/wp-content\/uploads\/sites\/9\/2020\/11\/GT2.png?resize=300%2C300&amp;ssl=1 300w, https:\/\/i0.wp.com\/culturas.cc\/congresso2020\/wp-content\/uploads\/sites\/9\/2020\/11\/GT2.png?resize=150%2C150&amp;ssl=1 150w, https:\/\/i0.wp.com\/culturas.cc\/congresso2020\/wp-content\/uploads\/sites\/9\/2020\/11\/GT2.png?resize=180%2C180&amp;ssl=1 180w, https:\/\/i0.wp.com\/culturas.cc\/congresso2020\/wp-content\/uploads\/sites\/9\/2020\/11\/GT2.png?resize=580%2C580&amp;ssl=1 580w\" sizes=\"auto, (max-width: 580px) 100vw, 580px\" \/><div class=\"cmsmasters_img_rollover\"><a href=\"https:\/\/culturas.cc\/congresso2020\/16803\/\" title=\"O  lugar da mulher na fic\u00e7\u00e3o televisiva contempor\u00e2nea\" class=\"cmsmasters_open_link\"><\/a><\/div><\/figure><\/div><header class=\"cmsmasters_slider_post_header entry-header\"><h4 class=\"cmsmasters_slider_post_title entry-title\"><a href=\"https:\/\/culturas.cc\/congresso2020\/16803\/\">O  lugar da mulher na fic\u00e7\u00e3o televisiva contempor\u00e2nea<\/a><\/h4><\/header><div class=\"cmsmasters_slider_post_cont_info second entry-meta\"><span class=\"cmsmasters_slider_post_author\">by <a href=\"https:\/\/culturas.cc\/congresso2020\/author\/redeculturas\/\" title=\"Posts by culturas.cc\" class=\"vcard author\"><span class=\"fn\" rel=\"author\">culturas.cc<\/span><\/a><\/span><\/div><div class=\"cmsmasters_slider_post_cont_info third entry-meta\"><span class=\"cmsmasters_likes cmsmasters_slider_post_likes\"><a href=\"#\" onclick=\"cmsmastersLike(16803, false); return false;\" id=\"cmsmastersLike-16803\" class=\"cmsmastersLike cmsmasters_theme_icon_like\"><span>0 <\/span><\/a><\/span><\/div>\t<\/div>\r\n<\/article>\r\n<!-- Finish Posts Slider Post Article -->\r\n\r\n<\/div><div class=\"cmsmasters_owl_slider_item\"><!-- Start Posts Slider Post Article -->\r\n<article id=\"post-16799\" class=\"cmsmasters_slider_post post-16799 post type-post status-publish format-standard has-post-thumbnail hentry category-gt-2 category-live-15 category-resumos\">\r\n\t<div class=\"cmsmasters_slider_post_outer\">\r\n\t<div class=\"cmsmasters_slider_post_img_wrap\"><figure class=\"cmsmasters_img_rollover_wrap preloader\"><img loading=\"lazy\" decoding=\"async\" width=\"580\" height=\"580\" src=\"https:\/\/i0.wp.com\/culturas.cc\/congresso2020\/wp-content\/uploads\/sites\/9\/2020\/11\/GT2.png?resize=580%2C580&amp;ssl=1\" class=\"full-width wp-post-image\" alt=\"G\u00eanero e domesticidades em representa\u00e7\u00f5es midi\u00e1ticas\" title=\"GT2\" srcset=\"https:\/\/i0.wp.com\/culturas.cc\/congresso2020\/wp-content\/uploads\/sites\/9\/2020\/11\/GT2.png?w=600&amp;ssl=1 600w, https:\/\/i0.wp.com\/culturas.cc\/congresso2020\/wp-content\/uploads\/sites\/9\/2020\/11\/GT2.png?resize=300%2C300&amp;ssl=1 300w, https:\/\/i0.wp.com\/culturas.cc\/congresso2020\/wp-content\/uploads\/sites\/9\/2020\/11\/GT2.png?resize=150%2C150&amp;ssl=1 150w, https:\/\/i0.wp.com\/culturas.cc\/congresso2020\/wp-content\/uploads\/sites\/9\/2020\/11\/GT2.png?resize=180%2C180&amp;ssl=1 180w, https:\/\/i0.wp.com\/culturas.cc\/congresso2020\/wp-content\/uploads\/sites\/9\/2020\/11\/GT2.png?resize=580%2C580&amp;ssl=1 580w\" sizes=\"auto, (max-width: 580px) 100vw, 580px\" \/><div class=\"cmsmasters_img_rollover\"><a href=\"https:\/\/culturas.cc\/congresso2020\/16799\/\" title=\"G\u00eanero e domesticidades em representa\u00e7\u00f5es midi\u00e1ticas\" class=\"cmsmasters_open_link\"><\/a><\/div><\/figure><\/div><header class=\"cmsmasters_slider_post_header entry-header\"><h4 class=\"cmsmasters_slider_post_title entry-title\"><a href=\"https:\/\/culturas.cc\/congresso2020\/16799\/\">G\u00eanero e domesticidades em representa\u00e7\u00f5es midi\u00e1ticas<\/a><\/h4><\/header><div class=\"cmsmasters_slider_post_cont_info second entry-meta\"><span class=\"cmsmasters_slider_post_author\">by <a href=\"https:\/\/culturas.cc\/congresso2020\/author\/redeculturas\/\" title=\"Posts by culturas.cc\" class=\"vcard author\"><span class=\"fn\" rel=\"author\">culturas.cc<\/span><\/a><\/span><\/div><div class=\"cmsmasters_slider_post_cont_info third entry-meta\"><span class=\"cmsmasters_likes cmsmasters_slider_post_likes\"><a href=\"#\" onclick=\"cmsmastersLike(16799, false); return false;\" id=\"cmsmastersLike-16799\" class=\"cmsmastersLike cmsmasters_theme_icon_like\"><span>0 <\/span><\/a><\/span><\/div>\t<\/div>\r\n<\/article>\r\n<!-- Finish Posts Slider Post Article -->\r\n\r\n<\/div><\/div><\/div>\n","protected":false},"excerpt":{"rendered":"<p><strong>1\u00ba &#8211; O patriarcado e o sepultamento da mulher em Balada de Amor ao Vento e Niketche, de Paulina Chiziane |<\/strong>  Martins Mapera, Zito Mac\u00e1rio J\u00falio, Nelson Moda<\/p>\n<p><strong>2\u00ba &#8211; G\u00eanero e domesticidades em representa\u00e7\u00f5es midi\u00e1ticas | <\/strong> Marin\u00eas Ribeiro dos Santos, Ana Caroline de Bassi Padilha, Pamela Bostelmann, Lindsay Jemima Cresto, Cl\u00e1udia Regina Hazegawa Zacar<\/span><\/p>\n<p><strong>3\u00ba &#8211; O\u00a0 lugar da mulher na fic\u00e7\u00e3o televisiva contempor\u00e2nea |<\/strong> S\u00f3nia de S\u00e1, Louise Souza, Livia Gl\u00f3ria, Mateus Fonseca.<strong><br \/>\n<\/strong><\/p>\n","protected":false},"author":1,"featured_media":17175,"template":"","meta":{"_bbp_topic_count":0,"_bbp_reply_count":0,"_bbp_total_topic_count":0,"_bbp_total_reply_count":0,"_bbp_voice_count":0,"_bbp_anonymous_reply_count":0,"_bbp_topic_count_hidden":0,"_bbp_reply_count_hidden":0,"_bbp_forum_subforum_count":0,"_tribe_events_status":"","_tribe_events_status_reason":"","footnotes":""},"tags":[],"tribe_events_cat":[149],"class_list":["post-16500","tribe_events","type-tribe_events","status-publish","has-post-thumbnail","hentry","tribe_events_cat-gt-20nov"],"jetpack_sharing_enabled":true,"_links":{"self":[{"href":"https:\/\/culturas.cc\/congresso2020\/wp-json\/wp\/v2\/tribe_events\/16500","targetHints":{"allow":["GET"]}}],"collection":[{"href":"https:\/\/culturas.cc\/congresso2020\/wp-json\/wp\/v2\/tribe_events"}],"about":[{"href":"https:\/\/culturas.cc\/congresso2020\/wp-json\/wp\/v2\/types\/tribe_events"}],"author":[{"embeddable":true,"href":"https:\/\/culturas.cc\/congresso2020\/wp-json\/wp\/v2\/users\/1"}],"version-history":[{"count":13,"href":"https:\/\/culturas.cc\/congresso2020\/wp-json\/wp\/v2\/tribe_events\/16500\/revisions"}],"predecessor-version":[{"id":17384,"href":"https:\/\/culturas.cc\/congresso2020\/wp-json\/wp\/v2\/tribe_events\/16500\/revisions\/17384"}],"wp:featuredmedia":[{"embeddable":true,"href":"https:\/\/culturas.cc\/congresso2020\/wp-json\/wp\/v2\/media\/17175"}],"wp:attachment":[{"href":"https:\/\/culturas.cc\/congresso2020\/wp-json\/wp\/v2\/media?parent=16500"}],"wp:term":[{"taxonomy":"post_tag","embeddable":true,"href":"https:\/\/culturas.cc\/congresso2020\/wp-json\/wp\/v2\/tags?post=16500"},{"taxonomy":"tribe_events_cat","embeddable":true,"href":"https:\/\/culturas.cc\/congresso2020\/wp-json\/wp\/v2\/tribe_events_cat?post=16500"}],"curies":[{"name":"wp","href":"https:\/\/api.w.org\/{rel}","templated":true}]}}