{"id":16498,"date":"2020-11-10T14:26:42","date_gmt":"2020-11-10T17:26:42","guid":{"rendered":"https:\/\/culturas.cc\/congresso2020\/?post_type=tribe_events&#038;p=16498"},"modified":"2020-11-19T00:06:45","modified_gmt":"2020-11-19T03:06:45","slug":"live-14-gt1-cultura-politica-democracia-e-combate-a-desigualdades-e-opressoes","status":"publish","type":"tribe_events","link":"https:\/\/culturas.cc\/congresso2020\/event\/live-14-gt1-cultura-politica-democracia-e-combate-a-desigualdades-e-opressoes\/","title":{"rendered":"LIVE 14 | GT1 &#8211; Cultura, Pol\u00edtica, Democracia e Combate a Desigualdades e Opress\u00f5es"},"content":{"rendered":"<h3 style=\"text-align: center;\">Assista no Youtube<\/h3>\n<h2 style=\"text-align: center;\"><a href=\"https:\/\/www.youtube.com\/watch?v=3Si7RFOUoiE\">Clique aqui<\/a><\/h2>\n<h3>Trabalhos<\/h3>\n<p><strong>1\u00ba- Censura: trajet\u00f3rias e liberdades no Brasil do tempo presente | <\/strong>Hanayana Brand\u00e3o Guimar\u00e3es Fontes Lima, Isaura Su\u00e9len Tupiniquim Cruz, Jo\u00e3o Pedro Prado Merc\u00eas L\u00e1zaro, Uriel de Souza Bezerra.<\/p>\n<p><strong>2\u00ba &#8211; Democracia, cultura e universidade p\u00fablica: diversidade e resist\u00eancia no Brasil |\u00a0<\/strong>Sophia Cardoso Rocha, Alexandre Almeida Barbalho<br \/>\nAnna Christina de Queiroz Rodrigues, Hort\u00eancia Silva Nepomuceno dos Santos.<\/p>\n<p><strong>3\u00ba &#8211; movimento estudantil e democratiza\u00e7\u00e3o do conhecimento: uma perspectiva interseccional no meio acad\u00eamico em tempos de pandemia\u00a0<\/strong>| Igor Cardoso Ribeiro, Beatriz Abreu Gomes, Daiane de Jesus Oliveira, Gustavo dos Santos Leal, Maur\u00edcio Menezes de Castro.<\/p>\n<h3>Confira os resumos dos trabalhos:<\/h3>\n<div class=\"cmsmasters_posts_slider cmsmasters_posts_slider_post\" >\r\n\t\t<div id=\"cmsmasters_slider_lykcf8autl14\" class=\"cmsmasters_owl_slider owl-carousel\" data-items=\"3\" data-single-item=\"false\" data-auto-play=\"false\" data-pagination=\"false\"><div class=\"cmsmasters_owl_slider_item\"><!-- Start Posts Slider Post Article -->\r\n<article id=\"post-16781\" class=\"cmsmasters_slider_post post-16781 post type-post status-publish format-standard has-post-thumbnail hentry category-gt-1 category-live-14 category-resumos\">\r\n\t<div class=\"cmsmasters_slider_post_outer\">\r\n\t<div class=\"cmsmasters_slider_post_img_wrap\"><figure class=\"cmsmasters_img_rollover_wrap preloader\"><img loading=\"lazy\" decoding=\"async\" width=\"580\" height=\"580\" src=\"https:\/\/i0.wp.com\/culturas.cc\/congresso2020\/wp-content\/uploads\/sites\/9\/2020\/11\/GT1.png?resize=580%2C580&amp;ssl=1\" class=\"full-width wp-post-image\" alt=\"Movimento estudantil e democratiza\u00e7\u00e3o do conhecimento: uma perspectiva interseccional no meio acad\u00eamico em tempos de pandemia\" title=\"GT1\" srcset=\"https:\/\/i0.wp.com\/culturas.cc\/congresso2020\/wp-content\/uploads\/sites\/9\/2020\/11\/GT1.png?w=600&amp;ssl=1 600w, https:\/\/i0.wp.com\/culturas.cc\/congresso2020\/wp-content\/uploads\/sites\/9\/2020\/11\/GT1.png?resize=300%2C300&amp;ssl=1 300w, https:\/\/i0.wp.com\/culturas.cc\/congresso2020\/wp-content\/uploads\/sites\/9\/2020\/11\/GT1.png?resize=150%2C150&amp;ssl=1 150w, https:\/\/i0.wp.com\/culturas.cc\/congresso2020\/wp-content\/uploads\/sites\/9\/2020\/11\/GT1.png?resize=180%2C180&amp;ssl=1 180w, https:\/\/i0.wp.com\/culturas.cc\/congresso2020\/wp-content\/uploads\/sites\/9\/2020\/11\/GT1.png?resize=580%2C580&amp;ssl=1 580w\" sizes=\"auto, (max-width: 580px) 100vw, 580px\" \/><div class=\"cmsmasters_img_rollover\"><a href=\"https:\/\/culturas.cc\/congresso2020\/16781\/\" title=\"Movimento estudantil e democratiza\u00e7\u00e3o do conhecimento: uma perspectiva interseccional no meio acad\u00eamico em tempos de pandemia\" class=\"cmsmasters_open_link\"><\/a><\/div><\/figure><\/div><header class=\"cmsmasters_slider_post_header entry-header\"><h4 class=\"cmsmasters_slider_post_title entry-title\"><a href=\"https:\/\/culturas.cc\/congresso2020\/16781\/\">Movimento estudantil e democratiza\u00e7\u00e3o do conhecimento: uma perspectiva interseccional no meio acad\u00eamico em tempos de pandemia<\/a><\/h4><\/header><div class=\"cmsmasters_slider_post_cont_info second entry-meta\"><span class=\"cmsmasters_slider_post_author\">by <a href=\"https:\/\/culturas.cc\/congresso2020\/author\/redeculturas\/\" title=\"Posts by culturas.cc\" class=\"vcard author\"><span class=\"fn\" rel=\"author\">culturas.cc<\/span><\/a><\/span><\/div><div class=\"cmsmasters_slider_post_cont_info third entry-meta\"><span class=\"cmsmasters_likes cmsmasters_slider_post_likes\"><a href=\"#\" onclick=\"cmsmastersLike(16781, false); return false;\" id=\"cmsmastersLike-16781\" class=\"cmsmastersLike cmsmasters_theme_icon_like\"><span>0 <\/span><\/a><\/span><\/div>\t<\/div>\r\n<\/article>\r\n<!-- Finish Posts Slider Post Article -->\r\n\r\n<\/div><div class=\"cmsmasters_owl_slider_item\"><!-- Start Posts Slider Post Article -->\r\n<article id=\"post-16779\" class=\"cmsmasters_slider_post post-16779 post type-post status-publish format-standard has-post-thumbnail hentry category-gt-1 category-live-14 category-resumos\">\r\n\t<div class=\"cmsmasters_slider_post_outer\">\r\n\t<div class=\"cmsmasters_slider_post_img_wrap\"><figure class=\"cmsmasters_img_rollover_wrap preloader\"><img loading=\"lazy\" decoding=\"async\" width=\"580\" height=\"580\" src=\"https:\/\/i0.wp.com\/culturas.cc\/congresso2020\/wp-content\/uploads\/sites\/9\/2020\/11\/GT1.png?resize=580%2C580&amp;ssl=1\" class=\"full-width wp-post-image\" alt=\"Democracia, cultura e universidade p\u00fablica: diversidade e resist\u00eancia no Brasil\" title=\"GT1\" srcset=\"https:\/\/i0.wp.com\/culturas.cc\/congresso2020\/wp-content\/uploads\/sites\/9\/2020\/11\/GT1.png?w=600&amp;ssl=1 600w, https:\/\/i0.wp.com\/culturas.cc\/congresso2020\/wp-content\/uploads\/sites\/9\/2020\/11\/GT1.png?resize=300%2C300&amp;ssl=1 300w, https:\/\/i0.wp.com\/culturas.cc\/congresso2020\/wp-content\/uploads\/sites\/9\/2020\/11\/GT1.png?resize=150%2C150&amp;ssl=1 150w, https:\/\/i0.wp.com\/culturas.cc\/congresso2020\/wp-content\/uploads\/sites\/9\/2020\/11\/GT1.png?resize=180%2C180&amp;ssl=1 180w, https:\/\/i0.wp.com\/culturas.cc\/congresso2020\/wp-content\/uploads\/sites\/9\/2020\/11\/GT1.png?resize=580%2C580&amp;ssl=1 580w\" sizes=\"auto, (max-width: 580px) 100vw, 580px\" \/><div class=\"cmsmasters_img_rollover\"><a href=\"https:\/\/culturas.cc\/congresso2020\/16779\/\" title=\"Democracia, cultura e universidade p\u00fablica: diversidade e resist\u00eancia no Brasil\" class=\"cmsmasters_open_link\"><\/a><\/div><\/figure><\/div><header class=\"cmsmasters_slider_post_header entry-header\"><h4 class=\"cmsmasters_slider_post_title entry-title\"><a href=\"https:\/\/culturas.cc\/congresso2020\/16779\/\">Democracia, cultura e universidade p\u00fablica: diversidade e resist\u00eancia no Brasil<\/a><\/h4><\/header><div class=\"cmsmasters_slider_post_cont_info second entry-meta\"><span class=\"cmsmasters_slider_post_author\">by <a href=\"https:\/\/culturas.cc\/congresso2020\/author\/redeculturas\/\" title=\"Posts by culturas.cc\" class=\"vcard author\"><span class=\"fn\" rel=\"author\">culturas.cc<\/span><\/a><\/span><\/div><div class=\"cmsmasters_slider_post_cont_info third entry-meta\"><span class=\"cmsmasters_likes cmsmasters_slider_post_likes\"><a href=\"#\" onclick=\"cmsmastersLike(16779, false); return false;\" id=\"cmsmastersLike-16779\" class=\"cmsmastersLike cmsmasters_theme_icon_like\"><span>0 <\/span><\/a><\/span><\/div>\t<\/div>\r\n<\/article>\r\n<!-- Finish Posts Slider Post Article -->\r\n\r\n<\/div><div class=\"cmsmasters_owl_slider_item\"><!-- Start Posts Slider Post Article -->\r\n<article id=\"post-16777\" class=\"cmsmasters_slider_post post-16777 post type-post status-publish format-standard has-post-thumbnail hentry category-gt-1 category-live-14 category-resumos\">\r\n\t<div class=\"cmsmasters_slider_post_outer\">\r\n\t<div class=\"cmsmasters_slider_post_img_wrap\"><figure class=\"cmsmasters_img_rollover_wrap preloader\"><img loading=\"lazy\" decoding=\"async\" width=\"580\" height=\"580\" src=\"https:\/\/i0.wp.com\/culturas.cc\/congresso2020\/wp-content\/uploads\/sites\/9\/2020\/11\/GT1.png?resize=580%2C580&amp;ssl=1\" class=\"full-width wp-post-image\" alt=\"Censura: trajet\u00f3rias e liberdades no Brasil do tempo presente\" title=\"GT1\" srcset=\"https:\/\/i0.wp.com\/culturas.cc\/congresso2020\/wp-content\/uploads\/sites\/9\/2020\/11\/GT1.png?w=600&amp;ssl=1 600w, https:\/\/i0.wp.com\/culturas.cc\/congresso2020\/wp-content\/uploads\/sites\/9\/2020\/11\/GT1.png?resize=300%2C300&amp;ssl=1 300w, https:\/\/i0.wp.com\/culturas.cc\/congresso2020\/wp-content\/uploads\/sites\/9\/2020\/11\/GT1.png?resize=150%2C150&amp;ssl=1 150w, https:\/\/i0.wp.com\/culturas.cc\/congresso2020\/wp-content\/uploads\/sites\/9\/2020\/11\/GT1.png?resize=180%2C180&amp;ssl=1 180w, https:\/\/i0.wp.com\/culturas.cc\/congresso2020\/wp-content\/uploads\/sites\/9\/2020\/11\/GT1.png?resize=580%2C580&amp;ssl=1 580w\" sizes=\"auto, (max-width: 580px) 100vw, 580px\" \/><div class=\"cmsmasters_img_rollover\"><a href=\"https:\/\/culturas.cc\/congresso2020\/16777\/\" title=\"Censura: trajet\u00f3rias e liberdades no Brasil do tempo presente\" class=\"cmsmasters_open_link\"><\/a><\/div><\/figure><\/div><header class=\"cmsmasters_slider_post_header entry-header\"><h4 class=\"cmsmasters_slider_post_title entry-title\"><a href=\"https:\/\/culturas.cc\/congresso2020\/16777\/\">Censura: trajet\u00f3rias e liberdades no Brasil do tempo presente<\/a><\/h4><\/header><div class=\"cmsmasters_slider_post_cont_info second entry-meta\"><span class=\"cmsmasters_slider_post_author\">by <a href=\"https:\/\/culturas.cc\/congresso2020\/author\/redeculturas\/\" title=\"Posts by culturas.cc\" class=\"vcard author\"><span class=\"fn\" rel=\"author\">culturas.cc<\/span><\/a><\/span><\/div><div class=\"cmsmasters_slider_post_cont_info third entry-meta\"><span class=\"cmsmasters_likes cmsmasters_slider_post_likes\"><a href=\"#\" onclick=\"cmsmastersLike(16777, false); return false;\" id=\"cmsmastersLike-16777\" class=\"cmsmastersLike cmsmasters_theme_icon_like\"><span>0 <\/span><\/a><\/span><\/div>\t<\/div>\r\n<\/article>\r\n<!-- Finish Posts Slider Post Article -->\r\n\r\n<\/div><\/div><\/div>\n","protected":false},"excerpt":{"rendered":"<p><strong>1\u00ba- Censura: trajet\u00f3rias e liberdades no Brasil do tempo presente | <\/strong>Hanayana Brand\u00e3o Guimar\u00e3es Fontes Lima, Isaura Su\u00e9len Tupiniquim Cruz, Jo\u00e3o Pedro Prado Merc\u00eas L\u00e1zaro, Uriel de Souza Bezerra.<\/p>\n<p><strong>2\u00ba &#8211; Democracia, cultura e universidade p\u00fablica: diversidade e resist\u00eancia no Brasil |\u00a0<\/strong>Sophia Cardoso Rocha, Alexandre Almeida Barbalho<br \/>\nAnna Christina de Queiroz Rodrigues, Hort\u00eancia Silva Nepomuceno dos Santos.<\/p>\n<p><strong>3\u00ba &#8211; movimento estudantil e democratiza\u00e7\u00e3o do conhecimento: uma perspectiva interseccional no meio acad\u00eamico em tempos de pandemia\u00a0<\/strong>| Igor Cardoso Ribeiro, Beatriz Abreu Gomes, Daiane de Jesus Oliveira, Gustavo dos Santos Leal, Maur\u00edcio Menezes de Castro.<\/p>\n","protected":false},"author":1,"featured_media":17174,"template":"","meta":{"_bbp_topic_count":0,"_bbp_reply_count":0,"_bbp_total_topic_count":0,"_bbp_total_reply_count":0,"_bbp_voice_count":0,"_bbp_anonymous_reply_count":0,"_bbp_topic_count_hidden":0,"_bbp_reply_count_hidden":0,"_bbp_forum_subforum_count":0,"_tribe_events_status":"","_tribe_events_status_reason":"","footnotes":""},"tags":[],"tribe_events_cat":[149],"class_list":["post-16498","tribe_events","type-tribe_events","status-publish","has-post-thumbnail","hentry","tribe_events_cat-gt-20nov"],"jetpack_sharing_enabled":true,"_links":{"self":[{"href":"https:\/\/culturas.cc\/congresso2020\/wp-json\/wp\/v2\/tribe_events\/16498","targetHints":{"allow":["GET"]}}],"collection":[{"href":"https:\/\/culturas.cc\/congresso2020\/wp-json\/wp\/v2\/tribe_events"}],"about":[{"href":"https:\/\/culturas.cc\/congresso2020\/wp-json\/wp\/v2\/types\/tribe_events"}],"author":[{"embeddable":true,"href":"https:\/\/culturas.cc\/congresso2020\/wp-json\/wp\/v2\/users\/1"}],"version-history":[{"count":7,"href":"https:\/\/culturas.cc\/congresso2020\/wp-json\/wp\/v2\/tribe_events\/16498\/revisions"}],"predecessor-version":[{"id":17383,"href":"https:\/\/culturas.cc\/congresso2020\/wp-json\/wp\/v2\/tribe_events\/16498\/revisions\/17383"}],"wp:featuredmedia":[{"embeddable":true,"href":"https:\/\/culturas.cc\/congresso2020\/wp-json\/wp\/v2\/media\/17174"}],"wp:attachment":[{"href":"https:\/\/culturas.cc\/congresso2020\/wp-json\/wp\/v2\/media?parent=16498"}],"wp:term":[{"taxonomy":"post_tag","embeddable":true,"href":"https:\/\/culturas.cc\/congresso2020\/wp-json\/wp\/v2\/tags?post=16498"},{"taxonomy":"tribe_events_cat","embeddable":true,"href":"https:\/\/culturas.cc\/congresso2020\/wp-json\/wp\/v2\/tribe_events_cat?post=16498"}],"curies":[{"name":"wp","href":"https:\/\/api.w.org\/{rel}","templated":true}]}}