{"id":16487,"date":"2020-11-10T14:12:38","date_gmt":"2020-11-10T17:12:38","guid":{"rendered":"https:\/\/culturas.cc\/congresso2020\/?post_type=tribe_events&#038;p=16487"},"modified":"2020-11-19T00:05:56","modified_gmt":"2020-11-19T03:05:56","slug":"live-12-gt1-cultura-politica-democracia-e-combate-a-desigualdades-e-opressoes","status":"publish","type":"tribe_events","link":"https:\/\/culturas.cc\/congresso2020\/event\/live-12-gt1-cultura-politica-democracia-e-combate-a-desigualdades-e-opressoes\/","title":{"rendered":"LIVE 12 | GT1 &#8211; Cultura, Pol\u00edtica, Democracia e Combate a Desigualdades e Opress\u00f5es"},"content":{"rendered":"<h3 style=\"text-align: center;\">Assista no Youtube<\/h3>\n<h2 style=\"text-align: center;\"><a href=\"https:\/\/www.youtube.com\/watch?v=OCquSiCIR7Q\">Clique aqui<\/a><\/h2>\n<p>&nbsp;<\/p>\n<h3>Trabalhos<\/h3>\n<p><strong>1\u00ba- Machado de Assis real: identidades biogr\u00e1ficas do literata \u00e0 luz dos estudos culturais | <\/strong>Carlos Jael Soares da Silva, <span style=\"font-weight: 400;\">Jefferson da Silva Pereira, <\/span><span style=\"font-weight: 400;\">Gustavo C\u00e9sar da Silva.<\/span><\/p>\n<p><strong>2\u00ba &#8211; Revisita a caminhos negros em tempos de covid-19 | <\/strong>Luiz Paulo Carvalho Pires de Oliveira, Millen Carvalho Cerqueira da Silva, Felipe Nicori Pereira.<\/p>\n<p><strong>3\u00ba- Interfaces e Comunica\u00e7\u00f5es sociais: o conhecimento decolonial |\u00a0<\/strong>Julio Cesar de S\u00e1 da Rocha, La\u00eds Fonseca do Carmo, Gerson Concei\u00e7\u00e3o Cardoso J\u00fanior, Jeferson Brand\u00e3o Bomfim, Rebeca de Souza Vieira.<\/p>\n<h3>Confira os resumos dos trabalhos:<\/h3>\n<div class=\"cmsmasters_posts_slider cmsmasters_posts_slider_post\" >\r\n\t\t<div id=\"cmsmasters_slider_lykcf8autl12\" class=\"cmsmasters_owl_slider owl-carousel\" data-items=\"3\" data-single-item=\"false\" data-auto-play=\"false\" data-pagination=\"false\"><div class=\"cmsmasters_owl_slider_item\"><!-- Start Posts Slider Post Article -->\r\n<article id=\"post-16767\" class=\"cmsmasters_slider_post post-16767 post type-post status-publish format-standard has-post-thumbnail hentry category-gt-1 category-live-12 category-resumos\">\r\n\t<div class=\"cmsmasters_slider_post_outer\">\r\n\t<div class=\"cmsmasters_slider_post_img_wrap\"><figure class=\"cmsmasters_img_rollover_wrap preloader\"><img loading=\"lazy\" decoding=\"async\" width=\"580\" height=\"580\" src=\"https:\/\/i0.wp.com\/culturas.cc\/congresso2020\/wp-content\/uploads\/sites\/9\/2020\/11\/GT1.png?resize=580%2C580&amp;ssl=1\" class=\"full-width wp-post-image\" alt=\"Revisita a caminhos negros em tempos de covid-19\" title=\"GT1\" srcset=\"https:\/\/i0.wp.com\/culturas.cc\/congresso2020\/wp-content\/uploads\/sites\/9\/2020\/11\/GT1.png?w=600&amp;ssl=1 600w, https:\/\/i0.wp.com\/culturas.cc\/congresso2020\/wp-content\/uploads\/sites\/9\/2020\/11\/GT1.png?resize=300%2C300&amp;ssl=1 300w, https:\/\/i0.wp.com\/culturas.cc\/congresso2020\/wp-content\/uploads\/sites\/9\/2020\/11\/GT1.png?resize=150%2C150&amp;ssl=1 150w, https:\/\/i0.wp.com\/culturas.cc\/congresso2020\/wp-content\/uploads\/sites\/9\/2020\/11\/GT1.png?resize=180%2C180&amp;ssl=1 180w, https:\/\/i0.wp.com\/culturas.cc\/congresso2020\/wp-content\/uploads\/sites\/9\/2020\/11\/GT1.png?resize=580%2C580&amp;ssl=1 580w\" sizes=\"auto, (max-width: 580px) 100vw, 580px\" \/><div class=\"cmsmasters_img_rollover\"><a href=\"https:\/\/culturas.cc\/congresso2020\/16767\/\" title=\"Revisita a caminhos negros em tempos de covid-19\" class=\"cmsmasters_open_link\"><\/a><\/div><\/figure><\/div><header class=\"cmsmasters_slider_post_header entry-header\"><h4 class=\"cmsmasters_slider_post_title entry-title\"><a href=\"https:\/\/culturas.cc\/congresso2020\/16767\/\">Revisita a caminhos negros em tempos de covid-19<\/a><\/h4><\/header><div class=\"cmsmasters_slider_post_cont_info second entry-meta\"><span class=\"cmsmasters_slider_post_author\">by <a href=\"https:\/\/culturas.cc\/congresso2020\/author\/redeculturas\/\" title=\"Posts by culturas.cc\" class=\"vcard author\"><span class=\"fn\" rel=\"author\">culturas.cc<\/span><\/a><\/span><\/div><div class=\"cmsmasters_slider_post_cont_info third entry-meta\"><span class=\"cmsmasters_likes cmsmasters_slider_post_likes\"><a href=\"#\" onclick=\"cmsmastersLike(16767, false); return false;\" id=\"cmsmastersLike-16767\" class=\"cmsmastersLike cmsmasters_theme_icon_like\"><span>0 <\/span><\/a><\/span><\/div>\t<\/div>\r\n<\/article>\r\n<!-- Finish Posts Slider Post Article -->\r\n\r\n<\/div><div class=\"cmsmasters_owl_slider_item\"><!-- Start Posts Slider Post Article -->\r\n<article id=\"post-16765\" class=\"cmsmasters_slider_post post-16765 post type-post status-publish format-standard has-post-thumbnail hentry category-gt-1 category-live-12 category-resumos\">\r\n\t<div class=\"cmsmasters_slider_post_outer\">\r\n\t<div class=\"cmsmasters_slider_post_img_wrap\"><figure class=\"cmsmasters_img_rollover_wrap preloader\"><img loading=\"lazy\" decoding=\"async\" width=\"580\" height=\"580\" src=\"https:\/\/i0.wp.com\/culturas.cc\/congresso2020\/wp-content\/uploads\/sites\/9\/2020\/11\/GT1.png?resize=580%2C580&amp;ssl=1\" class=\"full-width wp-post-image\" alt=\"Machado de Assis real: identidades biogr\u00e1ficas do literata \u00e0 luz dos estudos culturais\" title=\"GT1\" srcset=\"https:\/\/i0.wp.com\/culturas.cc\/congresso2020\/wp-content\/uploads\/sites\/9\/2020\/11\/GT1.png?w=600&amp;ssl=1 600w, https:\/\/i0.wp.com\/culturas.cc\/congresso2020\/wp-content\/uploads\/sites\/9\/2020\/11\/GT1.png?resize=300%2C300&amp;ssl=1 300w, https:\/\/i0.wp.com\/culturas.cc\/congresso2020\/wp-content\/uploads\/sites\/9\/2020\/11\/GT1.png?resize=150%2C150&amp;ssl=1 150w, https:\/\/i0.wp.com\/culturas.cc\/congresso2020\/wp-content\/uploads\/sites\/9\/2020\/11\/GT1.png?resize=180%2C180&amp;ssl=1 180w, https:\/\/i0.wp.com\/culturas.cc\/congresso2020\/wp-content\/uploads\/sites\/9\/2020\/11\/GT1.png?resize=580%2C580&amp;ssl=1 580w\" sizes=\"auto, (max-width: 580px) 100vw, 580px\" \/><div class=\"cmsmasters_img_rollover\"><a href=\"https:\/\/culturas.cc\/congresso2020\/16765\/\" title=\"Machado de Assis real: identidades biogr\u00e1ficas do literata \u00e0 luz dos estudos culturais\" class=\"cmsmasters_open_link\"><\/a><\/div><\/figure><\/div><header class=\"cmsmasters_slider_post_header entry-header\"><h4 class=\"cmsmasters_slider_post_title entry-title\"><a href=\"https:\/\/culturas.cc\/congresso2020\/16765\/\">Machado de Assis real: identidades biogr\u00e1ficas do literata \u00e0 luz dos estudos culturais<\/a><\/h4><\/header><div class=\"cmsmasters_slider_post_cont_info second entry-meta\"><span class=\"cmsmasters_slider_post_author\">by <a href=\"https:\/\/culturas.cc\/congresso2020\/author\/redeculturas\/\" title=\"Posts by culturas.cc\" class=\"vcard author\"><span class=\"fn\" rel=\"author\">culturas.cc<\/span><\/a><\/span><\/div><div class=\"cmsmasters_slider_post_cont_info third entry-meta\"><span class=\"cmsmasters_likes cmsmasters_slider_post_likes\"><a href=\"#\" onclick=\"cmsmastersLike(16765, false); return false;\" id=\"cmsmastersLike-16765\" class=\"cmsmastersLike cmsmasters_theme_icon_like\"><span>0 <\/span><\/a><\/span><\/div>\t<\/div>\r\n<\/article>\r\n<!-- Finish Posts Slider Post Article -->\r\n\r\n<\/div><div class=\"cmsmasters_owl_slider_item\"><!-- Start Posts Slider Post Article -->\r\n<article id=\"post-16769\" class=\"cmsmasters_slider_post post-16769 post type-post status-publish format-standard has-post-thumbnail hentry category-gt-1 category-live-12 category-resumos\">\r\n\t<div class=\"cmsmasters_slider_post_outer\">\r\n\t<div class=\"cmsmasters_slider_post_img_wrap\"><figure class=\"cmsmasters_img_rollover_wrap preloader\"><img loading=\"lazy\" decoding=\"async\" width=\"580\" height=\"580\" src=\"https:\/\/i0.wp.com\/culturas.cc\/congresso2020\/wp-content\/uploads\/sites\/9\/2020\/11\/GT1.png?resize=580%2C580&amp;ssl=1\" class=\"full-width wp-post-image\" alt=\"Interfaces e Comunica\u00e7\u00f5es sociais: o conhecimento decolonial\" title=\"GT1\" srcset=\"https:\/\/i0.wp.com\/culturas.cc\/congresso2020\/wp-content\/uploads\/sites\/9\/2020\/11\/GT1.png?w=600&amp;ssl=1 600w, https:\/\/i0.wp.com\/culturas.cc\/congresso2020\/wp-content\/uploads\/sites\/9\/2020\/11\/GT1.png?resize=300%2C300&amp;ssl=1 300w, https:\/\/i0.wp.com\/culturas.cc\/congresso2020\/wp-content\/uploads\/sites\/9\/2020\/11\/GT1.png?resize=150%2C150&amp;ssl=1 150w, https:\/\/i0.wp.com\/culturas.cc\/congresso2020\/wp-content\/uploads\/sites\/9\/2020\/11\/GT1.png?resize=180%2C180&amp;ssl=1 180w, https:\/\/i0.wp.com\/culturas.cc\/congresso2020\/wp-content\/uploads\/sites\/9\/2020\/11\/GT1.png?resize=580%2C580&amp;ssl=1 580w\" sizes=\"auto, (max-width: 580px) 100vw, 580px\" \/><div class=\"cmsmasters_img_rollover\"><a href=\"https:\/\/culturas.cc\/congresso2020\/16769\/\" title=\"Interfaces e Comunica\u00e7\u00f5es sociais: o conhecimento decolonial\" class=\"cmsmasters_open_link\"><\/a><\/div><\/figure><\/div><header class=\"cmsmasters_slider_post_header entry-header\"><h4 class=\"cmsmasters_slider_post_title entry-title\"><a href=\"https:\/\/culturas.cc\/congresso2020\/16769\/\">Interfaces e Comunica\u00e7\u00f5es sociais: o conhecimento decolonial<\/a><\/h4><\/header><div class=\"cmsmasters_slider_post_cont_info second entry-meta\"><span class=\"cmsmasters_slider_post_author\">by <a href=\"https:\/\/culturas.cc\/congresso2020\/author\/redeculturas\/\" title=\"Posts by culturas.cc\" class=\"vcard author\"><span class=\"fn\" rel=\"author\">culturas.cc<\/span><\/a><\/span><\/div><div class=\"cmsmasters_slider_post_cont_info third entry-meta\"><span class=\"cmsmasters_likes cmsmasters_slider_post_likes\"><a href=\"#\" onclick=\"cmsmastersLike(16769, false); return false;\" id=\"cmsmastersLike-16769\" class=\"cmsmastersLike cmsmasters_theme_icon_like\"><span>0 <\/span><\/a><\/span><\/div>\t<\/div>\r\n<\/article>\r\n<!-- Finish Posts Slider Post Article -->\r\n\r\n<\/div><\/div><\/div>\n","protected":false},"excerpt":{"rendered":"<p><strong>1\u00ba- Machado de Assis real: identidades biogr\u00e1ficas do literata \u00e0 luz dos estudos culturais | <\/strong>Carlos Jael Soares da Silva, <span style=\"font-weight: 400;\">Jefferson da Silva Pereira, <\/span><span style=\"font-weight: 400;\">Gustavo C\u00e9sar da Silva.<\/span><\/p>\n<p><strong>2\u00ba &#8211; Revisita a caminhos negros em tempos de covid-19 | <\/strong>Luiz Paulo Carvalho Pires de Oliveira, Millen Carvalho Cerqueira da Silva, Felipe Nicori Pereira.<\/p>\n<p><strong>3\u00ba- Interfaces e Comunica\u00e7\u00f5es sociais: o conhecimento decolonial |\u00a0<\/strong>Julio Cesar de S\u00e1 da Rocha, La\u00eds Fonseca do Carmo, Gerson Concei\u00e7\u00e3o Cardoso J\u00fanior, Jeferson Brand\u00e3o Bomfim, Rebeca de Souza Vieira.<\/p>\n","protected":false},"author":1,"featured_media":17174,"template":"","meta":{"_bbp_topic_count":0,"_bbp_reply_count":0,"_bbp_total_topic_count":0,"_bbp_total_reply_count":0,"_bbp_voice_count":0,"_bbp_anonymous_reply_count":0,"_bbp_topic_count_hidden":0,"_bbp_reply_count_hidden":0,"_bbp_forum_subforum_count":0,"_tribe_events_status":"","_tribe_events_status_reason":"","footnotes":""},"tags":[],"tribe_events_cat":[149],"class_list":["post-16487","tribe_events","type-tribe_events","status-publish","has-post-thumbnail","hentry","tribe_events_cat-gt-20nov"],"jetpack_sharing_enabled":true,"_links":{"self":[{"href":"https:\/\/culturas.cc\/congresso2020\/wp-json\/wp\/v2\/tribe_events\/16487","targetHints":{"allow":["GET"]}}],"collection":[{"href":"https:\/\/culturas.cc\/congresso2020\/wp-json\/wp\/v2\/tribe_events"}],"about":[{"href":"https:\/\/culturas.cc\/congresso2020\/wp-json\/wp\/v2\/types\/tribe_events"}],"author":[{"embeddable":true,"href":"https:\/\/culturas.cc\/congresso2020\/wp-json\/wp\/v2\/users\/1"}],"version-history":[{"count":9,"href":"https:\/\/culturas.cc\/congresso2020\/wp-json\/wp\/v2\/tribe_events\/16487\/revisions"}],"predecessor-version":[{"id":17381,"href":"https:\/\/culturas.cc\/congresso2020\/wp-json\/wp\/v2\/tribe_events\/16487\/revisions\/17381"}],"wp:featuredmedia":[{"embeddable":true,"href":"https:\/\/culturas.cc\/congresso2020\/wp-json\/wp\/v2\/media\/17174"}],"wp:attachment":[{"href":"https:\/\/culturas.cc\/congresso2020\/wp-json\/wp\/v2\/media?parent=16487"}],"wp:term":[{"taxonomy":"post_tag","embeddable":true,"href":"https:\/\/culturas.cc\/congresso2020\/wp-json\/wp\/v2\/tags?post=16487"},{"taxonomy":"tribe_events_cat","embeddable":true,"href":"https:\/\/culturas.cc\/congresso2020\/wp-json\/wp\/v2\/tribe_events_cat?post=16487"}],"curies":[{"name":"wp","href":"https:\/\/api.w.org\/{rel}","templated":true}]}}