{"id":16439,"date":"2020-11-10T02:25:51","date_gmt":"2020-11-10T05:25:51","guid":{"rendered":"https:\/\/culturas.cc\/congresso2020\/?post_type=tribe_events&#038;p=16439"},"modified":"2020-11-19T00:04:18","modified_gmt":"2020-11-19T03:04:18","slug":"live-11-gt5-cultura-comunicacao-artes-sensibilidade-e-saberes-populares","status":"publish","type":"tribe_events","link":"https:\/\/culturas.cc\/congresso2020\/event\/live-11-gt5-cultura-comunicacao-artes-sensibilidade-e-saberes-populares\/","title":{"rendered":"LIVE 11 | GT5 &#8211; Cultura, Comunica\u00e7\u00e3o, Artes, Sensibilidade e Saberes Populares"},"content":{"rendered":"<h3 style=\"text-align: center;\">Assista no Youtube<\/h3>\n<h2 style=\"text-align: center;\"><a href=\"https:\/\/www.youtube.com\/watch?v=fcTImx9WbC4\">Clique aqui<\/a><\/h2>\n<h3>Trabalhos<\/h3>\n<p><strong>1\u00ba &#8211; Materialidade fugaz: um percurso atrav\u00e9s da arte |\u00a0<\/strong><span style=\"font-weight: 400;\">Francisco Mesquita, Madeleine Muller.<br \/>\n<\/span><\/p>\n<p><strong>2\u00ba &#8211; Caminhos e descaminhos do patrim\u00f4nio imaterial baiano: experi\u00eancias em torno da salvaguarda e dos direitos culturais | <\/strong>Magnair Santos Barbosa,\u00a0Adriana Cerqueira Silva, N\u00edvea Alves dos Santos, Paula Pfl\u00fcger Zanardi, Maria Paula Adinolfi.<\/p>\n<p><strong>3\u00ba &#8211; Lab_museos: investiga\u00e7\u00f5es interdisciplinares e metodologias experimentais para (re)pensar os museus no Chile contempor\u00e2neo |\u00a0<\/strong>Yasmin Fabris, Ra\u00edza Cavalcanti, Angela Cort\u00e9s Per\u00e9z, Marisol Facuse.<\/p>\n<h3>Confira os resumos dos trabalhos:<\/h3>\n<div class=\"cmsmasters_posts_slider cmsmasters_posts_slider_post\" >\r\n\t\t<div id=\"cmsmasters_slider_lykcf8autl11\" class=\"cmsmasters_owl_slider owl-carousel\" data-items=\"3\" data-single-item=\"false\" data-auto-play=\"false\" data-pagination=\"false\"><div class=\"cmsmasters_owl_slider_item\"><!-- Start Posts Slider Post Article -->\r\n<article id=\"post-16879\" class=\"cmsmasters_slider_post post-16879 post type-post status-publish format-standard has-post-thumbnail hentry category-gt-5 category-live-11 category-resumos\">\r\n\t<div class=\"cmsmasters_slider_post_outer\">\r\n\t<div class=\"cmsmasters_slider_post_img_wrap\"><figure class=\"cmsmasters_img_rollover_wrap preloader\"><img loading=\"lazy\" decoding=\"async\" width=\"580\" height=\"580\" src=\"https:\/\/i0.wp.com\/culturas.cc\/congresso2020\/wp-content\/uploads\/sites\/9\/2020\/11\/gt5.png?resize=580%2C580&amp;ssl=1\" class=\"full-width wp-post-image\" alt=\"Materialidade fugaz: um percurso atrav\u00e9s da arte\" title=\"gt5\" srcset=\"https:\/\/i0.wp.com\/culturas.cc\/congresso2020\/wp-content\/uploads\/sites\/9\/2020\/11\/gt5.png?w=600&amp;ssl=1 600w, https:\/\/i0.wp.com\/culturas.cc\/congresso2020\/wp-content\/uploads\/sites\/9\/2020\/11\/gt5.png?resize=300%2C300&amp;ssl=1 300w, https:\/\/i0.wp.com\/culturas.cc\/congresso2020\/wp-content\/uploads\/sites\/9\/2020\/11\/gt5.png?resize=150%2C150&amp;ssl=1 150w, https:\/\/i0.wp.com\/culturas.cc\/congresso2020\/wp-content\/uploads\/sites\/9\/2020\/11\/gt5.png?resize=180%2C180&amp;ssl=1 180w, https:\/\/i0.wp.com\/culturas.cc\/congresso2020\/wp-content\/uploads\/sites\/9\/2020\/11\/gt5.png?resize=580%2C580&amp;ssl=1 580w\" sizes=\"auto, (max-width: 580px) 100vw, 580px\" \/><div class=\"cmsmasters_img_rollover\"><a href=\"https:\/\/culturas.cc\/congresso2020\/16879\/\" title=\"Materialidade fugaz: um percurso atrav\u00e9s da arte\" class=\"cmsmasters_open_link\"><\/a><\/div><\/figure><\/div><header class=\"cmsmasters_slider_post_header entry-header\"><h4 class=\"cmsmasters_slider_post_title entry-title\"><a href=\"https:\/\/culturas.cc\/congresso2020\/16879\/\">Materialidade fugaz: um percurso atrav\u00e9s da arte<\/a><\/h4><\/header><div class=\"cmsmasters_slider_post_cont_info second entry-meta\"><span class=\"cmsmasters_slider_post_author\">by <a href=\"https:\/\/culturas.cc\/congresso2020\/author\/redeculturas\/\" title=\"Posts by culturas.cc\" class=\"vcard author\"><span class=\"fn\" rel=\"author\">culturas.cc<\/span><\/a><\/span><\/div><div class=\"cmsmasters_slider_post_cont_info third entry-meta\"><span class=\"cmsmasters_likes cmsmasters_slider_post_likes\"><a href=\"#\" onclick=\"cmsmastersLike(16879, false); return false;\" id=\"cmsmastersLike-16879\" class=\"cmsmastersLike cmsmasters_theme_icon_like\"><span>1 <\/span><\/a><\/span><\/div>\t<\/div>\r\n<\/article>\r\n<!-- Finish Posts Slider Post Article -->\r\n\r\n<\/div><div class=\"cmsmasters_owl_slider_item\"><!-- Start Posts Slider Post Article -->\r\n<article id=\"post-16883\" class=\"cmsmasters_slider_post post-16883 post type-post status-publish format-standard has-post-thumbnail hentry category-gt-5 category-live-11 category-resumos\">\r\n\t<div class=\"cmsmasters_slider_post_outer\">\r\n\t<div class=\"cmsmasters_slider_post_img_wrap\"><figure class=\"cmsmasters_img_rollover_wrap preloader\"><img loading=\"lazy\" decoding=\"async\" width=\"580\" height=\"580\" src=\"https:\/\/i0.wp.com\/culturas.cc\/congresso2020\/wp-content\/uploads\/sites\/9\/2020\/11\/gt5.png?resize=580%2C580&amp;ssl=1\" class=\"full-width wp-post-image\" alt=\"Lab_museos: investiga\u00e7\u00f5es interdisciplinares e metodologias experimentais para (re)pensar os museus no Chile contempor\u00e2neo\" title=\"gt5\" srcset=\"https:\/\/i0.wp.com\/culturas.cc\/congresso2020\/wp-content\/uploads\/sites\/9\/2020\/11\/gt5.png?w=600&amp;ssl=1 600w, https:\/\/i0.wp.com\/culturas.cc\/congresso2020\/wp-content\/uploads\/sites\/9\/2020\/11\/gt5.png?resize=300%2C300&amp;ssl=1 300w, https:\/\/i0.wp.com\/culturas.cc\/congresso2020\/wp-content\/uploads\/sites\/9\/2020\/11\/gt5.png?resize=150%2C150&amp;ssl=1 150w, https:\/\/i0.wp.com\/culturas.cc\/congresso2020\/wp-content\/uploads\/sites\/9\/2020\/11\/gt5.png?resize=180%2C180&amp;ssl=1 180w, https:\/\/i0.wp.com\/culturas.cc\/congresso2020\/wp-content\/uploads\/sites\/9\/2020\/11\/gt5.png?resize=580%2C580&amp;ssl=1 580w\" sizes=\"auto, (max-width: 580px) 100vw, 580px\" \/><div class=\"cmsmasters_img_rollover\"><a href=\"https:\/\/culturas.cc\/congresso2020\/16883\/\" title=\"Lab_museos: investiga\u00e7\u00f5es interdisciplinares e metodologias experimentais para (re)pensar os museus no Chile contempor\u00e2neo\" class=\"cmsmasters_open_link\"><\/a><\/div><\/figure><\/div><header class=\"cmsmasters_slider_post_header entry-header\"><h4 class=\"cmsmasters_slider_post_title entry-title\"><a href=\"https:\/\/culturas.cc\/congresso2020\/16883\/\">Lab_museos: investiga\u00e7\u00f5es interdisciplinares e metodologias experimentais para (re)pensar os museus no Chile contempor\u00e2neo<\/a><\/h4><\/header><div class=\"cmsmasters_slider_post_cont_info second entry-meta\"><span class=\"cmsmasters_slider_post_author\">by <a href=\"https:\/\/culturas.cc\/congresso2020\/author\/redeculturas\/\" title=\"Posts by culturas.cc\" class=\"vcard author\"><span class=\"fn\" rel=\"author\">culturas.cc<\/span><\/a><\/span><\/div><div class=\"cmsmasters_slider_post_cont_info third entry-meta\"><span class=\"cmsmasters_likes cmsmasters_slider_post_likes\"><a href=\"#\" onclick=\"cmsmastersLike(16883, false); return false;\" id=\"cmsmastersLike-16883\" class=\"cmsmastersLike cmsmasters_theme_icon_like\"><span>1 <\/span><\/a><\/span><\/div>\t<\/div>\r\n<\/article>\r\n<!-- Finish Posts Slider Post Article -->\r\n\r\n<\/div><div class=\"cmsmasters_owl_slider_item\"><!-- Start Posts Slider Post Article -->\r\n<article id=\"post-16881\" class=\"cmsmasters_slider_post post-16881 post type-post status-publish format-standard has-post-thumbnail hentry category-gt-5 category-live-11 category-resumos\">\r\n\t<div class=\"cmsmasters_slider_post_outer\">\r\n\t<div class=\"cmsmasters_slider_post_img_wrap\"><figure class=\"cmsmasters_img_rollover_wrap preloader\"><img loading=\"lazy\" decoding=\"async\" width=\"580\" height=\"580\" src=\"https:\/\/i0.wp.com\/culturas.cc\/congresso2020\/wp-content\/uploads\/sites\/9\/2020\/11\/gt5.png?resize=580%2C580&amp;ssl=1\" class=\"full-width wp-post-image\" alt=\"Caminhos e descaminhos do patrim\u00f4nio imaterial baiano: experi\u00eancias em torno da salvaguarda e dos direitos culturais\" title=\"gt5\" srcset=\"https:\/\/i0.wp.com\/culturas.cc\/congresso2020\/wp-content\/uploads\/sites\/9\/2020\/11\/gt5.png?w=600&amp;ssl=1 600w, https:\/\/i0.wp.com\/culturas.cc\/congresso2020\/wp-content\/uploads\/sites\/9\/2020\/11\/gt5.png?resize=300%2C300&amp;ssl=1 300w, https:\/\/i0.wp.com\/culturas.cc\/congresso2020\/wp-content\/uploads\/sites\/9\/2020\/11\/gt5.png?resize=150%2C150&amp;ssl=1 150w, https:\/\/i0.wp.com\/culturas.cc\/congresso2020\/wp-content\/uploads\/sites\/9\/2020\/11\/gt5.png?resize=180%2C180&amp;ssl=1 180w, https:\/\/i0.wp.com\/culturas.cc\/congresso2020\/wp-content\/uploads\/sites\/9\/2020\/11\/gt5.png?resize=580%2C580&amp;ssl=1 580w\" sizes=\"auto, (max-width: 580px) 100vw, 580px\" \/><div class=\"cmsmasters_img_rollover\"><a href=\"https:\/\/culturas.cc\/congresso2020\/16881\/\" title=\"Caminhos e descaminhos do patrim\u00f4nio imaterial baiano: experi\u00eancias em torno da salvaguarda e dos direitos culturais\" class=\"cmsmasters_open_link\"><\/a><\/div><\/figure><\/div><header class=\"cmsmasters_slider_post_header entry-header\"><h4 class=\"cmsmasters_slider_post_title entry-title\"><a href=\"https:\/\/culturas.cc\/congresso2020\/16881\/\">Caminhos e descaminhos do patrim\u00f4nio imaterial baiano: experi\u00eancias em torno da salvaguarda e dos direitos culturais<\/a><\/h4><\/header><div class=\"cmsmasters_slider_post_cont_info second entry-meta\"><span class=\"cmsmasters_slider_post_author\">by <a href=\"https:\/\/culturas.cc\/congresso2020\/author\/redeculturas\/\" title=\"Posts by culturas.cc\" class=\"vcard author\"><span class=\"fn\" rel=\"author\">culturas.cc<\/span><\/a><\/span><\/div><div class=\"cmsmasters_slider_post_cont_info third entry-meta\"><span class=\"cmsmasters_likes cmsmasters_slider_post_likes\"><a href=\"#\" onclick=\"cmsmastersLike(16881, false); return false;\" id=\"cmsmastersLike-16881\" class=\"cmsmastersLike cmsmasters_theme_icon_like\"><span>1 <\/span><\/a><\/span><\/div>\t<\/div>\r\n<\/article>\r\n<!-- Finish Posts Slider Post Article -->\r\n\r\n<\/div><\/div><\/div>\n","protected":false},"excerpt":{"rendered":"<p><strong>1\u00ba &#8211; Materialidade fugaz: um percurso atrav\u00e9s da arte |\u00a0<\/strong><span style=\"font-weight: 400;\">Francisco Mesquita, Madeleine Muller.<br \/>\n<\/span><\/p>\n<p><strong>2\u00ba &#8211; Caminhos e descaminhos do patrim\u00f4nio imaterial baiano: experi\u00eancias em torno da salvaguarda e dos direitos culturais | <\/strong>Magnair Santos Barbosa,\u00a0Adriana Cerqueira Silva, N\u00edvea Alves dos Santos, Paula Pfl\u00fcger Zanardi, Maria Paula Adinolfi.<\/p>\n<p><strong>3\u00ba &#8211; Lab_museos: investiga\u00e7\u00f5es interdisciplinares e metodologias experimentais para (re)pensar os museus no Chile contempor\u00e2neo |\u00a0<\/strong>Yasmin Fabris, Ra\u00edza Cavalcanti, Angela Cort\u00e9s Per\u00e9z, Marisol Facuse.<\/p>\n","protected":false},"author":1,"featured_media":17178,"template":"","meta":{"_bbp_topic_count":0,"_bbp_reply_count":0,"_bbp_total_topic_count":0,"_bbp_total_reply_count":0,"_bbp_voice_count":0,"_bbp_anonymous_reply_count":0,"_bbp_topic_count_hidden":0,"_bbp_reply_count_hidden":0,"_bbp_forum_subforum_count":0,"_tribe_events_status":"","_tribe_events_status_reason":"","footnotes":""},"tags":[],"tribe_events_cat":[148],"class_list":["post-16439","tribe_events","type-tribe_events","status-publish","has-post-thumbnail","hentry","tribe_events_cat-gt-19nov"],"jetpack_sharing_enabled":true,"_links":{"self":[{"href":"https:\/\/culturas.cc\/congresso2020\/wp-json\/wp\/v2\/tribe_events\/16439","targetHints":{"allow":["GET"]}}],"collection":[{"href":"https:\/\/culturas.cc\/congresso2020\/wp-json\/wp\/v2\/tribe_events"}],"about":[{"href":"https:\/\/culturas.cc\/congresso2020\/wp-json\/wp\/v2\/types\/tribe_events"}],"author":[{"embeddable":true,"href":"https:\/\/culturas.cc\/congresso2020\/wp-json\/wp\/v2\/users\/1"}],"version-history":[{"count":10,"href":"https:\/\/culturas.cc\/congresso2020\/wp-json\/wp\/v2\/tribe_events\/16439\/revisions"}],"predecessor-version":[{"id":17380,"href":"https:\/\/culturas.cc\/congresso2020\/wp-json\/wp\/v2\/tribe_events\/16439\/revisions\/17380"}],"wp:featuredmedia":[{"embeddable":true,"href":"https:\/\/culturas.cc\/congresso2020\/wp-json\/wp\/v2\/media\/17178"}],"wp:attachment":[{"href":"https:\/\/culturas.cc\/congresso2020\/wp-json\/wp\/v2\/media?parent=16439"}],"wp:term":[{"taxonomy":"post_tag","embeddable":true,"href":"https:\/\/culturas.cc\/congresso2020\/wp-json\/wp\/v2\/tags?post=16439"},{"taxonomy":"tribe_events_cat","embeddable":true,"href":"https:\/\/culturas.cc\/congresso2020\/wp-json\/wp\/v2\/tribe_events_cat?post=16439"}],"curies":[{"name":"wp","href":"https:\/\/api.w.org\/{rel}","templated":true}]}}