{"id":16429,"date":"2020-11-10T02:21:55","date_gmt":"2020-11-10T05:21:55","guid":{"rendered":"https:\/\/culturas.cc\/congresso2020\/?post_type=tribe_events&#038;p=16429"},"modified":"2020-11-19T00:03:04","modified_gmt":"2020-11-19T03:03:04","slug":"live-6-gt3-cultura-desenvolvimento-redes-e-tecnologias","status":"publish","type":"tribe_events","link":"https:\/\/culturas.cc\/congresso2020\/event\/live-6-gt3-cultura-desenvolvimento-redes-e-tecnologias\/","title":{"rendered":"LIVE 6 | GT3 &#8211; Cultura, Desenvolvimento, Redes e Tecnologias"},"content":{"rendered":"<h3 style=\"text-align: center;\">Assista no Youtube<\/h3>\n<h2 style=\"text-align: center;\"><a href=\"https:\/\/www.youtube.com\/watch?v=AP7JU5_8UtA\">Clique aqui<\/a><\/h2>\n<p>&nbsp;<\/p>\n<h3>Trabalhos<\/h3>\n<p><strong>1\u00ba &#8211; Consumo midi\u00e1tico e a valoriza\u00e7\u00e3o das culturas e identidade |\u00a0<\/strong>Paulo Miguez, Jane Alexandre Mutsuque, Marlene Vanessa Jamal.<\/p>\n<p><strong>2\u00ba &#8211; Mediatiza\u00e7\u00e3o, circula\u00e7\u00e3o e enuncia\u00e7\u00e3o: para pensar os processos contempor\u00e2neos de comunica\u00e7\u00e3o |\u00a0<\/strong>Claudiane Carvalho, Giovandro Ferreira, Ivanise Andrade, Lidiane Pinheiro.<\/p>\n<p><strong>3\u00ba &#8211; Aliadas em Movimento: Casa virtual do feminismo mo\u00e7ambicano |\u00a0<\/strong>Catarina Casimiro Trindade, Solange Rocha, F\u00e1bio Barros, Alessandra Paes, Aieda Freitas.<\/p>\n<h3>Confira os resumos dos trabalhos:<\/h3>\n<div class=\"cmsmasters_posts_slider cmsmasters_posts_slider_post\" >\r\n\t\t<div id=\"cmsmasters_slider_lykcf8autl6\" class=\"cmsmasters_owl_slider owl-carousel\" data-items=\"3\" data-single-item=\"false\" data-auto-play=\"false\" data-pagination=\"false\"><div class=\"cmsmasters_owl_slider_item\"><!-- Start Posts Slider Post Article -->\r\n<article id=\"post-16830\" class=\"cmsmasters_slider_post post-16830 post type-post status-publish format-standard has-post-thumbnail hentry category-gt-3 category-live-6 category-resumos\">\r\n\t<div class=\"cmsmasters_slider_post_outer\">\r\n\t<div class=\"cmsmasters_slider_post_img_wrap\"><figure class=\"cmsmasters_img_rollover_wrap preloader\"><img loading=\"lazy\" decoding=\"async\" width=\"580\" height=\"580\" src=\"https:\/\/i0.wp.com\/culturas.cc\/congresso2020\/wp-content\/uploads\/sites\/9\/2020\/11\/GT3.png?resize=580%2C580&amp;ssl=1\" class=\"full-width wp-post-image\" alt=\"Mediatiza\u00e7\u00e3o, circula\u00e7\u00e3o e enuncia\u00e7\u00e3o: para pensar os processos contempor\u00e2neos de comunica\u00e7\u00e3o\" title=\"GT3\" srcset=\"https:\/\/i0.wp.com\/culturas.cc\/congresso2020\/wp-content\/uploads\/sites\/9\/2020\/11\/GT3.png?w=600&amp;ssl=1 600w, https:\/\/i0.wp.com\/culturas.cc\/congresso2020\/wp-content\/uploads\/sites\/9\/2020\/11\/GT3.png?resize=300%2C300&amp;ssl=1 300w, https:\/\/i0.wp.com\/culturas.cc\/congresso2020\/wp-content\/uploads\/sites\/9\/2020\/11\/GT3.png?resize=150%2C150&amp;ssl=1 150w, https:\/\/i0.wp.com\/culturas.cc\/congresso2020\/wp-content\/uploads\/sites\/9\/2020\/11\/GT3.png?resize=180%2C180&amp;ssl=1 180w, https:\/\/i0.wp.com\/culturas.cc\/congresso2020\/wp-content\/uploads\/sites\/9\/2020\/11\/GT3.png?resize=580%2C580&amp;ssl=1 580w\" sizes=\"auto, (max-width: 580px) 100vw, 580px\" \/><div class=\"cmsmasters_img_rollover\"><a href=\"https:\/\/culturas.cc\/congresso2020\/16830\/\" title=\"Mediatiza\u00e7\u00e3o, circula\u00e7\u00e3o e enuncia\u00e7\u00e3o: para pensar os processos contempor\u00e2neos de comunica\u00e7\u00e3o\" class=\"cmsmasters_open_link\"><\/a><\/div><\/figure><\/div><header class=\"cmsmasters_slider_post_header entry-header\"><h4 class=\"cmsmasters_slider_post_title entry-title\"><a href=\"https:\/\/culturas.cc\/congresso2020\/16830\/\">Mediatiza\u00e7\u00e3o, circula\u00e7\u00e3o e enuncia\u00e7\u00e3o: para pensar os processos contempor\u00e2neos de comunica\u00e7\u00e3o<\/a><\/h4><\/header><div class=\"cmsmasters_slider_post_cont_info second entry-meta\"><span class=\"cmsmasters_slider_post_author\">by <a href=\"https:\/\/culturas.cc\/congresso2020\/author\/redeculturas\/\" title=\"Posts by culturas.cc\" class=\"vcard author\"><span class=\"fn\" rel=\"author\">culturas.cc<\/span><\/a><\/span><\/div><div class=\"cmsmasters_slider_post_cont_info third entry-meta\"><span class=\"cmsmasters_likes cmsmasters_slider_post_likes\"><a href=\"#\" onclick=\"cmsmastersLike(16830, false); return false;\" id=\"cmsmastersLike-16830\" class=\"cmsmastersLike cmsmasters_theme_icon_like\"><span>0 <\/span><\/a><\/span><\/div>\t<\/div>\r\n<\/article>\r\n<!-- Finish Posts Slider Post Article -->\r\n\r\n<\/div><div class=\"cmsmasters_owl_slider_item\"><!-- Start Posts Slider Post Article -->\r\n<article id=\"post-16828\" class=\"cmsmasters_slider_post post-16828 post type-post status-publish format-standard has-post-thumbnail hentry category-gt-3 category-live-6 category-resumos\">\r\n\t<div class=\"cmsmasters_slider_post_outer\">\r\n\t<div class=\"cmsmasters_slider_post_img_wrap\"><figure class=\"cmsmasters_img_rollover_wrap preloader\"><img loading=\"lazy\" decoding=\"async\" width=\"580\" height=\"580\" src=\"https:\/\/i0.wp.com\/culturas.cc\/congresso2020\/wp-content\/uploads\/sites\/9\/2020\/11\/GT3.png?resize=580%2C580&amp;ssl=1\" class=\"full-width wp-post-image\" alt=\"Consumo midi\u00e1tico e a valoriza\u00e7\u00e3o das culturas e identidade\" title=\"GT3\" srcset=\"https:\/\/i0.wp.com\/culturas.cc\/congresso2020\/wp-content\/uploads\/sites\/9\/2020\/11\/GT3.png?w=600&amp;ssl=1 600w, https:\/\/i0.wp.com\/culturas.cc\/congresso2020\/wp-content\/uploads\/sites\/9\/2020\/11\/GT3.png?resize=300%2C300&amp;ssl=1 300w, https:\/\/i0.wp.com\/culturas.cc\/congresso2020\/wp-content\/uploads\/sites\/9\/2020\/11\/GT3.png?resize=150%2C150&amp;ssl=1 150w, https:\/\/i0.wp.com\/culturas.cc\/congresso2020\/wp-content\/uploads\/sites\/9\/2020\/11\/GT3.png?resize=180%2C180&amp;ssl=1 180w, https:\/\/i0.wp.com\/culturas.cc\/congresso2020\/wp-content\/uploads\/sites\/9\/2020\/11\/GT3.png?resize=580%2C580&amp;ssl=1 580w\" sizes=\"auto, (max-width: 580px) 100vw, 580px\" \/><div class=\"cmsmasters_img_rollover\"><a href=\"https:\/\/culturas.cc\/congresso2020\/16828\/\" title=\"Consumo midi\u00e1tico e a valoriza\u00e7\u00e3o das culturas e identidade\" class=\"cmsmasters_open_link\"><\/a><\/div><\/figure><\/div><header class=\"cmsmasters_slider_post_header entry-header\"><h4 class=\"cmsmasters_slider_post_title entry-title\"><a href=\"https:\/\/culturas.cc\/congresso2020\/16828\/\">Consumo midi\u00e1tico e a valoriza\u00e7\u00e3o das culturas e identidade<\/a><\/h4><\/header><div class=\"cmsmasters_slider_post_cont_info second entry-meta\"><span class=\"cmsmasters_slider_post_author\">by <a href=\"https:\/\/culturas.cc\/congresso2020\/author\/redeculturas\/\" title=\"Posts by culturas.cc\" class=\"vcard author\"><span class=\"fn\" rel=\"author\">culturas.cc<\/span><\/a><\/span><\/div><div class=\"cmsmasters_slider_post_cont_info third entry-meta\"><span class=\"cmsmasters_likes cmsmasters_slider_post_likes\"><a href=\"#\" onclick=\"cmsmastersLike(16828, false); return false;\" id=\"cmsmastersLike-16828\" class=\"cmsmastersLike cmsmasters_theme_icon_like\"><span>1 <\/span><\/a><\/span><\/div>\t<\/div>\r\n<\/article>\r\n<!-- Finish Posts Slider Post Article -->\r\n\r\n<\/div><div class=\"cmsmasters_owl_slider_item\"><!-- Start Posts Slider Post Article -->\r\n<article id=\"post-16832\" class=\"cmsmasters_slider_post post-16832 post type-post status-publish format-standard has-post-thumbnail hentry category-gt-3 category-live-6 category-resumos\">\r\n\t<div class=\"cmsmasters_slider_post_outer\">\r\n\t<div class=\"cmsmasters_slider_post_img_wrap\"><figure class=\"cmsmasters_img_rollover_wrap preloader\"><img loading=\"lazy\" decoding=\"async\" width=\"580\" height=\"580\" src=\"https:\/\/i0.wp.com\/culturas.cc\/congresso2020\/wp-content\/uploads\/sites\/9\/2020\/11\/GT3.png?resize=580%2C580&amp;ssl=1\" class=\"full-width wp-post-image\" alt=\"Aliadas em Movimento: Casa virtual do feminismo mo\u00e7ambicano\" title=\"GT3\" srcset=\"https:\/\/i0.wp.com\/culturas.cc\/congresso2020\/wp-content\/uploads\/sites\/9\/2020\/11\/GT3.png?w=600&amp;ssl=1 600w, https:\/\/i0.wp.com\/culturas.cc\/congresso2020\/wp-content\/uploads\/sites\/9\/2020\/11\/GT3.png?resize=300%2C300&amp;ssl=1 300w, https:\/\/i0.wp.com\/culturas.cc\/congresso2020\/wp-content\/uploads\/sites\/9\/2020\/11\/GT3.png?resize=150%2C150&amp;ssl=1 150w, https:\/\/i0.wp.com\/culturas.cc\/congresso2020\/wp-content\/uploads\/sites\/9\/2020\/11\/GT3.png?resize=180%2C180&amp;ssl=1 180w, https:\/\/i0.wp.com\/culturas.cc\/congresso2020\/wp-content\/uploads\/sites\/9\/2020\/11\/GT3.png?resize=580%2C580&amp;ssl=1 580w\" sizes=\"auto, (max-width: 580px) 100vw, 580px\" \/><div class=\"cmsmasters_img_rollover\"><a href=\"https:\/\/culturas.cc\/congresso2020\/16832\/\" title=\"Aliadas em Movimento: Casa virtual do feminismo mo\u00e7ambicano\" class=\"cmsmasters_open_link\"><\/a><\/div><\/figure><\/div><header class=\"cmsmasters_slider_post_header entry-header\"><h4 class=\"cmsmasters_slider_post_title entry-title\"><a href=\"https:\/\/culturas.cc\/congresso2020\/16832\/\">Aliadas em Movimento: Casa virtual do feminismo mo\u00e7ambicano<\/a><\/h4><\/header><div class=\"cmsmasters_slider_post_cont_info second entry-meta\"><span class=\"cmsmasters_slider_post_author\">by <a href=\"https:\/\/culturas.cc\/congresso2020\/author\/redeculturas\/\" title=\"Posts by culturas.cc\" class=\"vcard author\"><span class=\"fn\" rel=\"author\">culturas.cc<\/span><\/a><\/span><\/div><div class=\"cmsmasters_slider_post_cont_info third entry-meta\"><span class=\"cmsmasters_likes cmsmasters_slider_post_likes\"><a href=\"#\" onclick=\"cmsmastersLike(16832, false); return false;\" id=\"cmsmastersLike-16832\" class=\"cmsmastersLike cmsmasters_theme_icon_like\"><span>0 <\/span><\/a><\/span><\/div>\t<\/div>\r\n<\/article>\r\n<!-- Finish Posts Slider Post Article -->\r\n\r\n<\/div><\/div><\/div>\n","protected":false},"excerpt":{"rendered":"<p><strong>1\u00ba &#8211; Consumo midi\u00e1tico e a valoriza\u00e7\u00e3o das culturas e identidade |\u00a0<\/strong>Paulo Miguez, Jane Alexandre Mutsuque, Marlene Vanessa Jamal.<\/p>\n<p><strong>2\u00ba &#8211; Mediatiza\u00e7\u00e3o, circula\u00e7\u00e3o e enuncia\u00e7\u00e3o: para pensar os processos contempor\u00e2neos de comunica\u00e7\u00e3o |\u00a0<\/strong>Claudiane Carvalho, Giovandro Ferreira, Ivanise Andrade, Lidiane Pinheiro.<\/p>\n<p><strong>3\u00ba &#8211; Aliadas em Movimento: Casa virtual do feminismo mo\u00e7ambicano |\u00a0<\/strong>Catarina Casimiro Trindade, Solange Rocha, F\u00e1bio Barros, Alessandra Paes, Aieda Freitas.<\/p>\n","protected":false},"author":1,"featured_media":17176,"template":"","meta":{"_bbp_topic_count":0,"_bbp_reply_count":0,"_bbp_total_topic_count":0,"_bbp_total_reply_count":0,"_bbp_voice_count":0,"_bbp_anonymous_reply_count":0,"_bbp_topic_count_hidden":0,"_bbp_reply_count_hidden":0,"_bbp_forum_subforum_count":0,"_tribe_events_status":"","_tribe_events_status_reason":"","footnotes":""},"tags":[],"tribe_events_cat":[148],"class_list":["post-16429","tribe_events","type-tribe_events","status-publish","has-post-thumbnail","hentry","tribe_events_cat-gt-19nov"],"jetpack_sharing_enabled":true,"_links":{"self":[{"href":"https:\/\/culturas.cc\/congresso2020\/wp-json\/wp\/v2\/tribe_events\/16429","targetHints":{"allow":["GET"]}}],"collection":[{"href":"https:\/\/culturas.cc\/congresso2020\/wp-json\/wp\/v2\/tribe_events"}],"about":[{"href":"https:\/\/culturas.cc\/congresso2020\/wp-json\/wp\/v2\/types\/tribe_events"}],"author":[{"embeddable":true,"href":"https:\/\/culturas.cc\/congresso2020\/wp-json\/wp\/v2\/users\/1"}],"version-history":[{"count":10,"href":"https:\/\/culturas.cc\/congresso2020\/wp-json\/wp\/v2\/tribe_events\/16429\/revisions"}],"predecessor-version":[{"id":16450,"href":"https:\/\/culturas.cc\/congresso2020\/wp-json\/wp\/v2\/tribe_events\/16429\/revisions\/16450"}],"wp:featuredmedia":[{"embeddable":true,"href":"https:\/\/culturas.cc\/congresso2020\/wp-json\/wp\/v2\/media\/17176"}],"wp:attachment":[{"href":"https:\/\/culturas.cc\/congresso2020\/wp-json\/wp\/v2\/media?parent=16429"}],"wp:term":[{"taxonomy":"post_tag","embeddable":true,"href":"https:\/\/culturas.cc\/congresso2020\/wp-json\/wp\/v2\/tags?post=16429"},{"taxonomy":"tribe_events_cat","embeddable":true,"href":"https:\/\/culturas.cc\/congresso2020\/wp-json\/wp\/v2\/tribe_events_cat?post=16429"}],"curies":[{"name":"wp","href":"https:\/\/api.w.org\/{rel}","templated":true}]}}