{"id":16424,"date":"2020-11-10T02:18:54","date_gmt":"2020-11-10T05:18:54","guid":{"rendered":"https:\/\/culturas.cc\/congresso2020\/?post_type=tribe_events&#038;p=16424"},"modified":"2020-11-19T00:02:34","modified_gmt":"2020-11-19T03:02:34","slug":"live-4-gt2-diversidade-cultural-direitos-genero-e-sexualidades","status":"publish","type":"tribe_events","link":"https:\/\/culturas.cc\/congresso2020\/event\/live-4-gt2-diversidade-cultural-direitos-genero-e-sexualidades\/","title":{"rendered":"LIVE 4 | GT2 &#8211; Diversidade Cultural, Direitos, G\u00eanero e Sexualidades"},"content":{"rendered":"<h3 style=\"text-align: center;\">Assista no Youtube<\/h3>\n<h2 style=\"text-align: center;\"><a href=\"https:\/\/www.youtube.com\/watch?v=fatVYi7f4gs\">Clique aqui<\/a><\/h2>\n<h3>Apresenta\u00e7\u00f5es:<\/h3>\n<p><strong>1\u00ba &#8211; Unidade nacional na diversidade cultural: que desafios para Mo\u00e7ambique? | <\/strong><span style=\"font-weight: 400;\">Martins Mapera, <\/span><span style=\"font-weight: 400;\">Pedrito Cambrao, <\/span><span style=\"font-weight: 400;\">Armindo Armando.<\/span><\/p>\n<p><strong>2\u00ba &#8211; Promovendo a diversidade em uma grande empresa transnacional brasileira: uma experi\u00eancia de integra\u00e7\u00e3o entre a pesquisa acad\u00eamica e o mundo corporativo | <\/strong>Luis Alexandre Cerveira, Barbara Virginia Lucas, Inara Zamuner Sanchez.<\/p>\n<p><strong>3\u00ba &#8211; G\u00eanero, cultura e a gest\u00e3o dos saberes afro-diasp\u00f3ricos | <\/strong><span style=\"font-weight: 400;\">Laura Santos Franco, Ros\u00e2ngela Janja Ara\u00fajo, Marilda Santanna, Dayane Assis,<br \/>\nVer\u00f4nica Navarro.<br \/>\n<\/span><\/p>\n<h3>Confira os resumos dos trabalhos:<\/h3>\n<div class=\"cmsmasters_posts_slider cmsmasters_posts_slider_post\" >\r\n\t\t<div id=\"cmsmasters_slider_lykcf8autl4\" class=\"cmsmasters_owl_slider owl-carousel\" data-items=\"3\" data-single-item=\"false\" data-auto-play=\"false\" data-pagination=\"false\"><div class=\"cmsmasters_owl_slider_item\"><!-- Start Posts Slider Post Article -->\r\n<article id=\"post-16791\" class=\"cmsmasters_slider_post post-16791 post type-post status-publish format-standard has-post-thumbnail hentry category-gt-2 category-live-4 category-resumos\">\r\n\t<div class=\"cmsmasters_slider_post_outer\">\r\n\t<div class=\"cmsmasters_slider_post_img_wrap\"><figure class=\"cmsmasters_img_rollover_wrap preloader\"><img loading=\"lazy\" decoding=\"async\" width=\"580\" height=\"580\" src=\"https:\/\/i0.wp.com\/culturas.cc\/congresso2020\/wp-content\/uploads\/sites\/9\/2020\/11\/GT2.png?resize=580%2C580&amp;ssl=1\" class=\"full-width wp-post-image\" alt=\"Unidade nacional na diversidade cultural: que desafios para Mo\u00e7ambique?\" title=\"GT2\" srcset=\"https:\/\/i0.wp.com\/culturas.cc\/congresso2020\/wp-content\/uploads\/sites\/9\/2020\/11\/GT2.png?w=600&amp;ssl=1 600w, https:\/\/i0.wp.com\/culturas.cc\/congresso2020\/wp-content\/uploads\/sites\/9\/2020\/11\/GT2.png?resize=300%2C300&amp;ssl=1 300w, https:\/\/i0.wp.com\/culturas.cc\/congresso2020\/wp-content\/uploads\/sites\/9\/2020\/11\/GT2.png?resize=150%2C150&amp;ssl=1 150w, https:\/\/i0.wp.com\/culturas.cc\/congresso2020\/wp-content\/uploads\/sites\/9\/2020\/11\/GT2.png?resize=180%2C180&amp;ssl=1 180w, https:\/\/i0.wp.com\/culturas.cc\/congresso2020\/wp-content\/uploads\/sites\/9\/2020\/11\/GT2.png?resize=580%2C580&amp;ssl=1 580w\" sizes=\"auto, (max-width: 580px) 100vw, 580px\" \/><div class=\"cmsmasters_img_rollover\"><a href=\"https:\/\/culturas.cc\/congresso2020\/16791\/\" title=\"Unidade nacional na diversidade cultural: que desafios para Mo\u00e7ambique?\" class=\"cmsmasters_open_link\"><\/a><\/div><\/figure><\/div><header class=\"cmsmasters_slider_post_header entry-header\"><h4 class=\"cmsmasters_slider_post_title entry-title\"><a href=\"https:\/\/culturas.cc\/congresso2020\/16791\/\">Unidade nacional na diversidade cultural: que desafios para Mo\u00e7ambique?<\/a><\/h4><\/header><div class=\"cmsmasters_slider_post_cont_info second entry-meta\"><span class=\"cmsmasters_slider_post_author\">by <a href=\"https:\/\/culturas.cc\/congresso2020\/author\/redeculturas\/\" title=\"Posts by culturas.cc\" class=\"vcard author\"><span class=\"fn\" rel=\"author\">culturas.cc<\/span><\/a><\/span><\/div><div class=\"cmsmasters_slider_post_cont_info third entry-meta\"><span class=\"cmsmasters_likes cmsmasters_slider_post_likes\"><a href=\"#\" onclick=\"cmsmastersLike(16791, false); return false;\" id=\"cmsmastersLike-16791\" class=\"cmsmastersLike cmsmasters_theme_icon_like\"><span>5 <\/span><\/a><\/span><\/div>\t<\/div>\r\n<\/article>\r\n<!-- Finish Posts Slider Post Article -->\r\n\r\n<\/div><div class=\"cmsmasters_owl_slider_item\"><!-- Start Posts Slider Post Article -->\r\n<article id=\"post-16793\" class=\"cmsmasters_slider_post post-16793 post type-post status-publish format-standard has-post-thumbnail hentry category-gt-2 category-live-4 category-resumos\">\r\n\t<div class=\"cmsmasters_slider_post_outer\">\r\n\t<div class=\"cmsmasters_slider_post_img_wrap\"><figure class=\"cmsmasters_img_rollover_wrap preloader\"><img loading=\"lazy\" decoding=\"async\" width=\"580\" height=\"580\" src=\"https:\/\/i0.wp.com\/culturas.cc\/congresso2020\/wp-content\/uploads\/sites\/9\/2020\/11\/GT2.png?resize=580%2C580&amp;ssl=1\" class=\"full-width wp-post-image\" alt=\"Promovendo a diversidade em uma grande empresa transnacional brasileira: uma experi\u00eancia de integra\u00e7\u00e3o entre a pesquisa acad\u00eamica e o mundo corporativo\" title=\"GT2\" srcset=\"https:\/\/i0.wp.com\/culturas.cc\/congresso2020\/wp-content\/uploads\/sites\/9\/2020\/11\/GT2.png?w=600&amp;ssl=1 600w, https:\/\/i0.wp.com\/culturas.cc\/congresso2020\/wp-content\/uploads\/sites\/9\/2020\/11\/GT2.png?resize=300%2C300&amp;ssl=1 300w, https:\/\/i0.wp.com\/culturas.cc\/congresso2020\/wp-content\/uploads\/sites\/9\/2020\/11\/GT2.png?resize=150%2C150&amp;ssl=1 150w, https:\/\/i0.wp.com\/culturas.cc\/congresso2020\/wp-content\/uploads\/sites\/9\/2020\/11\/GT2.png?resize=180%2C180&amp;ssl=1 180w, https:\/\/i0.wp.com\/culturas.cc\/congresso2020\/wp-content\/uploads\/sites\/9\/2020\/11\/GT2.png?resize=580%2C580&amp;ssl=1 580w\" sizes=\"auto, (max-width: 580px) 100vw, 580px\" \/><div class=\"cmsmasters_img_rollover\"><a href=\"https:\/\/culturas.cc\/congresso2020\/16793\/\" title=\"Promovendo a diversidade em uma grande empresa transnacional brasileira: uma experi\u00eancia de integra\u00e7\u00e3o entre a pesquisa acad\u00eamica e o mundo corporativo\" class=\"cmsmasters_open_link\"><\/a><\/div><\/figure><\/div><header class=\"cmsmasters_slider_post_header entry-header\"><h4 class=\"cmsmasters_slider_post_title entry-title\"><a href=\"https:\/\/culturas.cc\/congresso2020\/16793\/\">Promovendo a diversidade em uma grande empresa transnacional brasileira: uma experi\u00eancia de integra\u00e7\u00e3o entre a pesquisa acad\u00eamica e o mundo corporativo<\/a><\/h4><\/header><div class=\"cmsmasters_slider_post_cont_info second entry-meta\"><span class=\"cmsmasters_slider_post_author\">by <a href=\"https:\/\/culturas.cc\/congresso2020\/author\/redeculturas\/\" title=\"Posts by culturas.cc\" class=\"vcard author\"><span class=\"fn\" rel=\"author\">culturas.cc<\/span><\/a><\/span><\/div><div class=\"cmsmasters_slider_post_cont_info third entry-meta\"><span class=\"cmsmasters_likes cmsmasters_slider_post_likes\"><a href=\"#\" onclick=\"cmsmastersLike(16793, false); return false;\" id=\"cmsmastersLike-16793\" class=\"cmsmastersLike cmsmasters_theme_icon_like\"><span>0 <\/span><\/a><\/span><\/div>\t<\/div>\r\n<\/article>\r\n<!-- Finish Posts Slider Post Article -->\r\n\r\n<\/div><div class=\"cmsmasters_owl_slider_item\"><!-- Start Posts Slider Post Article -->\r\n<article id=\"post-16795\" class=\"cmsmasters_slider_post post-16795 post type-post status-publish format-standard has-post-thumbnail hentry category-gt-2 category-live-4 category-resumos\">\r\n\t<div class=\"cmsmasters_slider_post_outer\">\r\n\t<div class=\"cmsmasters_slider_post_img_wrap\"><figure class=\"cmsmasters_img_rollover_wrap preloader\"><img loading=\"lazy\" decoding=\"async\" width=\"580\" height=\"580\" src=\"https:\/\/i0.wp.com\/culturas.cc\/congresso2020\/wp-content\/uploads\/sites\/9\/2020\/11\/GT2.png?resize=580%2C580&amp;ssl=1\" class=\"full-width wp-post-image\" alt=\"G\u00eanero, cultura e a gest\u00e3o dos saberes afro-diasp\u00f3ricos\" title=\"GT2\" srcset=\"https:\/\/i0.wp.com\/culturas.cc\/congresso2020\/wp-content\/uploads\/sites\/9\/2020\/11\/GT2.png?w=600&amp;ssl=1 600w, https:\/\/i0.wp.com\/culturas.cc\/congresso2020\/wp-content\/uploads\/sites\/9\/2020\/11\/GT2.png?resize=300%2C300&amp;ssl=1 300w, https:\/\/i0.wp.com\/culturas.cc\/congresso2020\/wp-content\/uploads\/sites\/9\/2020\/11\/GT2.png?resize=150%2C150&amp;ssl=1 150w, https:\/\/i0.wp.com\/culturas.cc\/congresso2020\/wp-content\/uploads\/sites\/9\/2020\/11\/GT2.png?resize=180%2C180&amp;ssl=1 180w, https:\/\/i0.wp.com\/culturas.cc\/congresso2020\/wp-content\/uploads\/sites\/9\/2020\/11\/GT2.png?resize=580%2C580&amp;ssl=1 580w\" sizes=\"auto, (max-width: 580px) 100vw, 580px\" \/><div class=\"cmsmasters_img_rollover\"><a href=\"https:\/\/culturas.cc\/congresso2020\/16795\/\" title=\"G\u00eanero, cultura e a gest\u00e3o dos saberes afro-diasp\u00f3ricos\" class=\"cmsmasters_open_link\"><\/a><\/div><\/figure><\/div><header class=\"cmsmasters_slider_post_header entry-header\"><h4 class=\"cmsmasters_slider_post_title entry-title\"><a href=\"https:\/\/culturas.cc\/congresso2020\/16795\/\">G\u00eanero, cultura e a gest\u00e3o dos saberes afro-diasp\u00f3ricos<\/a><\/h4><\/header><div class=\"cmsmasters_slider_post_cont_info second entry-meta\"><span class=\"cmsmasters_slider_post_author\">by <a href=\"https:\/\/culturas.cc\/congresso2020\/author\/redeculturas\/\" title=\"Posts by culturas.cc\" class=\"vcard author\"><span class=\"fn\" rel=\"author\">culturas.cc<\/span><\/a><\/span><\/div><div class=\"cmsmasters_slider_post_cont_info third entry-meta\"><span class=\"cmsmasters_likes cmsmasters_slider_post_likes\"><a href=\"#\" onclick=\"cmsmastersLike(16795, false); return false;\" id=\"cmsmastersLike-16795\" class=\"cmsmastersLike cmsmasters_theme_icon_like\"><span>0 <\/span><\/a><\/span><\/div>\t<\/div>\r\n<\/article>\r\n<!-- Finish Posts Slider Post Article -->\r\n\r\n<\/div><\/div><\/div>\n","protected":false},"excerpt":{"rendered":"<p><strong>1\u00ba &#8211; Unidade nacional na diversidade cultural: que desafios para Mo\u00e7ambique? | <\/strong><span style=\"font-weight: 400;\">Martins Mapera, <\/span><span style=\"font-weight: 400;\">Pedrito Cambrao, <\/span><span style=\"font-weight: 400;\">Armindo Armando.<\/span><\/p>\n<p><strong>2\u00ba &#8211; Promovendo a diversidade em uma grande empresa transnacional brasileira: uma experi\u00eancia de integra\u00e7\u00e3o entre a pesquisa acad\u00eamica e o mundo corporativo | <\/strong>Luis Alexandre Cerveira, Barbara Virginia Lucas, Inara Zamuner Sanchez.<\/p>\n<p><strong>3\u00ba &#8211; G\u00eanero, cultura e a gest\u00e3o dos saberes afro-diasp\u00f3ricos | <\/strong><span style=\"font-weight: 400;\">Laura Santos Franco, Ros\u00e2ngela Janja Ara\u00fajo, Marilda Santanna, Dayane Assis,<br \/>\nVer\u00f4nica Navarro.<br \/>\n<\/span><\/p>\n","protected":false},"author":1,"featured_media":17175,"template":"","meta":{"_bbp_topic_count":0,"_bbp_reply_count":0,"_bbp_total_topic_count":0,"_bbp_total_reply_count":0,"_bbp_voice_count":0,"_bbp_anonymous_reply_count":0,"_bbp_topic_count_hidden":0,"_bbp_reply_count_hidden":0,"_bbp_forum_subforum_count":0,"_tribe_events_status":"","_tribe_events_status_reason":"","footnotes":""},"tags":[],"tribe_events_cat":[148],"class_list":["post-16424","tribe_events","type-tribe_events","status-publish","has-post-thumbnail","hentry","tribe_events_cat-gt-19nov"],"jetpack_sharing_enabled":true,"_links":{"self":[{"href":"https:\/\/culturas.cc\/congresso2020\/wp-json\/wp\/v2\/tribe_events\/16424","targetHints":{"allow":["GET"]}}],"collection":[{"href":"https:\/\/culturas.cc\/congresso2020\/wp-json\/wp\/v2\/tribe_events"}],"about":[{"href":"https:\/\/culturas.cc\/congresso2020\/wp-json\/wp\/v2\/types\/tribe_events"}],"author":[{"embeddable":true,"href":"https:\/\/culturas.cc\/congresso2020\/wp-json\/wp\/v2\/users\/1"}],"version-history":[{"count":10,"href":"https:\/\/culturas.cc\/congresso2020\/wp-json\/wp\/v2\/tribe_events\/16424\/revisions"}],"predecessor-version":[{"id":17373,"href":"https:\/\/culturas.cc\/congresso2020\/wp-json\/wp\/v2\/tribe_events\/16424\/revisions\/17373"}],"wp:featuredmedia":[{"embeddable":true,"href":"https:\/\/culturas.cc\/congresso2020\/wp-json\/wp\/v2\/media\/17175"}],"wp:attachment":[{"href":"https:\/\/culturas.cc\/congresso2020\/wp-json\/wp\/v2\/media?parent=16424"}],"wp:term":[{"taxonomy":"post_tag","embeddable":true,"href":"https:\/\/culturas.cc\/congresso2020\/wp-json\/wp\/v2\/tags?post=16424"},{"taxonomy":"tribe_events_cat","embeddable":true,"href":"https:\/\/culturas.cc\/congresso2020\/wp-json\/wp\/v2\/tribe_events_cat?post=16424"}],"curies":[{"name":"wp","href":"https:\/\/api.w.org\/{rel}","templated":true}]}}